{"id":1404,"date":"2022-11-23T09:04:55","date_gmt":"2022-11-23T09:04:55","guid":{"rendered":"https:\/\/matchthemes.com\/demowp\/latulipe\/?page_id=1404"},"modified":"2026-04-23T11:43:59","modified_gmt":"2026-04-23T09:43:59","slug":"home-2","status":"publish","type":"page","link":"https:\/\/studiodrugibrzeg.pl\/","title":{"rendered":"Strona G\u0142\u00f3wna"},"content":{"rendered":"\t\t<div data-elementor-type=\"wp-page\" data-elementor-id=\"1404\" class=\"elementor elementor-1404\">\n\t\t\t\t\t\t<section class=\"elementor-section elementor-top-section elementor-element elementor-element-fd60cf5 elementor-section-boxed elementor-section-height-default elementor-section-height-default\" data-id=\"fd60cf5\" data-element_type=\"section\" data-e-type=\"section\">\n\t\t\t\t\t\t<div class=\"elementor-container elementor-column-gap-default\">\n\t\t\t\t\t<div class=\"elementor-column elementor-col-100 elementor-top-column elementor-element elementor-element-c6f9f3a\" data-id=\"c6f9f3a\" data-element_type=\"column\" data-e-type=\"column\">\n\t\t\t<div class=\"elementor-widget-wrap elementor-element-populated\">\n\t\t\t\t\t\t<div class=\"elementor-element elementor-element-10fab9e el-smalltitle pcolor elementor-widget elementor-widget-heading\" data-id=\"10fab9e\" data-element_type=\"widget\" data-e-type=\"widget\" data-widget_type=\"heading.default\">\n\t\t\t\t\t<span class=\"elementor-heading-title elementor-size-default\">Warszawa wawer - 200m od mostu siekierkowskiego<\/span>\t\t\t\t<\/div>\n\t\t\t\t<div class=\"elementor-element elementor-element-356e370 elementor-widget elementor-widget-heading\" data-id=\"356e370\" data-element_type=\"widget\" data-e-type=\"widget\" data-widget_type=\"heading.default\">\n\t\t\t\t\t<h1 class=\"elementor-heading-title elementor-size-default\">Studio Drugi Brzeg - Profesjonalne Studio Fotograficzne na Wynajem w Warszawie<\/h1>\t\t\t\t<\/div>\n\t\t\t\t<section class=\"elementor-section elementor-inner-section elementor-element elementor-element-2ee091d el-inner-section elementor-section-boxed elementor-section-height-default elementor-section-height-default\" data-id=\"2ee091d\" data-element_type=\"section\" data-e-type=\"section\">\n\t\t\t\t\t\t<div class=\"elementor-container elementor-column-gap-default\">\n\t\t\t\t\t<div class=\"elementor-column elementor-col-50 elementor-inner-column elementor-element elementor-element-7d74a94\" data-id=\"7d74a94\" data-element_type=\"column\" data-e-type=\"column\">\n\t\t\t<div class=\"elementor-widget-wrap elementor-element-populated\">\n\t\t\t\t\t\t<div class=\"elementor-element elementor-element-3ec92da elementor-widget elementor-widget-text-editor\" data-id=\"3ec92da\" data-element_type=\"widget\" data-e-type=\"widget\" data-widget_type=\"text-editor.default\">\n\t\t\t\t\t\t\t\t\t<p>Witamy w Studio Drugi Brzeg &#8211; nowoczesnej przestrzeni fotograficznej na warszawskim Wawrze. Oferujemy wynajem studia fotograficznego z naturalnym \u015bwiat\u0142em, profesjonalnym sprz\u0119tem i klimatyczn\u0105 atmosfer\u0105. Idealne miejsce dla Twojej sesji zdj\u0119ciowej, nagrania czy projektu kreatywnego.<\/p>\t\t\t\t\t\t\t\t<\/div>\n\t\t\t\t<div class=\"elementor-element elementor-element-4493999 elementor-button-success elementor-align-center elementor-widget elementor-widget-button\" data-id=\"4493999\" data-element_type=\"widget\" data-e-type=\"widget\" data-widget_type=\"button.default\">\n\t\t\t\t\t\t\t\t\t\t<a class=\"elementor-button elementor-button-link elementor-size-sm\" href=\"https:\/\/studiodrugibrzeg.pl\/index.php\/rezerwacja-studio-fotograficzne-warszawa\/\">\n\t\t\t\t\t\t<span class=\"elementor-button-content-wrapper\">\n\t\t\t\t\t\t\t\t\t<span class=\"elementor-button-text\">Zarezerwuj studio<\/span>\n\t\t\t\t\t<\/span>\n\t\t\t\t\t<\/a>\n\t\t\t\t\t\t\t\t<\/div>\n\t\t\t\t\t<\/div>\n\t\t<\/div>\n\t\t\t\t<div class=\"elementor-column elementor-col-50 elementor-inner-column elementor-element elementor-element-9ccb0f5\" data-id=\"9ccb0f5\" data-element_type=\"column\" data-e-type=\"column\">\n\t\t\t<div class=\"elementor-widget-wrap elementor-element-populated\">\n\t\t\t\t\t\t<div class=\"elementor-element elementor-element-4ffe5aa elementor-widget elementor-widget-text-editor\" data-id=\"4ffe5aa\" data-element_type=\"widget\" data-e-type=\"widget\" data-widget_type=\"text-editor.default\">\n\t\t\t\t\t\t\t\t\t<p>Nasze jasne i klimatyczne studio fotograficzne na wynajem to przestrze\u0144 90m2. Posiadamy 4 plany zdj\u0119ciowe, ruchom\u0105 \u015bcian\u0119 fotograficzn\u0105, automatycznie opuszczane t\u0142a (6 sztuk), naturalne \u015bwiat\u0142o dzi\u0119ki du\u017cym oknom\u00a0 skierowanym na po\u0142udniowy wsch\u00f3d. Jest r\u00f3wnie\u017c du\u017ce stanowisko do makeup&#8217;u.<\/p>\t\t\t\t\t\t\t\t<\/div>\n\t\t\t\t<div class=\"elementor-element elementor-element-f2e8014 elementor-button-success elementor-align-center elementor-widget elementor-widget-button\" data-id=\"f2e8014\" data-element_type=\"widget\" data-e-type=\"widget\" data-widget_type=\"button.default\">\n\t\t\t\t\t\t\t\t\t\t<a class=\"elementor-button elementor-button-link elementor-size-sm\" href=\"https:\/\/studiodrugibrzeg.pl\/index.php\/galeria-studio-fotograficzne-warszawa\/\">\n\t\t\t\t\t\t<span class=\"elementor-button-content-wrapper\">\n\t\t\t\t\t\t\t\t\t<span class=\"elementor-button-text\">Zobacz Galeri\u0119<\/span>\n\t\t\t\t\t<\/span>\n\t\t\t\t\t<\/a>\n\t\t\t\t\t\t\t\t<\/div>\n\t\t\t\t\t<\/div>\n\t\t<\/div>\n\t\t\t\t\t<\/div>\n\t\t<\/section>\n\t\t\t\t<div class=\"elementor-element elementor-element-5410960 elementor-widget elementor-widget-text-editor\" data-id=\"5410960\" data-element_type=\"widget\" data-e-type=\"widget\" data-widget_type=\"text-editor.default\">\n\t\t\t\t\t\t\t\t\t<h2><strong>Studio w skr\u00f3cie<\/strong><\/h2><p>Studio Drugi Brzeg to studio fotograficzne w Warszawie, w dzielnicy Wawer, przy ul. Stoczniowc\u00f3w 21. Oferuje 90 m\u00b2 przestrzeni, 4 plany zdj\u0119ciowe, 6 te\u0142, naturalne \u015bwiat\u0142o i parking. Posiada pe\u0142ne wyposa\u017cenie w cenie wynajmu, kt\u00f3ry zaczyna si\u0119 od 100z\u0142 netto za godzin\u0119 (123z\u0142 brutto). Studio sprawdza si\u0119 przy sesjach biznesowych, contentowych, portretowych i prostych nagraniach wideo.<\/p>\t\t\t\t\t\t\t\t<\/div>\n\t\t\t\t\t<\/div>\n\t\t<\/div>\n\t\t\t\t\t<\/div>\n\t\t<\/section>\n\t\t\t\t<section class=\"elementor-section elementor-top-section elementor-element elementor-element-f1914bd elementor-section-content-middle elementor-section-boxed elementor-section-height-default elementor-section-height-default\" data-id=\"f1914bd\" data-element_type=\"section\" data-e-type=\"section\">\n\t\t\t\t\t\t<div class=\"elementor-container elementor-column-gap-default\">\n\t\t\t\t\t<div class=\"elementor-column elementor-col-50 elementor-top-column elementor-element elementor-element-fd791f7 order-mobi2\" data-id=\"fd791f7\" data-element_type=\"column\" data-e-type=\"column\">\n\t\t\t<div class=\"elementor-widget-wrap elementor-element-populated\">\n\t\t\t\t\t\t<div class=\"elementor-element elementor-element-23d43e4 el-smalltitle pcolor elementor-widget elementor-widget-heading\" data-id=\"23d43e4\" data-element_type=\"widget\" data-e-type=\"widget\" data-widget_type=\"heading.default\">\n\t\t\t\t\t<span class=\"elementor-heading-title elementor-size-default\">Aran\u017cacja miesi\u0105ca<\/span>\t\t\t\t<\/div>\n\t\t\t\t<div class=\"elementor-element elementor-element-9b143c4 elementor-widget elementor-widget-heading\" data-id=\"9b143c4\" data-element_type=\"widget\" data-e-type=\"widget\" data-widget_type=\"heading.default\">\n\t\t\t\t\t<h2 class=\"elementor-heading-title elementor-size-default\">WIOSENNA SCENERIA<\/h2>\t\t\t\t<\/div>\n\t\t\t\t<div class=\"elementor-element elementor-element-8cbd3f4 elementor-widget elementor-widget-text-editor\" data-id=\"8cbd3f4\" data-element_type=\"widget\" data-e-type=\"widget\" data-widget_type=\"text-editor.default\">\n\t\t\t\t\t\t\t\t\t<p>Na nowy sezon przygotowali\u015bmy jasn\u0105, eleganck\u0105 aran\u017cacj\u0119 wiosenn\u0105, kt\u00f3ra \u015bwietnie sprawdzi si\u0119 podczas sesji zdj\u0119ciowych, nagra\u0144 i tworzenia codziennego contentu. Scena \u0142\u0105czy \u015bwie\u017co\u015b\u0107 kwiat\u00f3w, stylowy stolik, pi\u0119kne siedzisko oraz \u015bcian\u0119 z ksi\u0105\u017ckami, dzi\u0119ki czemu pozwala uzyska\u0107 ciep\u0142y, dopracowany i bardzo naturalny kadr. Druga sceneria przedstawia przepi\u0119kne du\u017ce kwiaty na bia\u0142ym tle, kt\u00f3re nadaj\u0105 ca\u0142o\u015bci subtelny efektowany wygl\u0105d.\u00a0<\/p>\t\t\t\t\t\t\t\t<\/div>\n\t\t\t\t<div class=\"elementor-element elementor-element-cf2cb98 elementor-position-inline-start pcolori-bkg lefticon elementor-view-default elementor-mobile-position-block-start elementor-widget elementor-widget-icon-box\" data-id=\"cf2cb98\" data-element_type=\"widget\" data-e-type=\"widget\" data-widget_type=\"icon-box.default\">\n\t\t\t\t\t\t\t<div class=\"elementor-icon-box-wrapper\">\n\n\t\t\t\t\t\t<div class=\"elementor-icon-box-icon\">\n\t\t\t\t<span  class=\"elementor-icon\">\n\t\t\t\t<svg aria-hidden=\"true\" class=\"e-font-icon-svg e-far-arrow-alt-circle-right\" viewBox=\"0 0 512 512\" xmlns=\"http:\/\/www.w3.org\/2000\/svg\"><path d=\"M504 256C504 119 393 8 256 8S8 119 8 256s111 248 248 248 248-111 248-248zm-448 0c0-110.5 89.5-200 200-200s200 89.5 200 200-89.5 200-200 200S56 366.5 56 256zm72 20v-40c0-6.6 5.4-12 12-12h116v-67c0-10.7 12.9-16 20.5-8.5l99 99c4.7 4.7 4.7 12.3 0 17l-99 99c-7.6 7.6-20.5 2.2-20.5-8.5v-67H140c-6.6 0-12-5.4-12-12z\"><\/path><\/svg>\t\t\t\t<\/span>\n\t\t\t<\/div>\n\t\t\t\n\t\t\t\t\t\t<div class=\"elementor-icon-box-content\">\n\n\t\t\t\t\t\t\t\t\t<h5 class=\"elementor-icon-box-title\">\n\t\t\t\t\t\t<span  >\n\t\t\t\t\t\t\tLEKKO\u015a\u0106 I \u015aWIE\u017bO\u015a\u0106\t\t\t\t\t\t<\/span>\n\t\t\t\t\t<\/h5>\n\t\t\t\t\n\t\t\t\t\t\t\t\t\t<p class=\"elementor-icon-box-description\">\n\t\t\t\t\t\tJasna kolorystyka i kwiatowe akcenty tworz\u0105 delikatne t\u0142o do kobiecych, rodzinnych i lifestyle\u2019owych sesji zdj\u0119ciowych.\t\t\t\t\t<\/p>\n\t\t\t\t\n\t\t\t<\/div>\n\t\t\t\n\t\t<\/div>\n\t\t\t\t\t\t<\/div>\n\t\t\t\t<div class=\"elementor-element elementor-element-9d6b114 elementor-position-inline-start pcolori-bkg lefticon elementor-view-default elementor-mobile-position-block-start elementor-widget elementor-widget-icon-box\" data-id=\"9d6b114\" data-element_type=\"widget\" data-e-type=\"widget\" data-widget_type=\"icon-box.default\">\n\t\t\t\t\t\t\t<div class=\"elementor-icon-box-wrapper\">\n\n\t\t\t\t\t\t<div class=\"elementor-icon-box-icon\">\n\t\t\t\t<span  class=\"elementor-icon\">\n\t\t\t\t<svg aria-hidden=\"true\" class=\"e-font-icon-svg e-far-arrow-alt-circle-right\" viewBox=\"0 0 512 512\" xmlns=\"http:\/\/www.w3.org\/2000\/svg\"><path d=\"M504 256C504 119 393 8 256 8S8 119 8 256s111 248 248 248 248-111 248-248zm-448 0c0-110.5 89.5-200 200-200s200 89.5 200 200-89.5 200-200 200S56 366.5 56 256zm72 20v-40c0-6.6 5.4-12 12-12h116v-67c0-10.7 12.9-16 20.5-8.5l99 99c4.7 4.7 4.7 12.3 0 17l-99 99c-7.6 7.6-20.5 2.2-20.5-8.5v-67H140c-6.6 0-12-5.4-12-12z\"><\/path><\/svg>\t\t\t\t<\/span>\n\t\t\t<\/div>\n\t\t\t\n\t\t\t\t\t\t<div class=\"elementor-icon-box-content\">\n\n\t\t\t\t\t\t\t\t\t<h5 class=\"elementor-icon-box-title\">\n\t\t\t\t\t\t<span  >\n\t\t\t\t\t\t\tEFEKT WOW\t\t\t\t\t\t<\/span>\n\t\t\t\t\t<\/h5>\n\t\t\t\t\n\t\t\t\t\t\t\t\t\t<p class=\"elementor-icon-box-description\">\n\t\t\t\t\t\t Ogromne kwiaty przyci\u0105gaj\u0105 uwag\u0119 i nadaj\u0105 kadrom wyj\u0105tkowy, wiosenny charakter bez przesadnego przepychu.\t\t\t\t\t<\/p>\n\t\t\t\t\n\t\t\t<\/div>\n\t\t\t\n\t\t<\/div>\n\t\t\t\t\t\t<\/div>\n\t\t\t\t<div class=\"elementor-element elementor-element-8ddea0f elementor-position-inline-start pcolori-bkg lefticon elementor-view-default elementor-mobile-position-block-start elementor-widget elementor-widget-icon-box\" data-id=\"8ddea0f\" data-element_type=\"widget\" data-e-type=\"widget\" data-widget_type=\"icon-box.default\">\n\t\t\t\t\t\t\t<div class=\"elementor-icon-box-wrapper\">\n\n\t\t\t\t\t\t<div class=\"elementor-icon-box-icon\">\n\t\t\t\t<span  class=\"elementor-icon\">\n\t\t\t\t<svg aria-hidden=\"true\" class=\"e-font-icon-svg e-far-arrow-alt-circle-right\" viewBox=\"0 0 512 512\" xmlns=\"http:\/\/www.w3.org\/2000\/svg\"><path d=\"M504 256C504 119 393 8 256 8S8 119 8 256s111 248 248 248 248-111 248-248zm-448 0c0-110.5 89.5-200 200-200s200 89.5 200 200-89.5 200-200 200S56 366.5 56 256zm72 20v-40c0-6.6 5.4-12 12-12h116v-67c0-10.7 12.9-16 20.5-8.5l99 99c4.7 4.7 4.7 12.3 0 17l-99 99c-7.6 7.6-20.5 2.2-20.5-8.5v-67H140c-6.6 0-12-5.4-12-12z\"><\/path><\/svg>\t\t\t\t<\/span>\n\t\t\t<\/div>\n\t\t\t\n\t\t\t\t\t\t<div class=\"elementor-icon-box-content\">\n\n\t\t\t\t\t\t\t\t\t<h5 class=\"elementor-icon-box-title\">\n\t\t\t\t\t\t<span  >\n\t\t\t\t\t\t\tPROSTA FORMA, WIELE MO\u017bLIWO\u015aCI\t\t\t\t\t\t<\/span>\n\t\t\t\t\t<\/h5>\n\t\t\t\t\n\t\t\t\t\t\t\t\t\t<p class=\"elementor-icon-box-description\">\n\t\t\t\t\t\t Idealna do rolek, kampanii beauty, contentu marek, zdj\u0119\u0107 komunijnych, portret\u00f3w i kr\u00f3tkich reklam.\t\t\t\t\t<\/p>\n\t\t\t\t\n\t\t\t<\/div>\n\t\t\t\n\t\t<\/div>\n\t\t\t\t\t\t<\/div>\n\t\t\t\t<div class=\"elementor-element elementor-element-a71d436 elementor-widget elementor-widget-text-editor\" data-id=\"a71d436\" data-element_type=\"widget\" data-e-type=\"widget\" data-widget_type=\"text-editor.default\">\n\t\t\t\t\t\t\t\t\t<p>Mobilna \u015bciana z mo\u017cliwo\u015bci\u0105 roz\u0142o\u017cenia do 5m, dost\u0119pna w cenie studia w kolorze bia\u0142ym oraz br\u0105zowym!<\/p>\t\t\t\t\t\t\t\t<\/div>\n\t\t\t\t\t<\/div>\n\t\t<\/div>\n\t\t\t\t<div class=\"elementor-column elementor-col-50 elementor-top-column elementor-element elementor-element-909a9c1 order-mobi1\" data-id=\"909a9c1\" data-element_type=\"column\" data-e-type=\"column\">\n\t\t\t<div class=\"elementor-widget-wrap elementor-element-populated\">\n\t\t\t\t\t\t<div class=\"elementor-element elementor-element-154a980 elementor-widget elementor-widget-image\" data-id=\"154a980\" data-element_type=\"widget\" data-e-type=\"widget\" data-widget_type=\"image.default\">\n\t\t\t\t\t\t\t\t\t\t\t\t\t\t\t<img fetchpriority=\"high\" decoding=\"async\" width=\"768\" height=\"512\" src=\"https:\/\/studiodrugibrzeg.pl\/wp-content\/uploads\/aranzacja-wiosenna-studio-drugi-brzeg-768x512.jpeg\" class=\"attachment-medium_large size-medium_large wp-image-2984\" alt=\"\" srcset=\"https:\/\/studiodrugibrzeg.pl\/wp-content\/uploads\/aranzacja-wiosenna-studio-drugi-brzeg-768x512.jpeg 768w, https:\/\/studiodrugibrzeg.pl\/wp-content\/uploads\/aranzacja-wiosenna-studio-drugi-brzeg-300x200.jpeg 300w, https:\/\/studiodrugibrzeg.pl\/wp-content\/uploads\/aranzacja-wiosenna-studio-drugi-brzeg-1024x682.jpeg 1024w, https:\/\/studiodrugibrzeg.pl\/wp-content\/uploads\/aranzacja-wiosenna-studio-drugi-brzeg.jpeg 1280w\" sizes=\"(max-width: 768px) 100vw, 768px\" \/>\t\t\t\t\t\t\t\t\t\t\t\t\t\t\t<\/div>\n\t\t\t\t<div class=\"elementor-element elementor-element-ca0cff5 elementor-widget elementor-widget-image\" data-id=\"ca0cff5\" data-element_type=\"widget\" data-e-type=\"widget\" data-widget_type=\"image.default\">\n\t\t\t\t\t\t\t\t\t\t\t\t\t\t\t<img decoding=\"async\" width=\"768\" height=\"960\" src=\"https:\/\/studiodrugibrzeg.pl\/wp-content\/uploads\/scenka-wiosenna-studio-fotograficzne-768x960.jpeg\" class=\"attachment-medium_large size-medium_large wp-image-2983\" alt=\"Scenka wiosenna w studio drugi brzeg\" srcset=\"https:\/\/studiodrugibrzeg.pl\/wp-content\/uploads\/scenka-wiosenna-studio-fotograficzne-768x960.jpeg 768w, https:\/\/studiodrugibrzeg.pl\/wp-content\/uploads\/scenka-wiosenna-studio-fotograficzne-240x300.jpeg 240w, https:\/\/studiodrugibrzeg.pl\/wp-content\/uploads\/scenka-wiosenna-studio-fotograficzne-819x1024.jpeg 819w, https:\/\/studiodrugibrzeg.pl\/wp-content\/uploads\/scenka-wiosenna-studio-fotograficzne.jpeg 1024w\" sizes=\"(max-width: 768px) 100vw, 768px\" \/>\t\t\t\t\t\t\t\t\t\t\t\t\t\t\t<\/div>\n\t\t\t\t\t<\/div>\n\t\t<\/div>\n\t\t\t\t\t<\/div>\n\t\t<\/section>\n\t\t\t\t<section class=\"elementor-section elementor-top-section elementor-element elementor-element-331fcad elementor-section-content-middle elementor-section-boxed elementor-section-height-default elementor-section-height-default\" data-id=\"331fcad\" data-element_type=\"section\" data-e-type=\"section\">\n\t\t\t\t\t\t<div class=\"elementor-container elementor-column-gap-default\">\n\t\t\t\t\t<div class=\"elementor-column elementor-col-50 elementor-top-column elementor-element elementor-element-55b8e73\" data-id=\"55b8e73\" data-element_type=\"column\" data-e-type=\"column\">\n\t\t\t<div class=\"elementor-widget-wrap elementor-element-populated\">\n\t\t\t\t\t\t<div class=\"elementor-element elementor-element-c70c2d6 elementor-widget elementor-widget-image\" data-id=\"c70c2d6\" data-element_type=\"widget\" data-e-type=\"widget\" data-widget_type=\"image.default\">\n\t\t\t\t\t\t\t\t\t\t\t\t\t\t\t<img decoding=\"async\" width=\"1707\" height=\"2560\" src=\"https:\/\/studiodrugibrzeg.pl\/wp-content\/uploads\/studio-fotograficzne-wynajem-swiatlo-dzienne-sciana-ksiazki-materac-scaled.jpg\" class=\"attachment-full size-full wp-image-2644\" alt=\"Studio fotograficzne wynajem \u2013 scenka z materacem na pod\u0142odze, \u015bwiat\u0142o dzienne, \u015bciana z ksi\u0105\u017ckami, Warszawa\" srcset=\"https:\/\/studiodrugibrzeg.pl\/wp-content\/uploads\/studio-fotograficzne-wynajem-swiatlo-dzienne-sciana-ksiazki-materac-scaled.jpg 1707w, https:\/\/studiodrugibrzeg.pl\/wp-content\/uploads\/studio-fotograficzne-wynajem-swiatlo-dzienne-sciana-ksiazki-materac-200x300.jpg 200w, https:\/\/studiodrugibrzeg.pl\/wp-content\/uploads\/studio-fotograficzne-wynajem-swiatlo-dzienne-sciana-ksiazki-materac-683x1024.jpg 683w, https:\/\/studiodrugibrzeg.pl\/wp-content\/uploads\/studio-fotograficzne-wynajem-swiatlo-dzienne-sciana-ksiazki-materac-768x1152.jpg 768w, https:\/\/studiodrugibrzeg.pl\/wp-content\/uploads\/studio-fotograficzne-wynajem-swiatlo-dzienne-sciana-ksiazki-materac-1024x1536.jpg 1024w, https:\/\/studiodrugibrzeg.pl\/wp-content\/uploads\/studio-fotograficzne-wynajem-swiatlo-dzienne-sciana-ksiazki-materac-1365x2048.jpg 1365w\" sizes=\"(max-width: 1707px) 100vw, 1707px\" \/>\t\t\t\t\t\t\t\t\t\t\t\t\t\t\t<\/div>\n\t\t\t\t\t<\/div>\n\t\t<\/div>\n\t\t\t\t<div class=\"elementor-column elementor-col-50 elementor-top-column elementor-element elementor-element-625987f\" data-id=\"625987f\" data-element_type=\"column\" data-e-type=\"column\">\n\t\t\t<div class=\"elementor-widget-wrap elementor-element-populated\">\n\t\t\t\t\t\t<div class=\"elementor-element elementor-element-6dbf2e2 el-smalltitle pcolor elementor-widget elementor-widget-heading\" data-id=\"6dbf2e2\" data-element_type=\"widget\" data-e-type=\"widget\" data-widget_type=\"heading.default\">\n\t\t\t\t\t<span class=\"elementor-heading-title elementor-size-default\">Warszawa, ul. Stoczniowc\u00f3w 21<\/span>\t\t\t\t<\/div>\n\t\t\t\t<div class=\"elementor-element elementor-element-11576fc elementor-widget elementor-widget-heading\" data-id=\"11576fc\" data-element_type=\"widget\" data-e-type=\"widget\" data-widget_type=\"heading.default\">\n\t\t\t\t\t<h2 class=\"elementor-heading-title elementor-size-default\">Twoja Wymarzona Przestrze\u0144 Fotograficzna\u200b<\/h2>\t\t\t\t<\/div>\n\t\t\t\t<div class=\"elementor-element elementor-element-ac514c2 elementor-widget elementor-widget-text-editor\" data-id=\"ac514c2\" data-element_type=\"widget\" data-e-type=\"widget\" data-widget_type=\"text-editor.default\">\n\t\t\t\t\t\t\t\t\t<p>Studio Drugi Brzeg to wyj\u0105tkowa przestrze\u0144 fotograficzna zlokalizowana przy ul. Stoczniowc\u00f3w 21 na Wawrze. Nasza misja to zapewnienie fotografom, filmowcom i tw\u00f3rcom idealnych warunk\u00f3w do realizacji ich projekt\u00f3w.<\/p>\t\t\t\t\t\t\t\t<\/div>\n\t\t\t\t<div class=\"elementor-element elementor-element-7bd4507 elementor-position-inline-start pcolori-bkg lefticon elementor-view-default elementor-mobile-position-block-start elementor-widget elementor-widget-icon-box\" data-id=\"7bd4507\" data-element_type=\"widget\" data-e-type=\"widget\" data-widget_type=\"icon-box.default\">\n\t\t\t\t\t\t\t<div class=\"elementor-icon-box-wrapper\">\n\n\t\t\t\t\t\t<div class=\"elementor-icon-box-icon\">\n\t\t\t\t<span  class=\"elementor-icon\">\n\t\t\t\t<svg aria-hidden=\"true\" class=\"e-font-icon-svg e-far-arrow-alt-circle-right\" viewBox=\"0 0 512 512\" xmlns=\"http:\/\/www.w3.org\/2000\/svg\"><path d=\"M504 256C504 119 393 8 256 8S8 119 8 256s111 248 248 248 248-111 248-248zm-448 0c0-110.5 89.5-200 200-200s200 89.5 200 200-89.5 200-200 200S56 366.5 56 256zm72 20v-40c0-6.6 5.4-12 12-12h116v-67c0-10.7 12.9-16 20.5-8.5l99 99c4.7 4.7 4.7 12.3 0 17l-99 99c-7.6 7.6-20.5 2.2-20.5-8.5v-67H140c-6.6 0-12-5.4-12-12z\"><\/path><\/svg>\t\t\t\t<\/span>\n\t\t\t<\/div>\n\t\t\t\n\t\t\t\t\t\t<div class=\"elementor-icon-box-content\">\n\n\t\t\t\t\t\t\t\t\t<h5 class=\"elementor-icon-box-title\">\n\t\t\t\t\t\t<span  >\n\t\t\t\t\t\t\tNaturalne \u015bwiat\u0142o\t\t\t\t\t\t<\/span>\n\t\t\t\t\t<\/h5>\n\t\t\t\t\n\t\t\t\t\t\t\t\t\t<p class=\"elementor-icon-box-description\">\n\t\t\t\t\t\tdu\u017ce okna zapewniaj\u0105ce mi\u0119kkie, r\u00f3wnomierne o\u015bwietlenie przez ca\u0142y dzie\u0144\t\t\t\t\t<\/p>\n\t\t\t\t\n\t\t\t<\/div>\n\t\t\t\n\t\t<\/div>\n\t\t\t\t\t\t<\/div>\n\t\t\t\t<div class=\"elementor-element elementor-element-c1d33af elementor-position-inline-start pcolori-bkg lefticon elementor-view-default elementor-mobile-position-block-start elementor-widget elementor-widget-icon-box\" data-id=\"c1d33af\" data-element_type=\"widget\" data-e-type=\"widget\" data-widget_type=\"icon-box.default\">\n\t\t\t\t\t\t\t<div class=\"elementor-icon-box-wrapper\">\n\n\t\t\t\t\t\t<div class=\"elementor-icon-box-icon\">\n\t\t\t\t<span  class=\"elementor-icon\">\n\t\t\t\t<svg aria-hidden=\"true\" class=\"e-font-icon-svg e-far-arrow-alt-circle-right\" viewBox=\"0 0 512 512\" xmlns=\"http:\/\/www.w3.org\/2000\/svg\"><path d=\"M504 256C504 119 393 8 256 8S8 119 8 256s111 248 248 248 248-111 248-248zm-448 0c0-110.5 89.5-200 200-200s200 89.5 200 200-89.5 200-200 200S56 366.5 56 256zm72 20v-40c0-6.6 5.4-12 12-12h116v-67c0-10.7 12.9-16 20.5-8.5l99 99c4.7 4.7 4.7 12.3 0 17l-99 99c-7.6 7.6-20.5 2.2-20.5-8.5v-67H140c-6.6 0-12-5.4-12-12z\"><\/path><\/svg>\t\t\t\t<\/span>\n\t\t\t<\/div>\n\t\t\t\n\t\t\t\t\t\t<div class=\"elementor-icon-box-content\">\n\n\t\t\t\t\t\t\t\t\t<h5 class=\"elementor-icon-box-title\">\n\t\t\t\t\t\t<span  >\n\t\t\t\t\t\t\tProfesjonalne wyposa\u017cenie\t\t\t\t\t\t<\/span>\n\t\t\t\t\t<\/h5>\n\t\t\t\t\n\t\t\t\t\t\t\t\t\t<p class=\"elementor-icon-box-description\">\n\t\t\t\t\t\tkompletny zestaw o\u015bwietleniowy, statywy, modyfikatory \u015bwiat\u0142a\t\t\t\t\t<\/p>\n\t\t\t\t\n\t\t\t<\/div>\n\t\t\t\n\t\t<\/div>\n\t\t\t\t\t\t<\/div>\n\t\t\t\t<div class=\"elementor-element elementor-element-872e7fb elementor-position-inline-start pcolori-bkg lefticon elementor-view-default elementor-mobile-position-block-start elementor-widget elementor-widget-icon-box\" data-id=\"872e7fb\" data-element_type=\"widget\" data-e-type=\"widget\" data-widget_type=\"icon-box.default\">\n\t\t\t\t\t\t\t<div class=\"elementor-icon-box-wrapper\">\n\n\t\t\t\t\t\t<div class=\"elementor-icon-box-icon\">\n\t\t\t\t<span  class=\"elementor-icon\">\n\t\t\t\t<svg aria-hidden=\"true\" class=\"e-font-icon-svg e-far-arrow-alt-circle-right\" viewBox=\"0 0 512 512\" xmlns=\"http:\/\/www.w3.org\/2000\/svg\"><path d=\"M504 256C504 119 393 8 256 8S8 119 8 256s111 248 248 248 248-111 248-248zm-448 0c0-110.5 89.5-200 200-200s200 89.5 200 200-89.5 200-200 200S56 366.5 56 256zm72 20v-40c0-6.6 5.4-12 12-12h116v-67c0-10.7 12.9-16 20.5-8.5l99 99c4.7 4.7 4.7 12.3 0 17l-99 99c-7.6 7.6-20.5 2.2-20.5-8.5v-67H140c-6.6 0-12-5.4-12-12z\"><\/path><\/svg>\t\t\t\t<\/span>\n\t\t\t<\/div>\n\t\t\t\n\t\t\t\t\t\t<div class=\"elementor-icon-box-content\">\n\n\t\t\t\t\t\t\t\t\t<h5 class=\"elementor-icon-box-title\">\n\t\t\t\t\t\t<span  >\n\t\t\t\t\t\t\tElastyczne godziny\t\t\t\t\t\t<\/span>\n\t\t\t\t\t<\/h5>\n\t\t\t\t\n\t\t\t\t\t\t\t\t\t<p class=\"elementor-icon-box-description\">\n\t\t\t\t\t\twynajmuj studio od jednej godziny do ca\u0142ego dnia\t\t\t\t\t<\/p>\n\t\t\t\t\n\t\t\t<\/div>\n\t\t\t\n\t\t<\/div>\n\t\t\t\t\t\t<\/div>\n\t\t\t\t<div class=\"elementor-element elementor-element-aefc878 elementor-position-inline-start pcolori-bkg lefticon elementor-view-default elementor-mobile-position-block-start elementor-widget elementor-widget-icon-box\" data-id=\"aefc878\" data-element_type=\"widget\" data-e-type=\"widget\" data-widget_type=\"icon-box.default\">\n\t\t\t\t\t\t\t<div class=\"elementor-icon-box-wrapper\">\n\n\t\t\t\t\t\t<div class=\"elementor-icon-box-icon\">\n\t\t\t\t<span  class=\"elementor-icon\">\n\t\t\t\t<svg aria-hidden=\"true\" class=\"e-font-icon-svg e-far-arrow-alt-circle-right\" viewBox=\"0 0 512 512\" xmlns=\"http:\/\/www.w3.org\/2000\/svg\"><path d=\"M504 256C504 119 393 8 256 8S8 119 8 256s111 248 248 248 248-111 248-248zm-448 0c0-110.5 89.5-200 200-200s200 89.5 200 200-89.5 200-200 200S56 366.5 56 256zm72 20v-40c0-6.6 5.4-12 12-12h116v-67c0-10.7 12.9-16 20.5-8.5l99 99c4.7 4.7 4.7 12.3 0 17l-99 99c-7.6 7.6-20.5 2.2-20.5-8.5v-67H140c-6.6 0-12-5.4-12-12z\"><\/path><\/svg>\t\t\t\t<\/span>\n\t\t\t<\/div>\n\t\t\t\n\t\t\t\t\t\t<div class=\"elementor-icon-box-content\">\n\n\t\t\t\t\t\t\t\t\t<h5 class=\"elementor-icon-box-title\">\n\t\t\t\t\t\t<span  >\n\t\t\t\t\t\t\tDogodna lokalizacja\t\t\t\t\t\t<\/span>\n\t\t\t\t\t<\/h5>\n\t\t\t\t\n\t\t\t\t\t\t\t\t\t<p class=\"elementor-icon-box-description\">\n\t\t\t\t\t\t\u0142atwy dojazd, parking dla klient\u00f3w, tylko 200m od Mostu Siekierkowskiego\t\t\t\t\t<\/p>\n\t\t\t\t\n\t\t\t<\/div>\n\t\t\t\n\t\t<\/div>\n\t\t\t\t\t\t<\/div>\n\t\t\t\t<div class=\"elementor-element elementor-element-463d362 elementor-widget elementor-widget-text-editor\" data-id=\"463d362\" data-element_type=\"widget\" data-e-type=\"widget\" data-widget_type=\"text-editor.default\">\n\t\t\t\t\t\t\t\t\t<p>Zarezerwuj swoje miejsce w <strong data-start=\"1904\" data-end=\"1953\">studio fotograficznym Drugi Brzeg w Warszawie<\/strong> i korzystaj z profesjonalnych rozwi\u0105za\u0144 do sesji zdj\u0119ciowych<\/p>\t\t\t\t\t\t\t\t<\/div>\n\t\t\t\t\t<\/div>\n\t\t<\/div>\n\t\t\t\t\t<\/div>\n\t\t<\/section>\n\t\t\t\t<section class=\"elementor-section elementor-top-section elementor-element elementor-element-e1b2fd8 elementor-section-boxed elementor-section-height-default elementor-section-height-default\" data-id=\"e1b2fd8\" data-element_type=\"section\" data-e-type=\"section\">\n\t\t\t\t\t\t<div class=\"elementor-container elementor-column-gap-default\">\n\t\t\t\t\t<div class=\"elementor-column elementor-col-50 elementor-top-column elementor-element elementor-element-4c8c084\" data-id=\"4c8c084\" data-element_type=\"column\" data-e-type=\"column\">\n\t\t\t<div class=\"elementor-widget-wrap elementor-element-populated\">\n\t\t\t\t\t\t<div class=\"elementor-element elementor-element-02c817e elementor-widget elementor-widget-image\" data-id=\"02c817e\" data-element_type=\"widget\" data-e-type=\"widget\" data-widget_type=\"image.default\">\n\t\t\t\t\t\t\t\t\t\t\t\t\t\t\t<img loading=\"lazy\" decoding=\"async\" width=\"1920\" height=\"1280\" src=\"https:\/\/studiodrugibrzeg.pl\/wp-content\/uploads\/wynajem-studia-na-sesje-produktowe.jpg.jpg\" class=\"attachment-full size-full wp-image-2728\" alt=\"Studio do sesji produktowych i reklamowych w Warszawie\" srcset=\"https:\/\/studiodrugibrzeg.pl\/wp-content\/uploads\/wynajem-studia-na-sesje-produktowe.jpg.jpg 1920w, https:\/\/studiodrugibrzeg.pl\/wp-content\/uploads\/wynajem-studia-na-sesje-produktowe.jpg-300x200.jpg 300w, https:\/\/studiodrugibrzeg.pl\/wp-content\/uploads\/wynajem-studia-na-sesje-produktowe.jpg-1024x683.jpg 1024w, https:\/\/studiodrugibrzeg.pl\/wp-content\/uploads\/wynajem-studia-na-sesje-produktowe.jpg-768x512.jpg 768w, https:\/\/studiodrugibrzeg.pl\/wp-content\/uploads\/wynajem-studia-na-sesje-produktowe.jpg-1536x1024.jpg 1536w\" sizes=\"(max-width: 1920px) 100vw, 1920px\" \/>\t\t\t\t\t\t\t\t\t\t\t\t\t\t\t<\/div>\n\t\t\t\t<div class=\"elementor-element elementor-element-289a6e5 elementor-widget elementor-widget-image\" data-id=\"289a6e5\" data-element_type=\"widget\" data-e-type=\"widget\" data-widget_type=\"image.default\">\n\t\t\t\t\t\t\t\t\t\t\t\t\t\t\t<img loading=\"lazy\" decoding=\"async\" width=\"1920\" height=\"1280\" src=\"https:\/\/studiodrugibrzeg.pl\/wp-content\/uploads\/studio-fotograficzne-lampy-studyjne.jpg.jpg\" class=\"attachment-full size-full wp-image-2723\" alt=\"Profesjonalne lampy studyjne w Studio Drugi Brzeg w Warszawie\" srcset=\"https:\/\/studiodrugibrzeg.pl\/wp-content\/uploads\/studio-fotograficzne-lampy-studyjne.jpg.jpg 1920w, https:\/\/studiodrugibrzeg.pl\/wp-content\/uploads\/studio-fotograficzne-lampy-studyjne.jpg-300x200.jpg 300w, https:\/\/studiodrugibrzeg.pl\/wp-content\/uploads\/studio-fotograficzne-lampy-studyjne.jpg-1024x683.jpg 1024w, https:\/\/studiodrugibrzeg.pl\/wp-content\/uploads\/studio-fotograficzne-lampy-studyjne.jpg-768x512.jpg 768w, https:\/\/studiodrugibrzeg.pl\/wp-content\/uploads\/studio-fotograficzne-lampy-studyjne.jpg-1536x1024.jpg 1536w\" sizes=\"(max-width: 1920px) 100vw, 1920px\" \/>\t\t\t\t\t\t\t\t\t\t\t\t\t\t\t<\/div>\n\t\t\t\t\t<\/div>\n\t\t<\/div>\n\t\t\t\t<div class=\"elementor-column elementor-col-50 elementor-top-column elementor-element elementor-element-7cd6776\" data-id=\"7cd6776\" data-element_type=\"column\" data-e-type=\"column\">\n\t\t\t<div class=\"elementor-widget-wrap elementor-element-populated\">\n\t\t\t\t\t\t<div class=\"elementor-element elementor-element-2654e33 elementor-widget elementor-widget-heading\" data-id=\"2654e33\" data-element_type=\"widget\" data-e-type=\"widget\" data-widget_type=\"heading.default\">\n\t\t\t\t\t<h4 class=\"elementor-heading-title elementor-size-default\">przestrze\u0144 nie tylko dla profesjonalist\u00f3w<\/h4>\t\t\t\t<\/div>\n\t\t\t\t<div class=\"elementor-element elementor-element-74cdfa3 elementor-position-inline-start pcolori-bkg lefticon elementor-view-default elementor-mobile-position-block-start elementor-widget elementor-widget-icon-box\" data-id=\"74cdfa3\" data-element_type=\"widget\" data-e-type=\"widget\" data-widget_type=\"icon-box.default\">\n\t\t\t\t\t\t\t<div class=\"elementor-icon-box-wrapper\">\n\n\t\t\t\t\t\t<div class=\"elementor-icon-box-icon\">\n\t\t\t\t<span  class=\"elementor-icon\">\n\t\t\t\t<svg aria-hidden=\"true\" class=\"e-font-icon-svg e-far-check-circle\" viewBox=\"0 0 512 512\" xmlns=\"http:\/\/www.w3.org\/2000\/svg\"><path d=\"M256 8C119.033 8 8 119.033 8 256s111.033 248 248 248 248-111.033 248-248S392.967 8 256 8zm0 48c110.532 0 200 89.451 200 200 0 110.532-89.451 200-200 200-110.532 0-200-89.451-200-200 0-110.532 89.451-200 200-200m140.204 130.267l-22.536-22.718c-4.667-4.705-12.265-4.736-16.97-.068L215.346 303.697l-59.792-60.277c-4.667-4.705-12.265-4.736-16.97-.069l-22.719 22.536c-4.705 4.667-4.736 12.265-.068 16.971l90.781 91.516c4.667 4.705 12.265 4.736 16.97.068l172.589-171.204c4.704-4.668 4.734-12.266.067-16.971z\"><\/path><\/svg>\t\t\t\t<\/span>\n\t\t\t<\/div>\n\t\t\t\n\t\t\t\t\t\t<div class=\"elementor-icon-box-content\">\n\n\t\t\t\t\t\t\t\t\t<h5 class=\"elementor-icon-box-title\">\n\t\t\t\t\t\t<span  >\n\t\t\t\t\t\t\tNajwi\u0119ksze Studio w Okolicy\t\t\t\t\t\t<\/span>\n\t\t\t\t\t<\/h5>\n\t\t\t\t\n\t\t\t\t\t\t\t\t\t<p class=\"elementor-icon-box-description\">\n\t\t\t\t\t\t90m\u00b2 przestrzeni to miejsce na kilka r\u00f3\u017cnych aran\u017cacji jednocze\u015bnie. Nie musisz wybiera\u0107 jednej scenki - masz dost\u0119p do wszystkich!\t\t\t\t\t<\/p>\n\t\t\t\t\n\t\t\t<\/div>\n\t\t\t\n\t\t<\/div>\n\t\t\t\t\t\t<\/div>\n\t\t\t\t<div class=\"elementor-element elementor-element-6d59c47 elementor-position-inline-start pcolori-bkg lefticon elementor-view-default elementor-mobile-position-block-start elementor-widget elementor-widget-icon-box\" data-id=\"6d59c47\" data-element_type=\"widget\" data-e-type=\"widget\" data-widget_type=\"icon-box.default\">\n\t\t\t\t\t\t\t<div class=\"elementor-icon-box-wrapper\">\n\n\t\t\t\t\t\t<div class=\"elementor-icon-box-icon\">\n\t\t\t\t<span  class=\"elementor-icon\">\n\t\t\t\t<svg aria-hidden=\"true\" class=\"e-font-icon-svg e-far-check-circle\" viewBox=\"0 0 512 512\" xmlns=\"http:\/\/www.w3.org\/2000\/svg\"><path d=\"M256 8C119.033 8 8 119.033 8 256s111.033 248 248 248 248-111.033 248-248S392.967 8 256 8zm0 48c110.532 0 200 89.451 200 200 0 110.532-89.451 200-200 200-110.532 0-200-89.451-200-200 0-110.532 89.451-200 200-200m140.204 130.267l-22.536-22.718c-4.667-4.705-12.265-4.736-16.97-.068L215.346 303.697l-59.792-60.277c-4.667-4.705-12.265-4.736-16.97-.069l-22.719 22.536c-4.705 4.667-4.736 12.265-.068 16.971l90.781 91.516c4.667 4.705 12.265 4.736 16.97.068l172.589-171.204c4.704-4.668 4.734-12.266.067-16.971z\"><\/path><\/svg>\t\t\t\t<\/span>\n\t\t\t<\/div>\n\t\t\t\n\t\t\t\t\t\t<div class=\"elementor-icon-box-content\">\n\n\t\t\t\t\t\t\t\t\t<h5 class=\"elementor-icon-box-title\">\n\t\t\t\t\t\t<span  >\n\t\t\t\t\t\t\tProfesjonalne Dekoracje\t\t\t\t\t\t<\/span>\n\t\t\t\t\t<\/h5>\n\t\t\t\t\n\t\t\t\t\t\t\t\t\t<p class=\"elementor-icon-box-description\">\n\t\t\t\t\t\tNasze \u015bwi\u0105teczne aran\u017cacje s\u0105 przygotowywane przez profesjonalnych dekorator\u00f3w. Ka\u017cdy detal przemy\u015blany, ka\u017cda scenka unikalna.\t\t\t\t\t<\/p>\n\t\t\t\t\n\t\t\t<\/div>\n\t\t\t\n\t\t<\/div>\n\t\t\t\t\t\t<\/div>\n\t\t\t\t<div class=\"elementor-element elementor-element-99c6c3b elementor-position-inline-start pcolori-bkg lefticon elementor-view-default elementor-mobile-position-block-start elementor-widget elementor-widget-icon-box\" data-id=\"99c6c3b\" data-element_type=\"widget\" data-e-type=\"widget\" data-widget_type=\"icon-box.default\">\n\t\t\t\t\t\t\t<div class=\"elementor-icon-box-wrapper\">\n\n\t\t\t\t\t\t<div class=\"elementor-icon-box-icon\">\n\t\t\t\t<span  class=\"elementor-icon\">\n\t\t\t\t<svg aria-hidden=\"true\" class=\"e-font-icon-svg e-far-check-circle\" viewBox=\"0 0 512 512\" xmlns=\"http:\/\/www.w3.org\/2000\/svg\"><path d=\"M256 8C119.033 8 8 119.033 8 256s111.033 248 248 248 248-111.033 248-248S392.967 8 256 8zm0 48c110.532 0 200 89.451 200 200 0 110.532-89.451 200-200 200-110.532 0-200-89.451-200-200 0-110.532 89.451-200 200-200m140.204 130.267l-22.536-22.718c-4.667-4.705-12.265-4.736-16.97-.068L215.346 303.697l-59.792-60.277c-4.667-4.705-12.265-4.736-16.97-.069l-22.719 22.536c-4.705 4.667-4.736 12.265-.068 16.971l90.781 91.516c4.667 4.705 12.265 4.736 16.97.068l172.589-171.204c4.704-4.668 4.734-12.266.067-16.971z\"><\/path><\/svg>\t\t\t\t<\/span>\n\t\t\t<\/div>\n\t\t\t\n\t\t\t\t\t\t<div class=\"elementor-icon-box-content\">\n\n\t\t\t\t\t\t\t\t\t<h5 class=\"elementor-icon-box-title\">\n\t\t\t\t\t\t<span  >\n\t\t\t\t\t\t\tDoskona\u0142e O\u015bwietlenie\t\t\t\t\t\t<\/span>\n\t\t\t\t\t<\/h5>\n\t\t\t\t\n\t\t\t\t\t\t\t\t\t<p class=\"elementor-icon-box-description\">\n\t\t\t\t\t\tPo\u0142\u0105czenie naturalnego \u015bwiat\u0142a z du\u017cych okien oraz profesjonalnego o\u015bwietlenia studyjnego gwarantuje idealne warunki do fotografowania.\t\t\t\t\t<\/p>\n\t\t\t\t\n\t\t\t<\/div>\n\t\t\t\n\t\t<\/div>\n\t\t\t\t\t\t<\/div>\n\t\t\t\t<div class=\"elementor-element elementor-element-67aa456 elementor-position-inline-start pcolori-bkg lefticon elementor-view-default elementor-mobile-position-block-start elementor-widget elementor-widget-icon-box\" data-id=\"67aa456\" data-element_type=\"widget\" data-e-type=\"widget\" data-widget_type=\"icon-box.default\">\n\t\t\t\t\t\t\t<div class=\"elementor-icon-box-wrapper\">\n\n\t\t\t\t\t\t<div class=\"elementor-icon-box-icon\">\n\t\t\t\t<span  class=\"elementor-icon\">\n\t\t\t\t<svg aria-hidden=\"true\" class=\"e-font-icon-svg e-far-check-circle\" viewBox=\"0 0 512 512\" xmlns=\"http:\/\/www.w3.org\/2000\/svg\"><path d=\"M256 8C119.033 8 8 119.033 8 256s111.033 248 248 248 248-111.033 248-248S392.967 8 256 8zm0 48c110.532 0 200 89.451 200 200 0 110.532-89.451 200-200 200-110.532 0-200-89.451-200-200 0-110.532 89.451-200 200-200m140.204 130.267l-22.536-22.718c-4.667-4.705-12.265-4.736-16.97-.068L215.346 303.697l-59.792-60.277c-4.667-4.705-12.265-4.736-16.97-.069l-22.719 22.536c-4.705 4.667-4.736 12.265-.068 16.971l90.781 91.516c4.667 4.705 12.265 4.736 16.97.068l172.589-171.204c4.704-4.668 4.734-12.266.067-16.971z\"><\/path><\/svg>\t\t\t\t<\/span>\n\t\t\t<\/div>\n\t\t\t\n\t\t\t\t\t\t<div class=\"elementor-icon-box-content\">\n\n\t\t\t\t\t\t\t\t\t<h5 class=\"elementor-icon-box-title\">\n\t\t\t\t\t\t<span  >\n\t\t\t\t\t\t\tDekoracje w Cenie\t\t\t\t\t\t<\/span>\n\t\t\t\t\t<\/h5>\n\t\t\t\t\n\t\t\t\t\t\t\t\t\t<p class=\"elementor-icon-box-description\">\n\t\t\t\t\t\tW przeciwie\u0144stwie do konkurencji, wszystkie \u015bwi\u0105teczne dekoracje s\u0105 wliczone w cen\u0119 wynajmu. \u017badnych ukrytych koszt\u00f3w!\t\t\t\t\t<\/p>\n\t\t\t\t\n\t\t\t<\/div>\n\t\t\t\n\t\t<\/div>\n\t\t\t\t\t\t<\/div>\n\t\t\t\t\t<\/div>\n\t\t<\/div>\n\t\t\t\t\t<\/div>\n\t\t<\/section>\n\t\t<div class=\"elementor-element elementor-element-fd89558 e-flex e-con-boxed e-con e-parent\" data-id=\"fd89558\" data-element_type=\"container\" data-e-type=\"container\">\n\t\t\t\t\t<div class=\"e-con-inner\">\n\t\t\t\t<div class=\"elementor-element elementor-element-544237d elementor-widget elementor-widget-heading\" data-id=\"544237d\" data-element_type=\"widget\" data-e-type=\"widget\" data-widget_type=\"heading.default\">\n\t\t\t\t\t<h2 class=\"elementor-heading-title elementor-size-default\">Poznaj Studio Drugi Brzeg<\/h2>\t\t\t\t<\/div>\n\t\t\t\t\t<\/div>\n\t\t\t\t<\/div>\n\t\t\t\t<section class=\"elementor-section elementor-top-section elementor-element elementor-element-ad64f16 el-section-4col elementor-section-boxed elementor-section-height-default elementor-section-height-default\" data-id=\"ad64f16\" data-element_type=\"section\" data-e-type=\"section\">\n\t\t\t\t\t\t<div class=\"elementor-container elementor-column-gap-default\">\n\t\t\t\t\t<div class=\"elementor-column elementor-col-25 elementor-top-column elementor-element elementor-element-42e3996\" data-id=\"42e3996\" data-element_type=\"column\" data-e-type=\"column\">\n\t\t\t<div class=\"elementor-widget-wrap elementor-element-populated\">\n\t\t\t\t\t\t<div class=\"elementor-element elementor-element-4d1d5bd elementor-widget elementor-widget-image\" data-id=\"4d1d5bd\" data-element_type=\"widget\" data-e-type=\"widget\" data-widget_type=\"image.default\">\n\t\t\t\t\t\t\t\t\t\t\t\t\t\t\t<img loading=\"lazy\" decoding=\"async\" width=\"683\" height=\"1024\" src=\"https:\/\/studiodrugibrzeg.pl\/wp-content\/uploads\/wnetrze-studio-drugi-brzeg-683x1024.jpg\" class=\"attachment-large size-large wp-image-2383\" alt=\"Bezszwowe t\u0142a fotograficzne w studiu na wynajem Warszawa\" srcset=\"https:\/\/studiodrugibrzeg.pl\/wp-content\/uploads\/wnetrze-studio-drugi-brzeg-683x1024.jpg 683w, https:\/\/studiodrugibrzeg.pl\/wp-content\/uploads\/wnetrze-studio-drugi-brzeg-200x300.jpg 200w, https:\/\/studiodrugibrzeg.pl\/wp-content\/uploads\/wnetrze-studio-drugi-brzeg-768x1152.jpg 768w, https:\/\/studiodrugibrzeg.pl\/wp-content\/uploads\/wnetrze-studio-drugi-brzeg-1024x1536.jpg 1024w, https:\/\/studiodrugibrzeg.pl\/wp-content\/uploads\/wnetrze-studio-drugi-brzeg.jpg 1280w\" sizes=\"(max-width: 683px) 100vw, 683px\" \/>\t\t\t\t\t\t\t\t\t\t\t\t\t\t\t<\/div>\n\t\t\t\t<div class=\"elementor-element elementor-element-f0ca471 elementor-widget elementor-widget-heading\" data-id=\"f0ca471\" data-element_type=\"widget\" data-e-type=\"widget\" data-widget_type=\"heading.default\">\n\t\t\t\t\t<h4 class=\"elementor-heading-title elementor-size-default\">T\u0142a fotograficzne<\/h4>\t\t\t\t<\/div>\n\t\t\t\t<div class=\"elementor-element elementor-element-efc9bd3 elementor-widget elementor-widget-text-editor\" data-id=\"efc9bd3\" data-element_type=\"widget\" data-e-type=\"widget\" data-widget_type=\"text-editor.default\">\n\t\t\t\t\t\t\t\t\t<p>W pe\u0142ni wyposa\u017cona \u015bciana z <strong data-start=\"622\" data-end=\"674\">automatycznie opuszczanymi t\u0142ami fotograficznymi<\/strong> (6 kolor\u00f3w do wyboru). Idealna do sesji produktowych, portretowych i biznesowych.<\/p>\t\t\t\t\t\t\t\t<\/div>\n\t\t\t\t<div class=\"elementor-element elementor-element-b6a0632 el-btn-v2 elementor-widget elementor-widget-button\" data-id=\"b6a0632\" data-element_type=\"widget\" data-e-type=\"widget\" data-widget_type=\"button.default\">\n\t\t\t\t\t\t\t\t\t\t<a class=\"elementor-button elementor-button-link elementor-size-sm\" href=\"https:\/\/studiodrugibrzeg.pl\/index.php\/galeria-studio-fotograficzne-warszawa\/\">\n\t\t\t\t\t\t<span class=\"elementor-button-content-wrapper\">\n\t\t\t\t\t\t\t\t\t<span class=\"elementor-button-text\">Zobacz wi\u0119cej<\/span>\n\t\t\t\t\t<\/span>\n\t\t\t\t\t<\/a>\n\t\t\t\t\t\t\t\t<\/div>\n\t\t\t\t\t<\/div>\n\t\t<\/div>\n\t\t\t\t<div class=\"elementor-column elementor-col-25 elementor-top-column elementor-element elementor-element-b719df6\" data-id=\"b719df6\" data-element_type=\"column\" data-e-type=\"column\">\n\t\t\t<div class=\"elementor-widget-wrap elementor-element-populated\">\n\t\t\t\t\t\t<div class=\"elementor-element elementor-element-04a56b1 elementor-widget elementor-widget-image\" data-id=\"04a56b1\" data-element_type=\"widget\" data-e-type=\"widget\" data-widget_type=\"image.default\">\n\t\t\t\t\t\t\t\t\t\t\t\t\t\t\t<img loading=\"lazy\" decoding=\"async\" width=\"683\" height=\"1024\" src=\"https:\/\/studiodrugibrzeg.pl\/wp-content\/uploads\/studio-fotograficzne-wynajem-swiatlo-dzienne-sciana-ksiazki-materac-683x1024.jpg\" class=\"attachment-large size-large wp-image-2644\" alt=\"Studio fotograficzne wynajem \u2013 scenka z materacem na pod\u0142odze, \u015bwiat\u0142o dzienne, \u015bciana z ksi\u0105\u017ckami, Warszawa\" srcset=\"https:\/\/studiodrugibrzeg.pl\/wp-content\/uploads\/studio-fotograficzne-wynajem-swiatlo-dzienne-sciana-ksiazki-materac-683x1024.jpg 683w, https:\/\/studiodrugibrzeg.pl\/wp-content\/uploads\/studio-fotograficzne-wynajem-swiatlo-dzienne-sciana-ksiazki-materac-200x300.jpg 200w, https:\/\/studiodrugibrzeg.pl\/wp-content\/uploads\/studio-fotograficzne-wynajem-swiatlo-dzienne-sciana-ksiazki-materac-768x1152.jpg 768w, https:\/\/studiodrugibrzeg.pl\/wp-content\/uploads\/studio-fotograficzne-wynajem-swiatlo-dzienne-sciana-ksiazki-materac-1024x1536.jpg 1024w, https:\/\/studiodrugibrzeg.pl\/wp-content\/uploads\/studio-fotograficzne-wynajem-swiatlo-dzienne-sciana-ksiazki-materac-1365x2048.jpg 1365w, https:\/\/studiodrugibrzeg.pl\/wp-content\/uploads\/studio-fotograficzne-wynajem-swiatlo-dzienne-sciana-ksiazki-materac-scaled.jpg 1707w\" sizes=\"(max-width: 683px) 100vw, 683px\" \/>\t\t\t\t\t\t\t\t\t\t\t\t\t\t\t<\/div>\n\t\t\t\t<div class=\"elementor-element elementor-element-8e514f3 elementor-widget elementor-widget-heading\" data-id=\"8e514f3\" data-element_type=\"widget\" data-e-type=\"widget\" data-widget_type=\"heading.default\">\n\t\t\t\t\t<h4 class=\"elementor-heading-title elementor-size-default\">\u015awiat\u0142o dzienne<\/h4>\t\t\t\t<\/div>\n\t\t\t\t<div class=\"elementor-element elementor-element-1af0b30 elementor-widget elementor-widget-text-editor\" data-id=\"1af0b30\" data-element_type=\"widget\" data-e-type=\"widget\" data-widget_type=\"text-editor.default\">\n\t\t\t\t\t\t\t\t\t<p>Przestrze\u0144 z naturalnym \u015bwiat\u0142em. Tworzy domowe, przytulne t\u0142o do sesji portretowych, rodzinnych i kreatywnych. Okna znajduj\u0105 si\u0119 od strony po\u0142udniowej na d\u0142ugo\u015bci 8m.<\/p>\t\t\t\t\t\t\t\t<\/div>\n\t\t\t\t<div class=\"elementor-element elementor-element-2bbb66b el-btn-v2 elementor-widget elementor-widget-button\" data-id=\"2bbb66b\" data-element_type=\"widget\" data-e-type=\"widget\" data-widget_type=\"button.default\">\n\t\t\t\t\t\t\t\t\t\t<a class=\"elementor-button elementor-button-link elementor-size-sm\" href=\"https:\/\/studiodrugibrzeg.pl\/index.php\/galeria-studio-fotograficzne-warszawa\/\">\n\t\t\t\t\t\t<span class=\"elementor-button-content-wrapper\">\n\t\t\t\t\t\t\t\t\t<span class=\"elementor-button-text\">Zobacz wi\u0119cej<\/span>\n\t\t\t\t\t<\/span>\n\t\t\t\t\t<\/a>\n\t\t\t\t\t\t\t\t<\/div>\n\t\t\t\t\t<\/div>\n\t\t<\/div>\n\t\t\t\t<div class=\"elementor-column elementor-col-25 elementor-top-column elementor-element elementor-element-2a10a1b\" data-id=\"2a10a1b\" data-element_type=\"column\" data-e-type=\"column\">\n\t\t\t<div class=\"elementor-widget-wrap elementor-element-populated\">\n\t\t\t\t\t\t<div class=\"elementor-element elementor-element-7956907 elementor-widget elementor-widget-image\" data-id=\"7956907\" data-element_type=\"widget\" data-e-type=\"widget\" data-widget_type=\"image.default\">\n\t\t\t\t\t\t\t\t\t\t\t\t\t\t\t<img loading=\"lazy\" decoding=\"async\" width=\"683\" height=\"1024\" src=\"https:\/\/studiodrugibrzeg.pl\/wp-content\/uploads\/studio-fotograficzne-wynajem-kanapa-biala-sciana-sztukateria-683x1024.jpg\" class=\"attachment-large size-large wp-image-2643\" alt=\"Studio fotograficzne wynajem \u2013 scenka z eleganck\u0105 kanap\u0105 na tle bia\u0142ej \u015bciany ze sztukateri\u0105, Warszawa\" srcset=\"https:\/\/studiodrugibrzeg.pl\/wp-content\/uploads\/studio-fotograficzne-wynajem-kanapa-biala-sciana-sztukateria-683x1024.jpg 683w, https:\/\/studiodrugibrzeg.pl\/wp-content\/uploads\/studio-fotograficzne-wynajem-kanapa-biala-sciana-sztukateria-200x300.jpg 200w, https:\/\/studiodrugibrzeg.pl\/wp-content\/uploads\/studio-fotograficzne-wynajem-kanapa-biala-sciana-sztukateria-768x1152.jpg 768w, https:\/\/studiodrugibrzeg.pl\/wp-content\/uploads\/studio-fotograficzne-wynajem-kanapa-biala-sciana-sztukateria-1024x1536.jpg 1024w, https:\/\/studiodrugibrzeg.pl\/wp-content\/uploads\/studio-fotograficzne-wynajem-kanapa-biala-sciana-sztukateria-1365x2048.jpg 1365w, https:\/\/studiodrugibrzeg.pl\/wp-content\/uploads\/studio-fotograficzne-wynajem-kanapa-biala-sciana-sztukateria-scaled.jpg 1707w\" sizes=\"(max-width: 683px) 100vw, 683px\" \/>\t\t\t\t\t\t\t\t\t\t\t\t\t\t\t<\/div>\n\t\t\t\t<div class=\"elementor-element elementor-element-a619911 elementor-widget elementor-widget-heading\" data-id=\"a619911\" data-element_type=\"widget\" data-e-type=\"widget\" data-widget_type=\"heading.default\">\n\t\t\t\t\t<h4 class=\"elementor-heading-title elementor-size-default\">sztukateria<\/h4>\t\t\t\t<\/div>\n\t\t\t\t<div class=\"elementor-element elementor-element-c920a6f elementor-widget elementor-widget-text-editor\" data-id=\"c920a6f\" data-element_type=\"widget\" data-e-type=\"widget\" data-widget_type=\"text-editor.default\">\n\t\t\t\t\t\t\t\t\t<p>Elegancka <strong data-start=\"1013\" data-end=\"1044\">bia\u0142a \u015bciana ze sztukateri\u0105<\/strong> (<strong data-start=\"843\" data-end=\"864\">3,8 x 3,3m<\/strong>). Tworzy klimatyczne, klasyczne t\u0142o do sesji portretowych, rodzinnych i artystycznych.<\/p>\t\t\t\t\t\t\t\t<\/div>\n\t\t\t\t<div class=\"elementor-element elementor-element-a99a497 el-btn-v2 elementor-widget elementor-widget-button\" data-id=\"a99a497\" data-element_type=\"widget\" data-e-type=\"widget\" data-widget_type=\"button.default\">\n\t\t\t\t\t\t\t\t\t\t<a class=\"elementor-button elementor-button-link elementor-size-sm\" href=\"https:\/\/studiodrugibrzeg.pl\/index.php\/galeria-studio-fotograficzne-warszawa\/\">\n\t\t\t\t\t\t<span class=\"elementor-button-content-wrapper\">\n\t\t\t\t\t\t\t\t\t<span class=\"elementor-button-text\">Zobacz wi\u0119cej<\/span>\n\t\t\t\t\t<\/span>\n\t\t\t\t\t<\/a>\n\t\t\t\t\t\t\t\t<\/div>\n\t\t\t\t\t<\/div>\n\t\t<\/div>\n\t\t\t\t<div class=\"elementor-column elementor-col-25 elementor-top-column elementor-element elementor-element-809ae5d\" data-id=\"809ae5d\" data-element_type=\"column\" data-e-type=\"column\">\n\t\t\t<div class=\"elementor-widget-wrap elementor-element-populated\">\n\t\t\t\t\t\t<div class=\"elementor-element elementor-element-33274ae elementor-widget elementor-widget-image\" data-id=\"33274ae\" data-element_type=\"widget\" data-e-type=\"widget\" data-widget_type=\"image.default\">\n\t\t\t\t\t\t\t\t\t\t\t\t\t\t\t<img loading=\"lazy\" decoding=\"async\" width=\"683\" height=\"1024\" src=\"https:\/\/studiodrugibrzeg.pl\/wp-content\/uploads\/studio-fotograficzne-wynajem-szara-sciana-krzeslo-dywan-kwiatek-683x1024.jpg\" class=\"attachment-large size-large wp-image-2645\" alt=\"Studio fotograficzne wynajem \u2013 elegancka scenka ze szar\u0105 \u015bcian\u0105, krzes\u0142em i dywanem, Warszawa\" srcset=\"https:\/\/studiodrugibrzeg.pl\/wp-content\/uploads\/studio-fotograficzne-wynajem-szara-sciana-krzeslo-dywan-kwiatek-683x1024.jpg 683w, https:\/\/studiodrugibrzeg.pl\/wp-content\/uploads\/studio-fotograficzne-wynajem-szara-sciana-krzeslo-dywan-kwiatek-200x300.jpg 200w, https:\/\/studiodrugibrzeg.pl\/wp-content\/uploads\/studio-fotograficzne-wynajem-szara-sciana-krzeslo-dywan-kwiatek-768x1152.jpg 768w, https:\/\/studiodrugibrzeg.pl\/wp-content\/uploads\/studio-fotograficzne-wynajem-szara-sciana-krzeslo-dywan-kwiatek-1024x1536.jpg 1024w, https:\/\/studiodrugibrzeg.pl\/wp-content\/uploads\/studio-fotograficzne-wynajem-szara-sciana-krzeslo-dywan-kwiatek-1365x2048.jpg 1365w, https:\/\/studiodrugibrzeg.pl\/wp-content\/uploads\/studio-fotograficzne-wynajem-szara-sciana-krzeslo-dywan-kwiatek-scaled.jpg 1707w\" sizes=\"(max-width: 683px) 100vw, 683px\" \/>\t\t\t\t\t\t\t\t\t\t\t\t\t\t\t<\/div>\n\t\t\t\t<div class=\"elementor-element elementor-element-a569276 elementor-widget elementor-widget-heading\" data-id=\"a569276\" data-element_type=\"widget\" data-e-type=\"widget\" data-widget_type=\"heading.default\">\n\t\t\t\t\t<h4 class=\"elementor-heading-title elementor-size-default\">zdj\u0119cia biznesowe<\/h4>\t\t\t\t<\/div>\n\t\t\t\t<div class=\"elementor-element elementor-element-05252dc elementor-widget elementor-widget-text-editor\" data-id=\"05252dc\" data-element_type=\"widget\" data-e-type=\"widget\" data-widget_type=\"text-editor.default\">\n\t\t\t\t\t\t\t\t\t<p>Stylowa <strong data-start=\"1211\" data-end=\"1244\">szara \u015bciana z efektem betonu<\/strong> (<strong data-start=\"843\" data-end=\"864\">3,8 x 3,3m<\/strong>) i designerskim krzes\u0142em. \u015awietna do sesji biznesowych, wizerunkowych i kreatywnych portret\u00f3w.<\/p>\t\t\t\t\t\t\t\t<\/div>\n\t\t\t\t<div class=\"elementor-element elementor-element-b27c6b3 el-btn-v2 elementor-widget elementor-widget-button\" data-id=\"b27c6b3\" data-element_type=\"widget\" data-e-type=\"widget\" data-widget_type=\"button.default\">\n\t\t\t\t\t\t\t\t\t\t<a class=\"elementor-button elementor-button-link elementor-size-sm\" href=\"https:\/\/studiodrugibrzeg.pl\/index.php\/galeria-studio-fotograficzne-warszawa\/\">\n\t\t\t\t\t\t<span class=\"elementor-button-content-wrapper\">\n\t\t\t\t\t\t\t\t\t<span class=\"elementor-button-text\">Zobacz wi\u0119cej<\/span>\n\t\t\t\t\t<\/span>\n\t\t\t\t\t<\/a>\n\t\t\t\t\t\t\t\t<\/div>\n\t\t\t\t\t<\/div>\n\t\t<\/div>\n\t\t\t\t\t<\/div>\n\t\t<\/section>\n\t\t\t\t<section class=\"elementor-section elementor-top-section elementor-element elementor-element-8537b52 elementor-section-boxed elementor-section-height-default elementor-section-height-default\" data-id=\"8537b52\" data-element_type=\"section\" data-e-type=\"section\">\n\t\t\t\t\t\t<div class=\"elementor-container elementor-column-gap-default\">\n\t\t\t\t\t<div class=\"elementor-column elementor-col-50 elementor-top-column elementor-element elementor-element-9d6a5b6\" data-id=\"9d6a5b6\" data-element_type=\"column\" data-e-type=\"column\">\n\t\t\t<div class=\"elementor-widget-wrap elementor-element-populated\">\n\t\t\t\t\t\t<div class=\"elementor-element elementor-element-ed06dd0 elementor-widget elementor-widget-heading\" data-id=\"ed06dd0\" data-element_type=\"widget\" data-e-type=\"widget\" data-widget_type=\"heading.default\">\n\t\t\t\t\t<h2 class=\"elementor-heading-title elementor-size-default\">Profesjonalny Sprz\u0119t w Cenie Wynajmu<\/h2>\t\t\t\t<\/div>\n\t\t\t\t<div class=\"elementor-element elementor-element-37a3d76 elementor-widget elementor-widget-text-editor\" data-id=\"37a3d76\" data-element_type=\"widget\" data-e-type=\"widget\" data-widget_type=\"text-editor.default\">\n\t\t\t\t\t\t\t\t\t<p class=\"my-2 [&amp;+p]:mt-4 [&amp;_strong:has(+br)]:inline-block [&amp;_strong:has(+br)]:pb-2\">W Studio Drugi Brzeg masz dost\u0119p do pe\u0142nego wyposa\u017cenia fotograficznego. Poni\u017cej lista standardowego wyposa\u017cenia dost\u0119pnego w naszym studio, kt\u00f3re jest wliczone w cen\u0119 wynajmu.\u00a0<\/p>\t\t\t\t\t\t\t\t<\/div>\n\t\t\t\t\t<\/div>\n\t\t<\/div>\n\t\t\t\t<div class=\"elementor-column elementor-col-50 elementor-top-column elementor-element elementor-element-d679e0a\" data-id=\"d679e0a\" data-element_type=\"column\" data-e-type=\"column\">\n\t\t\t<div class=\"elementor-widget-wrap elementor-element-populated\">\n\t\t\t\t\t\t<div class=\"elementor-element elementor-element-90b48a6 el-btn elementor-align-right elementor-mobile-align-left elementor-widget elementor-widget-button\" data-id=\"90b48a6\" data-element_type=\"widget\" data-e-type=\"widget\" data-widget_type=\"button.default\">\n\t\t\t\t\t\t\t\t\t\t<a class=\"elementor-button elementor-button-link elementor-size-sm\" href=\"https:\/\/studiodrugibrzeg.pl\/index.php\/sprzet-studio-fotograficzne-warszawa\/\">\n\t\t\t\t\t\t<span class=\"elementor-button-content-wrapper\">\n\t\t\t\t\t\t\t\t\t<span class=\"elementor-button-text\">Sprawd\u017a\u00a0list\u0119 sprz\u0119tu<\/span>\n\t\t\t\t\t<\/span>\n\t\t\t\t\t<\/a>\n\t\t\t\t\t\t\t\t<\/div>\n\t\t\t\t\t<\/div>\n\t\t<\/div>\n\t\t\t\t\t<\/div>\n\t\t<\/section>\n\t\t\t\t<section class=\"elementor-section elementor-top-section elementor-element elementor-element-f591676 elementor-section-boxed elementor-section-height-default elementor-section-height-default\" data-id=\"f591676\" data-element_type=\"section\" data-e-type=\"section\">\n\t\t\t\t\t\t<div class=\"elementor-container elementor-column-gap-default\">\n\t\t\t\t\t<div class=\"elementor-column elementor-col-100 elementor-top-column elementor-element elementor-element-2ab5384\" data-id=\"2ab5384\" data-element_type=\"column\" data-e-type=\"column\">\n\t\t\t<div class=\"elementor-widget-wrap elementor-element-populated\">\n\t\t\t\t\t\t<div class=\"elementor-element elementor-element-06ac426 elementor-widget elementor-widget-shortcode\" data-id=\"06ac426\" data-element_type=\"widget\" data-e-type=\"widget\" data-widget_type=\"shortcode.default\">\n\t\t\t\t\t\t\t<div class=\"elementor-shortcode\"><div class=\"short-food-menu-accordion\"><ul class=\"menu-accordion-content\"><li><h2 class=\"menu-title-accordion\"><a href=\"#lampy\" title=\"Lampy\">Lampy<\/a><\/h2><div class=\"menu-categ-accordion\" id=\"lampy\"><ul class=\"food-menu food-menu-accordion menu-2cols\"><li><div class=\"menu-img\"><img loading=\"lazy\" decoding=\"async\" width=\"150\" height=\"150\" src=\"https:\/\/studiodrugibrzeg.pl\/wp-content\/uploads\/nanlite-fs-300b-bi-color-1-150x150.webp\" class=\"attachment-latulipe-image150x150 size-latulipe-image150x150 wp-post-image\" alt=\"\" srcset=\"https:\/\/studiodrugibrzeg.pl\/wp-content\/uploads\/nanlite-fs-300b-bi-color-1-150x150.webp 150w, https:\/\/studiodrugibrzeg.pl\/wp-content\/uploads\/nanlite-fs-300b-bi-color-1-300x300.webp 300w, https:\/\/studiodrugibrzeg.pl\/wp-content\/uploads\/nanlite-fs-300b-bi-color-1-1024x1024.webp 1024w, https:\/\/studiodrugibrzeg.pl\/wp-content\/uploads\/nanlite-fs-300b-bi-color-1-768x768.webp 768w, https:\/\/studiodrugibrzeg.pl\/wp-content\/uploads\/nanlite-fs-300b-bi-color-1.webp 1500w\" sizes=\"(max-width: 150px) 100vw, 150px\" \/><\/div><div class=\"menu-info\"><div class=\"menu-content\"><h4 class=\"menu-title\">Nanlite FS-300B LED Bi-Color<\/h4><div class=\"menu-desc\">Lampa sta\u0142a<\/div><\/div><div class=\"menu-price\"><\/div><\/div><\/li><li><div class=\"menu-img\"><img loading=\"lazy\" decoding=\"async\" width=\"145\" height=\"150\" src=\"https:\/\/studiodrugibrzeg.pl\/wp-content\/uploads\/Gearpro-fl-c2.webp\" class=\"attachment-latulipe-image150x150 size-latulipe-image150x150 wp-post-image\" alt=\"Gearpro fl-c2\" \/><\/div><div class=\"menu-info\"><div class=\"menu-content\"><h4 class=\"menu-title\">Gearpro fl-c2<\/h4><div class=\"menu-desc\">Lampa sta\u0142a<\/div><\/div><div class=\"menu-price\"><\/div><\/div><\/li><li><div class=\"menu-img\"><img loading=\"lazy\" decoding=\"async\" width=\"150\" height=\"150\" src=\"https:\/\/studiodrugibrzeg.pl\/wp-content\/uploads\/Neewer-cb100c-150x150.jpg\" class=\"attachment-latulipe-image150x150 size-latulipe-image150x150 wp-post-image\" alt=\"Neewer cb100c\" \/><\/div><div class=\"menu-info\"><div class=\"menu-content\"><h4 class=\"menu-title\">Neewer cb100c<\/h4><div class=\"menu-desc\">Lampa sta\u0142a<\/div><\/div><div class=\"menu-price\"><\/div><\/div><\/li><li><div class=\"menu-img\"><img loading=\"lazy\" decoding=\"async\" width=\"150\" height=\"150\" src=\"https:\/\/studiodrugibrzeg.pl\/wp-content\/uploads\/Quadralite-Atlas-600-TTL-150x150.jpg\" class=\"attachment-latulipe-image150x150 size-latulipe-image150x150 wp-post-image\" alt=\"Quadralite Atlas 600 TTL\" srcset=\"https:\/\/studiodrugibrzeg.pl\/wp-content\/uploads\/Quadralite-Atlas-600-TTL-150x150.jpg 150w, https:\/\/studiodrugibrzeg.pl\/wp-content\/uploads\/Quadralite-Atlas-600-TTL.jpg 256w\" sizes=\"(max-width: 150px) 100vw, 150px\" \/><\/div><div class=\"menu-info\"><div class=\"menu-content\"><h4 class=\"menu-title\">Quadralite Atlas 600 TTL<\/h4><div class=\"menu-desc\">Lampa b\u0142yskowa<\/div><\/div><div class=\"menu-price\"><\/div><\/div><\/li><li><div class=\"menu-img\"><img loading=\"lazy\" decoding=\"async\" width=\"150\" height=\"150\" src=\"https:\/\/studiodrugibrzeg.pl\/wp-content\/uploads\/Quadralite-Atlas-400-Pro-TTL-150x150.webp\" class=\"attachment-latulipe-image150x150 size-latulipe-image150x150 wp-post-image\" alt=\"Quadralite Atlas 400 Pro TTL\" \/><\/div><div class=\"menu-info\"><div class=\"menu-content\"><h4 class=\"menu-title\">Quadralite Atlas 400 Pro TTL<\/h4><div class=\"menu-desc\">Lampa b\u0142yskowa<\/div><\/div><div class=\"menu-price\"><\/div><\/div><\/li><\/ul><\/div><\/li><li><h2 class=\"menu-title-accordion\"><a href=\"#modyfikatory\" title=\"Modyfikatory\">Modyfikatory<\/a><\/h2><div class=\"menu-categ-accordion\" id=\"modyfikatory\"><ul class=\"food-menu food-menu-accordion menu-2cols\"><li><div class=\"menu-img\"><img loading=\"lazy\" decoding=\"async\" width=\"150\" height=\"150\" src=\"https:\/\/studiodrugibrzeg.pl\/wp-content\/uploads\/Wrota-Aputure-Bran-Door-150x150.jpg\" class=\"attachment-latulipe-image150x150 size-latulipe-image150x150 wp-post-image\" alt=\"Wrota Aputure Bran Door\" \/><\/div><div class=\"menu-info\"><div class=\"menu-content\"><h4 class=\"menu-title\">Wrota Aputure Bran Door<\/h4><div class=\"menu-desc\"><\/div><\/div><div class=\"menu-price\"><\/div><\/div><\/li><li><div class=\"menu-img\"><img loading=\"lazy\" decoding=\"async\" width=\"150\" height=\"150\" src=\"https:\/\/studiodrugibrzeg.pl\/wp-content\/uploads\/Czasza-150x150.jpg\" class=\"attachment-latulipe-image150x150 size-latulipe-image150x150 wp-post-image\" alt=\"Czasza\" srcset=\"https:\/\/studiodrugibrzeg.pl\/wp-content\/uploads\/Czasza-150x150.jpg 150w, https:\/\/studiodrugibrzeg.pl\/wp-content\/uploads\/Czasza.jpg 201w\" sizes=\"(max-width: 150px) 100vw, 150px\" \/><\/div><div class=\"menu-info\"><div class=\"menu-content\"><h4 class=\"menu-title\">Czasza<\/h4><div class=\"menu-desc\"><\/div><\/div><div class=\"menu-price\"><\/div><\/div><\/li><li><div class=\"menu-img\"><img loading=\"lazy\" decoding=\"async\" width=\"150\" height=\"150\" src=\"https:\/\/studiodrugibrzeg.pl\/wp-content\/uploads\/Strumienica-optyczna-Gobo-glareone--150x150.jpg\" class=\"attachment-latulipe-image150x150 size-latulipe-image150x150 wp-post-image\" alt=\"Strumienica optyczna Gobo glareone\u00a0\" srcset=\"https:\/\/studiodrugibrzeg.pl\/wp-content\/uploads\/Strumienica-optyczna-Gobo-glareone--150x150.jpg 150w, https:\/\/studiodrugibrzeg.pl\/wp-content\/uploads\/Strumienica-optyczna-Gobo-glareone-.jpg 200w\" sizes=\"(max-width: 150px) 100vw, 150px\" \/><\/div><div class=\"menu-info\"><div class=\"menu-content\"><h4 class=\"menu-title\">Strumienica optyczna Gobo glareone\u00a0<\/h4><div class=\"menu-desc\"><\/div><\/div><div class=\"menu-price\"><\/div><\/div><\/li><\/ul><\/div><\/li><li><h2 class=\"menu-title-accordion\"><a href=\"#statywy\" title=\"Statywy\">Statywy<\/a><\/h2><div class=\"menu-categ-accordion\" id=\"statywy\"><ul class=\"food-menu food-menu-accordion menu-2cols\"><li><div class=\"menu-img\"><img loading=\"lazy\" decoding=\"async\" width=\"150\" height=\"150\" src=\"https:\/\/studiodrugibrzeg.pl\/wp-content\/uploads\/Cambo-Redwing-RD-1200-150x150.avif\" class=\"attachment-latulipe-image150x150 size-latulipe-image150x150 wp-post-image\" alt=\"\" \/><\/div><div class=\"menu-info\"><div class=\"menu-content\"><h4 class=\"menu-title\">Cambo Redwing RD-1200<\/h4><div class=\"menu-desc\">Standard Light Boom<\/div><\/div><div class=\"menu-price\"><\/div><\/div><\/li><li><div class=\"menu-img\"><img loading=\"lazy\" decoding=\"async\" width=\"150\" height=\"150\" src=\"https:\/\/studiodrugibrzeg.pl\/wp-content\/uploads\/stelaz-na-tlo-rozkladany-150x150.webp\" class=\"attachment-latulipe-image150x150 size-latulipe-image150x150 wp-post-image\" alt=\"Stela\u017c na t\u0142o rozk\u0142adany\" \/><\/div><div class=\"menu-info\"><div class=\"menu-content\"><h4 class=\"menu-title\">Stela\u017c na t\u0142o rozk\u0142adany<\/h4><div class=\"menu-desc\"><\/div><\/div><div class=\"menu-price\"><\/div><\/div><\/li><li><div class=\"menu-img\"><img loading=\"lazy\" decoding=\"async\" width=\"150\" height=\"150\" src=\"https:\/\/studiodrugibrzeg.pl\/wp-content\/uploads\/Statywy-150x150.jpg\" class=\"attachment-latulipe-image150x150 size-latulipe-image150x150 wp-post-image\" alt=\"Statywy\" srcset=\"https:\/\/studiodrugibrzeg.pl\/wp-content\/uploads\/Statywy-150x150.jpg 150w, https:\/\/studiodrugibrzeg.pl\/wp-content\/uploads\/Statywy.jpg 201w\" sizes=\"(max-width: 150px) 100vw, 150px\" \/><\/div><div class=\"menu-info\"><div class=\"menu-content\"><h4 class=\"menu-title\">Statywy<\/h4><div class=\"menu-desc\">R\u00f3\u017cne statywy<\/div><\/div><div class=\"menu-price\"><\/div><\/div><\/li><li><div class=\"menu-img\"><img loading=\"lazy\" decoding=\"async\" width=\"150\" height=\"150\" src=\"https:\/\/studiodrugibrzeg.pl\/wp-content\/uploads\/Jinbei-M-8-boom-150x150.jpg\" class=\"attachment-latulipe-image150x150 size-latulipe-image150x150 wp-post-image\" alt=\"Jinbei M-8 boom\" srcset=\"https:\/\/studiodrugibrzeg.pl\/wp-content\/uploads\/Jinbei-M-8-boom-150x150.jpg 150w, https:\/\/studiodrugibrzeg.pl\/wp-content\/uploads\/Jinbei-M-8-boom.jpg 201w\" sizes=\"(max-width: 150px) 100vw, 150px\" \/><\/div><div class=\"menu-info\"><div class=\"menu-content\"><h4 class=\"menu-title\">Jinbei M-8 boom<\/h4><div class=\"menu-desc\"><\/div><\/div><div class=\"menu-price\"><\/div><\/div><\/li><\/ul><\/div><\/li><li><h2 class=\"menu-title-accordion\"><a href=\"#inne\" title=\"Inne\">Inne<\/a><\/h2><div class=\"menu-categ-accordion\" id=\"inne\"><ul class=\"food-menu food-menu-accordion menu-2cols\"><li><div class=\"menu-img\"><img loading=\"lazy\" decoding=\"async\" width=\"150\" height=\"150\" src=\"https:\/\/studiodrugibrzeg.pl\/wp-content\/uploads\/Wytwornica-dymu-ULANZI-FM01--150x150.jpg\" class=\"attachment-latulipe-image150x150 size-latulipe-image150x150 wp-post-image\" alt=\"Wytwornica dymu ULANZI FM01\" \/><\/div><div class=\"menu-info\"><div class=\"menu-content\"><h4 class=\"menu-title\">Wytwornica dymu ULANZI FM01<\/h4><div class=\"menu-desc\"><\/div><\/div><div class=\"menu-price\">$ 80 PLN<\/div><\/div><\/li><li><div class=\"menu-img\"><img loading=\"lazy\" decoding=\"async\" width=\"150\" height=\"150\" src=\"https:\/\/studiodrugibrzeg.pl\/wp-content\/uploads\/Nadajnik-Quadralite-Navigator-X-Plus-150x150.jpg\" class=\"attachment-latulipe-image150x150 size-latulipe-image150x150 wp-post-image\" alt=\"Nadajnik Quadralite Navigator X Plus\" srcset=\"https:\/\/studiodrugibrzeg.pl\/wp-content\/uploads\/Nadajnik-Quadralite-Navigator-X-Plus-150x150.jpg 150w, https:\/\/studiodrugibrzeg.pl\/wp-content\/uploads\/Nadajnik-Quadralite-Navigator-X-Plus.jpg 201w\" sizes=\"(max-width: 150px) 100vw, 150px\" \/><\/div><div class=\"menu-info\"><div class=\"menu-content\"><h4 class=\"menu-title\">Nadajnik Quadralite Navigator X Plus<\/h4><div class=\"menu-desc\">Do aparat\u00f3w Nikon (1szt) oraz Canon (1szt)<\/div><\/div><div class=\"menu-price\"><\/div><\/div><\/li><li><div class=\"menu-img\"><img loading=\"lazy\" decoding=\"async\" width=\"150\" height=\"150\" src=\"https:\/\/studiodrugibrzeg.pl\/wp-content\/uploads\/Blenda-150x100-1-150x150.jpg\" class=\"attachment-latulipe-image150x150 size-latulipe-image150x150 wp-post-image\" alt=\"Blenda 150x100\" \/><\/div><div class=\"menu-info\"><div class=\"menu-content\"><h4 class=\"menu-title\">Blenda 150&#215;100<\/h4><div class=\"menu-desc\"><\/div><\/div><div class=\"menu-price\"><\/div><\/div><\/li><li><div class=\"menu-img\"><img loading=\"lazy\" decoding=\"async\" width=\"150\" height=\"150\" src=\"https:\/\/studiodrugibrzeg.pl\/wp-content\/uploads\/Blenda-zakrzywiona-GlareOne-Arc-60x120-cm-4w1-150x150.webp\" class=\"attachment-latulipe-image150x150 size-latulipe-image150x150 wp-post-image\" alt=\"Blenda zakrzywiona GlareOne Arc 60x120 cm 4w1\" \/><\/div><div class=\"menu-info\"><div class=\"menu-content\"><h4 class=\"menu-title\">Blenda zakrzywiona GlareOne Arc 60&#215;120 cm 4w1<\/h4><div class=\"menu-desc\"><\/div><\/div><div class=\"menu-price\"><\/div><\/div><\/li><\/ul><\/div><\/li><li><h2 class=\"menu-title-accordion\"><a href=\"#wyposazenie\" title=\"Wyposa\u017cenie\">Wyposa\u017cenie<\/a><\/h2><div class=\"menu-categ-accordion\" id=\"wyposazenie\"><ul class=\"food-menu food-menu-accordion menu-2cols\"><li><div class=\"menu-img\"><img loading=\"lazy\" decoding=\"async\" width=\"150\" height=\"150\" src=\"https:\/\/studiodrugibrzeg.pl\/wp-content\/uploads\/Stolek-barowy-czarny-63-74-cm-150x150.png\" class=\"attachment-latulipe-image150x150 size-latulipe-image150x150 wp-post-image\" alt=\"Sto\u0142ek barowy, czarny 63-74 cm\" \/><\/div><div class=\"menu-info\"><div class=\"menu-content\"><h4 class=\"menu-title\">Sto\u0142ek barowy, czarny 63-74 cm<\/h4><div class=\"menu-desc\"><\/div><\/div><div class=\"menu-price\"><\/div><\/div><\/li><li><div class=\"menu-img\"><img loading=\"lazy\" decoding=\"async\" width=\"150\" height=\"150\" src=\"https:\/\/studiodrugibrzeg.pl\/wp-content\/uploads\/Krzesla-czarne-skladane-150x150.jpg\" class=\"attachment-latulipe-image150x150 size-latulipe-image150x150 wp-post-image\" alt=\"Krzes\u0142a czarne sk\u0142adane\" \/><\/div><div class=\"menu-info\"><div class=\"menu-content\"><h4 class=\"menu-title\">Krzes\u0142a czarne sk\u0142adane<\/h4><div class=\"menu-desc\"><\/div><\/div><div class=\"menu-price\"><\/div><\/div><\/li><li><div class=\"menu-img\"><img loading=\"lazy\" decoding=\"async\" width=\"150\" height=\"150\" src=\"https:\/\/studiodrugibrzeg.pl\/wp-content\/uploads\/Hooker-skladany-z-oparciem-wysokosc-blatu-czarnyczarny-63-cm-150x150.avif\" class=\"attachment-latulipe-image150x150 size-latulipe-image150x150 wp-post-image\" alt=\"Hooker sk\u0142adany z oparciem, wysokos\u0301c\u0301 blatu czarny\/czarny, 63 cm\" srcset=\"https:\/\/studiodrugibrzeg.pl\/wp-content\/uploads\/Hooker-skladany-z-oparciem-wysokosc-blatu-czarnyczarny-63-cm-150x150.avif 150w, https:\/\/studiodrugibrzeg.pl\/wp-content\/uploads\/Hooker-skladany-z-oparciem-wysokosc-blatu-czarnyczarny-63-cm.avif 201w\" sizes=\"(max-width: 150px) 100vw, 150px\" \/><\/div><div class=\"menu-info\"><div class=\"menu-content\"><h4 class=\"menu-title\">Hooker sk\u0142adany z oparciem, 63 cm<\/h4><div class=\"menu-desc\"><\/div><\/div><div class=\"menu-price\"><\/div><\/div><\/li><\/ul><\/div><\/li><li><h2 class=\"menu-title-accordion\"><a href=\"#softboxy\" title=\"Softboxy\">Softboxy<\/a><\/h2><div class=\"menu-categ-accordion\" id=\"softboxy\"><ul class=\"food-menu food-menu-accordion menu-2cols\"><li><div class=\"menu-img\"><img loading=\"lazy\" decoding=\"async\" width=\"150\" height=\"150\" src=\"https:\/\/studiodrugibrzeg.pl\/wp-content\/uploads\/Okta-120-150x150.jpg\" class=\"attachment-latulipe-image150x150 size-latulipe-image150x150 wp-post-image\" alt=\"Okta 120cm\" srcset=\"https:\/\/studiodrugibrzeg.pl\/wp-content\/uploads\/Okta-120-150x150.jpg 150w, https:\/\/studiodrugibrzeg.pl\/wp-content\/uploads\/Okta-120.jpg 201w\" sizes=\"(max-width: 150px) 100vw, 150px\" \/><\/div><div class=\"menu-info\"><div class=\"menu-content\"><h4 class=\"menu-title\">Okta 120cm<\/h4><div class=\"menu-desc\"><\/div><\/div><div class=\"menu-price\"><\/div><\/div><\/li><li><div class=\"menu-img\"><img loading=\"lazy\" decoding=\"async\" width=\"150\" height=\"150\" src=\"https:\/\/studiodrugibrzeg.pl\/wp-content\/uploads\/Grid-Softbox-30x120-1-150x150.jpg\" class=\"attachment-latulipe-image150x150 size-latulipe-image150x150 wp-post-image\" alt=\"Grid Softbox 30x120\" srcset=\"https:\/\/studiodrugibrzeg.pl\/wp-content\/uploads\/Grid-Softbox-30x120-1-150x150.jpg 150w, https:\/\/studiodrugibrzeg.pl\/wp-content\/uploads\/Grid-Softbox-30x120-1.jpg 201w\" sizes=\"(max-width: 150px) 100vw, 150px\" \/><\/div><div class=\"menu-info\"><div class=\"menu-content\"><h4 class=\"menu-title\">Grid Softbox 30&#215;120<\/h4><div class=\"menu-desc\"><\/div><\/div><div class=\"menu-price\"><\/div><\/div><\/li><li><div class=\"menu-img\"><img loading=\"lazy\" decoding=\"async\" width=\"150\" height=\"150\" src=\"https:\/\/studiodrugibrzeg.pl\/wp-content\/uploads\/Parasolka-transporentna-150cm-150x150.jpg\" class=\"attachment-latulipe-image150x150 size-latulipe-image150x150 wp-post-image\" alt=\"Parasolka transparentna 150cm\" srcset=\"https:\/\/studiodrugibrzeg.pl\/wp-content\/uploads\/Parasolka-transporentna-150cm-150x150.jpg 150w, https:\/\/studiodrugibrzeg.pl\/wp-content\/uploads\/Parasolka-transporentna-150cm.jpg 201w\" sizes=\"(max-width: 150px) 100vw, 150px\" \/><\/div><div class=\"menu-info\"><div class=\"menu-content\"><h4 class=\"menu-title\">Parasolka transparentna 150cm<\/h4><div class=\"menu-desc\"><\/div><\/div><div class=\"menu-price\"><\/div><\/div><\/li><li><div class=\"menu-img\"><img loading=\"lazy\" decoding=\"async\" width=\"150\" height=\"150\" src=\"https:\/\/studiodrugibrzeg.pl\/wp-content\/uploads\/Parasolka-paraboliczna-180cm-150x150.jpg\" class=\"attachment-latulipe-image150x150 size-latulipe-image150x150 wp-post-image\" alt=\"Parasolka paraboliczna 180cm\" srcset=\"https:\/\/studiodrugibrzeg.pl\/wp-content\/uploads\/Parasolka-paraboliczna-180cm-150x150.jpg 150w, https:\/\/studiodrugibrzeg.pl\/wp-content\/uploads\/Parasolka-paraboliczna-180cm.jpg 201w\" sizes=\"(max-width: 150px) 100vw, 150px\" \/><\/div><div class=\"menu-info\"><div class=\"menu-content\"><h4 class=\"menu-title\">Parasolka paraboliczna 180cm<\/h4><div class=\"menu-desc\"><\/div><\/div><div class=\"menu-price\"><\/div><\/div><\/li><li><div class=\"menu-img\"><img loading=\"lazy\" decoding=\"async\" width=\"150\" height=\"150\" src=\"https:\/\/studiodrugibrzeg.pl\/wp-content\/uploads\/GlareOne-Grid-40x180-1-150x150.jpg\" class=\"attachment-latulipe-image150x150 size-latulipe-image150x150 wp-post-image\" alt=\"GlareOne Grid 40x180\" \/><\/div><div class=\"menu-info\"><div class=\"menu-content\"><h4 class=\"menu-title\">GlareOne Grid 40&#215;180<\/h4><div class=\"menu-desc\">2 sztuki<\/div><\/div><div class=\"menu-price\"><\/div><\/div><\/li><li><div class=\"menu-img\"><img loading=\"lazy\" decoding=\"async\" width=\"150\" height=\"150\" src=\"https:\/\/studiodrugibrzeg.pl\/wp-content\/uploads\/Phottix-raja-105-150x150.jpg\" class=\"attachment-latulipe-image150x150 size-latulipe-image150x150 wp-post-image\" alt=\"Phottix raja 105\" srcset=\"https:\/\/studiodrugibrzeg.pl\/wp-content\/uploads\/Phottix-raja-105-150x150.jpg 150w, https:\/\/studiodrugibrzeg.pl\/wp-content\/uploads\/Phottix-raja-105.jpg 201w\" sizes=\"(max-width: 150px) 100vw, 150px\" \/><\/div><div class=\"menu-info\"><div class=\"menu-content\"><h4 class=\"menu-title\">Phottix raja 105<\/h4><div class=\"menu-desc\"><\/div><\/div><div class=\"menu-price\"><\/div><\/div><\/li><\/ul><\/div><\/li><\/ul><\/div><\/div>\n\t\t\t\t\t\t<\/div>\n\t\t\t\t\t<\/div>\n\t\t<\/div>\n\t\t\t\t\t<\/div>\n\t\t<\/section>\n\t\t\t\t<section class=\"elementor-section elementor-top-section elementor-element elementor-element-2c62a9b elementor-section-full_width elementor-section-content-middle elementor-section-height-default elementor-section-height-default\" data-id=\"2c62a9b\" data-element_type=\"section\" data-e-type=\"section\">\n\t\t\t\t\t\t<div class=\"elementor-container elementor-column-gap-no\">\n\t\t\t\t\t<div class=\"elementor-column elementor-col-50 elementor-top-column elementor-element elementor-element-66be090\" data-id=\"66be090\" data-element_type=\"column\" data-e-type=\"column\">\n\t\t\t<div class=\"elementor-widget-wrap elementor-element-populated\">\n\t\t\t\t\t\t<div class=\"elementor-element elementor-element-0de6c14 elementor-widget elementor-widget-image\" data-id=\"0de6c14\" data-element_type=\"widget\" data-e-type=\"widget\" data-widget_type=\"image.default\">\n\t\t\t\t\t\t\t\t\t\t\t\t\t\t\t<img loading=\"lazy\" decoding=\"async\" width=\"1920\" height=\"1280\" src=\"https:\/\/studiodrugibrzeg.pl\/wp-content\/uploads\/studio-fotograficzne-wynajem.jpg\" class=\"attachment-full size-full wp-image-2381\" alt=\"Studio fotograficzne Drugi Brzeg - g\u0142\u00f3wna sala z naturalnym \u015bwiat\u0142em na wynajem w Warszawie\" srcset=\"https:\/\/studiodrugibrzeg.pl\/wp-content\/uploads\/studio-fotograficzne-wynajem.jpg 1920w, https:\/\/studiodrugibrzeg.pl\/wp-content\/uploads\/studio-fotograficzne-wynajem-300x200.jpg 300w, https:\/\/studiodrugibrzeg.pl\/wp-content\/uploads\/studio-fotograficzne-wynajem-1024x683.jpg 1024w, https:\/\/studiodrugibrzeg.pl\/wp-content\/uploads\/studio-fotograficzne-wynajem-768x512.jpg 768w, https:\/\/studiodrugibrzeg.pl\/wp-content\/uploads\/studio-fotograficzne-wynajem-1536x1024.jpg 1536w\" sizes=\"(max-width: 1920px) 100vw, 1920px\" \/>\t\t\t\t\t\t\t\t\t\t\t\t\t\t\t<\/div>\n\t\t\t\t\t<\/div>\n\t\t<\/div>\n\t\t\t\t<div class=\"elementor-column elementor-col-50 elementor-top-column elementor-element elementor-element-275aca1\" data-id=\"275aca1\" data-element_type=\"column\" data-e-type=\"column\">\n\t\t\t<div class=\"elementor-widget-wrap elementor-element-populated\">\n\t\t\t\t\t\t<div class=\"elementor-element elementor-element-a6bd941 elementor-widget elementor-widget-text-editor\" data-id=\"a6bd941\" data-element_type=\"widget\" data-e-type=\"widget\" data-widget_type=\"text-editor.default\">\n\t\t\t\t\t\t\t\t\t<p data-start=\"184\" data-end=\"509\"><strong>Du\u017ce okna od strony po\u0142udniowo-wschodniej to najwi\u0119kszy atut studia fotograficznego Drugi Brzeg. Dzi\u0119ki nim wn\u0119trze jest przez ca\u0142y dzie\u0144 zalane naturalnym \u015bwiat\u0142em, co pozwala uchwyci\u0107 najdrobniejsze detale i subtelne przej\u015bcia kolorystyczne. Nawet zim\u0105 przestrze\u0144 pozostaje jasna i gotowa na sesje zdj\u0119ciowe czy nagrania wideo.<\/strong><\/p><p data-start=\"511\" data-end=\"724\">Stworzyli\u015bmy wyj\u0105tkowe, kreatywne i wygodne miejsce na mapie Warszawy \u2013 idealne do realizacji sesji fotograficznych, nagra\u0144 wideo, tworzenia materia\u0142\u00f3w dla medi\u00f3w spo\u0142eczno\u015bciowych czy budowania marki osobistej.<\/p><p data-start=\"726\" data-end=\"959\">Wynajem studia fotograficznego to doskona\u0142e rozwi\u0105zanie, gdy zale\u017cy Ci na niezale\u017cno\u015bci od pogody, prywatnej atmosferze oraz komforcie pracy. <strong data-start=\"868\" data-end=\"883\">Drugi Brzeg<\/strong> zapewnia przyjazne, domowe wn\u0119trze, w kt\u00f3rym ka\u017cdy poczuje si\u0119 swobodnie.<\/p><p data-start=\"961\" data-end=\"1170\">Uk\u0142ad przestrzeni i wyposa\u017cenie studia regularnie si\u0119 zmieniaj\u0105, dzi\u0119ki czemu ka\u017cda wizyta mo\u017ce wygl\u0105da\u0107 inaczej. Wysokie sufity dodaj\u0105 wn\u0119trzu lekko\u015bci i pozwalaj\u0105 na kreatywne ustawienia planu zdj\u0119ciowego.<\/p><p data-start=\"1172\" data-end=\"1307\">To miejsce stworzone z my\u015bl\u0105 o fotografach, filmowcach i tw\u00f3rcach internetowych, kt\u00f3rzy szukaj\u0105 inspiruj\u0105cej przestrzeni w Warszawie.<\/p>\t\t\t\t\t\t\t\t<\/div>\n\t\t\t\t\t<\/div>\n\t\t<\/div>\n\t\t\t\t\t<\/div>\n\t\t<\/section>\n\t\t<div class=\"elementor-element elementor-element-c5254bb e-flex e-con-boxed e-con e-parent\" data-id=\"c5254bb\" data-element_type=\"container\" data-e-type=\"container\">\n\t\t\t\t\t<div class=\"e-con-inner\">\n\t\t\t\t<div class=\"elementor-element elementor-element-1f0bdda elementor-widget elementor-widget-text-editor\" data-id=\"1f0bdda\" data-element_type=\"widget\" data-e-type=\"widget\" data-widget_type=\"text-editor.default\">\n\t\t\t\t\t\t\t\t\t<div class=\"sdb-params-table-wrap\"><h2>Najwa\u017cniejsze parametry studia<\/h2><p class=\"sdb-params-intro\">Studio Drugi Brzeg to studio fotograficzne w Warszawie, w dzielnicy Wawer, przy ul. Stoczniowc\u00f3w 21.<br \/>Oferuje 90 m\u00b2 przestrzeni, 3,3 m wysoko\u015bci, 4 plany zdj\u0119ciowe, 6 te\u0142, naturalne \u015bwiat\u0142o,<br \/>podstawowy sprz\u0119t studyjny i bezp\u0142atny parking. Studio mo\u017cna wynaj\u0105\u0107 ju\u017c od 1 godziny.<\/p><div class=\"sdb-table-scroll\"><table class=\"sdb-params-table\"><tbody><tr><th scope=\"row\">Lokalizacja<\/th><td>Warszawa, Wawer, ul. Stoczniowc\u00f3w 21<\/td><\/tr><tr><th scope=\"row\">Dojazd<\/th><td>Oko\u0142o 200 m od Mostu Siekierkowskiego, oko\u0142o 15 minut samochodem z centrum Warszawy<\/td><\/tr><tr><th scope=\"row\">Metra\u017c<\/th><td>90 m\u00b2<\/td><\/tr><tr><th scope=\"row\">Wysoko\u015b\u0107 studia<\/th><td>3,3 m<\/td><\/tr><tr><th scope=\"row\">Liczba plan\u00f3w zdj\u0119ciowych<\/th><td>4 plany zdj\u0119ciowe<\/td><\/tr><tr><th scope=\"row\">T\u0142a fotograficzne<\/th><td>6 te\u0142 opuszczanych automatycznie<\/td><\/tr><tr><th scope=\"row\">Rodzaj \u015bwiat\u0142a<\/th><td>Naturalne \u015bwiat\u0142o z du\u017cych okien oraz podstawowe o\u015bwietlenie studyjne w cenie wynajmu<\/td><\/tr><tr><th scope=\"row\">\u015aciany i aran\u017cacje<\/th><td>Bia\u0142a \u015bciana, bia\u0142a \u015bciana ze sztukateri\u0105, szara \u015bciana, bia\u0142a oraz br\u0105zowa \u015bciana mobilna z mo\u017cliwo\u015bci\u0105 rozstawienia od 1 do 5 m<\/td><\/tr><tr><th scope=\"row\">Minimalny czas wynajmu<\/th><td>Od 1 godziny<\/td><\/tr><tr><th scope=\"row\">Parking<\/th><td>Bezp\u0142atny parking przy studiu<\/td><\/tr><tr><th scope=\"row\">Zaplecze<\/th><td>Stanowisko do makija\u017cu, \u0142azienka, Wi-Fi, przestrze\u0144 socjalna<\/td><\/tr><tr><th scope=\"row\">Dost\u0119pny sprz\u0119t<\/th><td>Podstawowe o\u015bwietlenie studyjne, lampy b\u0142yskowe, lampy \u015bwiat\u0142a sta\u0142ego i akcesoria do pracy na planie<\/td><\/tr><\/tbody><\/table><\/div><\/div><p><style>\n  .sdb-params-table-wrap {<br \/>\n    color: inherit;<br \/>\n  }<\/p>\n<p>  .sdb-params-table-wrap h2 {<br \/>\n    margin: 0 0 16px;<br \/>\n    color: inherit;<br \/>\n    font-size: 32px;<br \/>\n    line-height: 1.2;<br \/>\n  }<\/p>\n<p>  .sdb-params-intro {<br \/>\n    margin: 0 0 24px;<br \/>\n    color: inherit;<br \/>\n    opacity: 0.9;<br \/>\n    font-size: 16px;<br \/>\n    line-height: 1.7;<br \/>\n    max-width: 900px;<br \/>\n  }<\/p>\n<p>  .sdb-table-scroll {<br \/>\n    overflow-x: auto;<br \/>\n    -webkit-overflow-scrolling: touch;<br \/>\n  }<\/p>\n<p>  .sdb-params-table {<br \/>\n    width: 100%;<br \/>\n    min-width: 640px;<br \/>\n    border-collapse: collapse;<br \/>\n    color: inherit;<br \/>\n    background: transparent;<br \/>\n    border: 1px solid rgba(255,255,255,0.14);<br \/>\n  }<\/p>\n<p>  .sdb-params-table th,<br \/>\n  .sdb-params-table td {<br \/>\n    padding: 14px 16px;<br \/>\n    text-align: left;<br \/>\n    vertical-align: top;<br \/>\n    color: inherit;<br \/>\n    border-bottom: 1px solid rgba(255,255,255,0.12);<br \/>\n  }<\/p>\n<p>  .sdb-params-table th {<br \/>\n    width: 32%;<br \/>\n    font-weight: 700;<br \/>\n    background: rgba(255,255,255,0.04);<br \/>\n  }<\/p>\n<p>  .sdb-params-table td {<br \/>\n    width: 68%;<br \/>\n    background: transparent;<br \/>\n  }<\/p>\n<p>  .sdb-params-table tr:last-child th,<br \/>\n  .sdb-params-table tr:last-child td {<br \/>\n    border-bottom: 0;<br \/>\n  }<\/p>\n<p>  .sdb-params-table tr:hover th,<br \/>\n  .sdb-params-table tr:hover td {<br \/>\n    background: rgba(255,255,255,0.03);<br \/>\n  }<\/p>\n<p>  @media (max-width: 767px) {<br \/>\n    .sdb-params-table-wrap h2 {<br \/>\n      font-size: 26px;<br \/>\n    }<\/p>\n<p>    .sdb-params-intro {<br \/>\n      font-size: 15px;<br \/>\n    }<\/p>\n<p>    .sdb-params-table th,<br \/>\n    .sdb-params-table td {<br \/>\n      padding: 12px;<br \/>\n      font-size: 15px;<br \/>\n    }<br \/>\n  }<br \/>\n<\/style><\/p>\t\t\t\t\t\t\t\t<\/div>\n\t\t\t\t\t<\/div>\n\t\t\t\t<\/div>\n\t\t\t\t<section class=\"elementor-section elementor-top-section elementor-element elementor-element-c626907 elementor-section-full_width elementor-section-content-top elementor-section-height-default elementor-section-height-default\" data-id=\"c626907\" data-element_type=\"section\" data-e-type=\"section\">\n\t\t\t\t\t\t<div class=\"elementor-container elementor-column-gap-no\">\n\t\t\t\t\t<div class=\"elementor-column elementor-col-50 elementor-top-column elementor-element elementor-element-7d99f9a\" data-id=\"7d99f9a\" data-element_type=\"column\" data-e-type=\"column\">\n\t\t\t<div class=\"elementor-widget-wrap elementor-element-populated\">\n\t\t\t\t\t\t<div class=\"elementor-element elementor-element-80f154e elementor-widget elementor-widget-heading\" data-id=\"80f154e\" data-element_type=\"widget\" data-e-type=\"widget\" data-widget_type=\"heading.default\">\n\t\t\t\t\t<h2 class=\"elementor-heading-title elementor-size-default\">\u0141atwy Dojazd na Wawer<\/h2>\t\t\t\t<\/div>\n\t\t\t\t<div class=\"elementor-element elementor-element-03299c9 elementor-widget elementor-widget-text-editor\" data-id=\"03299c9\" data-element_type=\"widget\" data-e-type=\"widget\" data-widget_type=\"text-editor.default\">\n\t\t\t\t\t\t\t\t\t<p class=\"my-2 [&amp;+p]:mt-4 [&amp;_strong:has(+br)]:inline-block [&amp;_strong:has(+br)]:pb-2\"><strong>Adres:<\/strong> ul. Stoczniowc\u00f3w 21, Warszawa (dzielnica Wawer)<\/p><p class=\"my-2 [&amp;+p]:mt-4 [&amp;_strong:has(+br)]:inline-block [&amp;_strong:has(+br)]:pb-2\"><strong>Dojazd:<\/strong><\/p><ul class=\"marker:text-quiet list-disc\"><li class=\"py-0 my-0 prose-p:pt-0 prose-p:mb-2 prose-p:my-0 [&amp;&gt;p]:pt-0 [&amp;&gt;p]:mb-2 [&amp;&gt;p]:my-0\"><p class=\"my-2 [&amp;+p]:mt-4 [&amp;_strong:has(+br)]:inline-block [&amp;_strong:has(+br)]:pb-2\"><strong>Komunikacja publiczna:<\/strong> autobusy linii 111, 117, 213, 219, 225, 311, 507, 509<\/p><\/li><li class=\"py-0 my-0 prose-p:pt-0 prose-p:mb-2 prose-p:my-0 [&amp;&gt;p]:pt-0 [&amp;&gt;p]:mb-2 [&amp;&gt;p]:my-0\"><p class=\"my-2 [&amp;+p]:mt-4 [&amp;_strong:has(+br)]:inline-block [&amp;_strong:has(+br)]:pb-2\"><strong>Samoch\u00f3d:<\/strong> 15 minut z centrum Warszawy, bezp\u0142atny parking<\/p><\/li><\/ul><p class=\"my-2 [&amp;+p]:mt-4 [&amp;_strong:has(+br)]:inline-block [&amp;_strong:has(+br)]:pb-2\">Studio znajduje si\u0119 w spokojnej cz\u0119\u015bci Wawra, z dala od zgie\u0142ku miasta, co zapewnia komfortowe warunki pracy bez zak\u0142\u00f3ce\u0144.<\/p>\t\t\t\t\t\t\t\t<\/div>\n\t\t\t\t<div class=\"elementor-element elementor-element-5323025 elementor-widget elementor-widget-google_maps\" data-id=\"5323025\" data-element_type=\"widget\" data-e-type=\"widget\" data-widget_type=\"google_maps.default\">\n\t\t\t\t\t\t\t<div class=\"elementor-custom-embed\">\n\t\t\t<iframe loading=\"lazy\"\n\t\t\t\t\tsrc=\"https:\/\/maps.google.com\/maps?q=stoczniowc%C3%B3w%2021%2C%20warszawa&#038;t=m&#038;z=11&#038;output=embed&#038;iwloc=near\"\n\t\t\t\t\ttitle=\"stoczniowc\u00f3w 21, warszawa\"\n\t\t\t\t\taria-label=\"stoczniowc\u00f3w 21, warszawa\"\n\t\t\t><\/iframe>\n\t\t<\/div>\n\t\t\t\t\t\t<\/div>\n\t\t\t\t\t<\/div>\n\t\t<\/div>\n\t\t\t\t<div class=\"elementor-column elementor-col-50 elementor-top-column elementor-element elementor-element-4db8ea5\" data-id=\"4db8ea5\" data-element_type=\"column\" data-e-type=\"column\">\n\t\t\t<div class=\"elementor-widget-wrap elementor-element-populated\">\n\t\t\t\t\t\t<div class=\"elementor-element elementor-element-ec67026 elementor-widget elementor-widget-heading\" data-id=\"ec67026\" data-element_type=\"widget\" data-e-type=\"widget\" data-widget_type=\"heading.default\">\n\t\t\t\t\t<h2 class=\"elementor-heading-title elementor-size-default\">Poznaj Studio Drugi Brzeg<\/h2>\t\t\t\t<\/div>\n\t\t\t\t<div class=\"elementor-element elementor-element-bc63c18 elementor-widget elementor-widget-text-editor\" data-id=\"bc63c18\" data-element_type=\"widget\" data-e-type=\"widget\" data-widget_type=\"text-editor.default\">\n\t\t\t\t\t\t\t\t\t<p class=\"my-2 [&amp;+p]:mt-4 [&amp;_strong:has(+br)]:inline-block [&amp;_strong:has(+br)]:pb-2\"><strong>Sala g\u0142\u00f3wna:<\/strong><\/p><ul class=\"marker:text-quiet list-disc\"><li class=\"py-0 my-0 prose-p:pt-0 prose-p:mb-2 prose-p:my-0 [&amp;&gt;p]:pt-0 [&amp;&gt;p]:mb-2 [&amp;&gt;p]:my-0\"><p class=\"my-2 [&amp;+p]:mt-4 [&amp;_strong:has(+br)]:inline-block [&amp;_strong:has(+br)]:pb-2\"><strong>90m\u00b2 przestrzeni fotograficznej<\/strong> &#8211; swoboda ruchu i kompozycji<\/p><\/li><li class=\"py-0 my-0 prose-p:pt-0 prose-p:mb-2 prose-p:my-0 [&amp;&gt;p]:pt-0 [&amp;&gt;p]:mb-2 [&amp;&gt;p]:my-0\"><p class=\"my-2 [&amp;+p]:mt-4 [&amp;_strong:has(+br)]:inline-block [&amp;_strong:has(+br)]:pb-2\"><strong>Wysoko\u015b\u0107 3,3 metra<\/strong> &#8211; mo\u017cliwo\u015b\u0107 monta\u017cu wysokich te\u0142 i o\u015bwietlenia<\/p><\/li><\/ul><ul class=\"marker:text-quiet list-disc\"><li class=\"py-0 my-0 prose-p:pt-0 prose-p:mb-2 prose-p:my-0 [&amp;&gt;p]:pt-0 [&amp;&gt;p]:mb-2 [&amp;&gt;p]:my-0\"><p class=\"my-2 [&amp;+p]:mt-4 [&amp;_strong:has(+br)]:inline-block [&amp;_strong:has(+br)]:pb-2\"><strong>Automatyczne t\u0142a<\/strong> &#8211; w naszym studio zawsze jest dost\u0119pne 6 r\u00f3\u017cnych te\u0142 fotograficznych, ka\u017cde w innym kolorze<\/p><\/li><li class=\"py-0 my-0 prose-p:pt-0 prose-p:mb-2 prose-p:my-0 [&amp;&gt;p]:pt-0 [&amp;&gt;p]:mb-2 [&amp;&gt;p]:my-0\"><p class=\"my-2 [&amp;+p]:mt-4 [&amp;_strong:has(+br)]:inline-block [&amp;_strong:has(+br)]:pb-2\"><strong>Kolorowe \u015bciany<\/strong> &#8211; r\u00f3\u017cnorodne plany zdj\u0119ciowe w jednym miejscu<\/p><\/li><\/ul><p class=\"my-2 [&amp;+p]:mt-4 [&amp;_strong:has(+br)]:inline-block [&amp;_strong:has(+br)]:pb-2\"><strong>Udogodnienia:<\/strong><\/p><ul class=\"marker:text-quiet list-disc\"><li class=\"py-0 my-0 prose-p:pt-0 prose-p:mb-2 prose-p:my-0 [&amp;&gt;p]:pt-0 [&amp;&gt;p]:mb-2 [&amp;&gt;p]:my-0\"><p class=\"my-2 [&amp;+p]:mt-4 [&amp;_strong:has(+br)]:inline-block [&amp;_strong:has(+br)]:pb-2\"><strong>\u0141azienka<\/strong> &#8211; du\u017ca i przestronna<\/p><\/li><li class=\"py-0 my-0 prose-p:pt-0 prose-p:mb-2 prose-p:my-0 [&amp;&gt;p]:pt-0 [&amp;&gt;p]:mb-2 [&amp;&gt;p]:my-0\"><p class=\"my-2 [&amp;+p]:mt-4 [&amp;_strong:has(+br)]:inline-block [&amp;_strong:has(+br)]:pb-2\"><strong>Stanowisko makija\u017cowe<\/strong> &#8211; profesjonalna toaletka z o\u015bwietleniem<\/p><\/li><li class=\"py-0 my-0 prose-p:pt-0 prose-p:mb-2 prose-p:my-0 [&amp;&gt;p]:pt-0 [&amp;&gt;p]:mb-2 [&amp;&gt;p]:my-0\"><p class=\"my-2 [&amp;+p]:mt-4 [&amp;_strong:has(+br)]:inline-block [&amp;_strong:has(+br)]:pb-2\"><strong>Parking<\/strong> &#8211; bezp\u0142atne miejsca parkingowe<\/p><\/li><\/ul><p class=\"my-2 [&amp;+p]:mt-4 [&amp;_strong:has(+br)]:inline-block [&amp;_strong:has(+br)]:pb-2\"><strong>Wi-Fi<\/strong> &#8211; szybki internet dla natychmiastowego udost\u0119pniania<\/p>\t\t\t\t\t\t\t\t<\/div>\n\t\t\t\t\t<\/div>\n\t\t<\/div>\n\t\t\t\t\t<\/div>\n\t\t<\/section>\n\t\t<div class=\"elementor-element elementor-element-08f8e5d e-flex e-con-boxed e-con e-parent\" data-id=\"08f8e5d\" data-element_type=\"container\" data-e-type=\"container\">\n\t\t\t\t\t<div class=\"e-con-inner\">\n\t\t\t\t<div class=\"elementor-element elementor-element-e5f76f1 elementor-widget elementor-widget-heading\" data-id=\"e5f76f1\" data-element_type=\"widget\" data-e-type=\"widget\" data-widget_type=\"heading.default\">\n\t\t\t\t\t<h2 class=\"elementor-heading-title elementor-size-default\">Sprawd\u017a Nasze Ceny<\/h2>\t\t\t\t<\/div>\n\t\t\t\t\t<\/div>\n\t\t\t\t<\/div>\n\t\t\t\t<section class=\"elementor-section elementor-top-section elementor-element elementor-element-f063a4d pricing-table elementor-section-boxed elementor-section-height-default elementor-section-height-default\" data-id=\"f063a4d\" data-element_type=\"section\" data-e-type=\"section\">\n\t\t\t\t\t\t<div class=\"elementor-container elementor-column-gap-default\">\n\t\t\t\t\t<div class=\"elementor-column elementor-col-33 elementor-top-column elementor-element elementor-element-fbb9486\" data-id=\"fbb9486\" data-element_type=\"column\" data-e-type=\"column\" data-settings=\"{&quot;background_background&quot;:&quot;classic&quot;}\">\n\t\t\t<div class=\"elementor-widget-wrap elementor-element-populated\">\n\t\t\t\t\t\t<div class=\"elementor-element elementor-element-79108e9 el-smalltitle pcolor elementor-widget elementor-widget-heading\" data-id=\"79108e9\" data-element_type=\"widget\" data-e-type=\"widget\" data-widget_type=\"heading.default\">\n\t\t\t\t\t<span class=\"elementor-heading-title elementor-size-default\">pa\u017adziernik-grudzie\u0144 2026 w tygodniu<\/span>\t\t\t\t<\/div>\n\t\t\t\t<div class=\"elementor-element elementor-element-b5d5ddf elementor-widget elementor-widget-heading\" data-id=\"b5d5ddf\" data-element_type=\"widget\" data-e-type=\"widget\" data-widget_type=\"heading.default\">\n\t\t\t\t\t<h3 class=\"elementor-heading-title elementor-size-default\">Sesja \u015bwi\u0105teczna <\/h3>\t\t\t\t<\/div>\n\t\t\t\t<div class=\"elementor-element elementor-element-00b8783 elementor-widget elementor-widget-html\" data-id=\"00b8783\" data-element_type=\"widget\" data-e-type=\"widget\" data-widget_type=\"html.default\">\n\t\t\t\t\t<h2 class=\"price-title\"><sup>PLN<\/sup>200<sub>\/godz<\/sub><\/h2>\t\t\t\t<\/div>\n\t\t\t\t<div class=\"elementor-element elementor-element-63861d1 el-btn elementor-widget elementor-widget-button\" data-id=\"63861d1\" data-element_type=\"widget\" data-e-type=\"widget\" data-widget_type=\"button.default\">\n\t\t\t\t\t\t\t\t\t\t<a class=\"elementor-button elementor-button-link elementor-size-sm\" href=\"https:\/\/studiodrugibrzeg.pl\/index.php\/rezerwacja-studio-fotograficzne-warszawa\/\">\n\t\t\t\t\t\t<span class=\"elementor-button-content-wrapper\">\n\t\t\t\t\t\t\t\t\t<span class=\"elementor-button-text\">Sprawd\u017a dost\u0119pno\u015b\u0107<\/span>\n\t\t\t\t\t<\/span>\n\t\t\t\t\t<\/a>\n\t\t\t\t\t\t\t\t<\/div>\n\t\t\t\t<div class=\"elementor-element elementor-element-7c1597d elementor-widget elementor-widget-html\" data-id=\"7c1597d\" data-element_type=\"widget\" data-e-type=\"widget\" data-widget_type=\"html.default\">\n\t\t\t\t\t\u2713 Dost\u0119pne w  okresie pa\u017adziernik-grudzie\u0144<br>\u2713 Ceny netto (faktura VAT)<br>\u2713 \nWynajem studia od 1 godziny<br>\n\u2713 Przygotowane sceny \u015bwi\u0105teczne <br>\n\u2713 Podstawowe o\u015bwietlenie studyjne<br>\n\u2713 Bezp\u0142atny parking przy studiu<br>\n\u2713 Wi-Fi oraz przestrze\u0144 socjalna<br>\t\t\t\t<\/div>\n\t\t\t\t\t<\/div>\n\t\t<\/div>\n\t\t\t\t<div class=\"elementor-column elementor-col-33 elementor-top-column elementor-element elementor-element-82cba90\" data-id=\"82cba90\" data-element_type=\"column\" data-e-type=\"column\" data-settings=\"{&quot;background_background&quot;:&quot;classic&quot;}\">\n\t\t\t<div class=\"elementor-widget-wrap elementor-element-populated\">\n\t\t\t\t\t\t<div class=\"elementor-element elementor-element-f505da1 el-smalltitle elementor-widget elementor-widget-heading\" data-id=\"f505da1\" data-element_type=\"widget\" data-e-type=\"widget\" data-widget_type=\"heading.default\">\n\t\t\t\t\t<span class=\"elementor-heading-title elementor-size-default\">aktualne obecnie<\/span>\t\t\t\t<\/div>\n\t\t\t\t<div class=\"elementor-element elementor-element-d80fd13 elementor-widget elementor-widget-heading\" data-id=\"d80fd13\" data-element_type=\"widget\" data-e-type=\"widget\" data-widget_type=\"heading.default\">\n\t\t\t\t\t<h3 class=\"elementor-heading-title elementor-size-default\">Wynajem na godziny<\/h3>\t\t\t\t<\/div>\n\t\t\t\t<div class=\"elementor-element elementor-element-c664815 elementor-widget elementor-widget-html\" data-id=\"c664815\" data-element_type=\"widget\" data-e-type=\"widget\" data-widget_type=\"html.default\">\n\t\t\t\t\t<h2 class=\"price-title price-standard-color\"><sup>PLN<\/sup>100<sub>\/godz<\/sub><\/h2>\t\t\t\t<\/div>\n\t\t\t\t<div class=\"elementor-element elementor-element-088e526 el-btn dark-btn elementor-widget elementor-widget-button\" data-id=\"088e526\" data-element_type=\"widget\" data-e-type=\"widget\" data-widget_type=\"button.default\">\n\t\t\t\t\t\t\t\t\t\t<a class=\"elementor-button elementor-button-link elementor-size-sm\" href=\"https:\/\/studiodrugibrzeg.pl\/index.php\/rezerwacja-studio-fotograficzne-warszawa\/\">\n\t\t\t\t\t\t<span class=\"elementor-button-content-wrapper\">\n\t\t\t\t\t\t\t\t\t<span class=\"elementor-button-text\">Sprawd\u017a dost\u0119pno\u015b\u0107<\/span>\n\t\t\t\t\t<\/span>\n\t\t\t\t\t<\/a>\n\t\t\t\t\t\t\t\t<\/div>\n\t\t\t\t<div class=\"elementor-element elementor-element-f59658a elementor-widget elementor-widget-html\" data-id=\"f59658a\" data-element_type=\"widget\" data-e-type=\"widget\" data-widget_type=\"html.default\">\n\t\t\t\t\t<ul class=\"price-features price-standard-color\"><li>\u2713 Ceny netto (faktura VAT)<\/li><li>\u2713 \nWynajem studia od 1 godziny<\/li><li>\u2713 Podstawowe o\u015bwietlenie studyjne\n<\/li><li>\u2713 Bezp\u0142atny parking przy studiu<\/li><li>\u2713 \u2713 Wi-Fi oraz przestrze\u0144 socjalna<\/li><\/ul>\t\t\t\t<\/div>\n\t\t\t\t\t<\/div>\n\t\t<\/div>\n\t\t\t\t<div class=\"elementor-column elementor-col-33 elementor-top-column elementor-element elementor-element-95f9977\" data-id=\"95f9977\" data-element_type=\"column\" data-e-type=\"column\" data-settings=\"{&quot;background_background&quot;:&quot;classic&quot;}\">\n\t\t\t<div class=\"elementor-widget-wrap elementor-element-populated\">\n\t\t\t\t\t\t<div class=\"elementor-element elementor-element-ea401c7 el-smalltitle pcolor elementor-widget elementor-widget-heading\" data-id=\"ea401c7\" data-element_type=\"widget\" data-e-type=\"widget\" data-widget_type=\"heading.default\">\n\t\t\t\t\t<span class=\"elementor-heading-title elementor-size-default\">pa\u017adziernik-grudzie\u0144 2026 w weekendy<\/span>\t\t\t\t<\/div>\n\t\t\t\t<div class=\"elementor-element elementor-element-97fa323 elementor-widget elementor-widget-heading\" data-id=\"97fa323\" data-element_type=\"widget\" data-e-type=\"widget\" data-widget_type=\"heading.default\">\n\t\t\t\t\t<h3 class=\"elementor-heading-title elementor-size-default\">sesja \u015bwi\u0105teczna<\/h3>\t\t\t\t<\/div>\n\t\t\t\t<div class=\"elementor-element elementor-element-f1e4157 elementor-widget elementor-widget-html\" data-id=\"f1e4157\" data-element_type=\"widget\" data-e-type=\"widget\" data-widget_type=\"html.default\">\n\t\t\t\t\t<h2 class=\"price-title\"><sup>PLN<\/sup>250<sub>\/godz<\/sub><\/h2>\t\t\t\t<\/div>\n\t\t\t\t<div class=\"elementor-element elementor-element-fc2f437 el-btn elementor-widget elementor-widget-button\" data-id=\"fc2f437\" data-element_type=\"widget\" data-e-type=\"widget\" data-widget_type=\"button.default\">\n\t\t\t\t\t\t\t\t\t\t<a class=\"elementor-button elementor-button-link elementor-size-sm\" href=\"https:\/\/studiodrugibrzeg.pl\/index.php\/rezerwacja-studio-fotograficzne-warszawa\/\">\n\t\t\t\t\t\t<span class=\"elementor-button-content-wrapper\">\n\t\t\t\t\t\t\t\t\t<span class=\"elementor-button-text\">Sprawd\u017a dost\u0119pno\u015b\u0107<\/span>\n\t\t\t\t\t<\/span>\n\t\t\t\t\t<\/a>\n\t\t\t\t\t\t\t\t<\/div>\n\t\t\t\t<div class=\"elementor-element elementor-element-48a51ac elementor-widget elementor-widget-html\" data-id=\"48a51ac\" data-element_type=\"widget\" data-e-type=\"widget\" data-widget_type=\"html.default\">\n\t\t\t\t\t\u2713 Dost\u0119pne w  okresie pa\u017adziernik-grudzie\u0144<br>\n\u2713 Ceny netto (faktura VAT)<br>\u2713 \nWynajem studia od 1 godziny<br>\n\u2713 Przygotowane sceny \u015bwi\u0105teczne <br>\n\u2713 Podstawowe o\u015bwietlenie studyjne<br>\n\u2713 Bezp\u0142atny parking przy studiu<br>\n\u2713 Wi-Fi oraz przestrze\u0144 socjalna<br>\t\t\t\t<\/div>\n\t\t\t\t\t<\/div>\n\t\t<\/div>\n\t\t\t\t\t<\/div>\n\t\t<\/section>\n\t\t\t\t<section class=\"elementor-section elementor-top-section elementor-element elementor-element-5342217 elementor-section-content-middle elementor-section-boxed elementor-section-height-default elementor-section-height-default\" data-id=\"5342217\" data-element_type=\"section\" data-e-type=\"section\">\n\t\t\t\t\t\t<div class=\"elementor-container elementor-column-gap-default\">\n\t\t\t\t\t<div class=\"elementor-column elementor-col-50 elementor-top-column elementor-element elementor-element-0f78403\" data-id=\"0f78403\" data-element_type=\"column\" data-e-type=\"column\">\n\t\t\t<div class=\"elementor-widget-wrap elementor-element-populated\">\n\t\t\t\t\t\t<div class=\"elementor-element elementor-element-6598496 elementor-widget elementor-widget-image\" data-id=\"6598496\" data-element_type=\"widget\" data-e-type=\"widget\" data-widget_type=\"image.default\">\n\t\t\t\t\t\t\t\t\t\t\t\t<figure class=\"wp-caption\">\n\t\t\t\t\t\t\t\t\t\t<img loading=\"lazy\" decoding=\"async\" width=\"683\" height=\"1024\" src=\"https:\/\/studiodrugibrzeg.pl\/wp-content\/uploads\/sesja-ciazowa-warszawa-683x1024.jpg\" class=\"attachment-large size-large wp-image-3084\" alt=\"Zdj\u0119cie planu z t\u0142ami i \u015bcian\u0105 fotograficzn\u0105.\" srcset=\"https:\/\/studiodrugibrzeg.pl\/wp-content\/uploads\/sesja-ciazowa-warszawa-683x1024.jpg 683w, https:\/\/studiodrugibrzeg.pl\/wp-content\/uploads\/sesja-ciazowa-warszawa-200x300.jpg 200w, https:\/\/studiodrugibrzeg.pl\/wp-content\/uploads\/sesja-ciazowa-warszawa-768x1152.jpg 768w, https:\/\/studiodrugibrzeg.pl\/wp-content\/uploads\/sesja-ciazowa-warszawa-1024x1536.jpg 1024w, https:\/\/studiodrugibrzeg.pl\/wp-content\/uploads\/sesja-ciazowa-warszawa.jpg 1067w\" sizes=\"(max-width: 683px) 100vw, 683px\" \/>\t\t\t\t\t\t\t\t\t\t\t<figcaption class=\"widget-image-caption wp-caption-text\">Sesja ci\u0105\u017cowa wykonana w naszym studio. Fot. noworodkowo.pl<\/figcaption>\n\t\t\t\t\t\t\t\t\t\t<\/figure>\n\t\t\t\t\t\t\t\t\t<\/div>\n\t\t\t\t<div class=\"elementor-element elementor-element-7389cc2 elementor-widget elementor-widget-image\" data-id=\"7389cc2\" data-element_type=\"widget\" data-e-type=\"widget\" data-widget_type=\"image.default\">\n\t\t\t\t\t\t\t\t\t\t\t\t<figure class=\"wp-caption\">\n\t\t\t\t\t\t\t\t\t\t<img loading=\"lazy\" decoding=\"async\" width=\"683\" height=\"1024\" src=\"https:\/\/studiodrugibrzeg.pl\/wp-content\/uploads\/sesja-biznesowa-kobieta-na-tle-ksiazek-683x1024.jpg\" class=\"attachment-large size-large wp-image-3075\" alt=\"Sesja biznesowa w studio\" srcset=\"https:\/\/studiodrugibrzeg.pl\/wp-content\/uploads\/sesja-biznesowa-kobieta-na-tle-ksiazek-683x1024.jpg 683w, https:\/\/studiodrugibrzeg.pl\/wp-content\/uploads\/sesja-biznesowa-kobieta-na-tle-ksiazek-200x300.jpg 200w, https:\/\/studiodrugibrzeg.pl\/wp-content\/uploads\/sesja-biznesowa-kobieta-na-tle-ksiazek-768x1152.jpg 768w, https:\/\/studiodrugibrzeg.pl\/wp-content\/uploads\/sesja-biznesowa-kobieta-na-tle-ksiazek-1024x1536.jpg 1024w, https:\/\/studiodrugibrzeg.pl\/wp-content\/uploads\/sesja-biznesowa-kobieta-na-tle-ksiazek.jpg 1067w\" sizes=\"(max-width: 683px) 100vw, 683px\" \/>\t\t\t\t\t\t\t\t\t\t\t<figcaption class=\"widget-image-caption wp-caption-text\">Sesja biznesowa w studio<\/figcaption>\n\t\t\t\t\t\t\t\t\t\t<\/figure>\n\t\t\t\t\t\t\t\t\t<\/div>\n\t\t\t\t\t<\/div>\n\t\t<\/div>\n\t\t\t\t<div class=\"elementor-column elementor-col-50 elementor-top-column elementor-element elementor-element-d85f79c\" data-id=\"d85f79c\" data-element_type=\"column\" data-e-type=\"column\">\n\t\t\t<div class=\"elementor-widget-wrap elementor-element-populated\">\n\t\t\t\t\t\t<div class=\"elementor-element elementor-element-c11949a el-smalltitle pcolor elementor-widget elementor-widget-heading\" data-id=\"c11949a\" data-element_type=\"widget\" data-e-type=\"widget\" data-widget_type=\"heading.default\">\n\t\t\t\t\t<span class=\"elementor-heading-title elementor-size-default\">FAQ<\/span>\t\t\t\t<\/div>\n\t\t\t\t<div class=\"elementor-element elementor-element-ff356fc elementor-widget elementor-widget-heading\" data-id=\"ff356fc\" data-element_type=\"widget\" data-e-type=\"widget\" data-widget_type=\"heading.default\">\n\t\t\t\t\t<h2 class=\"elementor-heading-title elementor-size-default\">FAQ \u2013 wynajem studia fotograficznego w Warszawie<\/h2>\t\t\t\t<\/div>\n\t\t\t\t<div class=\"elementor-element elementor-element-6c6c5d5 mt-accordion elementor-widget elementor-widget-toggle\" data-id=\"6c6c5d5\" data-element_type=\"widget\" data-e-type=\"widget\" data-widget_type=\"toggle.default\">\n\t\t\t\t\t\t\t<div class=\"elementor-toggle\">\n\t\t\t\t\t\t\t<div class=\"elementor-toggle-item\">\n\t\t\t\t\t<h3 id=\"elementor-tab-title-1131\" class=\"elementor-tab-title\" data-tab=\"1\" role=\"button\" aria-controls=\"elementor-tab-content-1131\" aria-expanded=\"false\">\n\t\t\t\t\t\t\t\t\t\t\t\t<span class=\"elementor-toggle-icon elementor-toggle-icon-left\" aria-hidden=\"true\">\n\t\t\t\t\t\t\t\t\t\t\t\t\t\t\t<span class=\"elementor-toggle-icon-closed\"><svg class=\"e-font-icon-svg e-fas-plus\" viewBox=\"0 0 448 512\" xmlns=\"http:\/\/www.w3.org\/2000\/svg\"><path d=\"M416 208H272V64c0-17.67-14.33-32-32-32h-32c-17.67 0-32 14.33-32 32v144H32c-17.67 0-32 14.33-32 32v32c0 17.67 14.33 32 32 32h144v144c0 17.67 14.33 32 32 32h32c17.67 0 32-14.33 32-32V304h144c17.67 0 32-14.33 32-32v-32c0-17.67-14.33-32-32-32z\"><\/path><\/svg><\/span>\n\t\t\t\t\t\t\t\t<span class=\"elementor-toggle-icon-opened\"><svg class=\"elementor-toggle-icon-opened e-font-icon-svg e-fas-minus\" viewBox=\"0 0 448 512\" xmlns=\"http:\/\/www.w3.org\/2000\/svg\"><path d=\"M416 208H32c-17.67 0-32 14.33-32 32v32c0 17.67 14.33 32 32 32h384c17.67 0 32-14.33 32-32v-32c0-17.67-14.33-32-32-32z\"><\/path><\/svg><\/span>\n\t\t\t\t\t\t\t\t\t\t\t\t\t<\/span>\n\t\t\t\t\t\t\t\t\t\t\t\t<a class=\"elementor-toggle-title\" tabindex=\"0\">Gdzie znajduje si\u0119 Studio Drugi Brzeg?<\/a>\n\t\t\t\t\t<\/h3>\n\n\t\t\t\t\t<div id=\"elementor-tab-content-1131\" class=\"elementor-tab-content elementor-clearfix\" data-tab=\"1\" role=\"region\" aria-labelledby=\"elementor-tab-title-1131\"><p>Studio Drugi Brzeg znajduje si\u0119 w Warszawie, w dzielnicy Wawer, przy ul. Stoczniowc\u00f3w 21. Dojazd jest wygodny zar\u00f3wno samochodem, jak i komunikacj\u0105 miejsk\u0105, a studio le\u017cy oko\u0142o 200 metr\u00f3w od Mostu Siekierkowskiego.<\/p><\/div>\n\t\t\t\t<\/div>\n\t\t\t\t\t\t\t<div class=\"elementor-toggle-item\">\n\t\t\t\t\t<h3 id=\"elementor-tab-title-1132\" class=\"elementor-tab-title\" data-tab=\"2\" role=\"button\" aria-controls=\"elementor-tab-content-1132\" aria-expanded=\"false\">\n\t\t\t\t\t\t\t\t\t\t\t\t<span class=\"elementor-toggle-icon elementor-toggle-icon-left\" aria-hidden=\"true\">\n\t\t\t\t\t\t\t\t\t\t\t\t\t\t\t<span class=\"elementor-toggle-icon-closed\"><svg class=\"e-font-icon-svg e-fas-plus\" viewBox=\"0 0 448 512\" xmlns=\"http:\/\/www.w3.org\/2000\/svg\"><path d=\"M416 208H272V64c0-17.67-14.33-32-32-32h-32c-17.67 0-32 14.33-32 32v144H32c-17.67 0-32 14.33-32 32v32c0 17.67 14.33 32 32 32h144v144c0 17.67 14.33 32 32 32h32c17.67 0 32-14.33 32-32V304h144c17.67 0 32-14.33 32-32v-32c0-17.67-14.33-32-32-32z\"><\/path><\/svg><\/span>\n\t\t\t\t\t\t\t\t<span class=\"elementor-toggle-icon-opened\"><svg class=\"elementor-toggle-icon-opened e-font-icon-svg e-fas-minus\" viewBox=\"0 0 448 512\" xmlns=\"http:\/\/www.w3.org\/2000\/svg\"><path d=\"M416 208H32c-17.67 0-32 14.33-32 32v32c0 17.67 14.33 32 32 32h384c17.67 0 32-14.33 32-32v-32c0-17.67-14.33-32-32-32z\"><\/path><\/svg><\/span>\n\t\t\t\t\t\t\t\t\t\t\t\t\t<\/span>\n\t\t\t\t\t\t\t\t\t\t\t\t<a class=\"elementor-toggle-title\" tabindex=\"0\">Jakie sesje i nagrania mo\u017cna zrealizowa\u0107 w studiu?<\/a>\n\t\t\t\t\t<\/h3>\n\n\t\t\t\t\t<div id=\"elementor-tab-content-1132\" class=\"elementor-tab-content elementor-clearfix\" data-tab=\"2\" role=\"region\" aria-labelledby=\"elementor-tab-title-1132\"><p>Studio sprawdza si\u0119 przy sesjach biznesowych, portretowych, rodzinnych, contentowych, produktowych oraz przy prostych nagraniach wideo i social media. Na miejscu s\u0105 r\u00f3\u017cne plany zdj\u0119ciowe, naturalne \u015bwiat\u0142o i podstawowe wyposa\u017cenie studyjne.<\/p><\/div>\n\t\t\t\t<\/div>\n\t\t\t\t\t\t\t<div class=\"elementor-toggle-item\">\n\t\t\t\t\t<h3 id=\"elementor-tab-title-1133\" class=\"elementor-tab-title\" data-tab=\"3\" role=\"button\" aria-controls=\"elementor-tab-content-1133\" aria-expanded=\"false\">\n\t\t\t\t\t\t\t\t\t\t\t\t<span class=\"elementor-toggle-icon elementor-toggle-icon-left\" aria-hidden=\"true\">\n\t\t\t\t\t\t\t\t\t\t\t\t\t\t\t<span class=\"elementor-toggle-icon-closed\"><svg class=\"e-font-icon-svg e-fas-plus\" viewBox=\"0 0 448 512\" xmlns=\"http:\/\/www.w3.org\/2000\/svg\"><path d=\"M416 208H272V64c0-17.67-14.33-32-32-32h-32c-17.67 0-32 14.33-32 32v144H32c-17.67 0-32 14.33-32 32v32c0 17.67 14.33 32 32 32h144v144c0 17.67 14.33 32 32 32h32c17.67 0 32-14.33 32-32V304h144c17.67 0 32-14.33 32-32v-32c0-17.67-14.33-32-32-32z\"><\/path><\/svg><\/span>\n\t\t\t\t\t\t\t\t<span class=\"elementor-toggle-icon-opened\"><svg class=\"elementor-toggle-icon-opened e-font-icon-svg e-fas-minus\" viewBox=\"0 0 448 512\" xmlns=\"http:\/\/www.w3.org\/2000\/svg\"><path d=\"M416 208H32c-17.67 0-32 14.33-32 32v32c0 17.67 14.33 32 32 32h384c17.67 0 32-14.33 32-32v-32c0-17.67-14.33-32-32-32z\"><\/path><\/svg><\/span>\n\t\t\t\t\t\t\t\t\t\t\t\t\t<\/span>\n\t\t\t\t\t\t\t\t\t\t\t\t<a class=\"elementor-toggle-title\" tabindex=\"0\">Ile metr\u00f3w ma studio i jaka jest jego wysoko\u015b\u0107?<\/a>\n\t\t\t\t\t<\/h3>\n\n\t\t\t\t\t<div id=\"elementor-tab-content-1133\" class=\"elementor-tab-content elementor-clearfix\" data-tab=\"3\" role=\"region\" aria-labelledby=\"elementor-tab-title-1133\"><p>Studio ma 90 m\u00b2 powierzchni i 3,3 metra wysoko\u015bci. Taki metra\u017c daje swobod\u0119 pracy przy sesjach indywidualnych, zdj\u0119ciach wizerunkowych, ma\u0142ych produkcjach i pracy z o\u015bwietleniem.<\/p><\/div>\n\t\t\t\t<\/div>\n\t\t\t\t\t\t\t<div class=\"elementor-toggle-item\">\n\t\t\t\t\t<h3 id=\"elementor-tab-title-1134\" class=\"elementor-tab-title\" data-tab=\"4\" role=\"button\" aria-controls=\"elementor-tab-content-1134\" aria-expanded=\"false\">\n\t\t\t\t\t\t\t\t\t\t\t\t<span class=\"elementor-toggle-icon elementor-toggle-icon-left\" aria-hidden=\"true\">\n\t\t\t\t\t\t\t\t\t\t\t\t\t\t\t<span class=\"elementor-toggle-icon-closed\"><svg class=\"e-font-icon-svg e-fas-plus\" viewBox=\"0 0 448 512\" xmlns=\"http:\/\/www.w3.org\/2000\/svg\"><path d=\"M416 208H272V64c0-17.67-14.33-32-32-32h-32c-17.67 0-32 14.33-32 32v144H32c-17.67 0-32 14.33-32 32v32c0 17.67 14.33 32 32 32h144v144c0 17.67 14.33 32 32 32h32c17.67 0 32-14.33 32-32V304h144c17.67 0 32-14.33 32-32v-32c0-17.67-14.33-32-32-32z\"><\/path><\/svg><\/span>\n\t\t\t\t\t\t\t\t<span class=\"elementor-toggle-icon-opened\"><svg class=\"elementor-toggle-icon-opened e-font-icon-svg e-fas-minus\" viewBox=\"0 0 448 512\" xmlns=\"http:\/\/www.w3.org\/2000\/svg\"><path d=\"M416 208H32c-17.67 0-32 14.33-32 32v32c0 17.67 14.33 32 32 32h384c17.67 0 32-14.33 32-32v-32c0-17.67-14.33-32-32-32z\"><\/path><\/svg><\/span>\n\t\t\t\t\t\t\t\t\t\t\t\t\t<\/span>\n\t\t\t\t\t\t\t\t\t\t\t\t<a class=\"elementor-toggle-title\" tabindex=\"0\">Czy w studiu jest naturalne \u015bwiat\u0142o?<\/a>\n\t\t\t\t\t<\/h3>\n\n\t\t\t\t\t<div id=\"elementor-tab-content-1134\" class=\"elementor-tab-content elementor-clearfix\" data-tab=\"4\" role=\"region\" aria-labelledby=\"elementor-tab-title-1134\"><p>Tak, studio ma du\u017ce okna i dost\u0119p do naturalnego \u015bwiat\u0142a. Na stronie g\u0142\u00f3wnej podkre\u015blono, \u017ce okna s\u0105 skierowane na po\u0142udniowy wsch\u00f3d, a w opisie plan\u00f3w zdj\u0119ciowych pojawia si\u0119 te\u017c informacja o \u015bwietle dziennym idealnym do portret\u00f3w, contentu i sesji lifestyle.<\/p><\/div>\n\t\t\t\t<\/div>\n\t\t\t\t\t\t\t<div class=\"elementor-toggle-item\">\n\t\t\t\t\t<h3 id=\"elementor-tab-title-1135\" class=\"elementor-tab-title\" data-tab=\"5\" role=\"button\" aria-controls=\"elementor-tab-content-1135\" aria-expanded=\"false\">\n\t\t\t\t\t\t\t\t\t\t\t\t<span class=\"elementor-toggle-icon elementor-toggle-icon-left\" aria-hidden=\"true\">\n\t\t\t\t\t\t\t\t\t\t\t\t\t\t\t<span class=\"elementor-toggle-icon-closed\"><svg class=\"e-font-icon-svg e-fas-plus\" viewBox=\"0 0 448 512\" xmlns=\"http:\/\/www.w3.org\/2000\/svg\"><path d=\"M416 208H272V64c0-17.67-14.33-32-32-32h-32c-17.67 0-32 14.33-32 32v144H32c-17.67 0-32 14.33-32 32v32c0 17.67 14.33 32 32 32h144v144c0 17.67 14.33 32 32 32h32c17.67 0 32-14.33 32-32V304h144c17.67 0 32-14.33 32-32v-32c0-17.67-14.33-32-32-32z\"><\/path><\/svg><\/span>\n\t\t\t\t\t\t\t\t<span class=\"elementor-toggle-icon-opened\"><svg class=\"elementor-toggle-icon-opened e-font-icon-svg e-fas-minus\" viewBox=\"0 0 448 512\" xmlns=\"http:\/\/www.w3.org\/2000\/svg\"><path d=\"M416 208H32c-17.67 0-32 14.33-32 32v32c0 17.67 14.33 32 32 32h384c17.67 0 32-14.33 32-32v-32c0-17.67-14.33-32-32-32z\"><\/path><\/svg><\/span>\n\t\t\t\t\t\t\t\t\t\t\t\t\t<\/span>\n\t\t\t\t\t\t\t\t\t\t\t\t<a class=\"elementor-toggle-title\" tabindex=\"0\">Czy mo\u017cna wynaj\u0105\u0107 studio na 1 godzin\u0119?<\/a>\n\t\t\t\t\t<\/h3>\n\n\t\t\t\t\t<div id=\"elementor-tab-content-1135\" class=\"elementor-tab-content elementor-clearfix\" data-tab=\"5\" role=\"region\" aria-labelledby=\"elementor-tab-title-1135\"><p>Tak, Studio Drugi Brzeg oferuje wynajem od 1 godziny. To dobre rozwi\u0105zanie dla kr\u00f3tkich sesji biznesowych, test\u00f3w o\u015bwietlenia, nagra\u0144 rolek i szybkiego contentu.<\/p><\/div>\n\t\t\t\t<\/div>\n\t\t\t\t\t\t\t<div class=\"elementor-toggle-item\">\n\t\t\t\t\t<h3 id=\"elementor-tab-title-1136\" class=\"elementor-tab-title\" data-tab=\"6\" role=\"button\" aria-controls=\"elementor-tab-content-1136\" aria-expanded=\"false\">\n\t\t\t\t\t\t\t\t\t\t\t\t<span class=\"elementor-toggle-icon elementor-toggle-icon-left\" aria-hidden=\"true\">\n\t\t\t\t\t\t\t\t\t\t\t\t\t\t\t<span class=\"elementor-toggle-icon-closed\"><svg class=\"e-font-icon-svg e-fas-plus\" viewBox=\"0 0 448 512\" xmlns=\"http:\/\/www.w3.org\/2000\/svg\"><path d=\"M416 208H272V64c0-17.67-14.33-32-32-32h-32c-17.67 0-32 14.33-32 32v144H32c-17.67 0-32 14.33-32 32v32c0 17.67 14.33 32 32 32h144v144c0 17.67 14.33 32 32 32h32c17.67 0 32-14.33 32-32V304h144c17.67 0 32-14.33 32-32v-32c0-17.67-14.33-32-32-32z\"><\/path><\/svg><\/span>\n\t\t\t\t\t\t\t\t<span class=\"elementor-toggle-icon-opened\"><svg class=\"elementor-toggle-icon-opened e-font-icon-svg e-fas-minus\" viewBox=\"0 0 448 512\" xmlns=\"http:\/\/www.w3.org\/2000\/svg\"><path d=\"M416 208H32c-17.67 0-32 14.33-32 32v32c0 17.67 14.33 32 32 32h384c17.67 0 32-14.33 32-32v-32c0-17.67-14.33-32-32-32z\"><\/path><\/svg><\/span>\n\t\t\t\t\t\t\t\t\t\t\t\t\t<\/span>\n\t\t\t\t\t\t\t\t\t\t\t\t<a class=\"elementor-toggle-title\" tabindex=\"0\">Czy przy studiu jest parking?<\/a>\n\t\t\t\t\t<\/h3>\n\n\t\t\t\t\t<div id=\"elementor-tab-content-1136\" class=\"elementor-tab-content elementor-clearfix\" data-tab=\"6\" role=\"region\" aria-labelledby=\"elementor-tab-title-1136\"><p>Tak, przy studiu dost\u0119pny jest bezp\u0142atny parking. To wa\u017cne zw\u0142aszcza dla os\u00f3b przyje\u017cd\u017caj\u0105cych z lampami, statywami, ubraniami do sesji lub z klientami.<\/p><\/div>\n\t\t\t\t<\/div>\n\t\t\t\t\t\t\t<div class=\"elementor-toggle-item\">\n\t\t\t\t\t<h3 id=\"elementor-tab-title-1137\" class=\"elementor-tab-title\" data-tab=\"7\" role=\"button\" aria-controls=\"elementor-tab-content-1137\" aria-expanded=\"false\">\n\t\t\t\t\t\t\t\t\t\t\t\t<span class=\"elementor-toggle-icon elementor-toggle-icon-left\" aria-hidden=\"true\">\n\t\t\t\t\t\t\t\t\t\t\t\t\t\t\t<span class=\"elementor-toggle-icon-closed\"><svg class=\"e-font-icon-svg e-fas-plus\" viewBox=\"0 0 448 512\" xmlns=\"http:\/\/www.w3.org\/2000\/svg\"><path d=\"M416 208H272V64c0-17.67-14.33-32-32-32h-32c-17.67 0-32 14.33-32 32v144H32c-17.67 0-32 14.33-32 32v32c0 17.67 14.33 32 32 32h144v144c0 17.67 14.33 32 32 32h32c17.67 0 32-14.33 32-32V304h144c17.67 0 32-14.33 32-32v-32c0-17.67-14.33-32-32-32z\"><\/path><\/svg><\/span>\n\t\t\t\t\t\t\t\t<span class=\"elementor-toggle-icon-opened\"><svg class=\"elementor-toggle-icon-opened e-font-icon-svg e-fas-minus\" viewBox=\"0 0 448 512\" xmlns=\"http:\/\/www.w3.org\/2000\/svg\"><path d=\"M416 208H32c-17.67 0-32 14.33-32 32v32c0 17.67 14.33 32 32 32h384c17.67 0 32-14.33 32-32v-32c0-17.67-14.33-32-32-32z\"><\/path><\/svg><\/span>\n\t\t\t\t\t\t\t\t\t\t\t\t\t<\/span>\n\t\t\t\t\t\t\t\t\t\t\t\t<a class=\"elementor-toggle-title\" tabindex=\"0\">Jakie t\u0142a i plany zdj\u0119ciowe s\u0105 dost\u0119pne?<\/a>\n\t\t\t\t\t<\/h3>\n\n\t\t\t\t\t<div id=\"elementor-tab-content-1137\" class=\"elementor-tab-content elementor-clearfix\" data-tab=\"7\" role=\"region\" aria-labelledby=\"elementor-tab-title-1137\"><p>W studiu dost\u0119pne s\u0105 4 plany zdj\u0119ciowe oraz 6 automatycznie opuszczanych te\u0142 fotograficznych. Studio posiada bia\u0142\u0105 \u015bcian\u0119, bia\u0142\u0105 \u015bcian\u0119 ze sztukateri\u0105 i szar\u0105 \u015bcian\u0119, kt\u00f3re mo\u017cna wykorzysta\u0107 do r\u00f3\u017cnych typ\u00f3w sesji. Dodatkowo w studio znajduj\u0105 si\u0119 aran\u017cacje okoliczno\u015bciowe (wiosenne, jesienne czy \u015bwi\u0105teczne) w zale\u017cno\u015bci od sezonu.<\/p><\/div>\n\t\t\t\t<\/div>\n\t\t\t\t\t\t\t<div class=\"elementor-toggle-item\">\n\t\t\t\t\t<h3 id=\"elementor-tab-title-1138\" class=\"elementor-tab-title\" data-tab=\"8\" role=\"button\" aria-controls=\"elementor-tab-content-1138\" aria-expanded=\"false\">\n\t\t\t\t\t\t\t\t\t\t\t\t<span class=\"elementor-toggle-icon elementor-toggle-icon-left\" aria-hidden=\"true\">\n\t\t\t\t\t\t\t\t\t\t\t\t\t\t\t<span class=\"elementor-toggle-icon-closed\"><svg class=\"e-font-icon-svg e-fas-plus\" viewBox=\"0 0 448 512\" xmlns=\"http:\/\/www.w3.org\/2000\/svg\"><path d=\"M416 208H272V64c0-17.67-14.33-32-32-32h-32c-17.67 0-32 14.33-32 32v144H32c-17.67 0-32 14.33-32 32v32c0 17.67 14.33 32 32 32h144v144c0 17.67 14.33 32 32 32h32c17.67 0 32-14.33 32-32V304h144c17.67 0 32-14.33 32-32v-32c0-17.67-14.33-32-32-32z\"><\/path><\/svg><\/span>\n\t\t\t\t\t\t\t\t<span class=\"elementor-toggle-icon-opened\"><svg class=\"elementor-toggle-icon-opened e-font-icon-svg e-fas-minus\" viewBox=\"0 0 448 512\" xmlns=\"http:\/\/www.w3.org\/2000\/svg\"><path d=\"M416 208H32c-17.67 0-32 14.33-32 32v32c0 17.67 14.33 32 32 32h384c17.67 0 32-14.33 32-32v-32c0-17.67-14.33-32-32-32z\"><\/path><\/svg><\/span>\n\t\t\t\t\t\t\t\t\t\t\t\t\t<\/span>\n\t\t\t\t\t\t\t\t\t\t\t\t<a class=\"elementor-toggle-title\" tabindex=\"0\">Czy sprz\u0119t fotograficzny jest w cenie wynajmu?<\/a>\n\t\t\t\t\t<\/h3>\n\n\t\t\t\t\t<div id=\"elementor-tab-content-1138\" class=\"elementor-tab-content elementor-clearfix\" data-tab=\"8\" role=\"region\" aria-labelledby=\"elementor-tab-title-1138\"><p>Tak, w cenie wynajmu dost\u0119pne jest podstawowe o\u015bwietlenie studyjne i standardowe wyposa\u017cenie. Strona cennika wskazuje r\u00f3wnie\u017c, \u017ce lampy \u015bwiat\u0142a sta\u0142ego i lampy b\u0142yskowe s\u0105 dost\u0119pne bez dodatkowej op\u0142aty.<\/p><\/div>\n\t\t\t\t<\/div>\n\t\t\t\t\t\t\t<div class=\"elementor-toggle-item\">\n\t\t\t\t\t<h3 id=\"elementor-tab-title-1139\" class=\"elementor-tab-title\" data-tab=\"9\" role=\"button\" aria-controls=\"elementor-tab-content-1139\" aria-expanded=\"false\">\n\t\t\t\t\t\t\t\t\t\t\t\t<span class=\"elementor-toggle-icon elementor-toggle-icon-left\" aria-hidden=\"true\">\n\t\t\t\t\t\t\t\t\t\t\t\t\t\t\t<span class=\"elementor-toggle-icon-closed\"><svg class=\"e-font-icon-svg e-fas-plus\" viewBox=\"0 0 448 512\" xmlns=\"http:\/\/www.w3.org\/2000\/svg\"><path d=\"M416 208H272V64c0-17.67-14.33-32-32-32h-32c-17.67 0-32 14.33-32 32v144H32c-17.67 0-32 14.33-32 32v32c0 17.67 14.33 32 32 32h144v144c0 17.67 14.33 32 32 32h32c17.67 0 32-14.33 32-32V304h144c17.67 0 32-14.33 32-32v-32c0-17.67-14.33-32-32-32z\"><\/path><\/svg><\/span>\n\t\t\t\t\t\t\t\t<span class=\"elementor-toggle-icon-opened\"><svg class=\"elementor-toggle-icon-opened e-font-icon-svg e-fas-minus\" viewBox=\"0 0 448 512\" xmlns=\"http:\/\/www.w3.org\/2000\/svg\"><path d=\"M416 208H32c-17.67 0-32 14.33-32 32v32c0 17.67 14.33 32 32 32h384c17.67 0 32-14.33 32-32v-32c0-17.67-14.33-32-32-32z\"><\/path><\/svg><\/span>\n\t\t\t\t\t\t\t\t\t\t\t\t\t<\/span>\n\t\t\t\t\t\t\t\t\t\t\t\t<a class=\"elementor-toggle-title\" tabindex=\"0\">Czy studio nadaje si\u0119 do sesji biznesowych i tworzenia contentu?<\/a>\n\t\t\t\t\t<\/h3>\n\n\t\t\t\t\t<div id=\"elementor-tab-content-1139\" class=\"elementor-tab-content elementor-clearfix\" data-tab=\"9\" role=\"region\" aria-labelledby=\"elementor-tab-title-1139\"><p>Tak, studio jest dobrze dopasowane do sesji biznesowych, marki osobistej, nagrywek i codziennego contentu. Na stronie g\u0142\u00f3wnej pokazana jest nawet osobna aran\u017cacja przygotowana w\u0142a\u015bnie pod biznes i nagrania.<\/p><\/div>\n\t\t\t\t<\/div>\n\t\t\t\t\t\t\t<div class=\"elementor-toggle-item\">\n\t\t\t\t\t<h3 id=\"elementor-tab-title-11310\" class=\"elementor-tab-title\" data-tab=\"10\" role=\"button\" aria-controls=\"elementor-tab-content-11310\" aria-expanded=\"false\">\n\t\t\t\t\t\t\t\t\t\t\t\t<span class=\"elementor-toggle-icon elementor-toggle-icon-left\" aria-hidden=\"true\">\n\t\t\t\t\t\t\t\t\t\t\t\t\t\t\t<span class=\"elementor-toggle-icon-closed\"><svg class=\"e-font-icon-svg e-fas-plus\" viewBox=\"0 0 448 512\" xmlns=\"http:\/\/www.w3.org\/2000\/svg\"><path d=\"M416 208H272V64c0-17.67-14.33-32-32-32h-32c-17.67 0-32 14.33-32 32v144H32c-17.67 0-32 14.33-32 32v32c0 17.67 14.33 32 32 32h144v144c0 17.67 14.33 32 32 32h32c17.67 0 32-14.33 32-32V304h144c17.67 0 32-14.33 32-32v-32c0-17.67-14.33-32-32-32z\"><\/path><\/svg><\/span>\n\t\t\t\t\t\t\t\t<span class=\"elementor-toggle-icon-opened\"><svg class=\"elementor-toggle-icon-opened e-font-icon-svg e-fas-minus\" viewBox=\"0 0 448 512\" xmlns=\"http:\/\/www.w3.org\/2000\/svg\"><path d=\"M416 208H32c-17.67 0-32 14.33-32 32v32c0 17.67 14.33 32 32 32h384c17.67 0 32-14.33 32-32v-32c0-17.67-14.33-32-32-32z\"><\/path><\/svg><\/span>\n\t\t\t\t\t\t\t\t\t\t\t\t\t<\/span>\n\t\t\t\t\t\t\t\t\t\t\t\t<a class=\"elementor-toggle-title\" tabindex=\"0\">Jak dojecha\u0107 do studia z centrum Warszawy?<\/a>\n\t\t\t\t\t<\/h3>\n\n\t\t\t\t\t<div id=\"elementor-tab-content-11310\" class=\"elementor-tab-content elementor-clearfix\" data-tab=\"10\" role=\"region\" aria-labelledby=\"elementor-tab-title-11310\"><p>Dojazd samochodem z centrum Warszawy zajmuje oko\u0142o 15 minut, a lokalizacja w Wawrze u\u0142atwia szybki dojazd bez konieczno\u015bci wje\u017cd\u017cania do \u015bcis\u0142ego centrum. Na stronie podano te\u017c list\u0119 autobus\u00f3w obs\u0142uguj\u0105cych okolic\u0119 studia<\/p><\/div>\n\t\t\t\t<\/div>\n\t\t\t\t\t\t\t<div class=\"elementor-toggle-item\">\n\t\t\t\t\t<h3 id=\"elementor-tab-title-11311\" class=\"elementor-tab-title\" data-tab=\"11\" role=\"button\" aria-controls=\"elementor-tab-content-11311\" aria-expanded=\"false\">\n\t\t\t\t\t\t\t\t\t\t\t\t<span class=\"elementor-toggle-icon elementor-toggle-icon-left\" aria-hidden=\"true\">\n\t\t\t\t\t\t\t\t\t\t\t\t\t\t\t<span class=\"elementor-toggle-icon-closed\"><svg class=\"e-font-icon-svg e-fas-plus\" viewBox=\"0 0 448 512\" xmlns=\"http:\/\/www.w3.org\/2000\/svg\"><path d=\"M416 208H272V64c0-17.67-14.33-32-32-32h-32c-17.67 0-32 14.33-32 32v144H32c-17.67 0-32 14.33-32 32v32c0 17.67 14.33 32 32 32h144v144c0 17.67 14.33 32 32 32h32c17.67 0 32-14.33 32-32V304h144c17.67 0 32-14.33 32-32v-32c0-17.67-14.33-32-32-32z\"><\/path><\/svg><\/span>\n\t\t\t\t\t\t\t\t<span class=\"elementor-toggle-icon-opened\"><svg class=\"elementor-toggle-icon-opened e-font-icon-svg e-fas-minus\" viewBox=\"0 0 448 512\" xmlns=\"http:\/\/www.w3.org\/2000\/svg\"><path d=\"M416 208H32c-17.67 0-32 14.33-32 32v32c0 17.67 14.33 32 32 32h384c17.67 0 32-14.33 32-32v-32c0-17.67-14.33-32-32-32z\"><\/path><\/svg><\/span>\n\t\t\t\t\t\t\t\t\t\t\t\t\t<\/span>\n\t\t\t\t\t\t\t\t\t\t\t\t<a class=\"elementor-toggle-title\" tabindex=\"0\">Czy studio ma stanowisko do makija\u017cu i zaplecze dla klient\u00f3w?<\/a>\n\t\t\t\t\t<\/h3>\n\n\t\t\t\t\t<div id=\"elementor-tab-content-11311\" class=\"elementor-tab-content elementor-clearfix\" data-tab=\"11\" role=\"region\" aria-labelledby=\"elementor-tab-title-11311\"><p>Tak, w studiu dost\u0119pne jest du\u017ce stanowisko do makija\u017cu, \u0142azienka, Wi\u2011Fi oraz przestrze\u0144 socjalna. To u\u0142atwia przygotowanie modelki, prac\u0119 zespo\u0142u i komfort podczas d\u0142u\u017cszej sesji.<\/p><\/div>\n\t\t\t\t<\/div>\n\t\t\t\t\t\t\t<div class=\"elementor-toggle-item\">\n\t\t\t\t\t<h3 id=\"elementor-tab-title-11312\" class=\"elementor-tab-title\" data-tab=\"12\" role=\"button\" aria-controls=\"elementor-tab-content-11312\" aria-expanded=\"false\">\n\t\t\t\t\t\t\t\t\t\t\t\t<span class=\"elementor-toggle-icon elementor-toggle-icon-left\" aria-hidden=\"true\">\n\t\t\t\t\t\t\t\t\t\t\t\t\t\t\t<span class=\"elementor-toggle-icon-closed\"><svg class=\"e-font-icon-svg e-fas-plus\" viewBox=\"0 0 448 512\" xmlns=\"http:\/\/www.w3.org\/2000\/svg\"><path d=\"M416 208H272V64c0-17.67-14.33-32-32-32h-32c-17.67 0-32 14.33-32 32v144H32c-17.67 0-32 14.33-32 32v32c0 17.67 14.33 32 32 32h144v144c0 17.67 14.33 32 32 32h32c17.67 0 32-14.33 32-32V304h144c17.67 0 32-14.33 32-32v-32c0-17.67-14.33-32-32-32z\"><\/path><\/svg><\/span>\n\t\t\t\t\t\t\t\t<span class=\"elementor-toggle-icon-opened\"><svg class=\"elementor-toggle-icon-opened e-font-icon-svg e-fas-minus\" viewBox=\"0 0 448 512\" xmlns=\"http:\/\/www.w3.org\/2000\/svg\"><path d=\"M416 208H32c-17.67 0-32 14.33-32 32v32c0 17.67 14.33 32 32 32h384c17.67 0 32-14.33 32-32v-32c0-17.67-14.33-32-32-32z\"><\/path><\/svg><\/span>\n\t\t\t\t\t\t\t\t\t\t\t\t\t<\/span>\n\t\t\t\t\t\t\t\t\t\t\t\t<a class=\"elementor-toggle-title\" tabindex=\"0\">Dlaczego warto wybra\u0107 studio fotograficzne w Wawrze zamiast w centrum?<\/a>\n\t\t\t\t\t<\/h3>\n\n\t\t\t\t\t<div id=\"elementor-tab-content-11312\" class=\"elementor-tab-content elementor-clearfix\" data-tab=\"12\" role=\"region\" aria-labelledby=\"elementor-tab-title-11312\"><p>Studio w Wawrze mo\u017ce by\u0107 wygodniejszym wyborem dla os\u00f3b, kt\u00f3re ceni\u0105 szybki dojazd samochodem, spokojniejsze otoczenie i bezp\u0142atny parking. Studio Drugi Brzeg \u0142\u0105czy lokalizacj\u0119 w Warszawie z \u0142atwym dojazdem i warunkami wygodnymi do pracy kreatywnej.<\/p><\/div>\n\t\t\t\t<\/div>\n\t\t\t\t\t\t\t\t<\/div>\n\t\t\t\t\t\t<\/div>\n\t\t\t\t\t<\/div>\n\t\t<\/div>\n\t\t\t\t\t<\/div>\n\t\t<\/section>\n\t\t\t\t<section class=\"elementor-section elementor-top-section elementor-element elementor-element-cd3cc38 elementor-section-boxed elementor-section-height-default elementor-section-height-default\" data-id=\"cd3cc38\" data-element_type=\"section\" data-e-type=\"section\" data-settings=\"{&quot;background_background&quot;:&quot;classic&quot;}\">\n\t\t\t\t\t\t\t<div class=\"elementor-background-overlay\"><\/div>\n\t\t\t\t\t\t\t<div class=\"elementor-container elementor-column-gap-default\">\n\t\t\t\t\t<div class=\"elementor-column elementor-col-100 elementor-top-column elementor-element elementor-element-d67080b\" data-id=\"d67080b\" data-element_type=\"column\" data-e-type=\"column\">\n\t\t\t<div class=\"elementor-widget-wrap elementor-element-populated\">\n\t\t\t\t\t\t<div class=\"elementor-element elementor-element-6a3183e elementor-widget elementor-widget-shortcode\" data-id=\"6a3183e\" data-element_type=\"widget\" data-e-type=\"widget\" data-widget_type=\"shortcode.default\">\n\t\t\t\t\t\t\t<div class=\"elementor-shortcode\"><div class=\"testimonial-quote\"><svg version=\"1.1\" id=\"testimonial-quote1\" xmlns=\"http:\/\/www.w3.org\/2000\/svg\" xmlns:xlink=\"http:\/\/www.w3.org\/1999\/xlink\" x=\"0px\" y=\"0px\"\r\n\t viewBox=\"0 0 250 182\" style=\"enable-background:new 0 0 250 182;\" xml:space=\"preserve\">\r\n<g>\r\n\t<path d=\"M60,181.8l-1.4-1.3c-1.1-1.1-2.4-2.4-4.2-4.2l-0.3-0.3c-2.4-2.5-5.7-5.8-10.7-10.9l-1.1-1.1l0.9-1.3\r\n\t\tc18.4-28.3,15.2-48.8,13.8-51.4c-0.4-0.8-1.3-1.3-2.2-1.3C24.6,109.8,0,85.2,0,55C0,24.8,24.6,0.2,54.8,0.2\r\n\t\tc29.4,0,52.5,23.1,54.8,55c5,68.6-35.6,113.2-48.2,125.3L60,181.8z M47.3,163.4c4.4,4.4,7.4,7.5,9.6,9.8l0.3,0.3\r\n\t\tc1.1,1.1,2,2,2.8,2.8c13.6-13.5,50.3-56.3,45.6-120.8C103.5,25.7,82.1,4.1,54.8,4.1C26.8,4.1,3.9,27,3.9,55\r\n\t\tc0,28.1,22.8,50.9,50.9,50.9c2.3,0,4.5,1.4,5.6,3.4C62.4,113,65.9,133.9,47.3,163.4z\"\/>\r\n\t<path d=\"M200,181.8l-1.4-1.3c-1.1-1.1-2.4-2.4-4.3-4.3l-0.2-0.2c-2.4-2.5-5.7-5.8-10.7-10.9l-1.1-1.1l0.9-1.3\r\n\t\tc18.4-28.3,15.2-48.8,13.8-51.4c-0.4-0.8-1.3-1.3-2.2-1.3c-30.2,0-54.8-24.6-54.8-54.8c0-30.2,24.6-54.8,54.8-54.8\r\n\t\tc29.4,0,52.5,23.1,54.8,55c5,68.6-35.6,113.2-48.2,125.3L200,181.8z M187.2,163.4c4.4,4.4,7.4,7.5,9.6,9.8l0.2,0.2\r\n\t\tc1.2,1.2,2.1,2.1,2.9,2.9c13.6-13.5,50.3-56.2,45.6-120.8c-2.2-29.7-23.6-51.3-50.9-51.3c-28.1,0-50.9,22.8-50.9,50.9\r\n\t\tc0,28.1,22.8,50.9,50.9,50.9c2.3,0,4.5,1.4,5.6,3.4C202.3,113,205.9,133.9,187.2,163.4z\"\/>\r\n<\/g>\r\n<\/svg>\r\n\t\t<\/div><div class=\"testimonial-slider\"><div class=\"swiper-wrapper\"><div class=\"swiper-slide testimonial-info\">\n<div class=\"testimonial-holder\">\n<h4 class=\"testimonial-desc\">Przepi\u0119kne studio z rewelacyjnym \u015bwiat\u0142em dziennym i du\u017c\u0105, funkcjonaln\u0105 przestrzeni\u0105! Idealne miejsce do pracy kreatywnej, zdj\u0119cia wychodz\u0105 tu po prostu magicznie. \u015awietna lokalizacja i bardzo sympatyczni w\u0142a\u015bciciele. Serdecznie polecam ka\u017cdemu fotografowi!\n<\/h4>\n<div class=\"testimonial-client\">Ewelina Gromulska-Sulej<\/div>\n<div class=\"testimonial-company\">Opinie Google<\/div>\n<\/div>\n<\/div><div class=\"swiper-slide testimonial-info\">\n<div class=\"testimonial-holder\">\n<h4 class=\"testimonial-desc\">\u015awietne studio z du\u017cymi mo\u017cliwo\u015bciami oraz pomocn\u0105 w\u0142a\u015bcicielk\u0105.\n<\/h4>\n<div class=\"testimonial-client\">Grzegorz D\u0105browski<\/div>\n<div class=\"testimonial-company\">Opinie Google<\/div>\n<\/div>\n<\/div><div class=\"swiper-slide testimonial-info\">\n<div class=\"testimonial-holder\">\n<h4 class=\"testimonial-desc\">\u015awietne studio! Spe\u0142ni\u0142o wszystkie moje oczekiwania. W\u0142a\u015bcicielka - Ola, przesympatyczna! Z pewno\u015bci\u0105 wr\u00f3c\u0119 i wynajm\u0119 jeszcze nieraz. &#x1f60a;.\n<\/h4>\n<div class=\"testimonial-client\">Izabela Babi\u0144ska<\/div>\n<div class=\"testimonial-company\">Opinie Google<\/div>\n<\/div>\n<\/div><\/div><div class=\"swiper-pagination\"><\/div><div class=\"swiper-mt-button-prev\"><svg version=\"1.1\" xmlns=\"http:\/\/www.w3.org\/2000\/svg\" xmlns:xlink=\"http:\/\/www.w3.org\/1999\/xlink\" x=\"0px\" y=\"0px\"\r\n\t viewBox=\"0 0 40 40\" style=\"enable-background:new 0 0 40 40;\" xml:space=\"preserve\">\r\n<g>\r\n\t<rect x=\"19.3\" y=\"13.3\" transform=\"matrix(0.7071 -0.7071 0.7071 0.7071 -6.5165 19.2678)\" width=\"1.4\" height=\"8.5\"\/>\r\n\t<rect x=\"19.3\" y=\"18.3\" transform=\"matrix(-0.7071 -0.7071 0.7071 -0.7071 18.2322 52.552)\" width=\"1.4\" height=\"8.5\"\/>\r\n<\/g>\r\n<g>\r\n\t<path d=\"M20,1c10.5,0,19,8.5,19,19s-8.5,19-19,19S1,30.5,1,20S9.5,1,20,1 M20,0C9,0,0,9,0,20s9,20,20,20s20-9,20-20S31,0,20,0L20,0\r\n\t\tz\"\/>\r\n<\/g>\r\n<\/svg>\r\n<\/div>\r\n  <div class=\"swiper-mt-button-next\"><svg version=\"1.1\" xmlns=\"http:\/\/www.w3.org\/2000\/svg\" xmlns:xlink=\"http:\/\/www.w3.org\/1999\/xlink\" x=\"0px\" y=\"0px\"\r\n\t viewBox=\"0 0 40 40\" style=\"enable-background:new 0 0 40 40;\" xml:space=\"preserve\">\r\n<g>\r\n\t<rect x=\"19.3\" y=\"13.3\" transform=\"matrix(0.7071 -0.7071 0.7071 0.7071 -6.5165 19.2678)\" width=\"1.4\" height=\"8.5\"\/>\r\n\t<rect x=\"19.3\" y=\"18.3\" transform=\"matrix(-0.7071 -0.7071 0.7071 -0.7071 18.2322 52.552)\" width=\"1.4\" height=\"8.5\"\/>\r\n<\/g>\r\n<g>\r\n\t<path d=\"M20,1c10.5,0,19,8.5,19,19s-8.5,19-19,19S1,30.5,1,20S9.5,1,20,1 M20,0C9,0,0,9,0,20s9,20,20,20s20-9,20-20S31,0,20,0L20,0\r\n\t\tz\"\/>\r\n<\/g>\r\n<\/svg>\r\n<\/div><\/div><\/div>\n\t\t\t\t\t\t<\/div>\n\t\t\t\t\t<\/div>\n\t\t<\/div>\n\t\t\t\t\t<\/div>\n\t\t<\/section>\n\t\t\t\t<section class=\"elementor-section elementor-top-section elementor-element elementor-element-5293de5 elementor-section-boxed elementor-section-height-default elementor-section-height-default\" data-id=\"5293de5\" data-element_type=\"section\" data-e-type=\"section\">\n\t\t\t\t\t\t<div class=\"elementor-container elementor-column-gap-default\">\n\t\t\t\t\t<div class=\"elementor-column elementor-col-50 elementor-top-column elementor-element elementor-element-31fbc1c\" data-id=\"31fbc1c\" data-element_type=\"column\" data-e-type=\"column\">\n\t\t\t<div class=\"elementor-widget-wrap elementor-element-populated\">\n\t\t\t\t\t\t<div class=\"elementor-element elementor-element-1a5ddc0 elementor-position-inline-start pcolori-bkg lefticon elementor-view-default elementor-mobile-position-block-start elementor-widget elementor-widget-icon-box\" data-id=\"1a5ddc0\" data-element_type=\"widget\" data-e-type=\"widget\" data-widget_type=\"icon-box.default\">\n\t\t\t\t\t\t\t<div class=\"elementor-icon-box-wrapper\">\n\n\t\t\t\t\t\t<div class=\"elementor-icon-box-icon\">\n\t\t\t\t<span  class=\"elementor-icon\">\n\t\t\t\t<svg aria-hidden=\"true\" class=\"e-font-icon-svg e-fas-map-marker-alt\" viewBox=\"0 0 384 512\" xmlns=\"http:\/\/www.w3.org\/2000\/svg\"><path d=\"M172.268 501.67C26.97 291.031 0 269.413 0 192 0 85.961 85.961 0 192 0s192 85.961 192 192c0 77.413-26.97 99.031-172.268 309.67-9.535 13.774-29.93 13.773-39.464 0zM192 272c44.183 0 80-35.817 80-80s-35.817-80-80-80-80 35.817-80 80 35.817 80 80 80z\"><\/path><\/svg>\t\t\t\t<\/span>\n\t\t\t<\/div>\n\t\t\t\n\t\t\t\t\t\t<div class=\"elementor-icon-box-content\">\n\n\t\t\t\t\t\t\t\t\t<h5 class=\"elementor-icon-box-title\">\n\t\t\t\t\t\t<span  >\n\t\t\t\t\t\t\tadres\t\t\t\t\t\t<\/span>\n\t\t\t\t\t<\/h5>\n\t\t\t\t\n\t\t\t\t\t\t\t\t\t<p class=\"elementor-icon-box-description\">\n\t\t\t\t\t\tStoczniowc\u00f3w 21, Warszawa Wawer<br>\n200m od Mostu Siekierkowskiego\t\t\t\t\t<\/p>\n\t\t\t\t\n\t\t\t<\/div>\n\t\t\t\n\t\t<\/div>\n\t\t\t\t\t\t<\/div>\n\t\t\t\t<div class=\"elementor-element elementor-element-c59a7c8 elementor-position-inline-start pcolori-bkg lefticon elementor-view-default elementor-mobile-position-block-start elementor-widget elementor-widget-icon-box\" data-id=\"c59a7c8\" data-element_type=\"widget\" data-e-type=\"widget\" data-widget_type=\"icon-box.default\">\n\t\t\t\t\t\t\t<div class=\"elementor-icon-box-wrapper\">\n\n\t\t\t\t\t\t<div class=\"elementor-icon-box-icon\">\n\t\t\t\t<span  class=\"elementor-icon\">\n\t\t\t\t<svg aria-hidden=\"true\" class=\"e-font-icon-svg e-fas-mobile-alt\" viewBox=\"0 0 320 512\" xmlns=\"http:\/\/www.w3.org\/2000\/svg\"><path d=\"M272 0H48C21.5 0 0 21.5 0 48v416c0 26.5 21.5 48 48 48h224c26.5 0 48-21.5 48-48V48c0-26.5-21.5-48-48-48zM160 480c-17.7 0-32-14.3-32-32s14.3-32 32-32 32 14.3 32 32-14.3 32-32 32zm112-108c0 6.6-5.4 12-12 12H60c-6.6 0-12-5.4-12-12V60c0-6.6 5.4-12 12-12h200c6.6 0 12 5.4 12 12v312z\"><\/path><\/svg>\t\t\t\t<\/span>\n\t\t\t<\/div>\n\t\t\t\n\t\t\t\t\t\t<div class=\"elementor-icon-box-content\">\n\n\t\t\t\t\t\t\t\t\t<h5 class=\"elementor-icon-box-title\">\n\t\t\t\t\t\t<span  >\n\t\t\t\t\t\t\tTelefon &amp; Email\t\t\t\t\t\t<\/span>\n\t\t\t\t\t<\/h5>\n\t\t\t\t\n\t\t\t\t\t\t\t\t\t<p class=\"elementor-icon-box-description\">\n\t\t\t\t\t\t+48 508 871 221 <br>\ninfo@studiodrugibrzeg.pl\t\t\t\t\t<\/p>\n\t\t\t\t\n\t\t\t<\/div>\n\t\t\t\n\t\t<\/div>\n\t\t\t\t\t\t<\/div>\n\t\t\t\t<div class=\"elementor-element elementor-element-b4e7a05 elementor-position-inline-start pcolori-bkg lefticon elementor-view-default elementor-mobile-position-block-start elementor-widget elementor-widget-icon-box\" data-id=\"b4e7a05\" data-element_type=\"widget\" data-e-type=\"widget\" data-widget_type=\"icon-box.default\">\n\t\t\t\t\t\t\t<div class=\"elementor-icon-box-wrapper\">\n\n\t\t\t\t\t\t<div class=\"elementor-icon-box-icon\">\n\t\t\t\t<span  class=\"elementor-icon\">\n\t\t\t\t<svg aria-hidden=\"true\" class=\"e-font-icon-svg e-far-clock\" viewBox=\"0 0 512 512\" xmlns=\"http:\/\/www.w3.org\/2000\/svg\"><path d=\"M256 8C119 8 8 119 8 256s111 248 248 248 248-111 248-248S393 8 256 8zm0 448c-110.5 0-200-89.5-200-200S145.5 56 256 56s200 89.5 200 200-89.5 200-200 200zm61.8-104.4l-84.9-61.7c-3.1-2.3-4.9-5.9-4.9-9.7V116c0-6.6 5.4-12 12-12h32c6.6 0 12 5.4 12 12v141.7l66.8 48.6c5.4 3.9 6.5 11.4 2.6 16.8L334.6 349c-3.9 5.3-11.4 6.5-16.8 2.6z\"><\/path><\/svg>\t\t\t\t<\/span>\n\t\t\t<\/div>\n\t\t\t\n\t\t\t\t\t\t<div class=\"elementor-icon-box-content\">\n\n\t\t\t\t\t\t\t\t\t<h5 class=\"elementor-icon-box-title\">\n\t\t\t\t\t\t<span  >\n\t\t\t\t\t\t\tGodziny otwarcia\t\t\t\t\t\t<\/span>\n\t\t\t\t\t<\/h5>\n\t\t\t\t\n\t\t\t\t\t\t\t\t\t<p class=\"elementor-icon-box-description\">\n\t\t\t\t\t\tPoniedzia\u0142ek - Niedziela 8:00 - 22:00\t\t\t\t\t<\/p>\n\t\t\t\t\n\t\t\t<\/div>\n\t\t\t\n\t\t<\/div>\n\t\t\t\t\t\t<\/div>\n\t\t\t\t\t<\/div>\n\t\t<\/div>\n\t\t\t\t<div class=\"elementor-column elementor-col-50 elementor-top-column elementor-element elementor-element-37d7a8a\" data-id=\"37d7a8a\" data-element_type=\"column\" data-e-type=\"column\">\n\t\t\t<div class=\"elementor-widget-wrap elementor-element-populated\">\n\t\t\t\t\t\t<div class=\"elementor-element elementor-element-b05c90d elementor-widget elementor-widget-shortcode\" data-id=\"b05c90d\" data-element_type=\"widget\" data-e-type=\"widget\" data-widget_type=\"shortcode.default\">\n\t\t\t\t\t\t\t<div class=\"elementor-shortcode\">\n<div class=\"wpcf7 no-js\" id=\"wpcf7-f2221-o1\" lang=\"pl-PL\" dir=\"ltr\" data-wpcf7-id=\"2221\">\n<div class=\"screen-reader-response\"><p role=\"status\" aria-live=\"polite\" aria-atomic=\"true\"><\/p> <ul><\/ul><\/div>\n<form action=\"\/index.php\/wp-json\/wp\/v2\/pages\/1404#wpcf7-f2221-o1\" method=\"post\" class=\"wpcf7-form init\" aria-label=\"Formularz kontaktowy\" novalidate=\"novalidate\" data-status=\"init\">\n<fieldset class=\"hidden-fields-container\"><input type=\"hidden\" name=\"_wpcf7\" value=\"2221\" \/><input type=\"hidden\" name=\"_wpcf7_version\" value=\"6.1.5\" \/><input type=\"hidden\" name=\"_wpcf7_locale\" value=\"pl_PL\" \/><input type=\"hidden\" name=\"_wpcf7_unit_tag\" value=\"wpcf7-f2221-o1\" \/><input type=\"hidden\" name=\"_wpcf7_container_post\" value=\"0\" \/><input type=\"hidden\" name=\"_wpcf7_posted_data_hash\" value=\"\" \/>\n<\/fieldset>\n<p><label> Twoje imi\u0119 i nazwisko<br \/>\n<span class=\"wpcf7-form-control-wrap\" data-name=\"your-name\"><input size=\"40\" maxlength=\"400\" class=\"wpcf7-form-control wpcf7-text wpcf7-validates-as-required\" autocomplete=\"name\" aria-required=\"true\" aria-invalid=\"false\" value=\"\" type=\"text\" name=\"your-name\" \/><\/span> <\/label>\n<\/p>\n<p><label> Tw\u00f3j adres e-mail<br \/>\n<span class=\"wpcf7-form-control-wrap\" data-name=\"your-email\"><input size=\"40\" maxlength=\"400\" class=\"wpcf7-form-control wpcf7-email wpcf7-validates-as-required wpcf7-text wpcf7-validates-as-email\" autocomplete=\"email\" aria-required=\"true\" aria-invalid=\"false\" value=\"\" type=\"email\" name=\"your-email\" \/><\/span> <\/label>\n<\/p>\n<p><label> Temat<br \/>\n<span class=\"wpcf7-form-control-wrap\" data-name=\"your-subject\"><input size=\"40\" maxlength=\"400\" class=\"wpcf7-form-control wpcf7-text wpcf7-validates-as-required\" aria-required=\"true\" aria-invalid=\"false\" value=\"\" type=\"text\" name=\"your-subject\" \/><\/span> <\/label>\n<\/p>\n<p><label> Twoja wiadomo\u015b\u0107<br \/>\n<span class=\"wpcf7-form-control-wrap\" data-name=\"your-message\"><textarea cols=\"40\" rows=\"10\" maxlength=\"2000\" class=\"wpcf7-form-control wpcf7-textarea\" aria-invalid=\"false\" name=\"your-message\"><\/textarea><\/span> <\/label>\n<\/p>\n<p><input class=\"wpcf7-form-control wpcf7-submit has-spinner\" type=\"submit\" value=\"Wy\u015blij\" \/>\n<\/p><div class=\"wpcf7-response-output\" aria-hidden=\"true\"><\/div>\n<\/form>\n<\/div>\n<\/div>\n\t\t\t\t\t\t<\/div>\n\t\t\t\t\t<\/div>\n\t\t<\/div>\n\t\t\t\t\t<\/div>\n\t\t<\/section>\n\t\t\t\t<section class=\"elementor-section elementor-top-section elementor-element elementor-element-d7e9f9a elementor-section-boxed elementor-section-height-default elementor-section-height-default\" data-id=\"d7e9f9a\" data-element_type=\"section\" data-e-type=\"section\">\n\t\t\t\t\t\t<div class=\"elementor-container elementor-column-gap-default\">\n\t\t\t\t\t<div class=\"elementor-column elementor-col-100 elementor-top-column elementor-element elementor-element-fa5d3dc\" data-id=\"fa5d3dc\" data-element_type=\"column\" data-e-type=\"column\">\n\t\t\t<div class=\"elementor-widget-wrap elementor-element-populated\">\n\t\t\t\t\t\t<div class=\"elementor-element elementor-element-35c762c elementor-widget elementor-widget-heading\" data-id=\"35c762c\" data-element_type=\"widget\" data-e-type=\"widget\" data-widget_type=\"heading.default\">\n\t\t\t\t\t<h1 class=\"elementor-heading-title elementor-size-default\">Blog- nasze poradniki<\/h1>\t\t\t\t<\/div>\n\t\t\t\t<div class=\"elementor-element elementor-element-a7f347c elementor-widget elementor-widget-shortcode\" data-id=\"a7f347c\" data-element_type=\"widget\" data-e-type=\"widget\" data-widget_type=\"shortcode.default\">\n\t\t\t\t\t\t\t<div class=\"elementor-shortcode\"><div class=\"blog-3col-grid\"><div class=\"row\"><div class=\"col-lg-4\"><article class=\"blog-item blog-item-3col-grid\"><div class=\"post-image\"><img loading=\"lazy\" decoding=\"async\" width=\"800\" height=\"600\" src=\"https:\/\/studiodrugibrzeg.pl\/wp-content\/uploads\/sesja-biznesowa-kobieta-na-tle-lozka-800x600.jpg\" class=\"img-fluid wp-post-image\" alt=\"\" \/><a href=\"https:\/\/studiodrugibrzeg.pl\/index.php\/ile-kosztuje-wynajem-studia-fotograficznego-w-warszawie\/\" aria-label=\"Ile kosztuje wynajem studia fotograficznego w Warszawie?\"><\/a><\/div><div class=\"post-holder\"><div class=\"meta-info\"><div class=\"meta-date-all\">22\/04\/2026<\/div><div class=\"divider-meta\"><\/div><div class=\"meta-categ-all\"> <a href=\"https:\/\/studiodrugibrzeg.pl\/index.php\/category\/poradnik\/\">Poradnik<\/a><\/div><div class=\"divider-meta\"><\/div><div class=\"meta-author\"><a href=\"https:\/\/studiodrugibrzeg.pl\/author\/admin\/\"> admin<\/a><\/div><\/div><h2 class=\"article-title display-6\"><a href=\"https:\/\/studiodrugibrzeg.pl\/index.php\/ile-kosztuje-wynajem-studia-fotograficznego-w-warszawie\/\">Ile kosztuje wynajem studia fotograficznego w Warszawie?<\/a><\/h2><div class=\"article-excerpt\">Ile kosztuje wynajem studia fotograficznego w Warszawie? Sprawd\u017a, co wp\u0142ywa na cen\u0119, co jest w pakiecie i jak policzy\u0107 bud\u017cet ...<\/div><a class=\"read-more-v2 margin-t30\" href=\"https:\/\/studiodrugibrzeg.pl\/index.php\/ile-kosztuje-wynajem-studia-fotograficznego-w-warszawie\/\">Read More<\/a><\/div><\/article><\/div><div class=\"col-lg-4\"><article class=\"blog-item blog-item-3col-grid\"><div class=\"post-image\"><img loading=\"lazy\" decoding=\"async\" width=\"800\" height=\"600\" src=\"https:\/\/studiodrugibrzeg.pl\/wp-content\/uploads\/studio-fotograficzne-lampy-studyjne.jpg-800x600.jpg\" class=\"img-fluid wp-post-image\" alt=\"Profesjonalne lampy studyjne w Studio Drugi Brzeg w Warszawie\" \/><a href=\"https:\/\/studiodrugibrzeg.pl\/index.php\/tla-fotograficzne-papierowe-jak-uzywac\/\" aria-label=\"T\u0142a fotograficzne papierowe jak u\u017cywa\u0107 \u2013 poradnik studia\"><\/a><\/div><div class=\"post-holder\"><div class=\"meta-info\"><div class=\"meta-date-all\">15\/04\/2026<\/div><div class=\"divider-meta\"><\/div><div class=\"meta-categ-all\"> <a href=\"https:\/\/studiodrugibrzeg.pl\/index.php\/category\/poradnik\/\">Poradnik<\/a><\/div><div class=\"divider-meta\"><\/div><div class=\"meta-author\"><a href=\"https:\/\/studiodrugibrzeg.pl\/author\/admin\/\"> admin<\/a><\/div><\/div><h2 class=\"article-title display-6\"><a href=\"https:\/\/studiodrugibrzeg.pl\/index.php\/tla-fotograficzne-papierowe-jak-uzywac\/\">T\u0142a fotograficzne papierowe jak u\u017cywa\u0107 \u2013 poradnik studia<\/a><\/h2><div class=\"article-excerpt\">T\u0142a fotograficzne papierowe jak u\u017cywa\u0107? Sprawd\u017a dob\u00f3r koloru, ochron\u0119 t\u0142a, ograniczanie zu\u017cycia i moment wymiany w studiu fotograficznym.<\/div><a class=\"read-more-v2 margin-t30\" href=\"https:\/\/studiodrugibrzeg.pl\/index.php\/tla-fotograficzne-papierowe-jak-uzywac\/\">Read More<\/a><\/div><\/article><\/div><div class=\"col-lg-4\"><article class=\"blog-item blog-item-3col-grid\"><div class=\"post-image\"><img loading=\"lazy\" decoding=\"async\" width=\"800\" height=\"600\" src=\"https:\/\/studiodrugibrzeg.pl\/wp-content\/uploads\/wynajem-studia-na-sesje-produktowe.jpg-800x600.jpg\" class=\"img-fluid wp-post-image\" alt=\"Studio do sesji produktowych i reklamowych w Warszawie\" \/><a href=\"https:\/\/studiodrugibrzeg.pl\/index.php\/tanie-studio-fotograficzne-warszawa\/\" aria-label=\"Tanie studio fotograficzne Warszawa \u2013 gdzie wynaj\u0105\u0107 m\u0105drze\"><\/a><\/div><div class=\"post-holder\"><div class=\"meta-info\"><div class=\"meta-date-all\">10\/04\/2026<\/div><div class=\"divider-meta\"><\/div><div class=\"meta-categ-all\"> <a href=\"https:\/\/studiodrugibrzeg.pl\/index.php\/category\/poradnik\/\">Poradnik<\/a><\/div><div class=\"divider-meta\"><\/div><div class=\"meta-author\"><a href=\"https:\/\/studiodrugibrzeg.pl\/author\/admin\/\"> admin<\/a><\/div><\/div><h2 class=\"article-title display-6\"><a href=\"https:\/\/studiodrugibrzeg.pl\/index.php\/tanie-studio-fotograficzne-warszawa\/\">Tanie studio fotograficzne Warszawa \u2013 gdzie wynaj\u0105\u0107 m\u0105drze<\/a><\/h2><div class=\"article-excerpt\">Tanie studio fotograficzne Warszawa? Sprawd\u017a, jak wynaj\u0105\u0107 dobre studio bez przep\u0142acania. 90 m\u00b2, \u015bwiat\u0142o dzienne, t\u0142a i promocja 100 z\u0142 ...<\/div><a class=\"read-more-v2 margin-t30\" href=\"https:\/\/studiodrugibrzeg.pl\/index.php\/tanie-studio-fotograficzne-warszawa\/\">Read More<\/a><\/div><\/article><\/div><\/div><\/div><\/div>\n\t\t\t\t\t\t<\/div>\n\t\t\t\t\t<\/div>\n\t\t<\/div>\n\t\t\t\t\t<\/div>\n\t\t<\/section>\n\t\t\t\t<\/div>\n\t\t","protected":false},"excerpt":{"rendered":"<p>Warszawa wawer &#8211; 200m od mostu siekierkowskiego Studio Drugi Brzeg &#8211; Profesjonalne Studio Fotograficzne na Wynajem w Warszawie Witamy w Studio Drugi Brzeg &#8211; nowoczesnej przestrzeni fotograficznej na warszawskim Wawrze. Oferujemy wynajem studia fotograficznego z naturalnym \u015bwiat\u0142em, profesjonalnym sprz\u0119tem i&#8230;<\/p>\n","protected":false},"author":1,"featured_media":0,"parent":0,"menu_order":0,"comment_status":"closed","ping_status":"closed","template":"templates\/template-home.php","meta":{"_acf_changed":false,"footnotes":""},"class_list":["post-1404","page","type-page","status-publish","hentry"],"acf":[],"_links":{"self":[{"href":"https:\/\/studiodrugibrzeg.pl\/index.php\/wp-json\/wp\/v2\/pages\/1404","targetHints":{"allow":["GET"]}}],"collection":[{"href":"https:\/\/studiodrugibrzeg.pl\/index.php\/wp-json\/wp\/v2\/pages"}],"about":[{"href":"https:\/\/studiodrugibrzeg.pl\/index.php\/wp-json\/wp\/v2\/types\/page"}],"author":[{"embeddable":true,"href":"https:\/\/studiodrugibrzeg.pl\/index.php\/wp-json\/wp\/v2\/users\/1"}],"replies":[{"embeddable":true,"href":"https:\/\/studiodrugibrzeg.pl\/index.php\/wp-json\/wp\/v2\/comments?post=1404"}],"version-history":[{"count":120,"href":"https:\/\/studiodrugibrzeg.pl\/index.php\/wp-json\/wp\/v2\/pages\/1404\/revisions"}],"predecessor-version":[{"id":3136,"href":"https:\/\/studiodrugibrzeg.pl\/index.php\/wp-json\/wp\/v2\/pages\/1404\/revisions\/3136"}],"wp:attachment":[{"href":"https:\/\/studiodrugibrzeg.pl\/index.php\/wp-json\/wp\/v2\/media?parent=1404"}],"curies":[{"name":"wp","href":"https:\/\/api.w.org\/{rel}","templated":true}]}}