{"id":2407,"date":"2025-09-25T12:13:00","date_gmt":"2025-09-25T10:13:00","guid":{"rendered":"https:\/\/studiodrugibrzeg.pl\/?page_id=2407"},"modified":"2026-04-23T12:41:48","modified_gmt":"2026-04-23T10:41:48","slug":"galeria-studio-fotograficzne-warszawa","status":"publish","type":"page","link":"https:\/\/studiodrugibrzeg.pl\/index.php\/galeria-studio-fotograficzne-warszawa\/","title":{"rendered":"Galeria"},"content":{"rendered":"\t\t<div data-elementor-type=\"wp-page\" data-elementor-id=\"2407\" class=\"elementor elementor-2407\">\n\t\t\t\t\t\t<section class=\"elementor-section elementor-top-section elementor-element elementor-element-79e15fc6 elementor-section-boxed elementor-section-height-default elementor-section-height-default\" data-id=\"79e15fc6\" data-element_type=\"section\" data-e-type=\"section\">\n\t\t\t\t\t\t<div class=\"elementor-container elementor-column-gap-default\">\n\t\t\t\t\t<div class=\"elementor-column elementor-col-100 elementor-top-column elementor-element elementor-element-20856b3f\" data-id=\"20856b3f\" data-element_type=\"column\" data-e-type=\"column\">\n\t\t\t<div class=\"elementor-widget-wrap elementor-element-populated\">\n\t\t\t\t\t\t<div class=\"elementor-element elementor-element-3949ff02 el-smalltitle pcolor elementor-widget elementor-widget-heading\" data-id=\"3949ff02\" data-element_type=\"widget\" data-e-type=\"widget\" data-widget_type=\"heading.default\">\n\t\t\t\t\t<span class=\"elementor-heading-title elementor-size-default\">Stoczniowc\u00f3w 21, Warszawa Wawer<\/span>\t\t\t\t<\/div>\n\t\t\t\t<div class=\"elementor-element elementor-element-4d028ad8 elementor-widget elementor-widget-heading\" data-id=\"4d028ad8\" data-element_type=\"widget\" data-e-type=\"widget\" data-widget_type=\"heading.default\">\n\t\t\t\t\t<h1 class=\"elementor-heading-title elementor-size-default\">Galeria Studio Drugi Brzeg - Wn\u0119trza Przestrzeni Fotograficznej<\/h1>\t\t\t\t<\/div>\n\t\t\t\t<section class=\"elementor-section elementor-inner-section elementor-element elementor-element-3a978674 el-inner-section elementor-section-boxed elementor-section-height-default elementor-section-height-default\" data-id=\"3a978674\" data-element_type=\"section\" data-e-type=\"section\">\n\t\t\t\t\t\t<div class=\"elementor-container elementor-column-gap-default\">\n\t\t\t\t\t<div class=\"elementor-column elementor-col-50 elementor-inner-column elementor-element elementor-element-565ca38e\" data-id=\"565ca38e\" data-element_type=\"column\" data-e-type=\"column\">\n\t\t\t<div class=\"elementor-widget-wrap elementor-element-populated\">\n\t\t\t\t\t\t<div class=\"elementor-element elementor-element-5d72574 elementor-widget elementor-widget-text-editor\" data-id=\"5d72574\" data-element_type=\"widget\" data-e-type=\"widget\" data-widget_type=\"text-editor.default\">\n\t\t\t\t\t\t\t\t\t<p>Poznaj wn\u0119trza Studio Drugi Brzeg &#8211; wyj\u0105tkowej przestrzeni fotograficznej na warszawskim Wawrze. Nasza galeria prezentuje wszystkie dost\u0119pne plany zdj\u0119ciowe, profesjonalne wyposa\u017cenie oraz komfortowe warunki pracy. Zobacz jak wygl\u0105da studio przed rezerwacj\u0105 i przekonaj si\u0119, \u017ce to idealne miejsce na Twoj\u0105 sesj\u0119 fotograficzn\u0105.<\/p>\t\t\t\t\t\t\t\t<\/div>\n\t\t\t\t\t<\/div>\n\t\t<\/div>\n\t\t\t\t<div class=\"elementor-column elementor-col-50 elementor-inner-column elementor-element elementor-element-72cd90df\" data-id=\"72cd90df\" data-element_type=\"column\" data-e-type=\"column\">\n\t\t\t<div class=\"elementor-widget-wrap elementor-element-populated\">\n\t\t\t\t\t\t<div class=\"elementor-element elementor-element-558916ab elementor-widget elementor-widget-text-editor\" data-id=\"558916ab\" data-element_type=\"widget\" data-e-type=\"widget\" data-widget_type=\"text-editor.default\">\n\t\t\t\t\t\t\t\t\t<p>Nasza g\u0142\u00f3wna sala fotograficzna o powierzchni 9<strong>0 m\u00b2<\/strong> z wysoko\u015bci\u0105 <strong>3,3 metra<\/strong>\u00a0zapewnia pe\u0142n\u0105 swobod\u0119 kompozycji i ruchu podczas sesji. Du\u017ce okna wpuszczaj\u0105 naturalne \u015bwiat\u0142o przez ca\u0142y dzie\u0144, tworz\u0105c mi\u0119kkie i r\u00f3wnomierne o\u015bwietlenie, idealne dla ka\u017cdego rodzaju fotografii<\/p>\t\t\t\t\t\t\t\t<\/div>\n\t\t\t\t\t<\/div>\n\t\t<\/div>\n\t\t\t\t\t<\/div>\n\t\t<\/section>\n\t\t\t\t<div class=\"elementor-element elementor-element-da03753 elementor-widget elementor-widget-text-editor\" data-id=\"da03753\" data-element_type=\"widget\" data-e-type=\"widget\" data-widget_type=\"text-editor.default\">\n\t\t\t\t\t\t\t\t\t<p class=\"my-2 [&amp;+p]:mt-4 [&amp;_strong:has(+br)]:inline-block [&amp;_strong:has(+br)]:pb-2\"><strong>Charakterystyka przestrzeni:<\/strong><\/p><p class=\"my-2 [&amp;+p]:mt-4 [&amp;_strong:has(+br)]:inline-block [&amp;_strong:has(+br)]:pb-2\"><strong>Powierzchnia:<\/strong> 90 m\u00b2 u\u017cytkowej przestrzeni fotograficznej<\/p><p class=\"my-2 [&amp;+p]:mt-4 [&amp;_strong:has(+br)]:inline-block [&amp;_strong:has(+br)]:pb-2\"><strong>Wysoko\u015b\u0107:<\/strong> 3,3 metra &#8211; mo\u017cliwo\u015b\u0107 monta\u017cu wysokich te\u0142 i o\u015bwietlenia<\/p><p class=\"my-2 [&amp;+p]:mt-4 [&amp;_strong:has(+br)]:inline-block [&amp;_strong:has(+br)]:pb-2\"><strong>O\u015bwietlenie:<\/strong> Naturalne \u015bwiat\u0142o z du\u017cych okien + sztuczne o\u015bwietlenie studyjne<\/p><p class=\"my-2 [&amp;+p]:mt-4 [&amp;_strong:has(+br)]:inline-block [&amp;_strong:has(+br)]:pb-2\"><strong>Pod\u0142oga:<\/strong> P\u0142ytki pod\u0142ogowe szare, matowa powierzchnia niepowoduj\u0105ca odblaski, do wyboru r\u00f3wnie\u017c pod\u0142ogi winylowe fotograficzne<\/p>\t\t\t\t\t\t\t\t<\/div>\n\t\t\t\t\t<\/div>\n\t\t<\/div>\n\t\t\t\t\t<\/div>\n\t\t<\/section>\n\t\t<div class=\"elementor-element elementor-element-3464710 e-flex e-con-boxed e-con e-parent\" data-id=\"3464710\" data-element_type=\"container\" data-e-type=\"container\">\n\t\t\t\t\t<div class=\"e-con-inner\">\n\t\t\t\t<div class=\"elementor-element elementor-element-9c9fed2 elementor-widget elementor-widget-text-editor\" data-id=\"9c9fed2\" data-element_type=\"widget\" data-e-type=\"widget\" data-widget_type=\"text-editor.default\">\n\t\t\t\t\t\t\t\t\t<section class=\"sdb-gallery-intro\"><h2>Galeria studia fotograficznego Warszawa \u2013 Studio Drugi Brzeg<\/h2><p>Zobacz, jak wygl\u0105da Studio Drugi Brzeg przed rezerwacj\u0105. Galeria pokazuje wn\u0119trza studia fotograficznego<br \/>w Warszawie, w dzielnicy Wawer, przy ul. Stoczniowc\u00f3w 21, wraz z planami zdj\u0119ciowymi, \u015bcianami, t\u0142ami,<br \/>naturalnym \u015bwiat\u0142em i wyposa\u017ceniem dost\u0119pnym na miejscu.<\/p><p>To dobre miejsce, aby sprawdzi\u0107, czy studio odpowiada Twojemu projektowi: sesji biznesowej, portretowej,<br \/>contentowej, rodzinnej, produktowej lub prostym nagraniom wideo.<\/p><\/section><p><style>\n  .sdb-gallery-intro { color: inherit; }<br \/>\n  .sdb-gallery-intro h1 {<br \/>\n    margin: 0 0 18px;<br \/>\n    color: inherit;<br \/>\n    font-size: 38px;<br \/>\n    line-height: 1.2;<br \/>\n  }<br \/>\n  .sdb-gallery-intro p {<br \/>\n    margin: 0 0 14px;<br \/>\n    color: inherit;<br \/>\n    opacity: 0.92;<br \/>\n    font-size: 17px;<br \/>\n    line-height: 1.8;<br \/>\n    max-width: 920px;<br \/>\n  }<br \/>\n  @media (max-width: 767px) {<br \/>\n    .sdb-gallery-intro h1 { font-size: 28px; }<br \/>\n    .sdb-gallery-intro p { font-size: 15px; }<br \/>\n  }<br \/>\n<\/style><\/p>\t\t\t\t\t\t\t\t<\/div>\n\t\t\t\t\t<\/div>\n\t\t\t\t<\/div>\n\t\t<div class=\"elementor-element elementor-element-38c5d04 e-flex e-con-boxed e-con e-parent\" data-id=\"38c5d04\" data-element_type=\"container\" data-e-type=\"container\">\n\t\t\t\t\t<div class=\"e-con-inner\">\n\t\t\t\t<div class=\"elementor-element elementor-element-da2538f elementor-widget elementor-widget-text-editor\" data-id=\"da2538f\" data-element_type=\"widget\" data-e-type=\"widget\" data-widget_type=\"text-editor.default\">\n\t\t\t\t\t\t\t\t\t<section class=\"sdb-gallery-specs\">\n  <h2>Najwa\u017cniejsze parametry studia<\/h2>\n  <div class=\"sdb-table-scroll\">\n    <table class=\"sdb-gallery-table\">\n      <tbody>\n        <tr>\n          <th scope=\"row\">Lokalizacja<\/th>\n          <td>Warszawa, Wawer, ul. Stoczniowc\u00f3w 21<\/td>\n        <\/tr>\n        <tr>\n          <th scope=\"row\">Metra\u017c<\/th>\n          <td>90 m\u00b2<\/td>\n        <\/tr>\n        <tr>\n          <th scope=\"row\">Wysoko\u015b\u0107<\/th>\n          <td>3,3 m<\/td>\n        <\/tr>\n        <tr>\n          <th scope=\"row\">\u015awiat\u0142o<\/th>\n          <td>Naturalne \u015bwiat\u0142o z du\u017cych okien oraz o\u015bwietlenie studyjne<\/td>\n        <\/tr>\n        <tr>\n          <th scope=\"row\">Plany zdj\u0119ciowe<\/th>\n          <td>R\u00f3\u017cne aran\u017cacje wn\u0119trza, \u015bciany dekoracyjne i przestrze\u0144 do pracy na planie<\/td>\n        <\/tr>\n        <tr>\n          <th scope=\"row\">T\u0142a<\/th>\n          <td>Automatyczne t\u0142a fotograficzne oraz \u015bciany do r\u00f3\u017cnych typ\u00f3w sesji<\/td>\n        <\/tr>\n        <tr>\n          <th scope=\"row\">Dodatkowe udogodnienia<\/th>\n          <td>Stanowisko do makija\u017cu, przestrze\u0144 socjalna, Wi-Fi, parking<\/td>\n        <\/tr>\n      <\/tbody>\n    <\/table>\n  <\/div>\n<\/section>\n\n<style>\n  .sdb-gallery-specs { margin-top: 36px; color: inherit; }\n  .sdb-gallery-specs h2 { color: inherit; }\n  .sdb-gallery-table {\n    width: 100%;\n    min-width: 640px;\n    border-collapse: collapse;\n    color: inherit;\n    background: transparent;\n    border: 1px solid rgba(255,255,255,0.14);\n  }\n  .sdb-gallery-table th,\n  .sdb-gallery-table td {\n    padding: 14px 16px;\n    text-align: left;\n    vertical-align: top;\n    color: inherit;\n    border-bottom: 1px solid rgba(255,255,255,0.12);\n  }\n  .sdb-gallery-table th {\n    width: 34%;\n    font-weight: 700;\n    background: rgba(255,255,255,0.04);\n  }\n  .sdb-gallery-table td {\n    width: 66%;\n    background: transparent;\n  }\n  .sdb-gallery-table tr:last-child th,\n  .sdb-gallery-table tr:last-child td {\n    border-bottom: 0;\n  }\n  .sdb-table-scroll {\n    overflow-x: auto;\n    -webkit-overflow-scrolling: touch;\n  }\n<\/style>\t\t\t\t\t\t\t\t<\/div>\n\t\t\t\t\t<\/div>\n\t\t\t\t<\/div>\n\t\t<div class=\"elementor-element elementor-element-4874de6 e-flex e-con-boxed e-con e-parent\" data-id=\"4874de6\" data-element_type=\"container\" data-e-type=\"container\">\n\t\t\t\t\t<div class=\"e-con-inner\">\n\t\t\t\t<div class=\"elementor-element elementor-element-cdbd4ae elementor-widget elementor-widget-heading\" data-id=\"cdbd4ae\" data-element_type=\"widget\" data-e-type=\"widget\" data-widget_type=\"heading.default\">\n\t\t\t\t\t<h2 class=\"elementor-heading-title elementor-size-default\">Aran\u017cacje miesi\u0105ca:<\/h2>\t\t\t\t<\/div>\n\t\t\t\t<div class=\"elementor-element elementor-element-8472d40 gallery-spacing-custom elementor-widget elementor-widget-image-gallery\" data-id=\"8472d40\" data-element_type=\"widget\" data-e-type=\"widget\" data-widget_type=\"image-gallery.default\">\n\t\t\t\t\t\t\t<div class=\"elementor-image-gallery\">\n\t\t\t<div id='gallery-1' class='gallery galleryid-2407 gallery-columns-2 gallery-size-latulipe-image800x600'><figure class='gallery-item'>\n\t\t\t<div class='gallery-icon landscape'>\n\t\t\t\t<a data-elementor-open-lightbox=\"yes\" data-elementor-lightbox-slideshow=\"8472d40\" data-elementor-lightbox-title=\"aranzacja-wiosenna\" data-e-action-hash=\"#elementor-action%3Aaction%3Dlightbox%26settings%3DeyJpZCI6Mjk5MSwidXJsIjoiaHR0cHM6XC9cL3N0dWRpb2RydWdpYnJ6ZWcucGxcL3dwLWNvbnRlbnRcL3VwbG9hZHNcL2FyYW56YWNqYS13aW9zZW5uYS5qcGciLCJzbGlkZXNob3ciOiI4NDcyZDQwIn0%3D\" href='https:\/\/studiodrugibrzeg.pl\/wp-content\/uploads\/aranzacja-wiosenna.jpg'><img fetchpriority=\"high\" decoding=\"async\" width=\"800\" height=\"600\" src=\"https:\/\/studiodrugibrzeg.pl\/wp-content\/uploads\/aranzacja-wiosenna-800x600.jpg\" class=\"attachment-latulipe-image800x600 size-latulipe-image800x600\" alt=\"Aran\u017cacja wiosenna w studio fotograficzne\" \/><\/a>\n\t\t\t<\/div><\/figure><figure class='gallery-item'>\n\t\t\t<div class='gallery-icon portrait'>\n\t\t\t\t<a data-elementor-open-lightbox=\"yes\" data-elementor-lightbox-slideshow=\"8472d40\" data-elementor-lightbox-title=\"aranzacja-wiosenna-studio-fotograficzne\" data-e-action-hash=\"#elementor-action%3Aaction%3Dlightbox%26settings%3DeyJpZCI6Mjk4MiwidXJsIjoiaHR0cHM6XC9cL3N0dWRpb2RydWdpYnJ6ZWcucGxcL3dwLWNvbnRlbnRcL3VwbG9hZHNcL2FyYW56YWNqYS13aW9zZW5uYS1zdHVkaW8tZm90b2dyYWZpY3puZS5qcGVnIiwic2xpZGVzaG93IjoiODQ3MmQ0MCJ9\" href='https:\/\/studiodrugibrzeg.pl\/wp-content\/uploads\/aranzacja-wiosenna-studio-fotograficzne.jpeg'><img decoding=\"async\" width=\"800\" height=\"600\" src=\"https:\/\/studiodrugibrzeg.pl\/wp-content\/uploads\/aranzacja-wiosenna-studio-fotograficzne-800x600.jpeg\" class=\"attachment-latulipe-image800x600 size-latulipe-image800x600\" alt=\"Wiosenna aran\u017cacja z kwiatami w studio fotograficznym na wynajem\" \/><\/a>\n\t\t\t<\/div><\/figure><figure class='gallery-item'>\n\t\t\t<div class='gallery-icon portrait'>\n\t\t\t\t<a data-elementor-open-lightbox=\"yes\" data-elementor-lightbox-slideshow=\"8472d40\" data-elementor-lightbox-title=\"photo_2026-03-14 19.51.24\" data-e-action-hash=\"#elementor-action%3Aaction%3Dlightbox%26settings%3DeyJpZCI6Mjk5NiwidXJsIjoiaHR0cHM6XC9cL3N0dWRpb2RydWdpYnJ6ZWcucGxcL3dwLWNvbnRlbnRcL3VwbG9hZHNcL3Bob3RvXzIwMjYtMDMtMTQtMTkuNTEuMjQuanBlZyIsInNsaWRlc2hvdyI6Ijg0NzJkNDAifQ%3D%3D\" href='https:\/\/studiodrugibrzeg.pl\/wp-content\/uploads\/photo_2026-03-14-19.51.24.jpeg'><img decoding=\"async\" width=\"800\" height=\"600\" src=\"https:\/\/studiodrugibrzeg.pl\/wp-content\/uploads\/photo_2026-03-14-19.51.24-800x600.jpeg\" class=\"attachment-latulipe-image800x600 size-latulipe-image800x600\" alt=\"Wiosenna przestrze\u0144 na wynajem w Warszawie do zdj\u0119\u0107\" \/><\/a>\n\t\t\t<\/div><\/figure><figure class='gallery-item'>\n\t\t\t<div class='gallery-icon landscape'>\n\t\t\t\t<a data-elementor-open-lightbox=\"yes\" data-elementor-lightbox-slideshow=\"8472d40\" data-elementor-lightbox-title=\"aranzacja-wiosenna-rozowa\" data-e-action-hash=\"#elementor-action%3Aaction%3Dlightbox%26settings%3DeyJpZCI6Mjk5MywidXJsIjoiaHR0cHM6XC9cL3N0dWRpb2RydWdpYnJ6ZWcucGxcL3dwLWNvbnRlbnRcL3VwbG9hZHNcL2FyYW56YWNqYS13aW9zZW5uYS1yb3pvd2EuanBnIiwic2xpZGVzaG93IjoiODQ3MmQ0MCJ9\" href='https:\/\/studiodrugibrzeg.pl\/wp-content\/uploads\/aranzacja-wiosenna-rozowa.jpg'><img loading=\"lazy\" decoding=\"async\" width=\"800\" height=\"600\" src=\"https:\/\/studiodrugibrzeg.pl\/wp-content\/uploads\/aranzacja-wiosenna-rozowa-800x600.jpg\" class=\"attachment-latulipe-image800x600 size-latulipe-image800x600\" alt=\"Studio fotograficzne na wynaje, aran\u017cacja wiosenna z ksi\u0105\u017ckami i kwiatami\" \/><\/a>\n\t\t\t<\/div><\/figure><figure class='gallery-item'>\n\t\t\t<div class='gallery-icon portrait'>\n\t\t\t\t<a data-elementor-open-lightbox=\"yes\" data-elementor-lightbox-slideshow=\"8472d40\" data-elementor-lightbox-title=\"scenka-wiosenna-studio-fotograficzne\" data-e-action-hash=\"#elementor-action%3Aaction%3Dlightbox%26settings%3DeyJpZCI6Mjk4MywidXJsIjoiaHR0cHM6XC9cL3N0dWRpb2RydWdpYnJ6ZWcucGxcL3dwLWNvbnRlbnRcL3VwbG9hZHNcL3NjZW5rYS13aW9zZW5uYS1zdHVkaW8tZm90b2dyYWZpY3puZS5qcGVnIiwic2xpZGVzaG93IjoiODQ3MmQ0MCJ9\" href='https:\/\/studiodrugibrzeg.pl\/wp-content\/uploads\/scenka-wiosenna-studio-fotograficzne.jpeg'><img loading=\"lazy\" decoding=\"async\" width=\"800\" height=\"600\" src=\"https:\/\/studiodrugibrzeg.pl\/wp-content\/uploads\/scenka-wiosenna-studio-fotograficzne-800x600.jpeg\" class=\"attachment-latulipe-image800x600 size-latulipe-image800x600\" alt=\"Scenka wiosenna w studio drugi brzeg\" \/><\/a>\n\t\t\t<\/div><\/figure><figure class='gallery-item'>\n\t\t\t<div class='gallery-icon landscape'>\n\t\t\t\t<a data-elementor-open-lightbox=\"yes\" data-elementor-lightbox-slideshow=\"8472d40\" data-elementor-lightbox-title=\"ART_7564\" data-e-action-hash=\"#elementor-action%3Aaction%3Dlightbox%26settings%3DeyJpZCI6Mjk5NSwidXJsIjoiaHR0cHM6XC9cL3N0dWRpb2RydWdpYnJ6ZWcucGxcL3dwLWNvbnRlbnRcL3VwbG9hZHNcL0FSVF83NTY0LmpwZyIsInNsaWRlc2hvdyI6Ijg0NzJkNDAifQ%3D%3D\" href='https:\/\/studiodrugibrzeg.pl\/wp-content\/uploads\/ART_7564.jpg'><img loading=\"lazy\" decoding=\"async\" width=\"800\" height=\"600\" src=\"https:\/\/studiodrugibrzeg.pl\/wp-content\/uploads\/ART_7564-800x600.jpg\" class=\"attachment-latulipe-image800x600 size-latulipe-image800x600\" alt=\"Aran\u017cacja miesi\u0105ca w studio drugi brzeg\" \/><\/a>\n\t\t\t<\/div><\/figure>\n\t\t<\/div>\n\t\t<\/div>\n\t\t\t\t\t\t<\/div>\n\t\t\t\t\t<\/div>\n\t\t\t\t<\/div>\n\t\t<div class=\"elementor-element elementor-element-384eecb e-flex e-con-boxed e-con e-parent\" data-id=\"384eecb\" data-element_type=\"container\" data-e-type=\"container\">\n\t\t\t\t\t<div class=\"e-con-inner\">\n\t\t\t\t<div class=\"elementor-element elementor-element-7ebdeb4 elementor-widget elementor-widget-heading\" data-id=\"7ebdeb4\" data-element_type=\"widget\" data-e-type=\"widget\" data-widget_type=\"heading.default\">\n\t\t\t\t\t<h2 class=\"elementor-heading-title elementor-size-default\">Galeria studia<\/h2>\t\t\t\t<\/div>\n\t\t\t\t<div class=\"elementor-element elementor-element-8e4c52c gallery-spacing-custom elementor-widget elementor-widget-image-gallery\" data-id=\"8e4c52c\" data-element_type=\"widget\" data-e-type=\"widget\" data-widget_type=\"image-gallery.default\">\n\t\t\t\t\t\t\t<div class=\"elementor-image-gallery\">\n\t\t\t<div id='gallery-2' class='gallery galleryid-2407 gallery-columns-2 gallery-size-latulipe-image800x600'><figure class='gallery-item'>\n\t\t\t<div class='gallery-icon landscape'>\n\t\t\t\t<a data-elementor-open-lightbox=\"yes\" data-elementor-lightbox-slideshow=\"8e4c52c\" data-elementor-lightbox-title=\"wynajem-studia-fotograficznego-warszawa.jpg\" data-e-action-hash=\"#elementor-action%3Aaction%3Dlightbox%26settings%3DeyJpZCI6MjcyNywidXJsIjoiaHR0cHM6XC9cL3N0dWRpb2RydWdpYnJ6ZWcucGxcL3dwLWNvbnRlbnRcL3VwbG9hZHNcL3d5bmFqZW0tc3R1ZGlhLWZvdG9ncmFmaWN6bmVnby13YXJzemF3YS5qcGcuanBnIiwic2xpZGVzaG93IjoiOGU0YzUyYyJ9\" href='https:\/\/studiodrugibrzeg.pl\/wp-content\/uploads\/wynajem-studia-fotograficznego-warszawa.jpg.jpg'><img loading=\"lazy\" decoding=\"async\" width=\"800\" height=\"600\" src=\"https:\/\/studiodrugibrzeg.pl\/wp-content\/uploads\/wynajem-studia-fotograficznego-warszawa.jpg-800x600.jpg\" class=\"attachment-latulipe-image800x600 size-latulipe-image800x600\" alt=\"Studio fotograficzne do wynaj\u0119cia w centrum Warszawy\" \/><\/a>\n\t\t\t<\/div><\/figure><figure class='gallery-item'>\n\t\t\t<div class='gallery-icon landscape'>\n\t\t\t\t<a data-elementor-open-lightbox=\"yes\" data-elementor-lightbox-slideshow=\"8e4c52c\" data-elementor-lightbox-title=\"studio-z-pelnym-wyposazeniem-fotograficznym.jpg\" data-e-action-hash=\"#elementor-action%3Aaction%3Dlightbox%26settings%3DeyJpZCI6MjcyNCwidXJsIjoiaHR0cHM6XC9cL3N0dWRpb2RydWdpYnJ6ZWcucGxcL3dwLWNvbnRlbnRcL3VwbG9hZHNcL3N0dWRpby16LXBlbG55bS13eXBvc2F6ZW5pZW0tZm90b2dyYWZpY3pueW0uanBnLmpwZyIsInNsaWRlc2hvdyI6IjhlNGM1MmMifQ%3D%3D\" href='https:\/\/studiodrugibrzeg.pl\/wp-content\/uploads\/studio-z-pelnym-wyposazeniem-fotograficznym.jpg.jpg'><img loading=\"lazy\" decoding=\"async\" width=\"800\" height=\"600\" src=\"https:\/\/studiodrugibrzeg.pl\/wp-content\/uploads\/studio-z-pelnym-wyposazeniem-fotograficznym.jpg-800x600.jpg\" class=\"attachment-latulipe-image800x600 size-latulipe-image800x600\" alt=\"Studio fotograficzne z pe\u0142nym wyposa\u017ceniem i o\u015bwietleniem\" \/><\/a>\n\t\t\t<\/div><\/figure><figure class='gallery-item'>\n\t\t\t<div class='gallery-icon landscape'>\n\t\t\t\t<a data-elementor-open-lightbox=\"yes\" data-elementor-lightbox-slideshow=\"8e4c52c\" data-elementor-lightbox-title=\"tlo-fotograficzne-studio-warszawa.jpg\" data-e-action-hash=\"#elementor-action%3Aaction%3Dlightbox%26settings%3DeyJpZCI6MjcyNSwidXJsIjoiaHR0cHM6XC9cL3N0dWRpb2RydWdpYnJ6ZWcucGxcL3dwLWNvbnRlbnRcL3VwbG9hZHNcL3Rsby1mb3RvZ3JhZmljem5lLXN0dWRpby13YXJzemF3YS5qcGcuanBnIiwic2xpZGVzaG93IjoiOGU0YzUyYyJ9\" href='https:\/\/studiodrugibrzeg.pl\/wp-content\/uploads\/tlo-fotograficzne-studio-warszawa.jpg.jpg'><img loading=\"lazy\" decoding=\"async\" width=\"800\" height=\"600\" src=\"https:\/\/studiodrugibrzeg.pl\/wp-content\/uploads\/tlo-fotograficzne-studio-warszawa.jpg-800x600.jpg\" class=\"attachment-latulipe-image800x600 size-latulipe-image800x600\" alt=\"Kolorowe t\u0142a fotograficzne dost\u0119pne w Studio Drugi Brzeg\" \/><\/a>\n\t\t\t<\/div><\/figure><figure class='gallery-item'>\n\t\t\t<div class='gallery-icon landscape'>\n\t\t\t\t<a data-elementor-open-lightbox=\"yes\" data-elementor-lightbox-slideshow=\"8e4c52c\" data-elementor-lightbox-title=\"studio-drugi-brzeg-wnetrze.jpg\" data-e-action-hash=\"#elementor-action%3Aaction%3Dlightbox%26settings%3DeyJpZCI6MjcyMiwidXJsIjoiaHR0cHM6XC9cL3N0dWRpb2RydWdpYnJ6ZWcucGxcL3dwLWNvbnRlbnRcL3VwbG9hZHNcL3N0dWRpby1kcnVnaS1icnplZy13bmV0cnplLmpwZy5qcGciLCJzbGlkZXNob3ciOiI4ZTRjNTJjIn0%3D\" href='https:\/\/studiodrugibrzeg.pl\/wp-content\/uploads\/studio-drugi-brzeg-wnetrze.jpg.jpg'><img loading=\"lazy\" decoding=\"async\" width=\"800\" height=\"600\" src=\"https:\/\/studiodrugibrzeg.pl\/wp-content\/uploads\/studio-drugi-brzeg-wnetrze.jpg-800x600.jpg\" class=\"attachment-latulipe-image800x600 size-latulipe-image800x600\" alt=\"Wn\u0119trze nowoczesnego studia fotograficznego Drugi Brzeg w Warszawie\" \/><\/a>\n\t\t\t<\/div><\/figure><figure class='gallery-item'>\n\t\t\t<div class='gallery-icon landscape'>\n\t\t\t\t<a data-elementor-open-lightbox=\"yes\" data-elementor-lightbox-slideshow=\"8e4c52c\" data-elementor-lightbox-title=\"naturalne-swiatlo-studio-fotograficzne-warszawa.jpg\" data-e-action-hash=\"#elementor-action%3Aaction%3Dlightbox%26settings%3DeyJpZCI6MjcyMCwidXJsIjoiaHR0cHM6XC9cL3N0dWRpb2RydWdpYnJ6ZWcucGxcL3dwLWNvbnRlbnRcL3VwbG9hZHNcL25hdHVyYWxuZS1zd2lhdGxvLXN0dWRpby1mb3RvZ3JhZmljem5lLXdhcnN6YXdhLmpwZy5qcGciLCJzbGlkZXNob3ciOiI4ZTRjNTJjIn0%3D\" href='https:\/\/studiodrugibrzeg.pl\/wp-content\/uploads\/naturalne-swiatlo-studio-fotograficzne-warszawa.jpg.jpg'><img loading=\"lazy\" decoding=\"async\" width=\"800\" height=\"600\" src=\"https:\/\/studiodrugibrzeg.pl\/wp-content\/uploads\/naturalne-swiatlo-studio-fotograficzne-warszawa.jpg-800x600.jpg\" class=\"attachment-latulipe-image800x600 size-latulipe-image800x600\" alt=\"Studio z naturalnym \u015bwiat\u0142em do sesji zdj\u0119ciowych w Warszawie\" \/><\/a>\n\t\t\t<\/div><\/figure><figure class='gallery-item'>\n\t\t\t<div class='gallery-icon landscape'>\n\t\t\t\t<a data-elementor-open-lightbox=\"yes\" data-elementor-lightbox-slideshow=\"8e4c52c\" data-elementor-lightbox-title=\"wynajem-studio-fotograficzne-warszawa\" data-e-action-hash=\"#elementor-action%3Aaction%3Dlightbox%26settings%3DeyJpZCI6MjM4NywidXJsIjoiaHR0cHM6XC9cL3N0dWRpb2RydWdpYnJ6ZWcucGxcL3dwLWNvbnRlbnRcL3VwbG9hZHNcL3d5bmFqZW0tc3R1ZGlvLWZvdG9ncmFmaWN6bmUtd2Fyc3phd2EuanBnIiwic2xpZGVzaG93IjoiOGU0YzUyYyJ9\" href='https:\/\/studiodrugibrzeg.pl\/wp-content\/uploads\/wynajem-studio-fotograficzne-warszawa.jpg'><img loading=\"lazy\" decoding=\"async\" width=\"800\" height=\"600\" src=\"https:\/\/studiodrugibrzeg.pl\/wp-content\/uploads\/wynajem-studio-fotograficzne-warszawa-800x600.jpg\" class=\"attachment-latulipe-image800x600 size-latulipe-image800x600\" alt=\"Studio fotograficzne Drugi Brzeg - g\u0142\u00f3wna sala z naturalnym \u015bwiat\u0142em w Warszawie na Wawrze\" \/><\/a>\n\t\t\t<\/div><\/figure><figure class='gallery-item'>\n\t\t\t<div class='gallery-icon landscape'>\n\t\t\t\t<a data-elementor-open-lightbox=\"yes\" data-elementor-lightbox-slideshow=\"8e4c52c\" data-elementor-lightbox-title=\"miejsce-na-sesje-fotograficzne-warszawa.jpg\" data-e-action-hash=\"#elementor-action%3Aaction%3Dlightbox%26settings%3DeyJpZCI6MjcxOSwidXJsIjoiaHR0cHM6XC9cL3N0dWRpb2RydWdpYnJ6ZWcucGxcL3dwLWNvbnRlbnRcL3VwbG9hZHNcL21pZWpzY2UtbmEtc2VzamUtZm90b2dyYWZpY3puZS13YXJzemF3YS5qcGcuanBnIiwic2xpZGVzaG93IjoiOGU0YzUyYyJ9\" href='https:\/\/studiodrugibrzeg.pl\/wp-content\/uploads\/miejsce-na-sesje-fotograficzne-warszawa.jpg.jpg'><img loading=\"lazy\" decoding=\"async\" width=\"800\" height=\"600\" src=\"https:\/\/studiodrugibrzeg.pl\/wp-content\/uploads\/miejsce-na-sesje-fotograficzne-warszawa.jpg-800x600.jpg\" class=\"attachment-latulipe-image800x600 size-latulipe-image800x600\" alt=\"Przestrze\u0144 na sesje fotograficzne i filmowe w Warszawie\" \/><\/a>\n\t\t\t<\/div><\/figure><figure class='gallery-item'>\n\t\t\t<div class='gallery-icon landscape'>\n\t\t\t\t<a data-elementor-open-lightbox=\"yes\" data-elementor-lightbox-slideshow=\"8e4c52c\" data-elementor-lightbox-title=\"os\u0301wietlenie-studyjne-lampy-blysowe-wyposazenie\" data-e-action-hash=\"#elementor-action%3Aaction%3Dlightbox%26settings%3DeyJpZCI6MjM3NCwidXJsIjoiaHR0cHM6XC9cL3N0dWRpb2RydWdpYnJ6ZWcucGxcL3dwLWNvbnRlbnRcL3VwbG9hZHNcL29zd2lldGxlbmllLXN0dWR5am5lLWxhbXB5LWJseXNvd2Utd3lwb3NhemVuaWUuanBnIiwic2xpZGVzaG93IjoiOGU0YzUyYyJ9\" href='https:\/\/studiodrugibrzeg.pl\/wp-content\/uploads\/oswietlenie-studyjne-lampy-blysowe-wyposazenie.jpg'><img loading=\"lazy\" decoding=\"async\" width=\"800\" height=\"600\" src=\"https:\/\/studiodrugibrzeg.pl\/wp-content\/uploads\/oswietlenie-studyjne-lampy-blysowe-wyposazenie-800x600.jpg\" class=\"attachment-latulipe-image800x600 size-latulipe-image800x600\" alt=\"O\u015bwietlenie studyjne i lampy b\u0142yskowe w studio na wynajem\" \/><\/a>\n\t\t\t<\/div><\/figure><figure class='gallery-item'>\n\t\t\t<div class='gallery-icon landscape'>\n\t\t\t\t<a data-elementor-open-lightbox=\"yes\" data-elementor-lightbox-slideshow=\"8e4c52c\" data-elementor-lightbox-title=\"wynajem-studia-fotograficznego-na-godziny.jpg\" data-e-action-hash=\"#elementor-action%3Aaction%3Dlightbox%26settings%3DeyJpZCI6MjcyNiwidXJsIjoiaHR0cHM6XC9cL3N0dWRpb2RydWdpYnJ6ZWcucGxcL3dwLWNvbnRlbnRcL3VwbG9hZHNcL3d5bmFqZW0tc3R1ZGlhLWZvdG9ncmFmaWN6bmVnby1uYS1nb2R6aW55LmpwZy5qcGciLCJzbGlkZXNob3ciOiI4ZTRjNTJjIn0%3D\" href='https:\/\/studiodrugibrzeg.pl\/wp-content\/uploads\/wynajem-studia-fotograficznego-na-godziny.jpg.jpg'><img loading=\"lazy\" decoding=\"async\" width=\"800\" height=\"600\" src=\"https:\/\/studiodrugibrzeg.pl\/wp-content\/uploads\/wynajem-studia-fotograficznego-na-godziny.jpg-800x600.jpg\" class=\"attachment-latulipe-image800x600 size-latulipe-image800x600\" alt=\"Wynajem studia fotograficznego na godziny w Warszawie\" \/><\/a>\n\t\t\t<\/div><\/figure><figure class='gallery-item'>\n\t\t\t<div class='gallery-icon landscape'>\n\t\t\t\t<a data-elementor-open-lightbox=\"yes\" data-elementor-lightbox-slideshow=\"8e4c52c\" data-elementor-lightbox-title=\"wynajem-studia-fotograficznego-warszawa\" data-e-action-hash=\"#elementor-action%3Aaction%3Dlightbox%26settings%3DeyJpZCI6MjM4NiwidXJsIjoiaHR0cHM6XC9cL3N0dWRpb2RydWdpYnJ6ZWcucGxcL3dwLWNvbnRlbnRcL3VwbG9hZHNcL3d5bmFqZW0tc3R1ZGlhLWZvdG9ncmFmaWN6bmVnby13YXJzemF3YS5qcGciLCJzbGlkZXNob3ciOiI4ZTRjNTJjIn0%3D\" href='https:\/\/studiodrugibrzeg.pl\/wp-content\/uploads\/wynajem-studia-fotograficznego-warszawa.jpg'><img loading=\"lazy\" decoding=\"async\" width=\"800\" height=\"600\" src=\"https:\/\/studiodrugibrzeg.pl\/wp-content\/uploads\/wynajem-studia-fotograficznego-warszawa-800x600.jpg\" class=\"attachment-latulipe-image800x600 size-latulipe-image800x600\" alt=\"\u015aciana w studio fotograficznym z betonem strukturalnym oraz luksusowym krzes\u0142em dla sesji biznesowych\" \/><\/a>\n\t\t\t<\/div><\/figure><figure class='gallery-item'>\n\t\t\t<div class='gallery-icon portrait'>\n\t\t\t\t<a data-elementor-open-lightbox=\"yes\" data-elementor-lightbox-slideshow=\"8e4c52c\" data-elementor-lightbox-title=\"wynajem-studia-fotograficznego-warszawa-wawer\" data-e-action-hash=\"#elementor-action%3Aaction%3Dlightbox%26settings%3DeyJpZCI6MjM4NSwidXJsIjoiaHR0cHM6XC9cL3N0dWRpb2RydWdpYnJ6ZWcucGxcL3dwLWNvbnRlbnRcL3VwbG9hZHNcL3d5bmFqZW0tc3R1ZGlhLWZvdG9ncmFmaWN6bmVnby13YXJzemF3YS13YXdlci5qcGciLCJzbGlkZXNob3ciOiI4ZTRjNTJjIn0%3D\" href='https:\/\/studiodrugibrzeg.pl\/wp-content\/uploads\/wynajem-studia-fotograficznego-warszawa-wawer.jpg'><img loading=\"lazy\" decoding=\"async\" width=\"800\" height=\"600\" src=\"https:\/\/studiodrugibrzeg.pl\/wp-content\/uploads\/wynajem-studia-fotograficznego-warszawa-wawer-800x600.jpg\" class=\"attachment-latulipe-image800x600 size-latulipe-image800x600\" alt=\"Przestronne wn\u0119trze oraz naturalne \u015bwiat\u0142o w Studio Drugi Brzeg\" \/><\/a>\n\t\t\t<\/div><\/figure><figure class='gallery-item'>\n\t\t\t<div class='gallery-icon portrait'>\n\t\t\t\t<a data-elementor-open-lightbox=\"yes\" data-elementor-lightbox-slideshow=\"8e4c52c\" data-elementor-lightbox-title=\"wnetrze-studio-drugi-brzeg\" data-e-action-hash=\"#elementor-action%3Aaction%3Dlightbox%26settings%3DeyJpZCI6MjM4MywidXJsIjoiaHR0cHM6XC9cL3N0dWRpb2RydWdpYnJ6ZWcucGxcL3dwLWNvbnRlbnRcL3VwbG9hZHNcL3duZXRyemUtc3R1ZGlvLWRydWdpLWJyemVnLmpwZyIsInNsaWRlc2hvdyI6IjhlNGM1MmMifQ%3D%3D\" href='https:\/\/studiodrugibrzeg.pl\/wp-content\/uploads\/wnetrze-studio-drugi-brzeg.jpg'><img loading=\"lazy\" decoding=\"async\" width=\"800\" height=\"600\" src=\"https:\/\/studiodrugibrzeg.pl\/wp-content\/uploads\/wnetrze-studio-drugi-brzeg-800x600.jpg\" class=\"attachment-latulipe-image800x600 size-latulipe-image800x600\" alt=\"Bezszwowe t\u0142a fotograficzne w studiu na wynajem Warszawa\" \/><\/a>\n\t\t\t<\/div><\/figure><figure class='gallery-item'>\n\t\t\t<div class='gallery-icon landscape'>\n\t\t\t\t<a data-elementor-open-lightbox=\"yes\" data-elementor-lightbox-slideshow=\"8e4c52c\" data-elementor-lightbox-title=\"wnetrze-drugi-brzeg-okna\" data-e-action-hash=\"#elementor-action%3Aaction%3Dlightbox%26settings%3DeyJpZCI6MjM4MiwidXJsIjoiaHR0cHM6XC9cL3N0dWRpb2RydWdpYnJ6ZWcucGxcL3dwLWNvbnRlbnRcL3VwbG9hZHNcL3duZXRyemUtZHJ1Z2ktYnJ6ZWctb2tuYS5qcGciLCJzbGlkZXNob3ciOiI4ZTRjNTJjIn0%3D\" href='https:\/\/studiodrugibrzeg.pl\/wp-content\/uploads\/wnetrze-drugi-brzeg-okna.jpg'><img loading=\"lazy\" decoding=\"async\" width=\"800\" height=\"600\" src=\"https:\/\/studiodrugibrzeg.pl\/wp-content\/uploads\/wnetrze-drugi-brzeg-okna-800x600.jpg\" class=\"attachment-latulipe-image800x600 size-latulipe-image800x600\" alt=\"Naturalne \u015bwiat\u0142o dla sesja kobieca w studio fotograficzne Drugi Brzeg\" \/><\/a>\n\t\t\t<\/div><\/figure><figure class='gallery-item'>\n\t\t\t<div class='gallery-icon landscape'>\n\t\t\t\t<a data-elementor-open-lightbox=\"yes\" data-elementor-lightbox-slideshow=\"8e4c52c\" data-elementor-lightbox-title=\"studio-fotograficzne-wynajem\" data-e-action-hash=\"#elementor-action%3Aaction%3Dlightbox%26settings%3DeyJpZCI6MjM4MSwidXJsIjoiaHR0cHM6XC9cL3N0dWRpb2RydWdpYnJ6ZWcucGxcL3dwLWNvbnRlbnRcL3VwbG9hZHNcL3N0dWRpby1mb3RvZ3JhZmljem5lLXd5bmFqZW0uanBnIiwic2xpZGVzaG93IjoiOGU0YzUyYyJ9\" href='https:\/\/studiodrugibrzeg.pl\/wp-content\/uploads\/studio-fotograficzne-wynajem.jpg'><img loading=\"lazy\" decoding=\"async\" width=\"800\" height=\"600\" src=\"https:\/\/studiodrugibrzeg.pl\/wp-content\/uploads\/studio-fotograficzne-wynajem-800x600.jpg\" class=\"attachment-latulipe-image800x600 size-latulipe-image800x600\" alt=\"Studio fotograficzne Drugi Brzeg - g\u0142\u00f3wna sala z naturalnym \u015bwiat\u0142em na wynajem w Warszawie\" \/><\/a>\n\t\t\t<\/div><\/figure><figure class='gallery-item'>\n\t\t\t<div class='gallery-icon landscape'>\n\t\t\t\t<a data-elementor-open-lightbox=\"yes\" data-elementor-lightbox-slideshow=\"8e4c52c\" data-elementor-lightbox-title=\"studio-fotograficzne-lampy-studyjne.jpg\" data-e-action-hash=\"#elementor-action%3Aaction%3Dlightbox%26settings%3DeyJpZCI6MjcyMywidXJsIjoiaHR0cHM6XC9cL3N0dWRpb2RydWdpYnJ6ZWcucGxcL3dwLWNvbnRlbnRcL3VwbG9hZHNcL3N0dWRpby1mb3RvZ3JhZmljem5lLWxhbXB5LXN0dWR5am5lLmpwZy5qcGciLCJzbGlkZXNob3ciOiI4ZTRjNTJjIn0%3D\" href='https:\/\/studiodrugibrzeg.pl\/wp-content\/uploads\/studio-fotograficzne-lampy-studyjne.jpg.jpg'><img loading=\"lazy\" decoding=\"async\" width=\"800\" height=\"600\" src=\"https:\/\/studiodrugibrzeg.pl\/wp-content\/uploads\/studio-fotograficzne-lampy-studyjne.jpg-800x600.jpg\" class=\"attachment-latulipe-image800x600 size-latulipe-image800x600\" alt=\"Profesjonalne lampy studyjne w Studio Drugi Brzeg w Warszawie\" \/><\/a>\n\t\t\t<\/div><\/figure><figure class='gallery-item'>\n\t\t\t<div class='gallery-icon landscape'>\n\t\t\t\t<a data-elementor-open-lightbox=\"yes\" data-elementor-lightbox-slideshow=\"8e4c52c\" data-elementor-lightbox-title=\"studio-fotograficzne-sceny\" data-e-action-hash=\"#elementor-action%3Aaction%3Dlightbox%26settings%3DeyJpZCI6MjM4MCwidXJsIjoiaHR0cHM6XC9cL3N0dWRpb2RydWdpYnJ6ZWcucGxcL3dwLWNvbnRlbnRcL3VwbG9hZHNcL3N0dWRpby1mb3RvZ3JhZmljem5lLXNjZW55LmpwZyIsInNsaWRlc2hvdyI6IjhlNGM1MmMifQ%3D%3D\" href='https:\/\/studiodrugibrzeg.pl\/wp-content\/uploads\/studio-fotograficzne-sceny.jpg'><img loading=\"lazy\" decoding=\"async\" width=\"800\" height=\"600\" src=\"https:\/\/studiodrugibrzeg.pl\/wp-content\/uploads\/studio-fotograficzne-sceny-800x600.jpg\" class=\"attachment-latulipe-image800x600 size-latulipe-image800x600\" alt=\"Przestronne studio fotograficzne na wynajem z r\u00f3\u017cnorodnymi planami zdj\u0119ciowymi\" \/><\/a>\n\t\t\t<\/div><\/figure><figure class='gallery-item'>\n\t\t\t<div class='gallery-icon landscape'>\n\t\t\t\t<a data-elementor-open-lightbox=\"yes\" data-elementor-lightbox-slideshow=\"8e4c52c\" data-elementor-lightbox-title=\"studio-drugi-brzeg-wnetrze-przestrzen\" data-e-action-hash=\"#elementor-action%3Aaction%3Dlightbox%26settings%3DeyJpZCI6MjM3NywidXJsIjoiaHR0cHM6XC9cL3N0dWRpb2RydWdpYnJ6ZWcucGxcL3dwLWNvbnRlbnRcL3VwbG9hZHNcL3N0dWRpby1kcnVnaS1icnplZy13bmV0cnplLXByemVzdHJ6ZW4uanBnIiwic2xpZGVzaG93IjoiOGU0YzUyYyJ9\" href='https:\/\/studiodrugibrzeg.pl\/wp-content\/uploads\/studio-drugi-brzeg-wnetrze-przestrzen.jpg'><img loading=\"lazy\" decoding=\"async\" width=\"800\" height=\"600\" src=\"https:\/\/studiodrugibrzeg.pl\/wp-content\/uploads\/studio-drugi-brzeg-wnetrze-przestrzen-800x600.jpg\" class=\"attachment-latulipe-image800x600 size-latulipe-image800x600\" alt=\"Profesjonalne o\u015bwietlenie studyjne - lampy b\u0142yskowe i softboxy w Studio Drugi Brzeg\" \/><\/a>\n\t\t\t<\/div><\/figure><figure class='gallery-item'>\n\t\t\t<div class='gallery-icon portrait'>\n\t\t\t\t<a data-elementor-open-lightbox=\"yes\" data-elementor-lightbox-slideshow=\"8e4c52c\" data-elementor-lightbox-title=\"stanowisko-makeup-drugi-brzeg-warszawa\" data-e-action-hash=\"#elementor-action%3Aaction%3Dlightbox%26settings%3DeyJpZCI6MjM3NiwidXJsIjoiaHR0cHM6XC9cL3N0dWRpb2RydWdpYnJ6ZWcucGxcL3dwLWNvbnRlbnRcL3VwbG9hZHNcL3N0YW5vd2lza28tbWFrZXVwLWRydWdpLWJyemVnLXdhcnN6YXdhLmpwZyIsInNsaWRlc2hvdyI6IjhlNGM1MmMifQ%3D%3D\" href='https:\/\/studiodrugibrzeg.pl\/wp-content\/uploads\/stanowisko-makeup-drugi-brzeg-warszawa.jpg'><img loading=\"lazy\" decoding=\"async\" width=\"800\" height=\"600\" src=\"https:\/\/studiodrugibrzeg.pl\/wp-content\/uploads\/stanowisko-makeup-drugi-brzeg-warszawa-800x600.jpg\" class=\"attachment-latulipe-image800x600 size-latulipe-image800x600\" alt=\"Profesjonalne stanowisko makija\u017cowe z o\u015bwietleniem w studio fotograficznym Drugi Brzeg\" \/><\/a>\n\t\t\t<\/div><\/figure><figure class='gallery-item'>\n\t\t\t<div class='gallery-icon landscape'>\n\t\t\t\t<a data-elementor-open-lightbox=\"yes\" data-elementor-lightbox-slideshow=\"8e4c52c\" data-elementor-lightbox-title=\"sesja-urodzinowa-studio-drugi-brzeg\" data-e-action-hash=\"#elementor-action%3Aaction%3Dlightbox%26settings%3DeyJpZCI6MjM3NSwidXJsIjoiaHR0cHM6XC9cL3N0dWRpb2RydWdpYnJ6ZWcucGxcL3dwLWNvbnRlbnRcL3VwbG9hZHNcL3Nlc2phLXVyb2R6aW5vd2Etc3R1ZGlvLWRydWdpLWJyemVnLXNjYWxlZC5qcGciLCJzbGlkZXNob3ciOiI4ZTRjNTJjIn0%3D\" href='https:\/\/studiodrugibrzeg.pl\/wp-content\/uploads\/sesja-urodzinowa-studio-drugi-brzeg-scaled.jpg'><img loading=\"lazy\" decoding=\"async\" width=\"800\" height=\"600\" src=\"https:\/\/studiodrugibrzeg.pl\/wp-content\/uploads\/sesja-urodzinowa-studio-drugi-brzeg-800x600.jpg\" class=\"attachment-latulipe-image800x600 size-latulipe-image800x600\" alt=\"Sesja zdj\u0119ciowa urodzinowa w Studio Drugi Brzeg\" \/><\/a>\n\t\t\t<\/div><\/figure><figure class='gallery-item'>\n\t\t\t<div class='gallery-icon landscape'>\n\t\t\t\t<a data-elementor-open-lightbox=\"yes\" data-elementor-lightbox-slideshow=\"8e4c52c\" data-elementor-lightbox-title=\"plan-zdjeciowy-studio-drugi-brzeg.jpg\" data-e-action-hash=\"#elementor-action%3Aaction%3Dlightbox%26settings%3DeyJpZCI6MjcyMSwidXJsIjoiaHR0cHM6XC9cL3N0dWRpb2RydWdpYnJ6ZWcucGxcL3dwLWNvbnRlbnRcL3VwbG9hZHNcL3BsYW4temRqZWNpb3d5LXN0dWRpby1kcnVnaS1icnplZy5qcGcuanBnIiwic2xpZGVzaG93IjoiOGU0YzUyYyJ9\" href='https:\/\/studiodrugibrzeg.pl\/wp-content\/uploads\/plan-zdjeciowy-studio-drugi-brzeg.jpg.jpg'><img loading=\"lazy\" decoding=\"async\" width=\"800\" height=\"600\" src=\"https:\/\/studiodrugibrzeg.pl\/wp-content\/uploads\/plan-zdjeciowy-studio-drugi-brzeg.jpg-800x600.jpg\" class=\"attachment-latulipe-image800x600 size-latulipe-image800x600\" alt=\"Plan zdj\u0119ciowy przygotowany w Studio Drugi Brzeg w Warszawie\" \/><\/a>\n\t\t\t<\/div><\/figure><figure class='gallery-item'>\n\t\t\t<div class='gallery-icon landscape'>\n\t\t\t\t<a data-elementor-open-lightbox=\"yes\" data-elementor-lightbox-slideshow=\"8e4c52c\" data-elementor-lightbox-title=\"studio-drugi-brzeg-wynajem-warszawa\" data-e-action-hash=\"#elementor-action%3Aaction%3Dlightbox%26settings%3DeyJpZCI6MjM3OCwidXJsIjoiaHR0cHM6XC9cL3N0dWRpb2RydWdpYnJ6ZWcucGxcL3dwLWNvbnRlbnRcL3VwbG9hZHNcL3N0dWRpby1kcnVnaS1icnplZy13eW5hamVtLXdhcnN6YXdhLmpwZyIsInNsaWRlc2hvdyI6IjhlNGM1MmMifQ%3D%3D\" href='https:\/\/studiodrugibrzeg.pl\/wp-content\/uploads\/studio-drugi-brzeg-wynajem-warszawa.jpg'><img loading=\"lazy\" decoding=\"async\" width=\"800\" height=\"600\" src=\"https:\/\/studiodrugibrzeg.pl\/wp-content\/uploads\/studio-drugi-brzeg-wynajem-warszawa-800x600.jpg\" class=\"attachment-latulipe-image800x600 size-latulipe-image800x600\" alt=\"Sesja zdj\u0119ciowa kobieca z naturalnym \u015bwiat\u0142em w Studio Drugi Brzeg\" \/><\/a>\n\t\t\t<\/div><\/figure><figure class='gallery-item'>\n\t\t\t<div class='gallery-icon landscape'>\n\t\t\t\t<a data-elementor-open-lightbox=\"yes\" data-elementor-lightbox-slideshow=\"8e4c52c\" data-elementor-lightbox-title=\"wynajem-studia-na-sesje-produktowe.jpg\" data-e-action-hash=\"#elementor-action%3Aaction%3Dlightbox%26settings%3DeyJpZCI6MjcyOCwidXJsIjoiaHR0cHM6XC9cL3N0dWRpb2RydWdpYnJ6ZWcucGxcL3dwLWNvbnRlbnRcL3VwbG9hZHNcL3d5bmFqZW0tc3R1ZGlhLW5hLXNlc2plLXByb2R1a3Rvd2UuanBnLmpwZyIsInNsaWRlc2hvdyI6IjhlNGM1MmMifQ%3D%3D\" href='https:\/\/studiodrugibrzeg.pl\/wp-content\/uploads\/wynajem-studia-na-sesje-produktowe.jpg.jpg'><img loading=\"lazy\" decoding=\"async\" width=\"800\" height=\"600\" src=\"https:\/\/studiodrugibrzeg.pl\/wp-content\/uploads\/wynajem-studia-na-sesje-produktowe.jpg-800x600.jpg\" class=\"attachment-latulipe-image800x600 size-latulipe-image800x600\" alt=\"Studio do sesji produktowych i reklamowych w Warszawie\" \/><\/a>\n\t\t\t<\/div><\/figure>\n\t\t<\/div>\n\t\t<\/div>\n\t\t\t\t\t\t<\/div>\n\t\t\t\t\t<\/div>\n\t\t\t\t<\/div>\n\t\t<div class=\"elementor-element elementor-element-9935788 e-flex e-con-boxed e-con e-parent\" data-id=\"9935788\" data-element_type=\"container\" data-e-type=\"container\">\n\t\t\t\t\t<div class=\"e-con-inner\">\n\t\t\t\t<div class=\"elementor-element elementor-element-e241c65 elementor-widget elementor-widget-text-editor\" data-id=\"e241c65\" data-element_type=\"widget\" data-e-type=\"widget\" data-widget_type=\"text-editor.default\">\n\t\t\t\t\t\t\t\t\t<section class=\"sdb-gallery-what\">\n  <h2>Co pokazuje galeria studia?<\/h2>\n  <div class=\"sdb-gallery-what-grid\">\n    <div class=\"sdb-gallery-what-item\">\n      <h3>Wn\u0119trze studia<\/h3>\n      <p>Zdj\u0119cia pokazuj\u0105 g\u0142\u00f3wn\u0105 przestrze\u0144 robocz\u0105, uk\u0142ad studia oraz mo\u017cliwo\u015bci pracy przy r\u00f3\u017cnych kadrach i ustawieniach planu.<\/p>\n    <\/div>\n    <div class=\"sdb-gallery-what-item\">\n      <h3>\u015aciany i t\u0142a<\/h3>\n      <p>W galerii wida\u0107 dost\u0119pne \u015bciany dekoracyjne, automatyczne t\u0142a oraz przyk\u0142adowe ustawienia do sesji biznesowych, portretowych i contentowych.<\/p>\n    <\/div>\n    <div class=\"sdb-gallery-what-item\">\n      <h3>\u015awiat\u0142o i wyposa\u017cenie<\/h3>\n      <p>Galeria pokazuje warunki pracy z naturalnym \u015bwiat\u0142em oraz przyk\u0142adowe uj\u0119cia sprz\u0119tu i o\u015bwietlenia dost\u0119pnego w studiu.<\/p>\n    <\/div>\n  <\/div>\n<\/section>\n\n<style>\n  .sdb-gallery-what { margin-top: 40px; color: inherit; }\n  .sdb-gallery-what-grid {\n    display: grid;\n    grid-template-columns: repeat(3, minmax(0, 1fr));\n    gap: 20px;\n  }\n  .sdb-gallery-what-item {\n    padding: 22px;\n    border: 1px solid rgba(255,255,255,0.12);\n    background: rgba(255,255,255,0.03);\n  }\n  .sdb-gallery-what-item h3 {\n    margin: 0 0 10px;\n    color: inherit;\n    font-size: 22px;\n  }\n  .sdb-gallery-what-item p {\n    margin: 0;\n    color: inherit;\n    opacity: 0.92;\n    line-height: 1.75;\n  }\n  @media (max-width: 900px) {\n    .sdb-gallery-what-grid { grid-template-columns: 1fr; }\n  }\n<\/style>\t\t\t\t\t\t\t\t<\/div>\n\t\t\t\t\t<\/div>\n\t\t\t\t<\/div>\n\t\t\t\t<section class=\"elementor-section elementor-top-section elementor-element elementor-element-40620904 elementor-section-boxed elementor-section-height-default elementor-section-height-default\" data-id=\"40620904\" data-element_type=\"section\" data-e-type=\"section\">\n\t\t\t\t\t\t<div class=\"elementor-container elementor-column-gap-default\">\n\t\t\t\t\t<div class=\"elementor-column elementor-col-100 elementor-top-column elementor-element elementor-element-2a659ff3\" data-id=\"2a659ff3\" data-element_type=\"column\" data-e-type=\"column\">\n\t\t\t<div class=\"elementor-widget-wrap elementor-element-populated\">\n\t\t\t\t\t\t<div class=\"elementor-element elementor-element-2d5935a4 elementor-widget elementor-widget-heading\" data-id=\"2d5935a4\" data-element_type=\"widget\" data-e-type=\"widget\" data-widget_type=\"heading.default\">\n\t\t\t\t\t<h2 class=\"elementor-heading-title elementor-size-default\">\u015aciany i T\u0142a Fotograficzne<\/h2>\t\t\t\t<\/div>\n\t\t\t\t<div class=\"elementor-element elementor-element-d028378 elementor-widget elementor-widget-text-editor\" data-id=\"d028378\" data-element_type=\"widget\" data-e-type=\"widget\" data-widget_type=\"text-editor.default\">\n\t\t\t\t\t\t\t\t\t<p>Studio Drugi Brzeg oferuje <strong>profesjonalne t\u0142a fotograficzne<\/strong> w r\u00f3\u017cnych kolorach- 6 sztuk, opuszczane automatycznie. Dodatkowo 3 \u015bciany fotograficzne idealne dla sesji portretowych, produktowych i modowych. Zdj\u0119cia mo\u017cna wykonywa\u0107 r\u00f3wnie\u017c przy naturalnym \u015bwietle, poniewa\u017c \u015bciana po\u0142udniowo-wschodnia posiada du\u017ce okna.<\/p>\t\t\t\t\t\t\t\t<\/div>\n\t\t\t\t<section class=\"elementor-section elementor-inner-section elementor-element elementor-element-9bbc827 el-inner-section elementor-section-boxed elementor-section-height-default elementor-section-height-default\" data-id=\"9bbc827\" data-element_type=\"section\" data-e-type=\"section\">\n\t\t\t\t\t\t<div class=\"elementor-container elementor-column-gap-default\">\n\t\t\t\t\t<div class=\"elementor-column elementor-col-50 elementor-inner-column elementor-element elementor-element-8ae632c\" data-id=\"8ae632c\" data-element_type=\"column\" data-e-type=\"column\">\n\t\t\t<div class=\"elementor-widget-wrap elementor-element-populated\">\n\t\t\t\t\t\t<div class=\"elementor-element elementor-element-aa1a5b2 elementor-widget elementor-widget-text-editor\" data-id=\"aa1a5b2\" data-element_type=\"widget\" data-e-type=\"widget\" data-widget_type=\"text-editor.default\">\n\t\t\t\t\t\t\t\t\t<p class=\"my-2 [&amp;+p]:mt-4 [&amp;_strong:has(+br)]:inline-block [&amp;_strong:has(+br)]:pb-2\"><strong>Dost\u0119pne t\u0142a i \u015bciany:<\/strong><\/p><ul class=\"marker:text-quiet list-disc\"><li class=\"py-0 my-0 prose-p:pt-0 prose-p:mb-2 prose-p:my-0 [&amp;&gt;p]:pt-0 [&amp;&gt;p]:mb-2 [&amp;&gt;p]:my-0\"><p class=\"my-2 [&amp;+p]:mt-4 [&amp;_strong:has(+br)]:inline-block [&amp;_strong:has(+br)]:pb-2\"><strong>\u015aciana bia\u0142a:<\/strong> Wymiary 3,8 x 3,3m, pow\u0142oka antyrefleksyjna<\/p><\/li><li class=\"py-0 my-0 prose-p:pt-0 prose-p:mb-2 prose-p:my-0 [&amp;&gt;p]:pt-0 [&amp;&gt;p]:mb-2 [&amp;&gt;p]:my-0\"><p class=\"my-2 [&amp;+p]:mt-4 [&amp;_strong:has(+br)]:inline-block [&amp;_strong:has(+br)]:pb-2\"><strong>\u015aciana bia\u0142a ze sztukateri\u0105: <\/strong>Wymiary 3,8 x 3,3m, pow\u0142oka antyrefleksyjna<\/p><\/li><\/ul>\t\t\t\t\t\t\t\t<\/div>\n\t\t\t\t\t<\/div>\n\t\t<\/div>\n\t\t\t\t<div class=\"elementor-column elementor-col-50 elementor-inner-column elementor-element elementor-element-8069193\" data-id=\"8069193\" data-element_type=\"column\" data-e-type=\"column\">\n\t\t\t<div class=\"elementor-widget-wrap elementor-element-populated\">\n\t\t\t\t\t\t<div class=\"elementor-element elementor-element-598d7ef elementor-widget elementor-widget-text-editor\" data-id=\"598d7ef\" data-element_type=\"widget\" data-e-type=\"widget\" data-widget_type=\"text-editor.default\">\n\t\t\t\t\t\t\t\t\t<p class=\"my-2 [&amp;+p]:mt-4 [&amp;_strong:has(+br)]:inline-block [&amp;_strong:has(+br)]:pb-2\"><strong>Dost\u0119pne t\u0142a i \u015bciany:<\/strong><\/p><ul><li><strong>\u015aciana szara:<\/strong> Neutralne t\u0142o dla fotografii biznesowej<\/li><li><strong>T\u0142a papierowe:<\/strong> R\u00f3\u017cne kolory, zawsze zamontowane 6 sztuk, opuszczane automatycznie, op\u0142ata 50 z\u0142 za zu\u017cyty metr<\/li><\/ul>\t\t\t\t\t\t\t\t<\/div>\n\t\t\t\t\t<\/div>\n\t\t<\/div>\n\t\t\t\t\t<\/div>\n\t\t<\/section>\n\t\t\t\t\t<\/div>\n\t\t<\/div>\n\t\t\t\t\t<\/div>\n\t\t<\/section>\n\t\t\t\t<section class=\"elementor-section elementor-top-section elementor-element elementor-element-29004a46 elementor-section-full_width elementor-section-content-middle elementor-section-height-default elementor-section-height-default\" data-id=\"29004a46\" data-element_type=\"section\" data-e-type=\"section\">\n\t\t\t\t\t\t<div class=\"elementor-container elementor-column-gap-no\">\n\t\t\t\t\t<div class=\"elementor-column elementor-col-50 elementor-top-column elementor-element elementor-element-d5dfae1\" data-id=\"d5dfae1\" data-element_type=\"column\" data-e-type=\"column\" data-settings=\"{&quot;background_background&quot;:&quot;classic&quot;}\">\n\t\t\t<div class=\"elementor-widget-wrap\">\n\t\t\t\t\t\t\t<\/div>\n\t\t<\/div>\n\t\t\t\t<div class=\"elementor-column elementor-col-50 elementor-top-column elementor-element elementor-element-49ab96c\" data-id=\"49ab96c\" data-element_type=\"column\" data-e-type=\"column\">\n\t\t\t<div class=\"elementor-widget-wrap elementor-element-populated\">\n\t\t\t\t\t\t<div class=\"elementor-element elementor-element-3ffdec93 elementor-widget elementor-widget-heading\" data-id=\"3ffdec93\" data-element_type=\"widget\" data-e-type=\"widget\" data-widget_type=\"heading.default\">\n\t\t\t\t\t<h2 class=\"elementor-heading-title elementor-size-default\">Profesjonalne O\u015bwietlenie Studyjne<\/h2>\t\t\t\t<\/div>\n\t\t\t\t<div class=\"elementor-element elementor-element-71cfcf57 elementor-widget elementor-widget-text-editor\" data-id=\"71cfcf57\" data-element_type=\"widget\" data-e-type=\"widget\" data-widget_type=\"text-editor.default\">\n\t\t\t\t\t\t\t\t\t<p>Nasze studio fotograficzne w Warszawie jest w pe\u0142ni wyposa\u017cone w profesjonalny sprz\u0119t o\u015bwietleniowy. W cenie wynajmu masz dost\u0119p do kompletnego zestawu lamp studyjnych, modyfikator\u00f3w \u015bwiat\u0142a i akcesori\u00f3w fotograficznych.<\/p>\t\t\t\t\t\t\t\t<\/div>\n\t\t\t\t<div class=\"elementor-element elementor-element-3db6b2e5 elementor-widget elementor-widget-text-editor\" data-id=\"3db6b2e5\" data-element_type=\"widget\" data-e-type=\"widget\" data-widget_type=\"text-editor.default\">\n\t\t\t\t\t\t\t\t\t<p class=\"my-2 [&amp;+p]:mt-4 [&amp;_strong:has(+br)]:inline-block [&amp;_strong:has(+br)]:pb-2\"><strong>Dost\u0119pne wyposa\u017cenie:<\/strong><\/p><ul class=\"marker:text-quiet list-disc\"><li class=\"py-0 my-0 prose-p:pt-0 prose-p:mb-2 prose-p:my-0 [&amp;&gt;p]:pt-0 [&amp;&gt;p]:mb-2 [&amp;&gt;p]:my-0\"><p class=\"my-2 [&amp;+p]:mt-4 [&amp;_strong:has(+br)]:inline-block [&amp;_strong:has(+br)]:pb-2\"><strong>Lampy b\u0142yskowe studyjne:<\/strong> M\u043ecne \u017ar\u00f3d\u0142a \u015bwiat\u0142a z regulacj\u0105 mocy<\/p><\/li><li class=\"py-0 my-0 prose-p:pt-0 prose-p:mb-2 prose-p:my-0 [&amp;&gt;p]:pt-0 [&amp;&gt;p]:mb-2 [&amp;&gt;p]:my-0\"><p class=\"my-2 [&amp;+p]:mt-4 [&amp;_strong:has(+br)]:inline-block [&amp;_strong:has(+br)]:pb-2\"><strong>Softboxy:<\/strong> R\u00f3\u017cne rozmiary dla mi\u0119kkiego o\u015bwietlenia<\/p><\/li><li class=\"py-0 my-0 prose-p:pt-0 prose-p:mb-2 prose-p:my-0 [&amp;&gt;p]:pt-0 [&amp;&gt;p]:mb-2 [&amp;&gt;p]:my-0\"><p class=\"my-2 [&amp;+p]:mt-4 [&amp;_strong:has(+br)]:inline-block [&amp;_strong:has(+br)]:pb-2\"><strong>Parasole:<\/strong> Odbijaj\u0105ce srebrne i rozsiewaj\u0105ce bia\u0142e<\/p><\/li><li class=\"py-0 my-0 prose-p:pt-0 prose-p:mb-2 prose-p:my-0 [&amp;&gt;p]:pt-0 [&amp;&gt;p]:mb-2 [&amp;&gt;p]:my-0\"><p class=\"my-2 [&amp;+p]:mt-4 [&amp;_strong:has(+br)]:inline-block [&amp;_strong:has(+br)]:pb-2\"><strong>Statywy lampowe:<\/strong> Stabilne i regulowane na wysoko\u015b\u0107<\/p><\/li><li class=\"py-0 my-0 prose-p:pt-0 prose-p:mb-2 prose-p:my-0 [&amp;&gt;p]:pt-0 [&amp;&gt;p]:mb-2 [&amp;&gt;p]:my-0\"><p class=\"my-2 [&amp;+p]:mt-4 [&amp;_strong:has(+br)]:inline-block [&amp;_strong:has(+br)]:pb-2\"><strong>Reflektory i flagi:<\/strong> Do precyzyjnego kierowania \u015bwiat\u0142em<\/p><\/li><\/ul>\t\t\t\t\t\t\t\t<\/div>\n\t\t\t\t\t<\/div>\n\t\t<\/div>\n\t\t\t\t\t<\/div>\n\t\t<\/section>\n\t\t\t\t<section class=\"elementor-section elementor-top-section elementor-element elementor-element-5bedd255 elementor-section-full_width elementor-section-content-middle elementor-section-height-default elementor-section-height-default\" data-id=\"5bedd255\" data-element_type=\"section\" data-e-type=\"section\">\n\t\t\t\t\t\t<div class=\"elementor-container elementor-column-gap-no\">\n\t\t\t\t\t<div class=\"elementor-column elementor-col-50 elementor-top-column elementor-element elementor-element-6a60984c order-mobi2\" data-id=\"6a60984c\" data-element_type=\"column\" data-e-type=\"column\">\n\t\t\t<div class=\"elementor-widget-wrap elementor-element-populated\">\n\t\t\t\t\t\t<div class=\"elementor-element elementor-element-39a950da el-smalltitle pcolor elementor-widget elementor-widget-heading\" data-id=\"39a950da\" data-element_type=\"widget\" data-e-type=\"widget\" data-widget_type=\"heading.default\">\n\t\t\t\t\t<span class=\"elementor-heading-title elementor-size-default\">Studio fotograficzne wynajem Warszawa<\/span>\t\t\t\t<\/div>\n\t\t\t\t<div class=\"elementor-element elementor-element-1acee5e2 elementor-widget elementor-widget-heading\" data-id=\"1acee5e2\" data-element_type=\"widget\" data-e-type=\"widget\" data-widget_type=\"heading.default\">\n\t\t\t\t\t<h2 class=\"elementor-heading-title elementor-size-default\">Stanowisko do make-up<\/h2>\t\t\t\t<\/div>\n\t\t\t\t<div class=\"elementor-element elementor-element-1d58353 elementor-widget elementor-widget-text-editor\" data-id=\"1d58353\" data-element_type=\"widget\" data-e-type=\"widget\" data-widget_type=\"text-editor.default\">\n\t\t\t\t\t\t\t\t\t<p>Studio Drugi Brzeg zapewnia komfortowe warunki pracy dzi\u0119ki przestronnej \u0142azience kt\u00f3ra mo\u017ce s\u0142u\u017cy\u0107 za garderob\u0119 i profesjonalnemu stanowisku makija\u017cowemu. Nasze udogodnienia sprawiaj\u0105, \u017ce sesje przebiegaj\u0105 sprawnie i komfortowo dla wszystkich uczestnik\u00f3w.<\/p>\t\t\t\t\t\t\t\t<\/div>\n\t\t\t\t<div class=\"elementor-element elementor-element-22d83492 elementor-widget elementor-widget-text-editor\" data-id=\"22d83492\" data-element_type=\"widget\" data-e-type=\"widget\" data-widget_type=\"text-editor.default\">\n\t\t\t\t\t\t\t\t\t<p class=\"my-2 [&amp;+p]:mt-4 [&amp;_strong:has(+br)]:inline-block [&amp;_strong:has(+br)]:pb-2\"><strong>Udogodnienia:<\/strong><\/p><ul class=\"marker:text-quiet list-disc\"><li class=\"py-0 my-0 prose-p:pt-0 prose-p:mb-2 prose-p:my-0 [&amp;&gt;p]:pt-0 [&amp;&gt;p]:mb-2 [&amp;&gt;p]:my-0\"><p class=\"my-2 [&amp;+p]:mt-4 [&amp;_strong:has(+br)]:inline-block [&amp;_strong:has(+br)]:pb-2\"><strong>Przestronna toaleta z umywalk\u0105:<\/strong> Wygodne przebieralnie z wieszakami<\/p><\/li><li class=\"py-0 my-0 prose-p:pt-0 prose-p:mb-2 prose-p:my-0 [&amp;&gt;p]:pt-0 [&amp;&gt;p]:mb-2 [&amp;&gt;p]:my-0\"><p class=\"my-2 [&amp;+p]:mt-4 [&amp;_strong:has(+br)]:inline-block [&amp;_strong:has(+br)]:pb-2\"><strong>Stanowisko makija\u017cowe:<\/strong> Profesjonalna toaletka z o\u015bwietleniem<\/p><\/li><li class=\"py-0 my-0 prose-p:pt-0 prose-p:mb-2 prose-p:my-0 [&amp;&gt;p]:pt-0 [&amp;&gt;p]:mb-2 [&amp;&gt;p]:my-0\"><p class=\"my-2 [&amp;+p]:mt-4 [&amp;_strong:has(+br)]:inline-block [&amp;_strong:has(+br)]:pb-2\"><strong>Lustro pe\u0142nowymiarowe:<\/strong> Do sprawdzania stylizacji i makija\u017cu<\/p><\/li><li class=\"py-0 my-0 prose-p:pt-0 prose-p:mb-2 prose-p:my-0 [&amp;&gt;p]:pt-0 [&amp;&gt;p]:mb-2 [&amp;&gt;p]:my-0\"><p class=\"my-2 [&amp;+p]:mt-4 [&amp;_strong:has(+br)]:inline-block [&amp;_strong:has(+br)]:pb-2\"><strong>Miejsca do siedzenia:<\/strong> Komfortowe meble do odpoczynku<\/p><\/li><\/ul>\t\t\t\t\t\t\t\t<\/div>\n\t\t\t\t\t<\/div>\n\t\t<\/div>\n\t\t\t\t<div class=\"elementor-column elementor-col-50 elementor-top-column elementor-element elementor-element-2c553849 order-mobi1\" data-id=\"2c553849\" data-element_type=\"column\" data-e-type=\"column\" data-settings=\"{&quot;background_background&quot;:&quot;classic&quot;}\">\n\t\t\t<div class=\"elementor-widget-wrap elementor-element-populated\">\n\t\t\t\t\t\t\t<\/div>\n\t\t<\/div>\n\t\t\t\t\t<\/div>\n\t\t<\/section>\n\t\t\t\t<section class=\"elementor-section elementor-top-section elementor-element elementor-element-ad2d92e elementor-section-boxed elementor-section-height-default elementor-section-height-default\" data-id=\"ad2d92e\" data-element_type=\"section\" data-e-type=\"section\">\n\t\t\t\t\t\t<div class=\"elementor-container elementor-column-gap-default\">\n\t\t\t\t\t<div class=\"elementor-column elementor-col-50 elementor-top-column elementor-element elementor-element-9be314b\" data-id=\"9be314b\" data-element_type=\"column\" data-e-type=\"column\">\n\t\t\t<div class=\"elementor-widget-wrap elementor-element-populated\">\n\t\t\t\t\t\t<div class=\"elementor-element elementor-element-71a2803 el-smalltitle pcolor elementor-widget elementor-widget-heading\" data-id=\"71a2803\" data-element_type=\"widget\" data-e-type=\"widget\" data-widget_type=\"heading.default\">\n\t\t\t\t\t<span class=\"elementor-heading-title elementor-size-default\">FAQ<\/span>\t\t\t\t<\/div>\n\t\t\t\t<div class=\"elementor-element elementor-element-728c528 elementor-widget elementor-widget-heading\" data-id=\"728c528\" data-element_type=\"widget\" data-e-type=\"widget\" data-widget_type=\"heading.default\">\n\t\t\t\t\t<h2 class=\"elementor-heading-title elementor-size-default\">Najcz\u0119\u015bciej Zadawane Pytania<\/h2>\t\t\t\t<\/div>\n\t\t\t\t<div class=\"elementor-element elementor-element-d650823 elementor-widget elementor-widget-text-editor\" data-id=\"d650823\" data-element_type=\"widget\" data-e-type=\"widget\" data-widget_type=\"text-editor.default\">\n\t\t\t\t\t\t\t\t\t<p>Je\u017celi macie jakie\u015b pytania odno\u015bnie studia czy rezerwacji zapraszamy do kontaktu poprzez e-mail, portale spo\u0142eczno\u015bciowe lub telefonicznie.\u00a0<\/p>\t\t\t\t\t\t\t\t<\/div>\n\t\t\t\t<section class=\"elementor-section elementor-inner-section elementor-element elementor-element-a182e01 elementor-hidden-mobile el-inner-section elementor-section-boxed elementor-section-height-default elementor-section-height-default\" data-id=\"a182e01\" data-element_type=\"section\" data-e-type=\"section\">\n\t\t\t\t\t\t<div class=\"elementor-container elementor-column-gap-default\">\n\t\t\t\t\t<div class=\"elementor-column elementor-col-50 elementor-inner-column elementor-element elementor-element-e46ad83\" data-id=\"e46ad83\" data-element_type=\"column\" data-e-type=\"column\">\n\t\t\t<div class=\"elementor-widget-wrap elementor-element-populated\">\n\t\t\t\t\t\t<div class=\"elementor-element elementor-element-580acb5 elementor-widget elementor-widget-image\" data-id=\"580acb5\" data-element_type=\"widget\" data-e-type=\"widget\" data-widget_type=\"image.default\">\n\t\t\t\t\t\t\t\t\t\t\t\t\t\t\t<img loading=\"lazy\" decoding=\"async\" width=\"683\" height=\"1024\" src=\"https:\/\/studiodrugibrzeg.pl\/wp-content\/uploads\/wynajem-studia-fotograficznego-warszawa-wawer-683x1024.jpg\" class=\"attachment-large size-large wp-image-2385\" alt=\"Przestronne wn\u0119trze oraz naturalne \u015bwiat\u0142o w Studio Drugi Brzeg\" srcset=\"https:\/\/studiodrugibrzeg.pl\/wp-content\/uploads\/wynajem-studia-fotograficznego-warszawa-wawer-683x1024.jpg 683w, https:\/\/studiodrugibrzeg.pl\/wp-content\/uploads\/wynajem-studia-fotograficznego-warszawa-wawer-200x300.jpg 200w, https:\/\/studiodrugibrzeg.pl\/wp-content\/uploads\/wynajem-studia-fotograficznego-warszawa-wawer-768x1152.jpg 768w, https:\/\/studiodrugibrzeg.pl\/wp-content\/uploads\/wynajem-studia-fotograficznego-warszawa-wawer-1024x1536.jpg 1024w, https:\/\/studiodrugibrzeg.pl\/wp-content\/uploads\/wynajem-studia-fotograficznego-warszawa-wawer.jpg 1280w\" sizes=\"(max-width: 683px) 100vw, 683px\" \/>\t\t\t\t\t\t\t\t\t\t\t\t\t\t\t<\/div>\n\t\t\t\t\t<\/div>\n\t\t<\/div>\n\t\t\t\t<div class=\"elementor-column elementor-col-50 elementor-inner-column elementor-element elementor-element-9288fd9\" data-id=\"9288fd9\" data-element_type=\"column\" data-e-type=\"column\">\n\t\t\t<div class=\"elementor-widget-wrap elementor-element-populated\">\n\t\t\t\t\t\t<div class=\"elementor-element elementor-element-e91a04e elementor-widget elementor-widget-image\" data-id=\"e91a04e\" data-element_type=\"widget\" data-e-type=\"widget\" data-widget_type=\"image.default\">\n\t\t\t\t\t\t\t\t\t\t\t\t\t\t\t<img loading=\"lazy\" decoding=\"async\" width=\"683\" height=\"1024\" src=\"https:\/\/studiodrugibrzeg.pl\/wp-content\/uploads\/stanowisko-makeup-drugi-brzeg-warszawa-683x1024.jpg\" class=\"attachment-large size-large wp-image-2376\" alt=\"Profesjonalne stanowisko makija\u017cowe z o\u015bwietleniem w studio fotograficznym Drugi Brzeg\" srcset=\"https:\/\/studiodrugibrzeg.pl\/wp-content\/uploads\/stanowisko-makeup-drugi-brzeg-warszawa-683x1024.jpg 683w, https:\/\/studiodrugibrzeg.pl\/wp-content\/uploads\/stanowisko-makeup-drugi-brzeg-warszawa-200x300.jpg 200w, https:\/\/studiodrugibrzeg.pl\/wp-content\/uploads\/stanowisko-makeup-drugi-brzeg-warszawa-768x1152.jpg 768w, https:\/\/studiodrugibrzeg.pl\/wp-content\/uploads\/stanowisko-makeup-drugi-brzeg-warszawa-1024x1536.jpg 1024w, https:\/\/studiodrugibrzeg.pl\/wp-content\/uploads\/stanowisko-makeup-drugi-brzeg-warszawa.jpg 1280w\" sizes=\"(max-width: 683px) 100vw, 683px\" \/>\t\t\t\t\t\t\t\t\t\t\t\t\t\t\t<\/div>\n\t\t\t\t\t<\/div>\n\t\t<\/div>\n\t\t\t\t\t<\/div>\n\t\t<\/section>\n\t\t\t\t\t<\/div>\n\t\t<\/div>\n\t\t\t\t<div class=\"elementor-column elementor-col-50 elementor-top-column elementor-element elementor-element-0b3bdc4\" data-id=\"0b3bdc4\" data-element_type=\"column\" data-e-type=\"column\">\n\t\t\t<div class=\"elementor-widget-wrap elementor-element-populated\">\n\t\t\t\t\t\t<div class=\"elementor-element elementor-element-b19390b mt-accordion elementor-widget elementor-widget-toggle\" data-id=\"b19390b\" data-element_type=\"widget\" data-e-type=\"widget\" data-widget_type=\"toggle.default\">\n\t\t\t\t\t\t\t<div class=\"elementor-toggle\">\n\t\t\t\t\t\t\t<div class=\"elementor-toggle-item\">\n\t\t\t\t\t<h3 id=\"elementor-tab-title-1861\" class=\"elementor-tab-title\" data-tab=\"1\" role=\"button\" aria-controls=\"elementor-tab-content-1861\" aria-expanded=\"false\">\n\t\t\t\t\t\t\t\t\t\t\t\t<span class=\"elementor-toggle-icon elementor-toggle-icon-left\" aria-hidden=\"true\">\n\t\t\t\t\t\t\t\t\t\t\t\t\t\t\t<span class=\"elementor-toggle-icon-closed\"><svg class=\"e-font-icon-svg e-fas-plus\" viewBox=\"0 0 448 512\" xmlns=\"http:\/\/www.w3.org\/2000\/svg\"><path d=\"M416 208H272V64c0-17.67-14.33-32-32-32h-32c-17.67 0-32 14.33-32 32v144H32c-17.67 0-32 14.33-32 32v32c0 17.67 14.33 32 32 32h144v144c0 17.67 14.33 32 32 32h32c17.67 0 32-14.33 32-32V304h144c17.67 0 32-14.33 32-32v-32c0-17.67-14.33-32-32-32z\"><\/path><\/svg><\/span>\n\t\t\t\t\t\t\t\t<span class=\"elementor-toggle-icon-opened\"><svg class=\"elementor-toggle-icon-opened e-font-icon-svg e-fas-minus\" viewBox=\"0 0 448 512\" xmlns=\"http:\/\/www.w3.org\/2000\/svg\"><path d=\"M416 208H32c-17.67 0-32 14.33-32 32v32c0 17.67 14.33 32 32 32h384c17.67 0 32-14.33 32-32v-32c0-17.67-14.33-32-32-32z\"><\/path><\/svg><\/span>\n\t\t\t\t\t\t\t\t\t\t\t\t\t<\/span>\n\t\t\t\t\t\t\t\t\t\t\t\t<a class=\"elementor-toggle-title\" tabindex=\"0\">Czy mog\u0119 zobaczy\u0107 studio przed rezerwacj\u0105?<\/a>\n\t\t\t\t\t<\/h3>\n\n\t\t\t\t\t<div id=\"elementor-tab-content-1861\" class=\"elementor-tab-content elementor-clearfix\" data-tab=\"1\" role=\"region\" aria-labelledby=\"elementor-tab-title-1861\"><p>ak, Studio Drugi Brzeg mo\u017cna obejrze\u0107 przed rezerwacj\u0105. Je\u015bli chcesz zobaczy\u0107 wn\u0119trze na \u017cywo, uk\u0142ad plan\u00f3w zdj\u0119ciowych, \u015bciany, t\u0142a i stanowisko do makija\u017cu, skontaktuj si\u0119 z nami telefonicznie lub przez formularz na <a href=\"https:\/\/studiodrugibrzeg.pl\/index.php\/kontakt-studio-fotograficzne-warszawa\/\">stronie kontaktowej<\/a>. Dodatkowo aktualny wygl\u0105d przestrzeni pokazuje r\u00f3wnie\u017c nasza galeria oraz profil na Instagramie.<\/p><\/div>\n\t\t\t\t<\/div>\n\t\t\t\t\t\t\t<div class=\"elementor-toggle-item\">\n\t\t\t\t\t<h3 id=\"elementor-tab-title-1862\" class=\"elementor-tab-title\" data-tab=\"2\" role=\"button\" aria-controls=\"elementor-tab-content-1862\" aria-expanded=\"false\">\n\t\t\t\t\t\t\t\t\t\t\t\t<span class=\"elementor-toggle-icon elementor-toggle-icon-left\" aria-hidden=\"true\">\n\t\t\t\t\t\t\t\t\t\t\t\t\t\t\t<span class=\"elementor-toggle-icon-closed\"><svg class=\"e-font-icon-svg e-fas-plus\" viewBox=\"0 0 448 512\" xmlns=\"http:\/\/www.w3.org\/2000\/svg\"><path d=\"M416 208H272V64c0-17.67-14.33-32-32-32h-32c-17.67 0-32 14.33-32 32v144H32c-17.67 0-32 14.33-32 32v32c0 17.67 14.33 32 32 32h144v144c0 17.67 14.33 32 32 32h32c17.67 0 32-14.33 32-32V304h144c17.67 0 32-14.33 32-32v-32c0-17.67-14.33-32-32-32z\"><\/path><\/svg><\/span>\n\t\t\t\t\t\t\t\t<span class=\"elementor-toggle-icon-opened\"><svg class=\"elementor-toggle-icon-opened e-font-icon-svg e-fas-minus\" viewBox=\"0 0 448 512\" xmlns=\"http:\/\/www.w3.org\/2000\/svg\"><path d=\"M416 208H32c-17.67 0-32 14.33-32 32v32c0 17.67 14.33 32 32 32h384c17.67 0 32-14.33 32-32v-32c0-17.67-14.33-32-32-32z\"><\/path><\/svg><\/span>\n\t\t\t\t\t\t\t\t\t\t\t\t\t<\/span>\n\t\t\t\t\t\t\t\t\t\t\t\t<a class=\"elementor-toggle-title\" tabindex=\"0\">Czy galeria pokazuje aktualny wygl\u0105d studia?<\/a>\n\t\t\t\t\t<\/h3>\n\n\t\t\t\t\t<div id=\"elementor-tab-content-1862\" class=\"elementor-tab-content elementor-clearfix\" data-tab=\"2\" role=\"region\" aria-labelledby=\"elementor-tab-title-1862\"><p>Galeria prezentuje aktualny styl i mo\u017cliwo\u015bci Studio Drugi Brzeg, w tym wn\u0119trza, \u015bciany fotograficzne, t\u0142a, o\u015bwietlenie i udogodnienia. Cz\u0119\u015b\u0107 aran\u017cacji mo\u017ce si\u0119 zmienia\u0107 sezonowo, dlatego przed konkretn\u0105 rezerwacj\u0105 warto sprawdzi\u0107 r\u00f3wnie\u017c aktualno\u015bci na Instagramie albo skontaktowa\u0107 si\u0119 z nami bezpo\u015brednio.<\/p><\/div>\n\t\t\t\t<\/div>\n\t\t\t\t\t\t\t<div class=\"elementor-toggle-item\">\n\t\t\t\t\t<h3 id=\"elementor-tab-title-1863\" class=\"elementor-tab-title\" data-tab=\"3\" role=\"button\" aria-controls=\"elementor-tab-content-1863\" aria-expanded=\"false\">\n\t\t\t\t\t\t\t\t\t\t\t\t<span class=\"elementor-toggle-icon elementor-toggle-icon-left\" aria-hidden=\"true\">\n\t\t\t\t\t\t\t\t\t\t\t\t\t\t\t<span class=\"elementor-toggle-icon-closed\"><svg class=\"e-font-icon-svg e-fas-plus\" viewBox=\"0 0 448 512\" xmlns=\"http:\/\/www.w3.org\/2000\/svg\"><path d=\"M416 208H272V64c0-17.67-14.33-32-32-32h-32c-17.67 0-32 14.33-32 32v144H32c-17.67 0-32 14.33-32 32v32c0 17.67 14.33 32 32 32h144v144c0 17.67 14.33 32 32 32h32c17.67 0 32-14.33 32-32V304h144c17.67 0 32-14.33 32-32v-32c0-17.67-14.33-32-32-32z\"><\/path><\/svg><\/span>\n\t\t\t\t\t\t\t\t<span class=\"elementor-toggle-icon-opened\"><svg class=\"elementor-toggle-icon-opened e-font-icon-svg e-fas-minus\" viewBox=\"0 0 448 512\" xmlns=\"http:\/\/www.w3.org\/2000\/svg\"><path d=\"M416 208H32c-17.67 0-32 14.33-32 32v32c0 17.67 14.33 32 32 32h384c17.67 0 32-14.33 32-32v-32c0-17.67-14.33-32-32-32z\"><\/path><\/svg><\/span>\n\t\t\t\t\t\t\t\t\t\t\t\t\t<\/span>\n\t\t\t\t\t\t\t\t\t\t\t\t<a class=\"elementor-toggle-title\" tabindex=\"0\">Jakie plany zdj\u0119ciowe s\u0105 dost\u0119pne w studiu?<\/a>\n\t\t\t\t\t<\/h3>\n\n\t\t\t\t\t<div id=\"elementor-tab-content-1863\" class=\"elementor-tab-content elementor-clearfix\" data-tab=\"3\" role=\"region\" aria-labelledby=\"elementor-tab-title-1863\"><p>W Studio Drugi Brzeg dost\u0119pne s\u0105 r\u00f3\u017cne plany zdj\u0119ciowe, w tym bia\u0142a \u015bciana, bia\u0142a \u015bciana ze sztukateri\u0105, szara \u015bciana, t\u0142a papierowe oraz ustawienia przy du\u017cych oknach z naturalnym \u015bwiat\u0142em. Studio ma 90 m\u00b2 powierzchni i 3,3 m wysoko\u015bci, dlatego dobrze sprawdza si\u0119 przy sesjach portretowych, kobiecych, ci\u0105\u017cowych, biznesowych, rodzinnych, contentowych i produktowych.<\/p><\/div>\n\t\t\t\t<\/div>\n\t\t\t\t\t\t\t<div class=\"elementor-toggle-item\">\n\t\t\t\t\t<h3 id=\"elementor-tab-title-1864\" class=\"elementor-tab-title\" data-tab=\"4\" role=\"button\" aria-controls=\"elementor-tab-content-1864\" aria-expanded=\"false\">\n\t\t\t\t\t\t\t\t\t\t\t\t<span class=\"elementor-toggle-icon elementor-toggle-icon-left\" aria-hidden=\"true\">\n\t\t\t\t\t\t\t\t\t\t\t\t\t\t\t<span class=\"elementor-toggle-icon-closed\"><svg class=\"e-font-icon-svg e-fas-plus\" viewBox=\"0 0 448 512\" xmlns=\"http:\/\/www.w3.org\/2000\/svg\"><path d=\"M416 208H272V64c0-17.67-14.33-32-32-32h-32c-17.67 0-32 14.33-32 32v144H32c-17.67 0-32 14.33-32 32v32c0 17.67 14.33 32 32 32h144v144c0 17.67 14.33 32 32 32h32c17.67 0 32-14.33 32-32V304h144c17.67 0 32-14.33 32-32v-32c0-17.67-14.33-32-32-32z\"><\/path><\/svg><\/span>\n\t\t\t\t\t\t\t\t<span class=\"elementor-toggle-icon-opened\"><svg class=\"elementor-toggle-icon-opened e-font-icon-svg e-fas-minus\" viewBox=\"0 0 448 512\" xmlns=\"http:\/\/www.w3.org\/2000\/svg\"><path d=\"M416 208H32c-17.67 0-32 14.33-32 32v32c0 17.67 14.33 32 32 32h384c17.67 0 32-14.33 32-32v-32c0-17.67-14.33-32-32-32z\"><\/path><\/svg><\/span>\n\t\t\t\t\t\t\t\t\t\t\t\t\t<\/span>\n\t\t\t\t\t\t\t\t\t\t\t\t<a class=\"elementor-toggle-title\" tabindex=\"0\">Czy studio ma naturalne \u015bwiat\u0142o?<\/a>\n\t\t\t\t\t<\/h3>\n\n\t\t\t\t\t<div id=\"elementor-tab-content-1864\" class=\"elementor-tab-content elementor-clearfix\" data-tab=\"4\" role=\"region\" aria-labelledby=\"elementor-tab-title-1864\"><p>Tak, Studio Drugi Brzeg ma du\u017ce okna i dost\u0119p do naturalnego \u015bwiat\u0142a dziennego. To dobre rozwi\u0105zanie dla os\u00f3b, kt\u00f3re planuj\u0105 sesj\u0119 lifestyle, portret, content do social media albo zdj\u0119cia biznesowe w bardziej mi\u0119kkim i naturalnym stylu.<\/p><\/div>\n\t\t\t\t<\/div>\n\t\t\t\t\t\t\t<div class=\"elementor-toggle-item\">\n\t\t\t\t\t<h3 id=\"elementor-tab-title-1865\" class=\"elementor-tab-title\" data-tab=\"5\" role=\"button\" aria-controls=\"elementor-tab-content-1865\" aria-expanded=\"false\">\n\t\t\t\t\t\t\t\t\t\t\t\t<span class=\"elementor-toggle-icon elementor-toggle-icon-left\" aria-hidden=\"true\">\n\t\t\t\t\t\t\t\t\t\t\t\t\t\t\t<span class=\"elementor-toggle-icon-closed\"><svg class=\"e-font-icon-svg e-fas-plus\" viewBox=\"0 0 448 512\" xmlns=\"http:\/\/www.w3.org\/2000\/svg\"><path d=\"M416 208H272V64c0-17.67-14.33-32-32-32h-32c-17.67 0-32 14.33-32 32v144H32c-17.67 0-32 14.33-32 32v32c0 17.67 14.33 32 32 32h144v144c0 17.67 14.33 32 32 32h32c17.67 0 32-14.33 32-32V304h144c17.67 0 32-14.33 32-32v-32c0-17.67-14.33-32-32-32z\"><\/path><\/svg><\/span>\n\t\t\t\t\t\t\t\t<span class=\"elementor-toggle-icon-opened\"><svg class=\"elementor-toggle-icon-opened e-font-icon-svg e-fas-minus\" viewBox=\"0 0 448 512\" xmlns=\"http:\/\/www.w3.org\/2000\/svg\"><path d=\"M416 208H32c-17.67 0-32 14.33-32 32v32c0 17.67 14.33 32 32 32h384c17.67 0 32-14.33 32-32v-32c0-17.67-14.33-32-32-32z\"><\/path><\/svg><\/span>\n\t\t\t\t\t\t\t\t\t\t\t\t\t<\/span>\n\t\t\t\t\t\t\t\t\t\t\t\t<a class=\"elementor-toggle-title\" tabindex=\"0\">Czy robicie sesje noworodkowe w Studio Drugi Brzeg?<\/a>\n\t\t\t\t\t<\/h3>\n\n\t\t\t\t\t<div id=\"elementor-tab-content-1865\" class=\"elementor-tab-content elementor-clearfix\" data-tab=\"5\" role=\"region\" aria-labelledby=\"elementor-tab-title-1865\"><p><a href=\"https:\/\/noworodkowo.pl\" target=\"_blank\" rel=\"noopener\">Sesja noworodkowa<\/a> to wyj\u0105tkowy moment dla rodzic\u00f3w jak i samego maluszka. W Studio Drugi Brzeg wykonujemy takie sesje, posiadamy wszystkie niezb\u0119dne akcesoria, ubranka oraz odpowiedniego fotografa. Je\u017celi jeszcze takiego nie posiadasz, polecamy Aleksandr\u0119 Raczy\u0144sk\u0105, portfolio: <a href=\"https:\/\/noworodkowo.pl\" target=\"_blank\" rel=\"noopener\">noworodkowo.pl<\/a><\/p><\/div>\n\t\t\t\t<\/div>\n\t\t\t\t\t\t\t<div class=\"elementor-toggle-item\">\n\t\t\t\t\t<h3 id=\"elementor-tab-title-1866\" class=\"elementor-tab-title\" data-tab=\"6\" role=\"button\" aria-controls=\"elementor-tab-content-1866\" aria-expanded=\"false\">\n\t\t\t\t\t\t\t\t\t\t\t\t<span class=\"elementor-toggle-icon elementor-toggle-icon-left\" aria-hidden=\"true\">\n\t\t\t\t\t\t\t\t\t\t\t\t\t\t\t<span class=\"elementor-toggle-icon-closed\"><svg class=\"e-font-icon-svg e-fas-plus\" viewBox=\"0 0 448 512\" xmlns=\"http:\/\/www.w3.org\/2000\/svg\"><path d=\"M416 208H272V64c0-17.67-14.33-32-32-32h-32c-17.67 0-32 14.33-32 32v144H32c-17.67 0-32 14.33-32 32v32c0 17.67 14.33 32 32 32h144v144c0 17.67 14.33 32 32 32h32c17.67 0 32-14.33 32-32V304h144c17.67 0 32-14.33 32-32v-32c0-17.67-14.33-32-32-32z\"><\/path><\/svg><\/span>\n\t\t\t\t\t\t\t\t<span class=\"elementor-toggle-icon-opened\"><svg class=\"elementor-toggle-icon-opened e-font-icon-svg e-fas-minus\" viewBox=\"0 0 448 512\" xmlns=\"http:\/\/www.w3.org\/2000\/svg\"><path d=\"M416 208H32c-17.67 0-32 14.33-32 32v32c0 17.67 14.33 32 32 32h384c17.67 0 32-14.33 32-32v-32c0-17.67-14.33-32-32-32z\"><\/path><\/svg><\/span>\n\t\t\t\t\t\t\t\t\t\t\t\t\t<\/span>\n\t\t\t\t\t\t\t\t\t\t\t\t<a class=\"elementor-toggle-title\" tabindex=\"0\">Ile te\u0142 i \u015bcian fotograficznych jest dost\u0119pnych na miejscu?<\/a>\n\t\t\t\t\t<\/h3>\n\n\t\t\t\t\t<div id=\"elementor-tab-content-1866\" class=\"elementor-tab-content elementor-clearfix\" data-tab=\"6\" role=\"region\" aria-labelledby=\"elementor-tab-title-1866\"><p>Na miejscu dost\u0119pnych jest 6 automatycznie opuszczanych te\u0142 fotograficznych oraz kilka \u015bcian wykorzystywanych do r\u00f3\u017cnych typ\u00f3w sesji. Dzi\u0119ki temu \u0142atwo dopasowa\u0107 plan do zdj\u0119\u0107 biznesowych, portretowych, modowych, produktowych i contentowych.<\/p><\/div>\n\t\t\t\t<\/div>\n\t\t\t\t\t\t\t<div class=\"elementor-toggle-item\">\n\t\t\t\t\t<h3 id=\"elementor-tab-title-1867\" class=\"elementor-tab-title\" data-tab=\"7\" role=\"button\" aria-controls=\"elementor-tab-content-1867\" aria-expanded=\"false\">\n\t\t\t\t\t\t\t\t\t\t\t\t<span class=\"elementor-toggle-icon elementor-toggle-icon-left\" aria-hidden=\"true\">\n\t\t\t\t\t\t\t\t\t\t\t\t\t\t\t<span class=\"elementor-toggle-icon-closed\"><svg class=\"e-font-icon-svg e-fas-plus\" viewBox=\"0 0 448 512\" xmlns=\"http:\/\/www.w3.org\/2000\/svg\"><path d=\"M416 208H272V64c0-17.67-14.33-32-32-32h-32c-17.67 0-32 14.33-32 32v144H32c-17.67 0-32 14.33-32 32v32c0 17.67 14.33 32 32 32h144v144c0 17.67 14.33 32 32 32h32c17.67 0 32-14.33 32-32V304h144c17.67 0 32-14.33 32-32v-32c0-17.67-14.33-32-32-32z\"><\/path><\/svg><\/span>\n\t\t\t\t\t\t\t\t<span class=\"elementor-toggle-icon-opened\"><svg class=\"elementor-toggle-icon-opened e-font-icon-svg e-fas-minus\" viewBox=\"0 0 448 512\" xmlns=\"http:\/\/www.w3.org\/2000\/svg\"><path d=\"M416 208H32c-17.67 0-32 14.33-32 32v32c0 17.67 14.33 32 32 32h384c17.67 0 32-14.33 32-32v-32c0-17.67-14.33-32-32-32z\"><\/path><\/svg><\/span>\n\t\t\t\t\t\t\t\t\t\t\t\t\t<\/span>\n\t\t\t\t\t\t\t\t\t\t\t\t<a class=\"elementor-toggle-title\" tabindex=\"0\">Czy sprz\u0119t widoczny na zdj\u0119ciach jest dost\u0119pny w cenie wynajmu?<\/a>\n\t\t\t\t\t<\/h3>\n\n\t\t\t\t\t<div id=\"elementor-tab-content-1867\" class=\"elementor-tab-content elementor-clearfix\" data-tab=\"7\" role=\"region\" aria-labelledby=\"elementor-tab-title-1867\"><p>Tak, podstawowe o\u015bwietlenie studyjne i standardowe wyposa\u017cenie widoczne na zdj\u0119ciach s\u0105 dost\u0119pne w cenie wynajmu studia. Szczeg\u00f3\u0142ow\u0105 list\u0119 lamp, modyfikator\u00f3w i akcesori\u00f3w znajdziesz na podstronie <a href=\"https:\/\/studiodrugibrzeg.pl\/index.php\/sprzet-studio-fotograficzne-warszawa\/\">sprz\u0119tu<\/a>.<\/p><\/div>\n\t\t\t\t<\/div>\n\t\t\t\t\t\t\t<div class=\"elementor-toggle-item\">\n\t\t\t\t\t<h3 id=\"elementor-tab-title-1868\" class=\"elementor-tab-title\" data-tab=\"8\" role=\"button\" aria-controls=\"elementor-tab-content-1868\" aria-expanded=\"false\">\n\t\t\t\t\t\t\t\t\t\t\t\t<span class=\"elementor-toggle-icon elementor-toggle-icon-left\" aria-hidden=\"true\">\n\t\t\t\t\t\t\t\t\t\t\t\t\t\t\t<span class=\"elementor-toggle-icon-closed\"><svg class=\"e-font-icon-svg e-fas-plus\" viewBox=\"0 0 448 512\" xmlns=\"http:\/\/www.w3.org\/2000\/svg\"><path d=\"M416 208H272V64c0-17.67-14.33-32-32-32h-32c-17.67 0-32 14.33-32 32v144H32c-17.67 0-32 14.33-32 32v32c0 17.67 14.33 32 32 32h144v144c0 17.67 14.33 32 32 32h32c17.67 0 32-14.33 32-32V304h144c17.67 0 32-14.33 32-32v-32c0-17.67-14.33-32-32-32z\"><\/path><\/svg><\/span>\n\t\t\t\t\t\t\t\t<span class=\"elementor-toggle-icon-opened\"><svg class=\"elementor-toggle-icon-opened e-font-icon-svg e-fas-minus\" viewBox=\"0 0 448 512\" xmlns=\"http:\/\/www.w3.org\/2000\/svg\"><path d=\"M416 208H32c-17.67 0-32 14.33-32 32v32c0 17.67 14.33 32 32 32h384c17.67 0 32-14.33 32-32v-32c0-17.67-14.33-32-32-32z\"><\/path><\/svg><\/span>\n\t\t\t\t\t\t\t\t\t\t\t\t\t<\/span>\n\t\t\t\t\t\t\t\t\t\t\t\t<a class=\"elementor-toggle-title\" tabindex=\"0\">Czy mog\u0119 korzysta\u0107 z w\u0142asnych te\u0142 i rekwizyt\u00f3w?<\/a>\n\t\t\t\t\t<\/h3>\n\n\t\t\t\t\t<div id=\"elementor-tab-content-1868\" class=\"elementor-tab-content elementor-clearfix\" data-tab=\"8\" role=\"region\" aria-labelledby=\"elementor-tab-title-1868\"><p>Tak, mo\u017cesz przywie\u017a\u0107 w\u0142asne t\u0142a, dodatki i rekwizyty do sesji. Je\u015bli planujesz niestandardow\u0105 aran\u017cacj\u0119, najlepiej skontaktowa\u0107 si\u0119 z nami wcze\u015bniej, aby potwierdzi\u0107 warunki techniczne i przygotowa\u0107 przestrze\u0144 pod konkretny projekt.<\/p><\/div>\n\t\t\t\t<\/div>\n\t\t\t\t\t\t\t<div class=\"elementor-toggle-item\">\n\t\t\t\t\t<h3 id=\"elementor-tab-title-1869\" class=\"elementor-tab-title\" data-tab=\"9\" role=\"button\" aria-controls=\"elementor-tab-content-1869\" aria-expanded=\"false\">\n\t\t\t\t\t\t\t\t\t\t\t\t<span class=\"elementor-toggle-icon elementor-toggle-icon-left\" aria-hidden=\"true\">\n\t\t\t\t\t\t\t\t\t\t\t\t\t\t\t<span class=\"elementor-toggle-icon-closed\"><svg class=\"e-font-icon-svg e-fas-plus\" viewBox=\"0 0 448 512\" xmlns=\"http:\/\/www.w3.org\/2000\/svg\"><path d=\"M416 208H272V64c0-17.67-14.33-32-32-32h-32c-17.67 0-32 14.33-32 32v144H32c-17.67 0-32 14.33-32 32v32c0 17.67 14.33 32 32 32h144v144c0 17.67 14.33 32 32 32h32c17.67 0 32-14.33 32-32V304h144c17.67 0 32-14.33 32-32v-32c0-17.67-14.33-32-32-32z\"><\/path><\/svg><\/span>\n\t\t\t\t\t\t\t\t<span class=\"elementor-toggle-icon-opened\"><svg class=\"elementor-toggle-icon-opened e-font-icon-svg e-fas-minus\" viewBox=\"0 0 448 512\" xmlns=\"http:\/\/www.w3.org\/2000\/svg\"><path d=\"M416 208H32c-17.67 0-32 14.33-32 32v32c0 17.67 14.33 32 32 32h384c17.67 0 32-14.33 32-32v-32c0-17.67-14.33-32-32-32z\"><\/path><\/svg><\/span>\n\t\t\t\t\t\t\t\t\t\t\t\t\t<\/span>\n\t\t\t\t\t\t\t\t\t\t\t\t<a class=\"elementor-toggle-title\" tabindex=\"0\">Czy galeria pomo\u017ce mi oceni\u0107, czy studio nadaje si\u0119 do mojej sesji?<\/a>\n\t\t\t\t\t<\/h3>\n\n\t\t\t\t\t<div id=\"elementor-tab-content-1869\" class=\"elementor-tab-content elementor-clearfix\" data-tab=\"9\" role=\"region\" aria-labelledby=\"elementor-tab-title-1869\"><p>Tak, galeria zosta\u0142a przygotowana w\u0142a\u015bnie po to, aby przed rezerwacj\u0105 zobaczy\u0107 realny wygl\u0105d studia i oceni\u0107, czy przestrze\u0144 pasuje do Twojej sesji. Po obejrzeniu zdj\u0119\u0107 mo\u017cesz sprawdzi\u0107 <a href=\"https:\/\/studiodrugibrzeg.pl\/index.php\/cennik-studio-fotograficzne-warszawa\/\">cennik<\/a> albo przej\u015b\u0107 do <a href=\"https:\/\/studiodrugibrzeg.pl\/index.php\/rezerwacja-studio-fotograficzne-warszawa\/\">rezerwacji online<\/a>.<\/p><\/div>\n\t\t\t\t<\/div>\n\t\t\t\t\t\t\t<div class=\"elementor-toggle-item\">\n\t\t\t\t\t<h3 id=\"elementor-tab-title-18610\" class=\"elementor-tab-title\" data-tab=\"10\" role=\"button\" aria-controls=\"elementor-tab-content-18610\" aria-expanded=\"false\">\n\t\t\t\t\t\t\t\t\t\t\t\t<span class=\"elementor-toggle-icon elementor-toggle-icon-left\" aria-hidden=\"true\">\n\t\t\t\t\t\t\t\t\t\t\t\t\t\t\t<span class=\"elementor-toggle-icon-closed\"><svg class=\"e-font-icon-svg e-fas-plus\" viewBox=\"0 0 448 512\" xmlns=\"http:\/\/www.w3.org\/2000\/svg\"><path d=\"M416 208H272V64c0-17.67-14.33-32-32-32h-32c-17.67 0-32 14.33-32 32v144H32c-17.67 0-32 14.33-32 32v32c0 17.67 14.33 32 32 32h144v144c0 17.67 14.33 32 32 32h32c17.67 0 32-14.33 32-32V304h144c17.67 0 32-14.33 32-32v-32c0-17.67-14.33-32-32-32z\"><\/path><\/svg><\/span>\n\t\t\t\t\t\t\t\t<span class=\"elementor-toggle-icon-opened\"><svg class=\"elementor-toggle-icon-opened e-font-icon-svg e-fas-minus\" viewBox=\"0 0 448 512\" xmlns=\"http:\/\/www.w3.org\/2000\/svg\"><path d=\"M416 208H32c-17.67 0-32 14.33-32 32v32c0 17.67 14.33 32 32 32h384c17.67 0 32-14.33 32-32v-32c0-17.67-14.33-32-32-32z\"><\/path><\/svg><\/span>\n\t\t\t\t\t\t\t\t\t\t\t\t\t<\/span>\n\t\t\t\t\t\t\t\t\t\t\t\t<a class=\"elementor-toggle-title\" tabindex=\"0\">Do jakich sesji najlepiej sprawdza si\u0119 Studio Drugi Brzeg?<\/a>\n\t\t\t\t\t<\/h3>\n\n\t\t\t\t\t<div id=\"elementor-tab-content-18610\" class=\"elementor-tab-content elementor-clearfix\" data-tab=\"10\" role=\"region\" aria-labelledby=\"elementor-tab-title-18610\"><p>Studio Drugi Brzeg dobrze sprawdza si\u0119 przy sesjach biznesowych, portretowych, rodzinnych, contentowych, produktowych i przy prostych nagraniach wideo. Po\u0142\u0105czenie naturalnego \u015bwiat\u0142a, plan\u00f3w zdj\u0119ciowych, te\u0142 i wyposa\u017cenia daje du\u017c\u0105 elastyczno\u015b\u0107 pracy na miejscu.<\/p><\/div>\n\t\t\t\t<\/div>\n\t\t\t\t\t\t\t<div class=\"elementor-toggle-item\">\n\t\t\t\t\t<h3 id=\"elementor-tab-title-18611\" class=\"elementor-tab-title\" data-tab=\"11\" role=\"button\" aria-controls=\"elementor-tab-content-18611\" aria-expanded=\"false\">\n\t\t\t\t\t\t\t\t\t\t\t\t<span class=\"elementor-toggle-icon elementor-toggle-icon-left\" aria-hidden=\"true\">\n\t\t\t\t\t\t\t\t\t\t\t\t\t\t\t<span class=\"elementor-toggle-icon-closed\"><svg class=\"e-font-icon-svg e-fas-plus\" viewBox=\"0 0 448 512\" xmlns=\"http:\/\/www.w3.org\/2000\/svg\"><path d=\"M416 208H272V64c0-17.67-14.33-32-32-32h-32c-17.67 0-32 14.33-32 32v144H32c-17.67 0-32 14.33-32 32v32c0 17.67 14.33 32 32 32h144v144c0 17.67 14.33 32 32 32h32c17.67 0 32-14.33 32-32V304h144c17.67 0 32-14.33 32-32v-32c0-17.67-14.33-32-32-32z\"><\/path><\/svg><\/span>\n\t\t\t\t\t\t\t\t<span class=\"elementor-toggle-icon-opened\"><svg class=\"elementor-toggle-icon-opened e-font-icon-svg e-fas-minus\" viewBox=\"0 0 448 512\" xmlns=\"http:\/\/www.w3.org\/2000\/svg\"><path d=\"M416 208H32c-17.67 0-32 14.33-32 32v32c0 17.67 14.33 32 32 32h384c17.67 0 32-14.33 32-32v-32c0-17.67-14.33-32-32-32z\"><\/path><\/svg><\/span>\n\t\t\t\t\t\t\t\t\t\t\t\t\t<\/span>\n\t\t\t\t\t\t\t\t\t\t\t\t<a class=\"elementor-toggle-title\" tabindex=\"0\">Gdzie znajduje si\u0119 studio i czy \u0142atwo do niego dojecha\u0107?<\/a>\n\t\t\t\t\t<\/h3>\n\n\t\t\t\t\t<div id=\"elementor-tab-content-18611\" class=\"elementor-tab-content elementor-clearfix\" data-tab=\"11\" role=\"region\" aria-labelledby=\"elementor-tab-title-18611\"><p>Studio znajduje si\u0119 w Warszawie, w dzielnicy Wawer, przy ul. Stoczniowc\u00f3w 21. Lokalizacja oko\u0142o 200 metr\u00f3w od Mostu Siekierkowskiego u\u0142atwia dojazd samochodem, a dodatkowym udogodnieniem jest parking przy studiu.<\/p><\/div>\n\t\t\t\t<\/div>\n\t\t\t\t\t\t\t\t<\/div>\n\t\t\t\t\t\t<\/div>\n\t\t\t\t\t<\/div>\n\t\t<\/div>\n\t\t\t\t\t<\/div>\n\t\t<\/section>\n\t\t<div class=\"elementor-element elementor-element-438d45e e-flex e-con-boxed e-con e-parent\" data-id=\"438d45e\" data-element_type=\"container\" data-e-type=\"container\">\n\t\t\t\t\t<div class=\"e-con-inner\">\n\t\t\t\t<div class=\"elementor-element elementor-element-5fdaef0 elementor-widget elementor-widget-text-editor\" data-id=\"5fdaef0\" data-element_type=\"widget\" data-e-type=\"widget\" data-widget_type=\"text-editor.default\">\n\t\t\t\t\t\t\t\t\t<div class=\"sdb-gallery-links\">\n  <h2>Zobacz tak\u017ce<\/h2>\n  <ul>\n    <li><a href=\"https:\/\/studiodrugibrzeg.pl\/index.php\/cennik-studio-fotograficzne-warszawa\/\">Cennik studia fotograficznego Warszawa<\/a><\/li>\n    <li><a href=\"https:\/\/studiodrugibrzeg.pl\/index.php\/sprzet-studio-fotograficzne-warszawa\/\">Sprz\u0119t dost\u0119pny w Studio Drugi Brzeg<\/a><\/li>\n    <li><a href=\"https:\/\/studiodrugibrzeg.pl\/index.php\/rezerwacja-studio-fotograficzne-warszawa\/\">Rezerwacja studia online<\/a><\/li>\n    <li><a href=\"https:\/\/studiodrugibrzeg.pl\/index.php\/kontakt-studio-fotograficzne-warszawa\/\">Kontakt i dojazd do studia<\/a><\/li>\n  <\/ul>\n<\/div>\n\n<style>\n  .sdb-gallery-links {\n    margin-top: 40px;\n    color: inherit;\n  }\n\n  .sdb-gallery-links h2 {\n    margin: 0 0 16px;\n    color: inherit;\n    font-size: 28px;\n    line-height: 1.2;\n  }\n\n  .sdb-gallery-links ul {\n    margin: 0;\n    padding-left: 18px;\n  }\n\n  .sdb-gallery-links li {\n    margin-bottom: 10px;\n    color: inherit;\n    line-height: 1.7;\n  }\n\n  .sdb-gallery-links a {\n    color: inherit;\n    text-decoration: underline;\n    text-underline-offset: 3px;\n  }\n\n  @media (max-width: 767px) {\n    .sdb-gallery-links h2 {\n      font-size: 24px;\n    }\n  }\n<\/style>\t\t\t\t\t\t\t\t<\/div>\n\t\t\t\t\t<\/div>\n\t\t\t\t<\/div>\n\t\t\t\t<section class=\"elementor-section elementor-top-section elementor-element elementor-element-1ab29554 elementor-section-boxed elementor-section-height-default elementor-section-height-default\" data-id=\"1ab29554\" data-element_type=\"section\" data-e-type=\"section\">\n\t\t\t\t\t\t<div class=\"elementor-container elementor-column-gap-default\">\n\t\t\t\t\t<div class=\"elementor-column elementor-col-100 elementor-top-column elementor-element elementor-element-7615f73\" data-id=\"7615f73\" data-element_type=\"column\" data-e-type=\"column\">\n\t\t\t<div class=\"elementor-widget-wrap elementor-element-populated\">\n\t\t\t\t\t\t<div class=\"elementor-element elementor-element-3287adb4 el-smalltitle pcolor elementor-widget elementor-widget-heading\" data-id=\"3287adb4\" data-element_type=\"widget\" data-e-type=\"widget\" data-widget_type=\"heading.default\">\n\t\t\t\t\t<span class=\"elementor-heading-title elementor-size-default\">Skontaktuj si\u0119 z nami!<\/span>\t\t\t\t<\/div>\n\t\t\t\t<div class=\"elementor-element elementor-element-5ce3d3e4 elementor-widget elementor-widget-heading\" data-id=\"5ce3d3e4\" data-element_type=\"widget\" data-e-type=\"widget\" data-widget_type=\"heading.default\">\n\t\t\t\t\t<h2 class=\"elementor-heading-title elementor-size-default\">formularz kontaktowy<\/h2>\t\t\t\t<\/div>\n\t\t\t\t\t<\/div>\n\t\t<\/div>\n\t\t\t\t\t<\/div>\n\t\t<\/section>\n\t\t\t\t<section class=\"elementor-section elementor-top-section elementor-element elementor-element-cdce75b elementor-section-boxed elementor-section-height-default elementor-section-height-default\" data-id=\"cdce75b\" data-element_type=\"section\" data-e-type=\"section\">\n\t\t\t\t\t\t<div class=\"elementor-container elementor-column-gap-default\">\n\t\t\t\t\t<div class=\"elementor-column elementor-col-100 elementor-top-column elementor-element elementor-element-39a66cfc\" data-id=\"39a66cfc\" data-element_type=\"column\" data-e-type=\"column\">\n\t\t\t<div class=\"elementor-widget-wrap elementor-element-populated\">\n\t\t\t\t\t\t<div class=\"elementor-element elementor-element-459d3010 elementor-widget elementor-widget-shortcode\" data-id=\"459d3010\" data-element_type=\"widget\" data-e-type=\"widget\" data-widget_type=\"shortcode.default\">\n\t\t\t\t\t\t\t<div class=\"elementor-shortcode\">\n<div class=\"wpcf7 no-js\" id=\"wpcf7-f2221-o1\" lang=\"pl-PL\" dir=\"ltr\" data-wpcf7-id=\"2221\">\n<div class=\"screen-reader-response\"><p role=\"status\" aria-live=\"polite\" aria-atomic=\"true\"><\/p> <ul><\/ul><\/div>\n<form action=\"\/index.php\/wp-json\/wp\/v2\/pages\/2407#wpcf7-f2221-o1\" method=\"post\" class=\"wpcf7-form init\" aria-label=\"Formularz kontaktowy\" novalidate=\"novalidate\" data-status=\"init\">\n<fieldset class=\"hidden-fields-container\"><input type=\"hidden\" name=\"_wpcf7\" value=\"2221\" \/><input type=\"hidden\" name=\"_wpcf7_version\" value=\"6.1.5\" \/><input type=\"hidden\" name=\"_wpcf7_locale\" value=\"pl_PL\" \/><input type=\"hidden\" name=\"_wpcf7_unit_tag\" value=\"wpcf7-f2221-o1\" \/><input type=\"hidden\" name=\"_wpcf7_container_post\" value=\"0\" \/><input type=\"hidden\" name=\"_wpcf7_posted_data_hash\" value=\"\" \/>\n<\/fieldset>\n<p><label> Twoje imi\u0119 i nazwisko<br \/>\n<span class=\"wpcf7-form-control-wrap\" data-name=\"your-name\"><input size=\"40\" maxlength=\"400\" class=\"wpcf7-form-control wpcf7-text wpcf7-validates-as-required\" autocomplete=\"name\" aria-required=\"true\" aria-invalid=\"false\" value=\"\" type=\"text\" name=\"your-name\" \/><\/span> <\/label>\n<\/p>\n<p><label> Tw\u00f3j adres e-mail<br \/>\n<span class=\"wpcf7-form-control-wrap\" data-name=\"your-email\"><input size=\"40\" maxlength=\"400\" class=\"wpcf7-form-control wpcf7-email wpcf7-validates-as-required wpcf7-text wpcf7-validates-as-email\" autocomplete=\"email\" aria-required=\"true\" aria-invalid=\"false\" value=\"\" type=\"email\" name=\"your-email\" \/><\/span> <\/label>\n<\/p>\n<p><label> Temat<br \/>\n<span class=\"wpcf7-form-control-wrap\" data-name=\"your-subject\"><input size=\"40\" maxlength=\"400\" class=\"wpcf7-form-control wpcf7-text wpcf7-validates-as-required\" aria-required=\"true\" aria-invalid=\"false\" value=\"\" type=\"text\" name=\"your-subject\" \/><\/span> <\/label>\n<\/p>\n<p><label> Twoja wiadomo\u015b\u0107<br \/>\n<span class=\"wpcf7-form-control-wrap\" data-name=\"your-message\"><textarea cols=\"40\" rows=\"10\" maxlength=\"2000\" class=\"wpcf7-form-control wpcf7-textarea\" aria-invalid=\"false\" name=\"your-message\"><\/textarea><\/span> <\/label>\n<\/p>\n<p><input class=\"wpcf7-form-control wpcf7-submit has-spinner\" type=\"submit\" value=\"Wy\u015blij\" \/>\n<\/p><div class=\"wpcf7-response-output\" aria-hidden=\"true\"><\/div>\n<\/form>\n<\/div>\n<\/div>\n\t\t\t\t\t\t<\/div>\n\t\t\t\t\t<\/div>\n\t\t<\/div>\n\t\t\t\t\t<\/div>\n\t\t<\/section>\n\t\t\t\t<\/div>\n\t\t","protected":false},"excerpt":{"rendered":"<p>Stoczniowc\u00f3w 21, Warszawa Wawer Galeria Studio Drugi Brzeg &#8211; Wn\u0119trza Przestrzeni Fotograficznej Poznaj wn\u0119trza Studio Drugi Brzeg &#8211; wyj\u0105tkowej przestrzeni fotograficznej na warszawskim Wawrze. Nasza galeria prezentuje wszystkie dost\u0119pne plany zdj\u0119ciowe, profesjonalne wyposa\u017cenie oraz komfortowe warunki pracy. Zobacz jak wygl\u0105da&#8230;<\/p>\n","protected":false},"author":1,"featured_media":2728,"parent":0,"menu_order":0,"comment_status":"closed","ping_status":"closed","template":"templates\/template-fullscreen.php","meta":{"_acf_changed":false,"footnotes":""},"class_list":["post-2407","page","type-page","status-publish","has-post-thumbnail","hentry"],"acf":[],"_links":{"self":[{"href":"https:\/\/studiodrugibrzeg.pl\/index.php\/wp-json\/wp\/v2\/pages\/2407","targetHints":{"allow":["GET"]}}],"collection":[{"href":"https:\/\/studiodrugibrzeg.pl\/index.php\/wp-json\/wp\/v2\/pages"}],"about":[{"href":"https:\/\/studiodrugibrzeg.pl\/index.php\/wp-json\/wp\/v2\/types\/page"}],"author":[{"embeddable":true,"href":"https:\/\/studiodrugibrzeg.pl\/index.php\/wp-json\/wp\/v2\/users\/1"}],"replies":[{"embeddable":true,"href":"https:\/\/studiodrugibrzeg.pl\/index.php\/wp-json\/wp\/v2\/comments?post=2407"}],"version-history":[{"count":49,"href":"https:\/\/studiodrugibrzeg.pl\/index.php\/wp-json\/wp\/v2\/pages\/2407\/revisions"}],"predecessor-version":[{"id":3174,"href":"https:\/\/studiodrugibrzeg.pl\/index.php\/wp-json\/wp\/v2\/pages\/2407\/revisions\/3174"}],"wp:featuredmedia":[{"embeddable":true,"href":"https:\/\/studiodrugibrzeg.pl\/index.php\/wp-json\/wp\/v2\/media\/2728"}],"wp:attachment":[{"href":"https:\/\/studiodrugibrzeg.pl\/index.php\/wp-json\/wp\/v2\/media?parent=2407"}],"curies":[{"name":"wp","href":"https:\/\/api.w.org\/{rel}","templated":true}]}}