{"id":2460,"date":"2025-09-30T14:19:22","date_gmt":"2025-09-30T12:19:22","guid":{"rendered":"https:\/\/studiodrugibrzeg.pl\/?page_id=2460"},"modified":"2025-12-08T10:44:02","modified_gmt":"2025-12-08T09:44:02","slug":"regulamin-wynajmu-studio-fotograficzne","status":"publish","type":"page","link":"https:\/\/studiodrugibrzeg.pl\/index.php\/regulamin-wynajmu-studio-fotograficzne\/","title":{"rendered":"Regulamin"},"content":{"rendered":"\t\t<div data-elementor-type=\"wp-page\" data-elementor-id=\"2460\" class=\"elementor elementor-2460\">\n\t\t\t\t<div class=\"elementor-element elementor-element-246ee1c e-flex e-con-boxed e-con e-parent\" data-id=\"246ee1c\" data-element_type=\"container\" data-e-type=\"container\">\n\t\t\t\t\t<div class=\"e-con-inner\">\n\t\t\t\t<div class=\"elementor-element elementor-element-44fc1ff elementor-widget elementor-widget-heading\" data-id=\"44fc1ff\" data-element_type=\"widget\" data-e-type=\"widget\" data-widget_type=\"heading.default\">\n\t\t\t\t\t<h2 class=\"elementor-heading-title elementor-size-default\">Regulamin studia Drugi Brzeg<\/h2>\t\t\t\t<\/div>\n\t\t\t\t<div class=\"elementor-element elementor-element-815acdc elementor-widget elementor-widget-text-editor\" data-id=\"815acdc\" data-element_type=\"widget\" data-e-type=\"widget\" data-widget_type=\"text-editor.default\">\n\t\t\t\t\t\t\t\t\t<div class=\"wp-block-kadence-spacer aligncenter kt-block-spacer-_c625ae-78\"><div class=\"kt-block-spacer kt-block-spacer-halign-center\"><hr class=\"kt-divider\" \/><\/div><\/div><h4 class=\"kt-adv-heading_a0b1d3-10 wp-block-kadence-advancedheading\" data-kb-block=\"kb-adv-heading_a0b1d3-10\"><strong>\u00a7\u00a01 Wst\u0119p<\/strong><\/h4><ol class=\"wp-block-list\"><li>W\u0142a\u015bcicielem i zarz\u0105dzaj\u0105cym studiem fotograficznym Drugi Brzeg w Warszawie jest firma Dabacom Bartosz Raczy\u0144ski z siedzib\u0105 w Gda\u0144sku, ul Ojcowska 17, 80-146, NIP: 583-299-76-44, w niniejszym regulaminie okre\u015blanym jako Wynajmuj\u0105cy. Adres studia Drugi Brzeg: Stoczniowc\u00f3w 21, 03-982 Warszawa.<\/li><li>Osoby fizyczne lub podmioty prawa handlowego korzystaj\u0105ce z wynajmu studia okre\u015blane s\u0105 mianem Najemcy.<\/li><li>Podstawowym przeznaczaniem studia jest wykonywanie sesji fotograficznych oraz nagrywanie materia\u0142\u00f3w filmowych.<\/li><li>Dodatkowo studio mo\u017ce by\u0107 wynajmowane do innych cel\u00f3w m.in.: spotkania, warsztaty, wieczory panie\u0144skie, konferencje, prezentacje, wystawy, inne.<\/li><\/ol><div class=\"wp-block-kadence-spacer aligncenter kt-block-spacer-_c625ae-78\"><div class=\"kt-block-spacer kt-block-spacer-halign-center\"><hr class=\"kt-divider\" \/><\/div><\/div><h4 class=\"kt-adv-heading_58f009-c4 wp-block-kadence-advancedheading\" data-kb-block=\"kb-adv-heading_58f009-c4\"><strong>\u00a7\u00a02 Opis dzia\u0142alno\u015bci<\/strong><\/h4><ol class=\"wp-block-list\"><li>Wynajmuj\u0105cy \u015bwiadczy us\u0142ugi wynajmu studia fotograficznego wraz z wyposa\u017ceniem studyjnym obejmuj\u0105cym: studyjne lampy b\u0142yskowe, modyfikatory \u015bwiat\u0142a oraz t\u0142a fotograficzne.<\/li><li>Sprz\u0119t wchodz\u0105cy w wyposa\u017cenie studia nale\u017cy u\u017cywa\u0107 zgodnie z zaleceniami producenta, w przypadku w\u0105tpliwo\u015bci co do eksploatacji nale\u017cy niezw\u0142ocznie zasi\u0119gn\u0105\u0107 porady Wynajmuj\u0105cego.<\/li><li>Istnieje mo\u017cliwo\u015b\u0107 wynaj\u0119cia dodatkowych akcesori\u00f3w i wyposa\u017cenia do sesji, za dodatkow\u0105 op\u0142at\u0105, zgodnie z cennikiem lub indywidualnymi ustaleniami.<\/li><\/ol><div class=\"wp-block-kadence-spacer aligncenter kt-block-spacer-_c625ae-78\"><div class=\"kt-block-spacer kt-block-spacer-halign-center\"><hr class=\"kt-divider\" \/><\/div><\/div><h4 class=\"kt-adv-heading_6804ed-18 wp-block-kadence-advancedheading\" data-kb-block=\"kb-adv-heading_6804ed-18\"><strong>\u00a7\u00a03 Obowi\u0105zki Najemcy<\/strong><\/h4><ol class=\"wp-block-list\"><li>Wynajmuj\u0105cy zobowi\u0105zuje si\u0119 wynajmowa\u0107 sprz\u0119t sprawny technicznie. Wszelkie usterki sprz\u0119tu nale\u017cy zg\u0142asza\u0107 jak najszybciej. Najemca zobowi\u0105zuje si\u0119 wykorzystywa\u0107 wynaj\u0119ty sprz\u0119t zgodnie z jego przeznaczeniem i zasadami bezpiecze\u0144stwa oraz dba\u0107, aby powierzony mu sprz\u0119t nie uleg\u0142 uszkodzeniu z winy Najemcy oraz os\u00f3b trzecich przebywaj\u0105cych w studio podczas najmu (modelki, wiza\u017cy\u015bci, asystenci, itp).<\/li><li>Sprz\u0119t o\u015bwietleniowy nale\u017cy zwr\u00f3ci\u0107 w takim stanie jak przed rozpocz\u0119ciem u\u017cytkowania. Najemca zobowi\u0105zuje si\u0119 do pokrycia koszt\u00f3w ewentualnych szk\u00f3d spowodowanych przez Najemc\u0119 lub osoby trzecie przebywaj\u0105ce w studio podczas najmu (modelki, wiza\u017cy\u015bci, asystenci, itp).<\/li><li>Pomieszczenia i pozosta\u0142e wyposa\u017cenie studia (meble, stanowisko do wiza\u017cu, aneks kuchenny) nale\u017cy zwr\u00f3ci\u0107 w takim samym stanie jak przed rozpocz\u0119ciem u\u017cytkowania.<\/li><li>Wykorzystanie studia do cel\u00f3w niezgodnych z prawem jest zabronione.<\/li><li>W studiu obowi\u0105zuje bezwzgl\u0119dny zakaz palenia oraz spo\u017cywania alkoholu i za\u017cywania narkotyk\u00f3w.<\/li><li>Zakazane jest wnoszenie do Studia rzeczy niebezpiecznych, zwierz\u0105t (za wyj\u0105tkiem ps\u00f3w przewodnik\u00f3w w czasie wykonywania ich zada\u0144) zmniejszaj\u0105cych komfort korzystania z Studia przez innych Korzystaj\u0105cych \u2013 w szczeg\u00f3lno\u015bci wielkogabarytowych lub generuj\u0105cych silne zapachy.<\/li><li>W studiu zabrania si\u0119 palenia \u015bwiec. Wykorzystanie \u015bwiec jest dopuszczalne wy\u0142\u0105cznie w obecno\u015bci Wynajmuj\u0105cego.<\/li><li>Wynajmuj\u0105cy zastrzega sobie mo\u017cliwo\u015b\u0107 przerwania wynaj\u0119cia studia w przypadku gdy prowadzone z jego wykorzystaniem dzia\u0142ania zwi\u0105zane by\u0142yby z tre\u015bciami uznanymi za zakazane w obliczu polskiego prawa.<\/li><\/ol><div class=\"wp-block-kadence-spacer aligncenter kt-block-spacer-_c625ae-78\"><div class=\"kt-block-spacer kt-block-spacer-halign-center\"><hr class=\"kt-divider\" \/><\/div><\/div><h4 class=\"kt-adv-heading_197d0f-99 wp-block-kadence-advancedheading\" data-kb-block=\"kb-adv-heading_197d0f-99\"><strong>\u00a7\u00a04 Op\u0142aty<\/strong><\/h4><ol class=\"wp-block-list\"><li>Op\u0142aty za wynajem studia fotograficznego s\u0105 naliczane wg Cennika zamieszczonego na stronie studia. W cenniku s\u0105 podane r\u00f3wnie\u017c dodatkowe op\u0142aty zwi\u0105zane z najmem (wykorzystanie t\u0142a, akcesori\u00f3w, mebli, itp.).<\/li><li>Wszystkie ceny podane w Cenniku s\u0105 cenami netto.<\/li><li>Jednostk\u0105 rozliczeniow\u0105 jest rozpocz\u0119ta godzina zegarowa.<\/li><li>Czas trwania wynajmu studia wraz ze sprz\u0119tem liczony jest od godziny potwierdzonej rezerwacj\u0105 (umowa wynaj\u0119cia) do ustalonej godziny zako\u0144czenia rezerwacji.<\/li><li>W razie sp\u00f3\u017anienia lub wcze\u015bniejszego zwolnienia studia przez Najemc\u0119, cena nie ulega zmianie.<\/li><li>W przypadku wyd\u0142u\u017cenia czasu trwania najmu, czas ten liczy si\u0119 do momentu opuszczenia studia przez ostatniego uczestnika sesji. Op\u0142ata za przed\u0142u\u017cenie najmu naliczana jest zgodnie z Cennikiem wg wynajmu godzinowego (za ka\u017cd\u0105 rozpocz\u0119t\u0105 godzin\u0119).<\/li><li>Przed\u0142u\u017cenie najmu mo\u017ce nast\u0105pi\u0107 tylko gdy istnieje taka mo\u017cliwo\u015b\u0107.<\/li><li>Odwo\u0142anie rezerwacji wynajmu studia oraz sprz\u0119tu do 24 godzin przed dat\u0105 wynajmu \u2013 p\u0142atne przez Najemc\u0119 100% wg Cennika.<\/li><li>Odwo\u0142anie rezerwacji wynajmu studia oraz sprz\u0119tu do 48 godzin przed dat\u0105 wynajmu \u2013 p\u0142atne przez Najemc\u0119 50% wg Cennika.<\/li><li>Odwo\u0142anie rezerwacji wynajmu studia oraz sprz\u0119tu w czasie sesji \u015bwi\u0105tecznych (opisane w kalendarzu jako &#8222;\u015bwi\u0119ta&#8221; lub w czasie wystroju studia na aran\u017cacje zwi\u0105zane z Bo\u017cym Narodzeniem) \u2013 p\u0142atne przez Najemc\u0119 100% wg Cennika. Wynajmuj\u0105cy mo\u017ce dobrowolnie zwr\u00f3ci\u0107 p\u0142atno\u015b\u0107 za rezerwacj\u0119, je\u017celi znajdzie si\u0119 na ten sam termin i godzin\u0119 inny wynajmuj\u0105cy.<\/li><li>Najemca zobowi\u0105zuje si\u0119 do pokrycia koszt\u00f3w ewentualnego sprz\u0105tania studia w wysoko\u015bci 100z\u0142 netto (dotyczy &amp;3 pkt 3).<\/li><li>Je\u017celi tematyka sesji zdj\u0119ciowej lub nagrania wymaga\u0107 b\u0119dzie u\u017cycia dodatkowych dekoracji (np. sztucznego \u015bniegu, konfetti) Najemca zobowi\u0105zany jest do zap\u0142acenia 100 z\u0142 netto za sprz\u0105tanie, kt\u00f3rego podejmie si\u0119 Wynajmuj\u0105cy po opuszczeniu studia przez Najemc\u0119.<\/li><\/ol><div class=\"wp-block-kadence-spacer aligncenter kt-block-spacer-_c625ae-78\"><div class=\"kt-block-spacer kt-block-spacer-halign-center\"><hr class=\"kt-divider\" \/><\/div><\/div><h4 class=\"kt-adv-heading_3cf93e-d4 wp-block-kadence-advancedheading\" data-kb-block=\"kb-adv-heading_3cf93e-d4\"><strong>\u00a7\u00a05 Rezerwacja Studia i p\u0142atno\u015b\u0107<\/strong><\/h4><ol class=\"wp-block-list\"><li>Rezerwacji studia mo\u017cna dokona\u0107 telefonicznie pod numerem (tel.508871221) od poniedzia\u0142ku do niedzieli w godzinach 08.00-20.00, mailowo pod adresem (info@studiodrugibrzeg.pl) codziennie przez 24h (zak\u0142adka na stronie rezerwacja).<\/li><li>Rezerwacja b\u0119dzie potwierdzona przez Wynajmuj\u0105cego drog\u0105 telefoniczn\u0105 lub mailow\u0105.<\/li><li>P\u0142atno\u015bci nale\u017cy dokona\u0107 przed wynajmem w siedzibie studia lub przelewem na konto, po wcze\u015bniejszym ustaleniu.<br \/><ol class=\"wp-block-list\"><li>\u00a0<\/li><\/ol><div class=\"wp-block-kadence-spacer aligncenter kt-block-spacer-_c625ae-78\"><div class=\"kt-block-spacer kt-block-spacer-halign-center\"><hr class=\"kt-divider\" \/><\/div><\/div><h4 class=\"kt-adv-heading_61ae3c-23 wp-block-kadence-advancedheading\" data-kb-block=\"kb-adv-heading_61ae3c-23\"><strong>\u00a7 6 REKLAMACJE<\/strong><\/h4><p class=\"my-2 [&amp;+p]:mt-4 [&amp;_strong:has(+br)]:inline-block [&amp;_strong:has(+br)]:pb-2\">Najemca ma prawo do z\u0142o\u017cenia reklamacji dotycz\u0105cej wynajmu studia lub stanu sprz\u0119tu w terminie 7 dni od daty zako\u0144czenia wynajmu.<\/p><p class=\"my-2 [&amp;+p]:mt-4 [&amp;_strong:has(+br)]:inline-block [&amp;_strong:has(+br)]:pb-2\">Reklamacj\u0119 mo\u017cna z\u0142o\u017cy\u0107:<\/p><ul class=\"marker:text-quiet list-disc\"><li class=\"py-0 my-0 prose-p:pt-0 prose-p:mb-2 prose-p:my-0 [&amp;&gt;p]:pt-0 [&amp;&gt;p]:mb-2 [&amp;&gt;p]:my-0\"><p class=\"my-2 [&amp;+p]:mt-4 [&amp;_strong:has(+br)]:inline-block [&amp;_strong:has(+br)]:pb-2\">telefonicznie pod numerem 508-871-221 w godzinach 08:00-20:00<\/p><\/li><li class=\"py-0 my-0 prose-p:pt-0 prose-p:mb-2 prose-p:my-0 [&amp;&gt;p]:pt-0 [&amp;&gt;p]:mb-2 [&amp;&gt;p]:my-0\"><p class=\"my-2 [&amp;+p]:mt-4 [&amp;_strong:has(+br)]:inline-block [&amp;_strong:has(+br)]:pb-2\">mailowo na adres <a class=\"reset interactable cursor-pointer text-super hover:underline font-bold\" href=\"mailto:info@studiodrugibrzeg.pl\" target=\"_blank\" rel=\"nofollow noopener\">info@studiodrugibrzeg.pl<\/a><\/p><\/li><li class=\"py-0 my-0 prose-p:pt-0 prose-p:mb-2 prose-p:my-0 [&amp;&gt;p]:pt-0 [&amp;&gt;p]:mb-2 [&amp;&gt;p]:my-0\"><p class=\"my-2 [&amp;+p]:mt-4 [&amp;_strong:has(+br)]:inline-block [&amp;_strong:has(+br)]:pb-2\">pisemnie na adres siedziby firmy: Dabacom Bartosz Raczy\u0144ski, ul. Ojcowska 17, 80-146 Gda\u0144sk<\/p><\/li><\/ul><p class=\"my-2 [&amp;+p]:mt-4 [&amp;_strong:has(+br)]:inline-block [&amp;_strong:has(+br)]:pb-2\">Reklamacja powinna zawiera\u0107:<\/p><ul class=\"marker:text-quiet list-disc\"><li class=\"py-0 my-0 prose-p:pt-0 prose-p:mb-2 prose-p:my-0 [&amp;&gt;p]:pt-0 [&amp;&gt;p]:mb-2 [&amp;&gt;p]:my-0\"><p class=\"my-2 [&amp;+p]:mt-4 [&amp;_strong:has(+br)]:inline-block [&amp;_strong:has(+br)]:pb-2\">dane kontaktowe Najemcy<\/p><\/li><li class=\"py-0 my-0 prose-p:pt-0 prose-p:mb-2 prose-p:my-0 [&amp;&gt;p]:pt-0 [&amp;&gt;p]:mb-2 [&amp;&gt;p]:my-0\"><p class=\"my-2 [&amp;+p]:mt-4 [&amp;_strong:has(+br)]:inline-block [&amp;_strong:has(+br)]:pb-2\">dat\u0119 i godzin\u0119 wynajmu studia<\/p><\/li><li class=\"py-0 my-0 prose-p:pt-0 prose-p:mb-2 prose-p:my-0 [&amp;&gt;p]:pt-0 [&amp;&gt;p]:mb-2 [&amp;&gt;p]:my-0\"><p class=\"my-2 [&amp;+p]:mt-4 [&amp;_strong:has(+br)]:inline-block [&amp;_strong:has(+br)]:pb-2\">szczeg\u00f3\u0142owy opis problemu lub usterki<\/p><\/li><li class=\"py-0 my-0 prose-p:pt-0 prose-p:mb-2 prose-p:my-0 [&amp;&gt;p]:pt-0 [&amp;&gt;p]:mb-2 [&amp;&gt;p]:my-0\"><p class=\"my-2 [&amp;+p]:mt-4 [&amp;_strong:has(+br)]:inline-block [&amp;_strong:has(+br)]:pb-2\">w miar\u0119 mo\u017cliwo\u015bci dokumentacj\u0119 fotograficzn\u0105 problemu<\/p><\/li><\/ul><p class=\"my-2 [&amp;+p]:mt-4 [&amp;_strong:has(+br)]:inline-block [&amp;_strong:has(+br)]:pb-2\">Wynajmuj\u0105cy zobowi\u0105zuje si\u0119 do rozpatrzenia reklamacji w terminie 14 dni roboczych od daty jej otrzymania i udzielenia pisemnej odpowiedzi.<\/p><p class=\"my-2 [&amp;+p]:mt-4 [&amp;_strong:has(+br)]:inline-block [&amp;_strong:has(+br)]:pb-2\">W przypadku uznania reklamacji za uzasadnion\u0105, Wynajmuj\u0105cy mo\u017ce zaproponowa\u0107:<\/p><ul class=\"marker:text-quiet list-disc\"><li class=\"py-0 my-0 prose-p:pt-0 prose-p:mb-2 prose-p:my-0 [&amp;&gt;p]:pt-0 [&amp;&gt;p]:mb-2 [&amp;&gt;p]:my-0\"><p class=\"my-2 [&amp;+p]:mt-4 [&amp;_strong:has(+br)]:inline-block [&amp;_strong:has(+br)]:pb-2\">zwrot cz\u0119\u015bci lub ca\u0142o\u015bci op\u0142aty za wynajem<\/p><\/li><li class=\"py-0 my-0 prose-p:pt-0 prose-p:mb-2 prose-p:my-0 [&amp;&gt;p]:pt-0 [&amp;&gt;p]:mb-2 [&amp;&gt;p]:my-0\"><p class=\"my-2 [&amp;+p]:mt-4 [&amp;_strong:has(+br)]:inline-block [&amp;_strong:has(+br)]:pb-2\">bezp\u0142atny najem studia w terminie uzgodnionym z Najemc\u0105<\/p><\/li><li class=\"py-0 my-0 prose-p:pt-0 prose-p:mb-2 prose-p:my-0 [&amp;&gt;p]:pt-0 [&amp;&gt;p]:mb-2 [&amp;&gt;p]:my-0\"><p class=\"my-2 [&amp;+p]:mt-4 [&amp;_strong:has(+br)]:inline-block [&amp;_strong:has(+br)]:pb-2\">inne rozwi\u0105zanie adekwatne do zaistnia\u0142ej sytuacji<\/p><\/li><\/ul><p class=\"my-2 [&amp;+p]:mt-4 [&amp;_strong:has(+br)]:inline-block [&amp;_strong:has(+br)]:pb-2\">Odpowied\u017a na reklamacj\u0119 zostanie przes\u0142ana na adres mailowy lub pocztowy wskazany przez Najemc\u0119.<\/p><h4 class=\"my-2 [&amp;+p]:mt-4 [&amp;_strong:has(+br)]:inline-block [&amp;_strong:has(+br)]:pb-2\"><strong>\u00a7 7 Postanowienia ko\u0144cowe<\/strong><\/h4><ol class=\"wp-block-list\"><li>Niniejszy Regulamin obowi\u0105zuje od 1 pa\u017adziernika 2025 roku.<\/li><li>Najemca rezerwuj\u0105c studio jest w pe\u0142ni \u015bwiadomy zasad zawartych w \u201cRegulaminie wynajmu Studia Fotograficznego Drugi Brzeg\u201d, oraz zdaje sobie spraw\u0119 z konsekwencji niewywi\u0105zania si\u0119 z jego postanowie\u0144.<\/li><li>Wynajmuj\u0105cy zastrzega sobie mo\u017cliwo\u015b\u0107 zmiany niniejszego regulaminu.<\/li><\/ol><\/li><\/ol>\t\t\t\t\t\t\t\t<\/div>\n\t\t\t\t\t<\/div>\n\t\t\t\t<\/div>\n\t\t\t\t<section class=\"elementor-section elementor-top-section elementor-element elementor-element-22db678a elementor-section-boxed elementor-section-height-default elementor-section-height-default\" data-id=\"22db678a\" data-element_type=\"section\" data-e-type=\"section\" data-settings=\"{&quot;background_background&quot;:&quot;classic&quot;}\">\n\t\t\t\t\t\t\t<div class=\"elementor-background-overlay\"><\/div>\n\t\t\t\t\t\t\t<div class=\"elementor-container elementor-column-gap-default\">\n\t\t\t\t\t<div class=\"elementor-column elementor-col-100 elementor-top-column elementor-element elementor-element-13726b7e\" data-id=\"13726b7e\" data-element_type=\"column\" data-e-type=\"column\">\n\t\t\t<div class=\"elementor-widget-wrap elementor-element-populated\">\n\t\t\t\t\t\t<div class=\"elementor-element elementor-element-57daf16c el-smalltitle pcolor elementor-widget elementor-widget-heading\" data-id=\"57daf16c\" data-element_type=\"widget\" data-e-type=\"widget\" data-widget_type=\"heading.default\">\n\t\t\t\t\t<span class=\"elementor-heading-title elementor-size-default\">zarezerwuj teraz<\/span>\t\t\t\t<\/div>\n\t\t\t\t<div class=\"elementor-element elementor-element-1ced0df4 elementor-widget elementor-widget-heading\" data-id=\"1ced0df4\" data-element_type=\"widget\" data-e-type=\"widget\" data-widget_type=\"heading.default\">\n\t\t\t\t\t<h2 class=\"elementor-heading-title elementor-size-default\">Zadzwo\u0144<\/h2>\t\t\t\t<\/div>\n\t\t\t\t<div class=\"elementor-element elementor-element-543894b5 pcolor elementor-widget elementor-widget-heading\" data-id=\"543894b5\" data-element_type=\"widget\" data-e-type=\"widget\" data-widget_type=\"heading.default\">\n\t\t\t\t\t<h3 class=\"elementor-heading-title elementor-size-default\"><a href=\"tel:508871221\">+48 508 871 221<\/a><\/h3>\t\t\t\t<\/div>\n\t\t\t\t\t<\/div>\n\t\t<\/div>\n\t\t\t\t\t<\/div>\n\t\t<\/section>\n\t\t\t\t<section class=\"elementor-section elementor-top-section elementor-element elementor-element-dc2641a elementor-section-boxed elementor-section-height-default elementor-section-height-default\" data-id=\"dc2641a\" data-element_type=\"section\" data-e-type=\"section\">\n\t\t\t\t\t\t<div class=\"elementor-container elementor-column-gap-default\">\n\t\t\t\t\t<div class=\"elementor-column elementor-col-100 elementor-top-column elementor-element elementor-element-2f37830f\" data-id=\"2f37830f\" data-element_type=\"column\" data-e-type=\"column\">\n\t\t\t<div class=\"elementor-widget-wrap elementor-element-populated\">\n\t\t\t\t\t\t<div class=\"elementor-element elementor-element-17fd2de5 pcolori-bkg lefticon elementor-view-default elementor-position-block-start elementor-mobile-position-block-start elementor-widget elementor-widget-icon-box\" data-id=\"17fd2de5\" data-element_type=\"widget\" data-e-type=\"widget\" data-widget_type=\"icon-box.default\">\n\t\t\t\t\t\t\t<div class=\"elementor-icon-box-wrapper\">\n\n\t\t\t\t\t\t<div class=\"elementor-icon-box-icon\">\n\t\t\t\t<span  class=\"elementor-icon\">\n\t\t\t\t<svg aria-hidden=\"true\" class=\"e-font-icon-svg e-fas-map-marker-alt\" viewBox=\"0 0 384 512\" xmlns=\"http:\/\/www.w3.org\/2000\/svg\"><path d=\"M172.268 501.67C26.97 291.031 0 269.413 0 192 0 85.961 85.961 0 192 0s192 85.961 192 192c0 77.413-26.97 99.031-172.268 309.67-9.535 13.774-29.93 13.773-39.464 0zM192 272c44.183 0 80-35.817 80-80s-35.817-80-80-80-80 35.817-80 80 35.817 80 80 80z\"><\/path><\/svg>\t\t\t\t<\/span>\n\t\t\t<\/div>\n\t\t\t\n\t\t\t\t\t\t<div class=\"elementor-icon-box-content\">\n\n\t\t\t\t\t\t\t\t\t<h5 class=\"elementor-icon-box-title\">\n\t\t\t\t\t\t<span  >\n\t\t\t\t\t\t\tWarszawa, wawer\t\t\t\t\t\t<\/span>\n\t\t\t\t\t<\/h5>\n\t\t\t\t\n\t\t\t\t\t\t\t\t\t<p class=\"elementor-icon-box-description\">\n\t\t\t\t\t\tStoczniowc\u00f3w 21,<br>03-982 Warszawa\n\t\t\t\t\t<\/p>\n\t\t\t\t\n\t\t\t<\/div>\n\t\t\t\n\t\t<\/div>\n\t\t\t\t\t\t<\/div>\n\t\t\t\t\t<\/div>\n\t\t<\/div>\n\t\t\t\t\t<\/div>\n\t\t<\/section>\n\t\t\t\t<\/div>\n\t\t","protected":false},"excerpt":{"rendered":"<p>Regulamin studia Drugi Brzeg \u00a7\u00a01 Wst\u0119p W\u0142a\u015bcicielem i zarz\u0105dzaj\u0105cym studiem fotograficznym Drugi Brzeg w Warszawie jest firma Dabacom Bartosz Raczy\u0144ski z siedzib\u0105 w Gda\u0144sku, ul Ojcowska 17, 80-146, NIP: 583-299-76-44, w niniejszym regulaminie okre\u015blanym jako Wynajmuj\u0105cy. Adres studia Drugi Brzeg:&#8230;<\/p>\n","protected":false},"author":1,"featured_media":2378,"parent":0,"menu_order":0,"comment_status":"closed","ping_status":"closed","template":"templates\/template-home.php","meta":{"_acf_changed":false,"footnotes":""},"class_list":["post-2460","page","type-page","status-publish","has-post-thumbnail","hentry"],"acf":[],"_links":{"self":[{"href":"https:\/\/studiodrugibrzeg.pl\/index.php\/wp-json\/wp\/v2\/pages\/2460","targetHints":{"allow":["GET"]}}],"collection":[{"href":"https:\/\/studiodrugibrzeg.pl\/index.php\/wp-json\/wp\/v2\/pages"}],"about":[{"href":"https:\/\/studiodrugibrzeg.pl\/index.php\/wp-json\/wp\/v2\/types\/page"}],"author":[{"embeddable":true,"href":"https:\/\/studiodrugibrzeg.pl\/index.php\/wp-json\/wp\/v2\/users\/1"}],"replies":[{"embeddable":true,"href":"https:\/\/studiodrugibrzeg.pl\/index.php\/wp-json\/wp\/v2\/comments?post=2460"}],"version-history":[{"count":17,"href":"https:\/\/studiodrugibrzeg.pl\/index.php\/wp-json\/wp\/v2\/pages\/2460\/revisions"}],"predecessor-version":[{"id":2875,"href":"https:\/\/studiodrugibrzeg.pl\/index.php\/wp-json\/wp\/v2\/pages\/2460\/revisions\/2875"}],"wp:featuredmedia":[{"embeddable":true,"href":"https:\/\/studiodrugibrzeg.pl\/index.php\/wp-json\/wp\/v2\/media\/2378"}],"wp:attachment":[{"href":"https:\/\/studiodrugibrzeg.pl\/index.php\/wp-json\/wp\/v2\/media?parent=2460"}],"curies":[{"name":"wp","href":"https:\/\/api.w.org\/{rel}","templated":true}]}}