{"id":599,"date":"2022-11-04T13:09:47","date_gmt":"2022-11-04T13:09:47","guid":{"rendered":"https:\/\/matchthemes.com\/demowp\/latulipe\/?page_id=599"},"modified":"2026-04-23T12:12:15","modified_gmt":"2026-04-23T10:12:15","slug":"cennik-studio-fotograficzne-warszawa","status":"publish","type":"page","link":"https:\/\/studiodrugibrzeg.pl\/index.php\/cennik-studio-fotograficzne-warszawa\/","title":{"rendered":"Cennik wynajmu"},"content":{"rendered":"\t\t<div data-elementor-type=\"wp-page\" data-elementor-id=\"599\" class=\"elementor elementor-599\">\n\t\t\t\t\t\t<section class=\"elementor-section elementor-top-section elementor-element elementor-element-686fe76 elementor-section-content-middle elementor-section-boxed elementor-section-height-default elementor-section-height-default\" data-id=\"686fe76\" data-element_type=\"section\" data-e-type=\"section\">\n\t\t\t\t\t\t<div class=\"elementor-container elementor-column-gap-default\">\n\t\t\t\t\t<div class=\"elementor-column elementor-col-50 elementor-top-column elementor-element elementor-element-091411c\" data-id=\"091411c\" data-element_type=\"column\" data-e-type=\"column\">\n\t\t\t<div class=\"elementor-widget-wrap elementor-element-populated\">\n\t\t\t\t\t\t<div class=\"elementor-element elementor-element-4c52407 el-smalltitle pcolor elementor-widget elementor-widget-heading\" data-id=\"4c52407\" data-element_type=\"widget\" data-e-type=\"widget\" data-widget_type=\"heading.default\">\n\t\t\t\t\t<span class=\"elementor-heading-title elementor-size-default\">Nasza oferta<\/span>\t\t\t\t<\/div>\n\t\t\t\t<div class=\"elementor-element elementor-element-20bece4 elementor-widget elementor-widget-heading\" data-id=\"20bece4\" data-element_type=\"widget\" data-e-type=\"widget\" data-widget_type=\"heading.default\">\n\t\t\t\t\t<h2 class=\"elementor-heading-title elementor-size-default\">Cennik Studio Drugi Brzeg - Wynajem Studia Fotograficznego Warszawa<\/h2>\t\t\t\t<\/div>\n\t\t\t\t<div class=\"elementor-element elementor-element-103aa0d elementor-widget elementor-widget-text-editor\" data-id=\"103aa0d\" data-element_type=\"widget\" data-e-type=\"widget\" data-widget_type=\"text-editor.default\">\n\t\t\t\t\t\t\t\t\t<p>Poznaj przejrzysty <strong>cennik studio fotograficzne Warszawa<\/strong> dla Studio Drugi Brzeg na Wawrze. Oferujemy konkurencyjne ceny wynajmu przestrzeni fotograficznej z pe\u0142nym wyposa\u017ceniem i elastycznymi godzinami dostosowanymi do Twoich potrzeb.<\/p>\t\t\t\t\t\t\t\t<\/div>\n\t\t\t\t\t<\/div>\n\t\t<\/div>\n\t\t\t\t<div class=\"elementor-column elementor-col-50 elementor-top-column elementor-element elementor-element-15613da\" data-id=\"15613da\" data-element_type=\"column\" data-e-type=\"column\">\n\t\t\t<div class=\"elementor-widget-wrap elementor-element-populated\">\n\t\t\t\t\t\t<div class=\"elementor-element elementor-element-d44ab79 elementor-widget elementor-widget-image\" data-id=\"d44ab79\" data-element_type=\"widget\" data-e-type=\"widget\" data-widget_type=\"image.default\">\n\t\t\t\t\t\t\t\t\t\t\t\t\t\t\t<img fetchpriority=\"high\" decoding=\"async\" width=\"800\" height=\"600\" src=\"https:\/\/studiodrugibrzeg.pl\/wp-content\/uploads\/studio-drugi-brzeg-wynajem-warszawa-800x600.jpg\" class=\"attachment-latulipe-image800x600 size-latulipe-image800x600 wp-image-2378\" alt=\"Sesja zdj\u0119ciowa kobieca z naturalnym \u015bwiat\u0142em w Studio Drugi Brzeg\" \/>\t\t\t\t\t\t\t\t\t\t\t\t\t\t\t<\/div>\n\t\t\t\t\t<\/div>\n\t\t<\/div>\n\t\t\t\t\t<\/div>\n\t\t<\/section>\n\t\t<div class=\"elementor-element elementor-element-f70eadb e-flex e-con-boxed e-con e-parent\" data-id=\"f70eadb\" data-element_type=\"container\" data-e-type=\"container\">\n\t\t\t\t\t<div class=\"e-con-inner\">\n\t\t\t\t<div class=\"elementor-element elementor-element-38e0b62 elementor-widget elementor-widget-text-editor\" data-id=\"38e0b62\" data-element_type=\"widget\" data-e-type=\"widget\" data-widget_type=\"text-editor.default\">\n\t\t\t\t\t\t\t\t\t<h2 class=\"sdb-price-intro\">Cennik studia fotograficznego Warszawa \u2013 Studio Drugi Brzeg<\/h2><p>Aktualna cena wynajmu Studio Drugi Brzeg w Warszawie wynosi <strong>100 z\u0142 netto za godzin\u0119<\/strong>.<br \/>Studio znajduje si\u0119 w dzielnicy Wawer przy ul. Stoczniowc\u00f3w 21 i mo\u017cna je wynaj\u0105\u0107 ju\u017c od 1 godziny.<\/p><p>W cenie wynajmu dost\u0119pne s\u0105 podstawowe lampy studyjne, bezp\u0142atny parking, Wi-Fi oraz dost\u0119p do przestrzeni<br \/>o powierzchni 90 m\u00b2 z r\u00f3\u017cnymi planami zdj\u0119ciowymi i naturalnym \u015bwiat\u0142em.<\/p><p><style>\n  .sdb-price-intro { color: inherit; }<br \/>\n  .sdb-price-intro h1 {<br \/>\n    margin: 0 0 18px;<br \/>\n    color: inherit;<br \/>\n    font-size: 38px;<br \/>\n    line-height: 1.2;<br \/>\n  }<br \/>\n  .sdb-price-intro p {<br \/>\n    margin: 0 0 14px;<br \/>\n    color: inherit;<br \/>\n    opacity: 0.92;<br \/>\n    font-size: 17px;<br \/>\n    line-height: 1.8;<br \/>\n    max-width: 920px;<br \/>\n  }<br \/>\n  @media (max-width: 767px) {<br \/>\n    .sdb-price-intro h1 { font-size: 28px; }<br \/>\n    .sdb-price-intro p { font-size: 15px; }<br \/>\n  }<br \/>\n<\/style><\/p>\t\t\t\t\t\t\t\t<\/div>\n\t\t\t\t\t<\/div>\n\t\t\t\t<\/div>\n\t\t\t\t<section class=\"elementor-section elementor-top-section elementor-element elementor-element-ffc6c99 pricing-table elementor-section-boxed elementor-section-height-default elementor-section-height-default\" data-id=\"ffc6c99\" data-element_type=\"section\" data-e-type=\"section\">\n\t\t\t\t\t\t<div class=\"elementor-container elementor-column-gap-default\">\n\t\t\t\t\t<div class=\"elementor-column elementor-col-33 elementor-top-column elementor-element elementor-element-12afa3e\" data-id=\"12afa3e\" data-element_type=\"column\" data-e-type=\"column\" data-settings=\"{&quot;background_background&quot;:&quot;classic&quot;}\">\n\t\t\t<div class=\"elementor-widget-wrap elementor-element-populated\">\n\t\t\t\t\t\t<div class=\"elementor-element elementor-element-1d73b9f el-smalltitle pcolor elementor-widget elementor-widget-heading\" data-id=\"1d73b9f\" data-element_type=\"widget\" data-e-type=\"widget\" data-widget_type=\"heading.default\">\n\t\t\t\t\t<span class=\"elementor-heading-title elementor-size-default\">w tygodniu<\/span>\t\t\t\t<\/div>\n\t\t\t\t<div class=\"elementor-element elementor-element-14ff528 elementor-widget elementor-widget-heading\" data-id=\"14ff528\" data-element_type=\"widget\" data-e-type=\"widget\" data-widget_type=\"heading.default\">\n\t\t\t\t\t<h3 class=\"elementor-heading-title elementor-size-default\">Sesja \u015bwi\u0105teczna <\/h3>\t\t\t\t<\/div>\n\t\t\t\t<div class=\"elementor-element elementor-element-f6c3f46 elementor-widget elementor-widget-html\" data-id=\"f6c3f46\" data-element_type=\"widget\" data-e-type=\"widget\" data-widget_type=\"html.default\">\n\t\t\t\t\t<h2 class=\"price-title\"><sup>PLN<\/sup>200<sub>\/godz<\/sub><\/h2>\t\t\t\t<\/div>\n\t\t\t\t<div class=\"elementor-element elementor-element-8c77c0a el-btn elementor-widget elementor-widget-button\" data-id=\"8c77c0a\" data-element_type=\"widget\" data-e-type=\"widget\" data-widget_type=\"button.default\">\n\t\t\t\t\t\t\t\t\t\t<a class=\"elementor-button elementor-button-link elementor-size-sm\" href=\"https:\/\/studiodrugibrzeg.pl\/index.php\/rezerwacja-studio-fotograficzne-warszawa\/\">\n\t\t\t\t\t\t<span class=\"elementor-button-content-wrapper\">\n\t\t\t\t\t\t\t\t\t<span class=\"elementor-button-text\">Sprawd\u017a dost\u0119pno\u015b\u0107<\/span>\n\t\t\t\t\t<\/span>\n\t\t\t\t\t<\/a>\n\t\t\t\t\t\t\t\t<\/div>\n\t\t\t\t<div class=\"elementor-element elementor-element-479be95 elementor-widget elementor-widget-html\" data-id=\"479be95\" data-element_type=\"widget\" data-e-type=\"widget\" data-widget_type=\"html.default\">\n\t\t\t\t\t\u2713 Dost\u0119pne w  okresie pa\u017adziernik-grudzie\u0144<br>\u2713 Ceny netto (faktura VAT)<br>\u2713 \nWynajem studia od 1 godziny<br>\n\u2713 Przygotowane sceny \u015bwi\u0105teczne <br>\n\u2713 Podstawowe o\u015bwietlenie studyjne<br>\n\u2713 Bezp\u0142atny parking przy studiu<br>\n\u2713 Wi-Fi oraz przestrze\u0144 socjalna<br>\t\t\t\t<\/div>\n\t\t\t\t\t<\/div>\n\t\t<\/div>\n\t\t\t\t<div class=\"elementor-column elementor-col-33 elementor-top-column elementor-element elementor-element-0ce7c03\" data-id=\"0ce7c03\" data-element_type=\"column\" data-e-type=\"column\" data-settings=\"{&quot;background_background&quot;:&quot;classic&quot;}\">\n\t\t\t<div class=\"elementor-widget-wrap elementor-element-populated\">\n\t\t\t\t\t\t<div class=\"elementor-element elementor-element-60e38a6 el-smalltitle elementor-widget elementor-widget-heading\" data-id=\"60e38a6\" data-element_type=\"widget\" data-e-type=\"widget\" data-widget_type=\"heading.default\">\n\t\t\t\t\t<span class=\"elementor-heading-title elementor-size-default\">AKTUALNE obecnie<\/span>\t\t\t\t<\/div>\n\t\t\t\t<div class=\"elementor-element elementor-element-3b5860e elementor-widget elementor-widget-heading\" data-id=\"3b5860e\" data-element_type=\"widget\" data-e-type=\"widget\" data-widget_type=\"heading.default\">\n\t\t\t\t\t<h3 class=\"elementor-heading-title elementor-size-default\">Wynajem na godziny<\/h3>\t\t\t\t<\/div>\n\t\t\t\t<div class=\"elementor-element elementor-element-35049d3 elementor-widget elementor-widget-html\" data-id=\"35049d3\" data-element_type=\"widget\" data-e-type=\"widget\" data-widget_type=\"html.default\">\n\t\t\t\t\t<h2 class=\"price-title price-standard-color\"><sup>PLN<\/sup>100<sub>\/godz<\/sub><\/h2>\t\t\t\t<\/div>\n\t\t\t\t<div class=\"elementor-element elementor-element-a047339 el-btn dark-btn elementor-widget elementor-widget-button\" data-id=\"a047339\" data-element_type=\"widget\" data-e-type=\"widget\" data-widget_type=\"button.default\">\n\t\t\t\t\t\t\t\t\t\t<a class=\"elementor-button elementor-button-link elementor-size-sm\" href=\"https:\/\/studiodrugibrzeg.pl\/index.php\/rezerwacja-studio-fotograficzne-warszawa\/\">\n\t\t\t\t\t\t<span class=\"elementor-button-content-wrapper\">\n\t\t\t\t\t\t\t\t\t<span class=\"elementor-button-text\">Sprawd\u017a dost\u0119pno\u015b\u0107<\/span>\n\t\t\t\t\t<\/span>\n\t\t\t\t\t<\/a>\n\t\t\t\t\t\t\t\t<\/div>\n\t\t\t\t<div class=\"elementor-element elementor-element-d36c045 elementor-widget elementor-widget-html\" data-id=\"d36c045\" data-element_type=\"widget\" data-e-type=\"widget\" data-widget_type=\"html.default\">\n\t\t\t\t\t<ul class=\"price-features price-standard-color\"><li>\u2713 Ceny netto (faktura VAT)<\/li><li>\u2713 \nWynajem studia od 1 godziny<\/li><li>\u2713 Podstawowe o\u015bwietlenie studyjne\n<\/li><li>\u2713 Bezp\u0142atny parking przy studiu<\/li><li>\u2713 \u2713 Wi-Fi oraz przestrze\u0144 socjalna<\/li><\/ul>\t\t\t\t<\/div>\n\t\t\t\t\t<\/div>\n\t\t<\/div>\n\t\t\t\t<div class=\"elementor-column elementor-col-33 elementor-top-column elementor-element elementor-element-fe12780\" data-id=\"fe12780\" data-element_type=\"column\" data-e-type=\"column\" data-settings=\"{&quot;background_background&quot;:&quot;classic&quot;}\">\n\t\t\t<div class=\"elementor-widget-wrap elementor-element-populated\">\n\t\t\t\t\t\t<div class=\"elementor-element elementor-element-f449c95 el-smalltitle pcolor elementor-widget elementor-widget-heading\" data-id=\"f449c95\" data-element_type=\"widget\" data-e-type=\"widget\" data-widget_type=\"heading.default\">\n\t\t\t\t\t<span class=\"elementor-heading-title elementor-size-default\">weekendy<\/span>\t\t\t\t<\/div>\n\t\t\t\t<div class=\"elementor-element elementor-element-ff9c73c elementor-widget elementor-widget-heading\" data-id=\"ff9c73c\" data-element_type=\"widget\" data-e-type=\"widget\" data-widget_type=\"heading.default\">\n\t\t\t\t\t<h3 class=\"elementor-heading-title elementor-size-default\">sesja \u015bwi\u0105teczna<\/h3>\t\t\t\t<\/div>\n\t\t\t\t<div class=\"elementor-element elementor-element-639613c elementor-widget elementor-widget-html\" data-id=\"639613c\" data-element_type=\"widget\" data-e-type=\"widget\" data-widget_type=\"html.default\">\n\t\t\t\t\t<h2 class=\"price-title\"><sup>PLN<\/sup>250<sub>\/godz<\/sub><\/h2>\t\t\t\t<\/div>\n\t\t\t\t<div class=\"elementor-element elementor-element-77c340c el-btn elementor-widget elementor-widget-button\" data-id=\"77c340c\" data-element_type=\"widget\" data-e-type=\"widget\" data-widget_type=\"button.default\">\n\t\t\t\t\t\t\t\t\t\t<a class=\"elementor-button elementor-button-link elementor-size-sm\" href=\"https:\/\/studiodrugibrzeg.pl\/index.php\/rezerwacja-studio-fotograficzne-warszawa\/\">\n\t\t\t\t\t\t<span class=\"elementor-button-content-wrapper\">\n\t\t\t\t\t\t\t\t\t<span class=\"elementor-button-text\">Sprawd\u017a dost\u0119pno\u015b\u0107<\/span>\n\t\t\t\t\t<\/span>\n\t\t\t\t\t<\/a>\n\t\t\t\t\t\t\t\t<\/div>\n\t\t\t\t<div class=\"elementor-element elementor-element-ffb80b5 elementor-widget elementor-widget-html\" data-id=\"ffb80b5\" data-element_type=\"widget\" data-e-type=\"widget\" data-widget_type=\"html.default\">\n\t\t\t\t\t\u2713 Dost\u0119pne w  okresie pa\u017adziernik-grudzie\u0144<br>\n\u2713 Ceny netto (faktura VAT)<br>\u2713 \nWynajem studia od 1 godziny<br>\n\u2713 Przygotowane sceny \u015bwi\u0105teczne <br>\n\u2713 Podstawowe o\u015bwietlenie studyjne<br>\n\u2713 Bezp\u0142atny parking przy studiu<br>\n\u2713 Wi-Fi oraz przestrze\u0144 socjalna<br>\t\t\t\t<\/div>\n\t\t\t\t\t<\/div>\n\t\t<\/div>\n\t\t\t\t\t<\/div>\n\t\t<\/section>\n\t\t<div class=\"elementor-element elementor-element-01f00d3 e-flex e-con-boxed e-con e-parent\" data-id=\"01f00d3\" data-element_type=\"container\" data-e-type=\"container\">\n\t\t\t\t\t<div class=\"e-con-inner\">\n\t\t\t\t<div class=\"elementor-element elementor-element-4351063 elementor-widget elementor-widget-text-editor\" data-id=\"4351063\" data-element_type=\"widget\" data-e-type=\"widget\" data-widget_type=\"text-editor.default\">\n\t\t\t\t\t\t\t\t\t<section class=\"sdb-included-box\">\n  <h2>Co zawiera cena wynajmu studia?<\/h2>\n  <div class=\"sdb-included-grid\">\n    <div class=\"sdb-included-item\">\n      <h3>W cenie<\/h3>\n      <ul>\n        <li>Wynajem studia od 1 godziny.<\/li>\n        <li>Podstawowe o\u015bwietlenie studyjne.<\/li>\n        <li>Bezp\u0142atny parking przy studiu.<\/li>\n        <li>Wi-Fi i zaplecze socjalne.<\/li>\n        <li>Dost\u0119p do plan\u00f3w zdj\u0119ciowych i te\u0142 dost\u0119pnych na miejscu.<\/li>\n      <\/ul>\n    <\/div>\n    <div class=\"sdb-included-item\">\n      <h3>Dobre do<\/h3>\n      <ul>\n        <li>Sesji biznesowych, kobiecych, ci\u0105\u017cowych i wizerunkowych.<\/li>\n        <li>Portret\u00f3w i sesji contentowych.<\/li>\n        <li>Nagra\u0144 rolek, UGC i prostych materia\u0142\u00f3w wideo.<\/li>\n        <li>Zdj\u0119\u0107 produktowych i mniejszych produkcji.<\/li>\n      <\/ul>\n    <\/div>\n  <\/div>\n<\/section>\n\n<style>\n  .sdb-included-box { margin-top: 36px; color: inherit; }\n  .sdb-included-box h2,\n  .sdb-included-box h3 { color: inherit; }\n  .sdb-included-grid {\n    display: grid;\n    grid-template-columns: repeat(2, minmax(0, 1fr));\n    gap: 20px;\n  }\n  .sdb-included-item {\n    border: 1px solid rgba(255,255,255,0.12);\n    background: rgba(255,255,255,0.03);\n    padding: 22px;\n  }\n  .sdb-included-item h3 { margin: 0 0 12px; font-size: 22px; }\n  .sdb-included-item ul { margin: 0; padding-left: 18px; }\n  .sdb-included-item li { margin-bottom: 8px; line-height: 1.7; }\n  @media (max-width: 767px) {\n    .sdb-included-grid { grid-template-columns: 1fr; }\n    .sdb-included-item h3 { font-size: 20px; }\n  }\n<\/style>\t\t\t\t\t\t\t\t<\/div>\n\t\t\t\t\t<\/div>\n\t\t\t\t<\/div>\n\t\t\t\t<section class=\"elementor-section elementor-top-section elementor-element elementor-element-86e9b6c elementor-section-full_width elementor-section-content-top elementor-section-height-default elementor-section-height-default\" data-id=\"86e9b6c\" data-element_type=\"section\" data-e-type=\"section\">\n\t\t\t\t\t\t<div class=\"elementor-container elementor-column-gap-no\">\n\t\t\t\t\t<div class=\"elementor-column elementor-col-50 elementor-top-column elementor-element elementor-element-6a20a3c\" data-id=\"6a20a3c\" data-element_type=\"column\" data-e-type=\"column\">\n\t\t\t<div class=\"elementor-widget-wrap elementor-element-populated\">\n\t\t\t\t\t\t<div class=\"elementor-element elementor-element-2942df1 elementor-widget elementor-widget-heading\" data-id=\"2942df1\" data-element_type=\"widget\" data-e-type=\"widget\" data-widget_type=\"heading.default\">\n\t\t\t\t\t<h2 class=\"elementor-heading-title elementor-size-default\">Us\u0142ugi Dodatkowe - Cennik<\/h2>\t\t\t\t<\/div>\n\t\t\t\t<div class=\"elementor-element elementor-element-a61f8c1 elementor-widget elementor-widget-text-editor\" data-id=\"a61f8c1\" data-element_type=\"widget\" data-e-type=\"widget\" data-widget_type=\"text-editor.default\">\n\t\t\t\t\t\t\t\t\t<h5 class=\"my-2 [&amp;+p]:mt-4 [&amp;_strong:has(+br)]:inline-block [&amp;_strong:has(+br)]:pb-2\"><strong>Odwo\u0142ania rezerwacji:<br \/><\/strong><\/h5><ul class=\"marker:text-quiet list-disc\"><li class=\"py-0 my-0 prose-p:pt-0 prose-p:mb-2 prose-p:my-0 [&amp;&gt;p]:pt-0 [&amp;&gt;p]:mb-2 [&amp;&gt;p]:my-0\"><p class=\"my-2 [&amp;+p]:mt-4 [&amp;_strong:has(+br)]:inline-block [&amp;_strong:has(+br)]:pb-2\"><strong>Gratis<\/strong> do 48H przed<\/p><\/li><li class=\"py-0 my-0 prose-p:pt-0 prose-p:mb-2 prose-p:my-0 [&amp;&gt;p]:pt-0 [&amp;&gt;p]:mb-2 [&amp;&gt;p]:my-0\"><p class=\"my-2 [&amp;+p]:mt-4 [&amp;_strong:has(+br)]:inline-block [&amp;_strong:has(+br)]:pb-2\">Mniej ni\u017c 48H przed <strong>50%<\/strong><\/p><\/li><li class=\"py-0 my-0 prose-p:pt-0 prose-p:mb-2 prose-p:my-0 [&amp;&gt;p]:pt-0 [&amp;&gt;p]:mb-2 [&amp;&gt;p]:my-0\"><p class=\"my-2 [&amp;+p]:mt-4 [&amp;_strong:has(+br)]:inline-block [&amp;_strong:has(+br)]:pb-2\">Mniej jak 24H przed <strong>100%<\/strong><\/p><\/li><\/ul><h5>DODATKOWO:<\/h5><ul><li>Lampy \u015bwiat\u0142a sta\u0142ego s\u0105 w cenie.<\/li><li>Lampy B\u0142yskowe: Gratis<\/li><li>Metr zu\u017cytego t\u0142a: 30 z\u0142<\/li><li>Klimatyzacja<\/li><li>Strumienica optyczna GOBO GLAREONE: Gratis<\/li><li>Wrota Aputure BRAN DOOR: Gratis<\/li><li>Us\u0142ugi makija\u017cystki: od 300 z\u0142 (na zam\u00f3wienie, termin ustalany indywidualnie)<\/li><li>Us\u0142ugi asystenta studia &#8211; ustalane indywidualnie w zale\u017cno\u015bci od dost\u0119pno\u015bci.<\/li><\/ul><p class=\"my-2 [&amp;+p]:mt-4 [&amp;_strong:has(+br)]:inline-block [&amp;_strong:has(+br)]:pb-2\">\u00a0<\/p>\t\t\t\t\t\t\t\t<\/div>\n\t\t\t\t<div class=\"elementor-element elementor-element-5a9ced5 elementor-button-info elementor-align-center elementor-widget elementor-widget-button\" data-id=\"5a9ced5\" data-element_type=\"widget\" data-e-type=\"widget\" data-widget_type=\"button.default\">\n\t\t\t\t\t\t\t\t\t\t<a class=\"elementor-button elementor-button-link elementor-size-sm\" href=\"https:\/\/studiodrugibrzeg.pl\/index.php\/sprzet-studio-fotograficzne-warszawa\/\">\n\t\t\t\t\t\t<span class=\"elementor-button-content-wrapper\">\n\t\t\t\t\t\t\t\t\t<span class=\"elementor-button-text\">Pe\u0142na lista sprz\u0119tu<\/span>\n\t\t\t\t\t<\/span>\n\t\t\t\t\t<\/a>\n\t\t\t\t\t\t\t\t<\/div>\n\t\t\t\t\t<\/div>\n\t\t<\/div>\n\t\t\t\t<div class=\"elementor-column elementor-col-50 elementor-top-column elementor-element elementor-element-28631de\" data-id=\"28631de\" data-element_type=\"column\" data-e-type=\"column\">\n\t\t\t<div class=\"elementor-widget-wrap elementor-element-populated\">\n\t\t\t\t\t\t<div class=\"elementor-element elementor-element-0d0c50f elementor-widget elementor-widget-heading\" data-id=\"0d0c50f\" data-element_type=\"widget\" data-e-type=\"widget\" data-widget_type=\"heading.default\">\n\t\t\t\t\t<h3 class=\"elementor-heading-title elementor-size-default\">Co Zawiera Cena Wynajmu w Studio Fotograficzne?<\/h3>\t\t\t\t<\/div>\n\t\t\t\t<div class=\"elementor-element elementor-element-d6e791e elementor-widget elementor-widget-text-editor\" data-id=\"d6e791e\" data-element_type=\"widget\" data-e-type=\"widget\" data-widget_type=\"text-editor.default\">\n\t\t\t\t\t\t\t\t\t<h4 class=\"mb-2 mt-4 font-display font-semimedium text-base first:mt-0\"><strong>Profesjonalne Wyposa\u017cenie<\/strong><\/h4><ul class=\"marker:text-quiet list-disc\"><li class=\"py-0 my-0 prose-p:pt-0 prose-p:mb-2 prose-p:my-0 [&amp;&gt;p]:pt-0 [&amp;&gt;p]:mb-2 [&amp;&gt;p]:my-0\"><p class=\"my-2 [&amp;+p]:mt-4 [&amp;_strong:has(+br)]:inline-block [&amp;_strong:has(+br)]:pb-2\"><strong>Lampy b\u0142yskowe studyjne<\/strong> z regulacj\u0105 mocy<\/p><\/li><li class=\"py-0 my-0 prose-p:pt-0 prose-p:mb-2 prose-p:my-0 [&amp;&gt;p]:pt-0 [&amp;&gt;p]:mb-2 [&amp;&gt;p]:my-0\"><p class=\"my-2 [&amp;+p]:mt-4 [&amp;_strong:has(+br)]:inline-block [&amp;_strong:has(+br)]:pb-2\"><strong>Modyfikatory \u015bwiat\u0142a:<\/strong> softboxy, parasole, reflektory<\/p><\/li><li class=\"py-0 my-0 prose-p:pt-0 prose-p:mb-2 prose-p:my-0 [&amp;&gt;p]:pt-0 [&amp;&gt;p]:mb-2 [&amp;&gt;p]:my-0\"><p class=\"my-2 [&amp;+p]:mt-4 [&amp;_strong:has(+br)]:inline-block [&amp;_strong:has(+br)]:pb-2\"><strong>Statywy lampowe i aparatowe<\/strong> &#8211; pe\u0142en zestaw<\/p><\/li><\/ul><h4 class=\"mb-2 mt-4 font-display font-semimedium text-base first:mt-0\"><strong>Przestrzenie i T\u0142a<\/strong><\/h4><ul class=\"marker:text-quiet list-disc\"><li style=\"list-style-type: none;\"><ul class=\"marker:text-quiet list-disc\"><li class=\"py-0 my-0 prose-p:pt-0 prose-p:mb-2 prose-p:my-0 [&amp;&gt;p]:pt-0 [&amp;&gt;p]:mb-2 [&amp;&gt;p]:my-0\"><p class=\"my-2 [&amp;+p]:mt-4 [&amp;_strong:has(+br)]:inline-block [&amp;_strong:has(+br)]:pb-2\"><strong>\u015aciana bia\u0142a:<\/strong> Wymiary 3,8 x 3,3m, pow\u0142oka antyrefleksyjna<\/p><\/li><li class=\"py-0 my-0 prose-p:pt-0 prose-p:mb-2 prose-p:my-0 [&amp;&gt;p]:pt-0 [&amp;&gt;p]:mb-2 [&amp;&gt;p]:my-0\"><p class=\"my-2 [&amp;+p]:mt-4 [&amp;_strong:has(+br)]:inline-block [&amp;_strong:has(+br)]:pb-2\"><strong>\u015aciana bia\u0142a ze sztukateri\u0105: <\/strong>Wymiary 3,8 x 3,3m, pow\u0142oka antyrefleksyjna<\/p><\/li><\/ul><ul><li><strong>\u015aciana szara:<\/strong> Neutralne t\u0142o dla fotografii biznesowej<\/li><li><strong>T\u0142a papierowe:<\/strong> R\u00f3\u017cne kolory, zawsze zamontowane 6 sztuk, opuszczane automatycznie, op\u0142ata 30 z\u0142 za zu\u017cyty metr<\/li><li><strong>Naturalne \u015bwiat\u0142o<\/strong> dzienne: od strony po\u0142udniowo-wschodniej znajduj\u0105 si\u0119 du\u017ce okna\u00a0<\/li><\/ul><\/li><\/ul><h4 class=\"mb-2 mt-4 font-display font-semimedium text-base first:mt-0\"><strong>Udogodnienia dla Klient\u00f3w<\/strong><\/h4><ul class=\"marker:text-quiet list-disc\"><li class=\"py-0 my-0 prose-p:pt-0 prose-p:mb-2 prose-p:my-0 [&amp;&gt;p]:pt-0 [&amp;&gt;p]:mb-2 [&amp;&gt;p]:my-0\"><p class=\"my-2 [&amp;+p]:mt-4 [&amp;_strong:has(+br)]:inline-block [&amp;_strong:has(+br)]:pb-2\"><strong>Stanowisko makija\u017cowe<\/strong> z profesjonalnym o\u015bwietleniem<\/p><\/li><li class=\"py-0 my-0 prose-p:pt-0 prose-p:mb-2 prose-p:my-0 [&amp;&gt;p]:pt-0 [&amp;&gt;p]:mb-2 [&amp;&gt;p]:my-0\"><p class=\"my-2 [&amp;+p]:mt-4 [&amp;_strong:has(+br)]:inline-block [&amp;_strong:has(+br)]:pb-2\"><strong>Strefa socjalna<\/strong> -przestronna \u0142azienka, kawa, herbata, przek\u0105ski<\/p><\/li><li class=\"py-0 my-0 prose-p:pt-0 prose-p:mb-2 prose-p:my-0 [&amp;&gt;p]:pt-0 [&amp;&gt;p]:mb-2 [&amp;&gt;p]:my-0\"><p class=\"my-2 [&amp;+p]:mt-4 [&amp;_strong:has(+br)]:inline-block [&amp;_strong:has(+br)]:pb-2\"><strong>Bezp\u0142atny parking<\/strong> bezpo\u015brednio przy studiu<\/p><\/li><\/ul>\t\t\t\t\t\t\t\t<\/div>\n\t\t\t\t\t<\/div>\n\t\t<\/div>\n\t\t\t\t\t<\/div>\n\t\t<\/section>\n\t\t<div class=\"elementor-element elementor-element-43d57cc e-flex e-con-boxed e-con e-parent\" data-id=\"43d57cc\" data-element_type=\"container\" data-e-type=\"container\">\n\t\t\t\t\t<div class=\"e-con-inner\">\n\t\t\t\t<div class=\"elementor-element elementor-element-8bea6ab elementor-widget elementor-widget-text-editor\" data-id=\"8bea6ab\" data-element_type=\"widget\" data-e-type=\"widget\" data-widget_type=\"text-editor.default\">\n\t\t\t\t\t\t\t\t\t<section class=\"sdb-price-scenarios\">\n  <h2>Ile kosztuje wynajem studia w praktyce?<\/h2>\n  <p>\n    Cena wynajmu studia fotograficznego w Warszawie zale\u017cy g\u0142\u00f3wnie od czasu pracy.\n    W Studio Drugi Brzeg obowi\u0105zuje stawka 100 z\u0142 netto za godzin\u0119, dlatego \u0142atwo oszacowa\u0107 bud\u017cet sesji przed rezerwacj\u0105.\n  <\/p>\n\n  <div class=\"sdb-scenarios-grid\">\n    <div class=\"sdb-scenario\">\n      <h3>1 godzina<\/h3>\n      <p class=\"sdb-scenario-price\">100 z\u0142 netto<\/p>\n      <p>Dobra opcja na kr\u00f3tk\u0105 sesj\u0119 biznesow\u0105, portret lub szybki content do social media.<\/p>\n    <\/div>\n    <div class=\"sdb-scenario\">\n      <h3>2 godziny<\/h3>\n      <p class=\"sdb-scenario-price\">200 z\u0142 netto<\/p>\n      <p>Wygodny wariant dla sesji wizerunkowej, kilku stylizacji lub pracy na 2 planach zdj\u0119ciowych.<\/p>\n    <\/div>\n    <div class=\"sdb-scenario\">\n      <h3>4 godziny<\/h3>\n      <p class=\"sdb-scenario-price\">400 z\u0142 netto<\/p>\n      <p>Dobry wyb\u00f3r przy wi\u0119kszej produkcji, nagraniach lub pracy zespo\u0142u z makija\u017cystk\u0105 i zmianami set\u00f3w.<\/p>\n    <\/div>\n  <\/div>\n<\/section>\n\n<style>\n  .sdb-price-scenarios { margin-top: 40px; color: inherit; }\n  .sdb-price-scenarios h2,\n  .sdb-price-scenarios h3,\n  .sdb-price-scenarios p { color: inherit; }\n  .sdb-price-scenarios > p {\n    max-width: 920px;\n    opacity: 0.92;\n    line-height: 1.8;\n  }\n  .sdb-scenarios-grid {\n    display: grid;\n    grid-template-columns: repeat(3, minmax(0, 1fr));\n    gap: 20px;\n    margin-top: 20px;\n  }\n  .sdb-scenario {\n    padding: 24px;\n    border: 1px solid rgba(255,255,255,0.12);\n    background: rgba(255,255,255,0.03);\n  }\n  .sdb-scenario h3 { margin: 0 0 10px; font-size: 22px; }\n  .sdb-scenario-price {\n    margin: 0 0 12px;\n    font-size: 28px;\n    font-weight: 700;\n  }\n  .sdb-scenario p { margin: 0; line-height: 1.7; }\n  @media (max-width: 900px) {\n    .sdb-scenarios-grid { grid-template-columns: 1fr; }\n  }\n<\/style>\t\t\t\t\t\t\t\t<\/div>\n\t\t\t\t\t<\/div>\n\t\t\t\t<\/div>\n\t\t<div class=\"elementor-element elementor-element-2335ab2 e-flex e-con-boxed e-con e-parent\" data-id=\"2335ab2\" data-element_type=\"container\" data-e-type=\"container\">\n\t\t\t\t\t<div class=\"e-con-inner\">\n\t\t\t\t<div class=\"elementor-element elementor-element-eac3135 elementor-widget elementor-widget-text-editor\" data-id=\"eac3135\" data-element_type=\"widget\" data-e-type=\"widget\" data-widget_type=\"text-editor.default\">\n\t\t\t\t\t\t\t\t\t<section class=\"sdb-rental-table-wrap\"><h2>Najwa\u017cniejsze informacje o wynajmie<\/h2><div class=\"sdb-table-scroll\"><table class=\"sdb-rental-table\"><tbody><tr><th scope=\"row\">Cena podstawowa<\/th><td>100 z\u0142 netto \/ godzina<\/td><\/tr><tr><th scope=\"row\">Minimalny czas wynajmu<\/th><td>Od 1 godziny<\/td><\/tr><tr><th scope=\"row\">Lokalizacja<\/th><td>Warszawa, Wawer, ul. Stoczniowc\u00f3w 21<\/td><\/tr><tr><th scope=\"row\">Parking<\/th><td>Bezp\u0142atny parking przy studiu<\/td><\/tr><tr><th scope=\"row\">\u015awiat\u0142o<\/th><td>Naturalne \u015bwiat\u0142o i podstawowe o\u015bwietlenie studyjne<\/td><\/tr><tr><th scope=\"row\">Metra\u017c<\/th><td>90 m\u00b2<\/td><\/tr><tr><th scope=\"row\">Faktura<\/th><td>Ceny netto, mo\u017cliwo\u015b\u0107 rozliczenia na faktur\u0119 VAT<\/td><\/tr><tr><th scope=\"row\">Rezerwacja<\/th><td><a href=\"https:\/\/studiodrugibrzeg.pl\/index.php\/rezerwacja-studio-fotograficzne-warszawa\/\">Online<\/a>, e-mail lub telefonicznie<\/td><\/tr><\/tbody><\/table><\/div><\/section><p><style>\n  .sdb-rental-table-wrap { margin-top: 40px; color: inherit; }<br \/>\n  .sdb-rental-table-wrap h2 { color: inherit; }<br \/>\n  .sdb-rental-table {<br \/>\n    width: 100%;<br \/>\n    min-width: 640px;<br \/>\n    border-collapse: collapse;<br \/>\n    color: inherit;<br \/>\n    background: transparent;<br \/>\n    border: 1px solid rgba(255,255,255,0.14);<br \/>\n  }<br \/>\n  .sdb-rental-table th,<br \/>\n  .sdb-rental-table td {<br \/>\n    padding: 14px 16px;<br \/>\n    text-align: left;<br \/>\n    vertical-align: top;<br \/>\n    color: inherit;<br \/>\n    border-bottom: 1px solid rgba(255,255,255,0.12);<br \/>\n  }<br \/>\n  .sdb-rental-table th {<br \/>\n    width: 34%;<br \/>\n    font-weight: 700;<br \/>\n    background: rgba(255,255,255,0.04);<br \/>\n  }<br \/>\n  .sdb-rental-table td {<br \/>\n    width: 66%;<br \/>\n    background: transparent;<br \/>\n  }<br \/>\n  .sdb-rental-table tr:last-child th,<br \/>\n  .sdb-rental-table tr:last-child td {<br \/>\n    border-bottom: 0;<br \/>\n  }<br \/>\n<\/style><\/p>\t\t\t\t\t\t\t\t<\/div>\n\t\t\t\t\t<\/div>\n\t\t\t\t<\/div>\n\t\t<div class=\"elementor-element elementor-element-97bf751 e-flex e-con-boxed e-con e-parent\" data-id=\"97bf751\" data-element_type=\"container\" data-e-type=\"container\">\n\t\t\t\t\t<div class=\"e-con-inner\">\n\t\t\t\t<div class=\"elementor-element elementor-element-dd84c6d elementor-widget elementor-widget-text-editor\" data-id=\"dd84c6d\" data-element_type=\"widget\" data-e-type=\"widget\" data-widget_type=\"text-editor.default\">\n\t\t\t\t\t\t\t\t\t<section class=\"sdb-pricing-faq\"><h2>FAQ \u2013 cennik wynajmu studia<\/h2><div class=\"sdb-faq-item\"><h3>Ile kosztuje wynajem studia fotograficznego w Warszawie?<\/h3><p>W Studio Drugi Brzeg aktualna cena wynajmu wynosi 100 z\u0142 netto za godzin\u0119. Studio znajduje si\u0119 w Warszawie, w dzielnicy Wawer, i mo\u017cna je wynaj\u0105\u0107 ju\u017c od 1 godziny.<\/p><\/div><div class=\"sdb-faq-item\"><h3>Czy cena obejmuje sprz\u0119t fotograficzny?<\/h3><p>Tak, w cenie dost\u0119pne jest podstawowe o\u015bwietlenie studyjne oraz standardowe wyposa\u017cenie potrzebne do pracy na planie. Szczeg\u00f3\u0142ow\u0105 list\u0119 sprz\u0119tu warto sprawdzi\u0107 tak\u017ce na dedykowanej podstronie wyposa\u017cenia.<\/p><\/div><div class=\"sdb-faq-item\"><h3>Czy przy studiu jest parking?<\/h3><p>Tak, przy Studio Drugi Brzeg dost\u0119pny jest bezp\u0142atny parking. To wygodne rozwi\u0105zanie dla fotograf\u00f3w, ekip filmowych i klient\u00f3w przyje\u017cd\u017caj\u0105cych w\u0142asnym samochodem.<\/p><\/div><div class=\"sdb-faq-item\"><h3>Jaki jest minimalny czas wynajmu?<\/h3><p>Studio mo\u017cna wynaj\u0105\u0107 ju\u017c od 1 godziny. Taki model dobrze sprawdza si\u0119 przy szybkich sesjach biznesowych, portretowych i contentowych.<\/p><\/div><div class=\"sdb-faq-item\"><h3>Czy wystawiacie faktur\u0119 VAT?<\/h3><p>Tak, ceny na stronie s\u0105 podawane netto i mog\u0105 by\u0107 rozliczane na faktur\u0119 VAT. Dzi\u0119ki temu oferta jest czytelna zar\u00f3wno dla klient\u00f3w indywidualnych, jak i firm.<\/p><\/div><div class=\"sdb-faq-item\"><h3>Czy mo\u017cna zarezerwowa\u0107 studio online?<\/h3><p>Tak, rezerwacj\u0119 Studio Drugi Brzeg mo\u017cna wykona\u0107 online lub telefonicznie. Najszybszym sposobem jest sprawdzenie dost\u0119pno\u015bci i wyb\u00f3r terminu na stronie rezerwacji.<\/p><\/div><\/section><p><style>\n  .sdb-pricing-faq { margin-top: 40px; color: inherit; }<br \/>\n  .sdb-pricing-faq h2,<br \/>\n  .sdb-pricing-faq h3,<br \/>\n  .sdb-pricing-faq p { color: inherit; }<br \/>\n  .sdb-faq-item {<br \/>\n    padding: 20px 0;<br \/>\n    border-bottom: 1px solid rgba(255,255,255,0.12);<br \/>\n  }<br \/>\n  .sdb-faq-item h3 {<br \/>\n    margin: 0 0 10px;<br \/>\n    font-size: 22px;<br \/>\n    line-height: 1.35;<br \/>\n  }<br \/>\n  .sdb-faq-item p {<br \/>\n    margin: 0;<br \/>\n    opacity: 0.92;<br \/>\n    line-height: 1.8;<br \/>\n    max-width: 920px;<br \/>\n  }<br \/>\n  .sdb-faq-item:last-child { border-bottom: 0; }<br \/>\n  @media (max-width: 767px) {<br \/>\n    .sdb-faq-item h3 { font-size: 19px; }<br \/>\n    .sdb-faq-item p { font-size: 15px; }<br \/>\n  }<br \/>\n<\/style><\/p>\t\t\t\t\t\t\t\t<\/div>\n\t\t\t\t<div class=\"elementor-element elementor-element-419dec4 elementor-button-success elementor-widget elementor-widget-button\" data-id=\"419dec4\" data-element_type=\"widget\" data-e-type=\"widget\" data-widget_type=\"button.default\">\n\t\t\t\t\t\t\t\t\t\t<a class=\"elementor-button elementor-button-link elementor-size-sm\" href=\"https:\/\/studiodrugibrzeg.pl\/index.php\/rezerwacja-studio-fotograficzne-warszawa\/\">\n\t\t\t\t\t\t<span class=\"elementor-button-content-wrapper\">\n\t\t\t\t\t\t<span class=\"elementor-button-icon\">\n\t\t\t\t<svg aria-hidden=\"true\" class=\"e-font-icon-svg e-far-arrow-alt-circle-right\" viewBox=\"0 0 512 512\" xmlns=\"http:\/\/www.w3.org\/2000\/svg\"><path d=\"M504 256C504 119 393 8 256 8S8 119 8 256s111 248 248 248 248-111 248-248zm-448 0c0-110.5 89.5-200 200-200s200 89.5 200 200-89.5 200-200 200S56 366.5 56 256zm72 20v-40c0-6.6 5.4-12 12-12h116v-67c0-10.7 12.9-16 20.5-8.5l99 99c4.7 4.7 4.7 12.3 0 17l-99 99c-7.6 7.6-20.5 2.2-20.5-8.5v-67H140c-6.6 0-12-5.4-12-12z\"><\/path><\/svg>\t\t\t<\/span>\n\t\t\t\t\t\t\t\t\t<span class=\"elementor-button-text\">Rezerwacja online<\/span>\n\t\t\t\t\t<\/span>\n\t\t\t\t\t<\/a>\n\t\t\t\t\t\t\t\t<\/div>\n\t\t\t\t\t<\/div>\n\t\t\t\t<\/div>\n\t\t<div class=\"elementor-element elementor-element-4d7d06d e-flex e-con-boxed e-con e-parent\" data-id=\"4d7d06d\" data-element_type=\"container\" data-e-type=\"container\">\n\t\t\t\t\t<div class=\"e-con-inner\">\n\t\t\t\t<div class=\"elementor-element elementor-element-9a58740 elementor-widget elementor-widget-text-editor\" data-id=\"9a58740\" data-element_type=\"widget\" data-e-type=\"widget\" data-widget_type=\"text-editor.default\">\n\t\t\t\t\t\t\t\t\t<section class=\"sdb-booking-rules\">\n  <h2>Zasady rezerwacji i odwo\u0142ania<\/h2>\n  <p>\n    Studio Drugi Brzeg mo\u017cna zarezerwowa\u0107 online lub telefonicznie. Minimalny czas wynajmu wynosi 1 godzin\u0119,\n    a szczeg\u00f3\u0142owe warunki zmiany lub odwo\u0142ania rezerwacji opisuje regulamin.\n  <\/p>\n  <p>\n    Je\u015bli chcesz sprawdzi\u0107 dost\u0119pno\u015b\u0107 terminu, przejd\u017a do\n    <a href=\"\/index.php\/rezerwacja-studio-fotograficzne-warszawa\/\">rezerwacji online<\/a>,\n    zobacz <a href=\"\/index.php\/sprzet-studio-fotograficzne-warszawa\/\">dost\u0119pny sprz\u0119t<\/a>\n    lub przejrzyj <a href=\"\/index.php\/galeria-studio-fotograficzne-warszawa\/\">galeri\u0119 studia<\/a>.\n  <\/p>\n<\/section>\n\n<style>\n  .sdb-booking-rules { margin-top: 40px; color: inherit; }\n  .sdb-booking-rules h2,\n  .sdb-booking-rules p,\n  .sdb-booking-rules a { color: inherit; }\n  .sdb-booking-rules p {\n    margin: 0 0 14px;\n    line-height: 1.8;\n    opacity: 0.92;\n    max-width: 920px;\n  }\n  .sdb-booking-rules a {\n    text-decoration: underline;\n    text-underline-offset: 3px;\n  }\n<\/style>\t\t\t\t\t\t\t\t<\/div>\n\t\t\t\t\t<\/div>\n\t\t\t\t<\/div>\n\t\t\t\t<section class=\"elementor-section elementor-top-section elementor-element elementor-element-c1165ce elementor-section-boxed elementor-section-height-default elementor-section-height-default\" data-id=\"c1165ce\" data-element_type=\"section\" data-e-type=\"section\" data-settings=\"{&quot;background_background&quot;:&quot;classic&quot;}\">\n\t\t\t\t\t\t\t<div class=\"elementor-background-overlay\"><\/div>\n\t\t\t\t\t\t\t<div class=\"elementor-container elementor-column-gap-default\">\n\t\t\t\t\t<div class=\"elementor-column elementor-col-100 elementor-top-column elementor-element elementor-element-7d8445f\" data-id=\"7d8445f\" data-element_type=\"column\" data-e-type=\"column\">\n\t\t\t<div class=\"elementor-widget-wrap elementor-element-populated\">\n\t\t\t\t\t\t<div class=\"elementor-element elementor-element-45b41e9 el-smalltitle pcolor elementor-widget elementor-widget-heading\" data-id=\"45b41e9\" data-element_type=\"widget\" data-e-type=\"widget\" data-widget_type=\"heading.default\">\n\t\t\t\t\t<span class=\"elementor-heading-title elementor-size-default\">Rezerwache telefoniczne<\/span>\t\t\t\t<\/div>\n\t\t\t\t<div class=\"elementor-element elementor-element-bd96e93 elementor-widget elementor-widget-heading\" data-id=\"bd96e93\" data-element_type=\"widget\" data-e-type=\"widget\" data-widget_type=\"heading.default\">\n\t\t\t\t\t<h2 class=\"elementor-heading-title elementor-size-default\">Skontaktuj si\u0119\u00a0z nami<\/h2>\t\t\t\t<\/div>\n\t\t\t\t<div class=\"elementor-element elementor-element-a9d2d01 pcolor elementor-widget elementor-widget-heading\" data-id=\"a9d2d01\" data-element_type=\"widget\" data-e-type=\"widget\" data-widget_type=\"heading.default\">\n\t\t\t\t\t<h3 class=\"elementor-heading-title elementor-size-default\"><a href=\"tel:+48508871221\">+48 508 871 221<\/a><\/h3>\t\t\t\t<\/div>\n\t\t\t\t\t<\/div>\n\t\t<\/div>\n\t\t\t\t\t<\/div>\n\t\t<\/section>\n\t\t\t\t<\/div>\n\t\t","protected":false},"excerpt":{"rendered":"<p>Nasza oferta Cennik Studio Drugi Brzeg &#8211; Wynajem Studia Fotograficznego Warszawa Poznaj przejrzysty cennik studio fotograficzne Warszawa dla Studio Drugi Brzeg na Wawrze. Oferujemy konkurencyjne ceny wynajmu przestrzeni fotograficznej z pe\u0142nym wyposa\u017ceniem i elastycznymi godzinami dostosowanymi do Twoich potrzeb. Cennik&#8230;<\/p>\n","protected":false},"author":1,"featured_media":2378,"parent":0,"menu_order":0,"comment_status":"closed","ping_status":"closed","template":"templates\/template-fullscreen.php","meta":{"_acf_changed":false,"footnotes":""},"class_list":["post-599","page","type-page","status-publish","has-post-thumbnail","hentry"],"acf":[],"_links":{"self":[{"href":"https:\/\/studiodrugibrzeg.pl\/index.php\/wp-json\/wp\/v2\/pages\/599","targetHints":{"allow":["GET"]}}],"collection":[{"href":"https:\/\/studiodrugibrzeg.pl\/index.php\/wp-json\/wp\/v2\/pages"}],"about":[{"href":"https:\/\/studiodrugibrzeg.pl\/index.php\/wp-json\/wp\/v2\/types\/page"}],"author":[{"embeddable":true,"href":"https:\/\/studiodrugibrzeg.pl\/index.php\/wp-json\/wp\/v2\/users\/1"}],"replies":[{"embeddable":true,"href":"https:\/\/studiodrugibrzeg.pl\/index.php\/wp-json\/wp\/v2\/comments?post=599"}],"version-history":[{"count":44,"href":"https:\/\/studiodrugibrzeg.pl\/index.php\/wp-json\/wp\/v2\/pages\/599\/revisions"}],"predecessor-version":[{"id":3158,"href":"https:\/\/studiodrugibrzeg.pl\/index.php\/wp-json\/wp\/v2\/pages\/599\/revisions\/3158"}],"wp:featuredmedia":[{"embeddable":true,"href":"https:\/\/studiodrugibrzeg.pl\/index.php\/wp-json\/wp\/v2\/media\/2378"}],"wp:attachment":[{"href":"https:\/\/studiodrugibrzeg.pl\/index.php\/wp-json\/wp\/v2\/media?parent=599"}],"curies":[{"name":"wp","href":"https:\/\/api.w.org\/{rel}","templated":true}]}}